{"id":52,"date":"2010-09-19T20:01:39","date_gmt":"2010-09-19T18:01:39","guid":{"rendered":"http:\/\/www.quisfitcrassus.de\/umwelttiger\/?page_id=52"},"modified":"2026-04-18T16:05:11","modified_gmt":"2026-04-18T14:05:11","slug":"thema-der-woche","status":"publish","type":"page","link":"https:\/\/www.gfs-umweltausschuss.de\/?page_id=52","title":{"rendered":"Thema der Woche"},"content":{"rendered":"<p>Hier findet ihr Themen, von denen wir meinen, dass sie interessant und wissenswert sind. Wenn ihr auch etwas beitragen wollt, schreibt uns den link oder schickt uns einen Beitrag als pdf oder als jpg (umwelttiger(at)gmail.com)<\/p>\n<ul>\n<li>April 2026:\u00a0 <a href=\"https:\/\/www.berndkupper.de\/portfolio-1\/natur-nah-n\u00e4her-ganz-nah\/flora\/\" target=\"_blank\" rel=\"noopener\">Naturphotographie<\/a> (B. Kupper)<\/li>\n<li>April 2026:\u00a0 <a href=\"https:\/\/www.undekade-restoration.de\/projekte\/schulwald-projekt\/\" target=\"_blank\" rel=\"noopener\">Auszeichnung von &#8222;Schulw\u00e4lder gegen Klimawandel&#8220; bei &#8222;UN-Dekade-Projekt des Jahres<\/a><\/li>\n<li>April 2026:\u00a0 <a href=\"https:\/\/www.die-honigmacher.de\/kurs3\/index.html\" target=\"_blank\" rel=\"noopener\">Die Honigmacher\u00a0<\/a><\/li>\n<li>M\u00e4rz 2026:\u00a0 <a href=\"https:\/\/www.youtube.com\/watch?v=v2hTFoNnmNg\" target=\"_blank\" rel=\"noopener\">WALL-E Meets Humans on the Axiom<\/a> (Disney)<\/li>\n<li>M\u00e4rz 2026:\u00a0 <a href=\"https:\/\/mitafrika.org\/pages\/startseite\/ostkongo---suedkivu\/kongobriefe-2026.php\" target=\"_blank\" rel=\"noopener\">Kongo-Brief<\/a> (MitAfrika)<\/li>\n<li>M\u00e4rz 2026:\u00a0 <a href=\"https:\/\/www.naturschutzring-duemmer.de\/Weissstorch%20-%20Aktuelles.htm\" target=\"_blank\" rel=\"noopener\">Wei\u00dfst\u00f6rche im D\u00fcmmergebiet<\/a> (Naturschutzring D\u00fcmmer)<\/li>\n<li>M\u00e4rz 2026:\u00a0 <a href=\"https:\/\/www.youtube.com\/watch?v=VrhjVHOiSkQ\" target=\"_blank\" rel=\"noopener\">Wie kommt unser Plastikm\u00fcll ins Meer?<\/a>\u00a0(Terra X)<\/li>\n<li>Februar 2026:\u00a0 <a href=\"https:\/\/www.ndr.de\/fernsehen\/sendungen\/hallo_niedersachsen\/Kraniche-im-Anflug-Naturspektakel-am-Duemmer,hallonds93566.html\" target=\"_blank\" rel=\"noopener\">Kraniche im Anflug &#8211; Naturspektakel am D\u00fcmmer<\/a> (NDR)<\/li>\n<li>Februar 2026:\u00a0 <a href=\"https:\/\/www.youtube.com\/watch?v=NeMJNi65YYA\" target=\"_blank\" rel=\"noopener\">Rita Apel: Mikroplastik<\/a><\/li>\n<li>Februar 2026:\u00a0 <a href=\"https:\/\/www.youtube.com\/watch?v=GNzhx5WYNlQ\" target=\"_blank\" rel=\"noopener\">Kangals: Bodyguards f\u00fcr Schafe<\/a> (NDR)<\/li>\n<li>Februar 2026:\u00a0 <a href=\"https:\/\/www.youtube.com\/watch?v=DpOY46LaDe0\" target=\"_blank\" rel=\"noopener\">Die USA lassen 16 Bisons frei<\/a><\/li>\n<li>Januar 2026:\u00a0 <a href=\"https:\/\/www.nabu.de\/imperia\/md\/content\/nabude\/konsumressourcenmuell\/240226-nabu-hamburg-kork-kampagne-faltblatt.pdf\" target=\"_blank\" rel=\"noopener\">Kork<\/a> (NABU)<\/li>\n<li>Januar 2026:\u00a0 <a href=\"https:\/\/www.nlwkn.niedersachsen.de\/veroeffentlichungen-naturschutz\/handlungskonzept-biber-in-niedersachsen-veroffentlicht-246174.html\" target=\"_blank\" rel=\"noopener\">Biber in Niedersachsen<\/a> (NLWKN)<\/li>\n<li>Januar 2026:\u00a0 <a href=\"https:\/\/www.gfs-umweltausschuss.de\/?p=11532\" target=\"_blank\" rel=\"noopener\">Die Emscher &#8211; Von der Kloake zum Naturparadies<\/a> (WDR)<\/li>\n<li>Januar 2026:\u00a0 <a href=\"https:\/\/www.aerzteblatt.de\/archiv\/windenergieanlagen-und-infraschall-der-schall-den-man-nicht-hoert-d2cf3eec-deb8-41f6-a237-39d8528e20bd\" target=\"_blank\" rel=\"noopener\">Windenergieanlagen und Infraschall<\/a> (Dt. \u00c4rzteblatt)<\/li>\n<li>Dezember 2025:\u00a0 <a href=\"https:\/\/www.gfs-umweltausschuss.de\/wp-content\/uploads\/251212_DK_Windkraft-Oppenweher-Moor-scaled.jpg\" target=\"_blank\" rel=\"noopener\">Windkraftanlagen im Oppenweher Moor?!<\/a> (DK)<\/li>\n<li>Dezember 2025:\u00a0 <a href=\"https:\/\/www.gfs-umweltausschuss.de\/wp-content\/uploads\/Ahrends_Pferdewagen-scaled.jpg\" target=\"_blank\" rel=\"noopener\">Lebensweisheit<\/a><\/li>\n<li>Dezember 2025:\u00a0 <a href=\"https:\/\/www.srf.ch\/play\/tv\/eco\/video\/begehrtes-balsaholz-ecuadors-regenwald-ist-bedroht?urn=urn:srf:video:e617aeb6-a765-4099-8882-81b82f905589\" target=\"_blank\" rel=\"noopener\">Begehrtes Balsaholz<\/a> (srf)<\/li>\n<li>Dezember 2025:\u00a0 <a href=\"https:\/\/www.gfs-umweltausschuss.de\/wp-content\/uploads\/Bertrand-Russell.jpg\" target=\"_blank\" rel=\"noopener\">Lebensweisheit<\/a><\/li>\n<li>November 2025:\u00a0 <a href=\"https:\/\/www.naturpark-duemmer.de\/\" target=\"_blank\" rel=\"noopener\">Naturpark D\u00fcmmer<\/a><\/li>\n<li>November 2025:\u00a0 <a href=\"https:\/\/www.youtube.com\/watch?v=XVS_WKUwbOM&amp;list=RDXVS_WKUwbOM&amp;start_radio=1\" target=\"_blank\" rel=\"noopener\">Look at the World<\/a> (John Rutter)<\/li>\n<li>November 2025:\u00a0 <a href=\"https:\/\/www.wiwe-nw.de\/\" target=\"_blank\" rel=\"noopener\">Wissenswerkstatt Diepholz<\/a><\/li>\n<li>November 2025:\u00a0 <a href=\"https:\/\/www.nlwkn.niedersachsen.de\/veroeffentlichungen-naturschutz\/aktualisierte-rote-listen-saugetiere-und-heuschrecken-niedersachsens-und-bremens-erschienen-243813.html\" target=\"_blank\" rel=\"noopener\">Aktualisierte Rote Listen S\u00e4ugetiere und Heuschrecken Niedersachsens und Bremens<\/a> (NLWKN)<\/li>\n<li>Oktober 2025:\u00a0 <a href=\"https:\/\/www.naturschutzring-duemmer.de\/Kraniche%20entdecken.htm\" target=\"_blank\" rel=\"noopener\">Kraniche in der Diepholzer Moorniederung<\/a> (Naturschutzring D\u00fcmmer)<\/li>\n<li>Oktober 2025:\u00a0 <a href=\"https:\/\/www.naturschutzring-duemmer.de\/Brutvogelanzahlen.htm\" target=\"_blank\" rel=\"noopener\">Brutvogelzahlen im Natura-2000 Gebiet D\u00fcmmer 2024<\/a> (Naturschutzring D\u00fcmmer)<\/li>\n<li>Oktober 2025:\u00a0 <a href=\"https:\/\/www.youtube.com\/watch?v=k41y5Pd5NU0\" target=\"_blank\" rel=\"noopener\">Hello in there<\/a> (Joan Baez)<\/li>\n<li>Oktober 2025:\u00a0 <a href=\"https:\/\/www.naturpark-duemmer.de\/infos-und-kontakt\/aktuelles\/details\/erweiterte-%C3%B6ffnungszeiten-in-den-moorwelten-zur-kranichrast-2025.html\" target=\"_blank\" rel=\"noopener\">Erweiterte \u00d6ffnungszeiten in den Moorwelten zur Kranichrast 2025<\/a> (Naturpark D\u00fcmmer)<\/li>\n<li>September 2025:\u00a0 <a href=\"https:\/\/www.gfs-umweltausschuss.de\/wp-content\/uploads\/250924_OV_Hortus-in-Holdorf-scaled.jpg\" target=\"_blank\" rel=\"noopener\">Hortus in Holdorf<\/a> (OV)<\/li>\n<li>September 2025:\u00a0 <a href=\"https:\/\/www.eurovision.de\/videos\/2024\/Bjarne-Save-The-Best-For-Us-Offizielles-Musikvideo-Junior-ESC-2024,deutschland2156.html\" target=\"_blank\" rel=\"noopener\">Bjarne &#8211; Save the Best for Us <\/a><\/li>\n<li>September 2025:\u00a0 <a href=\"https:\/\/www.regenwald.org\/news\/14216\/stoppt-die-spirale-aus-gewalt-rohstoffpluenderung-und-umweltzerstoerung\" target=\"_blank\" rel=\"noopener\">Spirale aus Gewalt, Rohstoffpl\u00fcnderung und Umweltzerst\u00f6rung<\/a> (regenwald.org)<\/li>\n<li>September 2025:\u00a0 <a href=\"https:\/\/www.naturschutzring-duemmer.de\/Weissstorch%20-%20Aktuelles.htm\" target=\"_blank\" rel=\"noopener\">Saison 2025 bei den Wei\u00dfst\u00f6rchen im D\u00fcmmergebiet<\/a> (Naturschutzring D\u00fcmmer)<\/li>\n<li>August 2025:\u00a0 <a href=\"https:\/\/www.nlwkn.niedersachsen.de\/naturschutzvorort\/neues_aus_der_naturschutzstation_dummer\/kiebitz-jagd-230132.html\" target=\"_blank\" rel=\"noopener\">Das kurze Leben eines Kiebitz<\/a> (NLWKN)<\/li>\n<li>August 2025:\u00a0 <a href=\"https:\/\/en.wikipedia.org\/wiki\/Children_Are_the_Victims_of_Adult_Vices#\" target=\"_blank\" rel=\"noopener\">Victims of Adult Vices<\/a> (im konkreten und im \u00fcbertragenen Sinn)<\/li>\n<li>August 2025:\u00a0 <a href=\"https:\/\/www.arte.tv\/de\/videos\/115064-000-A\/operation-afrika\/\" target=\"_blank\" rel=\"noopener\">Die Jagd nach den Rohstoffen der Zukunft<\/a> (arte)<\/li>\n<li>August 2025:\u00a0 <a href=\"https:\/\/www.srf.ch\/play\/tv\/nzz-format\/video\/kinderarbeit-fuers-klima---der-umstrittene-kobalt-abbau-in-kongo?urn=urn:srf:video:799f7f5a-8e5f-45cb-becd-fc66ba3658ee\" target=\"_blank\" rel=\"noopener\">Kobalt-Abbau im Kongo<\/a> (SRF)<\/li>\n<li>Juli 2025:\u00a0 <a href=\"https:\/\/diercke.de\/content\/erde-globale-warenkette-eines-smartphones-978-3-14-100870-8-46-1-1\" target=\"_blank\" rel=\"noopener\">Globale Warenkette eines Smartphones<\/a> (Diercke)<\/li>\n<li>Juli 2025:\u00a0 <a href=\"https:\/\/www.heise.de\/news\/ChatGPTs-Stromverbrauch-Zehnmal-mehr-als-bei-Google-9852126.html\" target=\"_blank\" rel=\"noopener\">ChatGPTs Stromververbrauch<\/a> (heise)<\/li>\n<li>Juli 2025:\u00a0 <a href=\"https:\/\/www.bbc.com\/news\/articles\/c9vy191rgn1o\" target=\"_blank\" rel=\"noopener\">Abholzung von Regenwald f\u00fcr die COP30<\/a> (BBC)<\/li>\n<li>Juli 2025:\u00a0 <a href=\"https:\/\/www.abenteuer-regenwald.de\/wissen\/regenwald-allgemein\/abholzung\" target=\"_blank\" rel=\"noopener\">Regenwald-Zerst\u00f6rung<\/a> (Abenteuer Regenwald)<\/li>\n<li>Juni 2025:\u00a0 <a href=\"https:\/\/www.gfs-umweltausschuss.de\/wp-content\/uploads\/230118_OV_Steinkauz-scaled.jpg\" target=\"_blank\" rel=\"noopener\">Der Steinkauz ruft nach Unterst\u00fctzung<\/a> (OV)<\/li>\n<li>Juni 2025:\u00a0 <a href=\"https:\/\/www.youtube.com\/watch?v=Ms7vVZXVryU\" target=\"_blank\" rel=\"noopener\">Brandenburg unter Strom<\/a> (Spiegel)<\/li>\n<li>Juni 2025:\u00a0 <a href=\"https:\/\/www.tagesschau.de\/wissen\/gesundheit\/softdrinks-diabetes-100.html\" target=\"_blank\" rel=\"noopener\">Softdrinks verursachen Millionen Krankheitsf\u00e4lle<\/a> (ARD)<\/li>\n<li>Juni 2025:\u00a0 <a href=\"https:\/\/www.tagesschau.de\/wirtschaft\/verbraucher\/nestle-perrier-mineralwasser-100.html\" target=\"_blank\" rel=\"noopener\">N<\/a><a href=\"https:\/\/www.tagesschau.de\/wirtschaft\/verbraucher\/nestle-perrier-mineralwasser-100.html\" target=\"_blank\" rel=\"noopener\">estl\u00e9 t\u00e4uscht Verbraucher bei Perrier<\/a> (ARD)<\/li>\n<li>Mai 2025:\u00a0 <a href=\"https:\/\/mediarelations.unibe.ch\/medienmitteilungen\/2020\/medienmitteilungen_2020\/raetsel_um_klimaschock_im_alten_rom_geloest\/index_ger.html\" target=\"_blank\" rel=\"noopener\">Klimaschock im alten Rom<\/a> (Universit\u00e4t Bern)<\/li>\n<li>Mai 2025:\u00a0 <a href=\"https:\/\/www.gfs-umweltausschuss.de\/wp-content\/uploads\/250519_OV_Singvogelsterben-scaled.jpg\" target=\"_blank\" rel=\"noopener\">Singvogelsterben<\/a> (OV)<\/li>\n<li>Mai 2025:\u00a0 <a href=\"https:\/\/www.gfs-umweltausschuss.de\/wp-content\/uploads\/250505_OV_Seeadler-scaled.jpg\" target=\"_blank\" rel=\"noopener\">Immer mehr Seeadler<\/a> (OV)<\/li>\n<li>Mai 2025:\u00a0 <a href=\"https:\/\/www.park-der-gaerten.de\/\" target=\"_blank\" rel=\"noopener\">Park der G\u00e4rten in Bad Zwischenahn<\/a><\/li>\n<li>April 2025:\u00a0 <a href=\"https:\/\/www.wwf.de\/themen-projekte\/projektregionen\/amazonien\/balsaholz-fuer-windraeder\" target=\"_blank\" rel=\"noopener\">Balsaholz f\u00fcr Windr\u00e4der<\/a> (WWF)<\/li>\n<li>April 2025:\u00a0 <a href=\"https:\/\/www.ndr.de\/nachrichten\/schleswig-holstein\/Rueckbau-bei-Windraedern-oft-mangelhaft,windkraft920.html\" target=\"_blank\" rel=\"noopener\">R\u00fcckbau der Windr\u00e4der oft mangelhaft<\/a> (NDR)<\/li>\n<li>April 2025:\u00a0 <a href=\"https:\/\/www.nabu.de\/tiere-und-pflanzen\/saeugetiere\/sonstige-saeugetiere\/18751.html\" target=\"_blank\" rel=\"noopener\">Der Waschb\u00e4r &#8211; eingeb\u00fcrgerter Nachbar auf dem Vormarsch<\/a> (NABU)<\/li>\n<li>April 2025:\u00a0<a href=\"https:\/\/www.duemmer-museum.de\/ausstellungen\/ab-ins-gruene-zwischen-tourismus-erholung-und-verlust\/\" target=\"_blank\" rel=\"noopener\"> &#8222;Ab ins Gr\u00fcne &#8211; zwischen Tourismus, Erholung und Verlust&#8220;<\/a> (Ausstellung D\u00fcmmer-Museum)<\/li>\n<li>April 2025:\u00a0 <a href=\"https:\/\/www.zdf.de\/nachrichten\/heute-journal\/kynast-orang-utans-100.html\" target=\"_blank\" rel=\"noopener\">Wenn Orang-Utans umziehen m\u00fcssen<\/a> (ZDF)<\/li>\n<li>M\u00e4rz 2025:\u00a0 <a href=\"https:\/\/www.youtube.com\/watch?v=ia3V2Yy7EOI\" target=\"_blank\" rel=\"noopener\">Bienen: Honigraum geben &#8211; Absperrgitter legen<\/a><\/li>\n<li>M\u00e4rz 2025:\u00a0 <a href=\"https:\/\/www.gfs-umweltausschuss.de\/wp-content\/uploads\/250312_DK_Maulwurf-scaled.jpg\" target=\"_blank\" rel=\"noopener\">Maulw\u00fcrfe<\/a> (DK)<\/li>\n<li>M\u00e4rz 2025:\u00a0 <a href=\"https:\/\/www.nabu.de\/umwelt-und-ressourcen\/ressourcenschonung\/papier\/30377.html\" target=\"_blank\" rel=\"noopener\">Papierverbrauch in Deutschland<\/a> (NABU)<\/li>\n<li>M\u00e4rz 2025:\u00a0 <a href=\"https:\/\/www.ardmediathek.de\/video\/dokus-und-reportagen\/muellkippe-meer-kampf-fuer-eine-saubere-nord-und-ostsee\/hr\/NTQ0MDg1YzctYzczZC00ZDE5LWFmZjAtMDQwZjc0MjZkODky\" target=\"_blank\" rel=\"noopener\">M\u00fcllkippe Meer? &#8211; Kampf eine saubere Nord- und Ostsee<\/a> (hr)<\/li>\n<li>Februar 2025:\u00a0 <a href=\"https:\/\/www.naturpark-duemmer.de\/juwelen-im-naturpark\/kraniche\/beobachtungspunkte-fuer-kraniche.html\" target=\"_blank\" rel=\"noopener\">Beobachtungspunkte f\u00fcr Kraniche<\/a> (Naturpark D\u00fcmmer)<\/li>\n<li>Februar 2025:\u00a0 <a href=\"https:\/\/www.mdr.de\/nachrichten\/deutschland\/wirtschaft\/strom-verbrauch-ki-effizienz-umwelt-klima-100.html\" target=\"_blank\" rel=\"noopener\">Stromverbrauch durch KI<\/a> (MDR)<\/li>\n<li>Februar 2025: \u00a0<a href=\"https:\/\/www.gfs-umweltausschuss.de\/wp-content\/uploads\/250210_OV_Insekten-im-Essen.jpg\" target=\"_blank\" rel=\"noopener\">Insektenpulver in Lebensmitteln<\/a> (OV)<\/li>\n<li>Februar 2025:\u00a0 <a href=\"https:\/\/www.nordkurier.de\/wirtschaft\/textilienexport-aus-eu-wird-zunehmend-zu-muellproblem-1424095\" target=\"_blank\" rel=\"noopener\">Textilienexport aus EU wird zum M\u00fcllproblem<\/a> (Nordkurier)<\/li>\n<li>Januar 2025:\u00a0 <a href=\"https:\/\/www.nordkurier.de\/panorama\/sind-insekten-wirklich-in-bonbons-von-kinder-schokolade-1431317\" target=\"_blank\" rel=\"noopener\">Insekten in Lebensmitteln<\/a> (Nordkurier)<\/li>\n<li>Januar 2025: \u00a0<a href=\"https:\/\/www.naturpark-duemmer.de\/juwelen-im-naturpark\/moore\/diepholzer-moorniederung.html\" target=\"_blank\" rel=\"noopener\">Diepholzer Moorniederung<\/a> (Naturpark D\u00fcmmer)<\/li>\n<li>Januar 2025: \u00a0<a href=\"https:\/\/www.gfs-umweltausschuss.de\/wp-content\/uploads\/250121_OV_Vogelzahlen-vor-Ort-sinken-dramatisch-scaled.jpg\" target=\"_blank\" rel=\"noopener\">Vogelzahlen sinken dramatisch<\/a> (OV)<\/li>\n<li>Januar 2025:\u00a0 <a href=\"https:\/\/www.tagesschau.de\/wirtschaft\/energie\/erneuerbare-energien-windkraft-treibhausgas-sf6-101.html\" target=\"_blank\" rel=\"noopener\">Klimakiller in Windkraftanlagen<\/a> (ARD)<\/li>\n<li>Dezember 2024:\u00a0 <a href=\"https:\/\/www.gfs-umweltausschuss.de\/wp-content\/uploads\/Fontane_Froehlichkeit.jpg\" target=\"_blank\" rel=\"noopener\">Lebensweisheit<\/a><\/li>\n<li>Dezember 2024: <a href=\"https:\/\/hamburg.nabu.de\/umwelt-und-ressourcen\/korkampagne\/index.html\" target=\"_blank\" rel=\"noopener\">Die KORKampagne des NABU<\/a><br \/>\n(Hinweis:\u00a0 Korken k\u00f6nnen auch bei uns abgegeben werden.)<\/li>\n<li>Dezember 2024:\u00a0 <a href=\"https:\/\/www.nabu.de\/natur-und-landschaft\/meere\/muellkippe-meer\/16805.html\" target=\"_blank\" rel=\"noopener\">M\u00fcll im Meer<\/a> (NABU)<\/li>\n<li>Dezember 2024:\u00a0 <a href=\"https:\/\/www.stiftung-naturschutz-diepholz.de\/\" target=\"_blank\" rel=\"noopener\">Stiftung Naturschutz im LK Diepholz<\/a><\/li>\n<li>Dezember 2024:\u00a0 <a href=\"https:\/\/www.deutschlandfunk.de\/lithium-lieferant-der-eu-proteste-gegen-bergbau-in-serbien-dlf-2d0681ac-100.html\" target=\"_blank\" rel=\"noopener\">Lithium-Abbau in Serbien<\/a> (DLF)<\/li>\n<li>November 2024:\u00a0 <a href=\"https:\/\/www.ardmediathek.de\/video\/einfach-genial\/die-rheinkrake-in-koeln-so-funktioniert-die-schwimmende-muellfalle\/mdr\/Y3JpZDovL21kci5kZS9iZWl0cmFnL2Ntcy9mMjg5MGJlNi02ZWM3LTQ4NWEtYjQxMy03NDhjYWQzN2E5NGE\" target=\"_blank\" rel=\"noopener\">Rheinkrake<\/a> (ARD)<\/li>\n<li>November 2024:\u00a0 <a href=\"https:\/\/windpark-reinhardswald-dagegen.de\/\" target=\"_blank\" rel=\"noopener\">Windpark im Reinhardtswald<\/a><\/li>\n<li>November 2024:\u00a0 <a href=\"https:\/\/www.landesforsten.de\/forstaemter\/ahlhorn\/\" target=\"_blank\" rel=\"noopener\">Nieders\u00e4chsische Landesforsten<\/a><\/li>\n<li>November 2024: \u00a0<a href=\"https:\/\/stiftung-naturschutz-diepholz.de\/projekte\/nrsp-canape\" target=\"_blank\" rel=\"noopener\">Paludifarming in Diepholz<\/a> (Stiftung Naturschutz DH),\u00a0 <a href=\"https:\/\/www.ndr.de\/fernsehen\/sendungen\/hallo_niedersachsen\/Torfmoos-Ein-nachwachsender-Rohstoff-mit-grosser-Bedeutung,hallonds91232.html\" target=\"_blank\" rel=\"noopener\">Paludifarming in Diepholz<\/a> (NDR)<\/li>\n<li>Oktober 2024:\u00a0 <a href=\"https:\/\/www.mdr.de\/nachrichten\/deutschland\/panorama\/windkraft-windraeder-feinstaub-100.html\" target=\"_blank\" rel=\"noopener\">Mikroplastik durch Windr\u00e4der<\/a> (MDR)<\/li>\n<li>Oktober 2024:\u00a0 <a href=\"https:\/\/www.gfs-umweltausschuss.de\/wp-content\/uploads\/241025_OV_Oeffnung-des-ehemaligen-Munagelaendes-72-scaled.jpg\" target=\"_blank\" rel=\"noopener\">Muna Damme<\/a> (OV)<\/li>\n<li>Oktober 2024:\u00a0 <a href=\"https:\/\/nuvd.de\/\" target=\"_blank\" rel=\"noopener\">NUVD<\/a><\/li>\n<li>Oktober 2024:\u00a0 <a href=\"https:\/\/www.brotexperte.de\/brotmarkt\/lebensmittelverschwendung-bei-brot\/\" target=\"_blank\" rel=\"noopener\">Lebensmittelverschwendung und Nachhaltigkeit bei Brot<\/a><\/li>\n<li>September 2024:\u00a0 <a href=\"https:\/\/www.gfs-umweltausschuss.de\/wp-content\/uploads\/2024_Kalkriese_Harte-Fakten-scaled.jpg\" target=\"_blank\" rel=\"noopener\">Harte Fakten zum Thema Kleidung<\/a> (Ausstellung &#8222;Get dressed&#8220; in Kalkriese)<\/li>\n<li>September 2024:\u00a0 <a href=\"https:\/\/www.gfs-umweltausschuss.de\/wp-content\/uploads\/240921_DK_Asiatische-Hornisse.jpg\" target=\"_blank\" rel=\"noopener\">Asiatische Hornisse<\/a> (DK)<\/li>\n<li>September 2024:\u00a0 <a href=\"https:\/\/www.youtube.com\/watch?v=BYy_185VVgA\" target=\"_blank\" rel=\"noopener\">Imkerei<\/a> (NDR)<\/li>\n<li>September 2024:\u00a0 <a href=\"https:\/\/www.youtube.com\/watch?v=y6JUEmAyO0Y\" target=\"_blank\" rel=\"noopener\">Santorin<\/a> (ARTE)<\/li>\n<li>August 2024:\u00a0 <a href=\"https:\/\/www.youtube.com\/watch?v=-kmObmfWyqs\" target=\"_blank\" rel=\"noopener\">El Nino<\/a> (Terra X)<\/li>\n<li>August 2024:\u00a0 <a href=\"https:\/\/www.gfs-umweltausschuss.de\/wp-content\/uploads\/Unkraut_Schild_Quelle.jpg\" target=\"_blank\" rel=\"noopener\">Unkraut<\/a> (Schild)<\/li>\n<li>August 2024:\u00a0 <a href=\"https:\/\/www.mdr.de\/mdr-garten\/pflegen\/laufenten-halten-nacktschnecken-100.html\" target=\"_blank\" rel=\"noopener\">Laufenten<\/a> (MDR)<\/li>\n<li>August 2024:\u00a0 <a href=\"http:\/\/www.naturschutzring-duemmer.de\/\" target=\"_blank\" rel=\"noopener\">Naturschutzring D\u00fcmmer e.V.<\/a><\/li>\n<li>Juli 2024:\u00a0 <a href=\"https:\/\/www.gfs-umweltausschuss.de\/wp-content\/uploads\/240705_OV_Rohrweihen-vor-dem-Maehtod-retten-72.jpg\" target=\"_blank\" rel=\"noopener\">Rohrweihen vor dem M\u00e4htod retten<\/a> (OV)<\/li>\n<li>Juli 2024:\u00a0 <a href=\"https:\/\/www.ardmediathek.de\/video\/rbb-gartenzeit\/sandarium-wertvoller-nistplatz-fuer-wildbienen\/rbb-fernsehen\/Y3JpZDovL3JiYl9jNjdiODAxMy0yZWQ1LTQ2NmEtOGNiZS02YjU2MDFhOTU5YzlfcHVibGljYXRpb24\" target=\"_blank\" rel=\"noopener\">Sandarium &#8211; ein wertvoller Nistplatz f\u00fcr Wildbienen<\/a> (ARD)<\/li>\n<li>Juli 2024:\u00a0 <a href=\"https:\/\/www.nabu.de\/tiere-und-pflanzen\/saeugetiere\/fledermaeuse\/wissen\/15018.html\" target=\"_blank\" rel=\"noopener\">Windr\u00e4der und Flederm\u00e4use<\/a> (NABU)<\/li>\n<li>Juli 2024:\u00a0 <a href=\"https:\/\/deutsche-wirtschafts-nachrichten.de\/702026\/grosse-solarparks-koennten-das-energieproblem-loesen-und-die-erde-aufheizen\" target=\"_blank\" rel=\"noopener\">Solarparks<\/a> (Dt. Wirtschaftsnachrichten)<\/li>\n<li>Juni 2024:\u00a0 <a href=\"https:\/\/www.youtube.com\/watch?v=39m_coiT2h8\" target=\"_blank\" rel=\"noopener\">Der B\u00e4r, der ein B\u00e4r bleiben wollte<\/a> (Reinhard Mey)<\/li>\n<li>Juni 2024:\u00a0 <a href=\"https:\/\/www.bingo-umweltstiftung.de\/aktuelles\/woche-der-natur\/\" target=\"_blank\" rel=\"noopener\">Bingo &#8222;Woche der Natur&#8220;<\/a><\/li>\n<li>Juni 2024:\u00a0 <a href=\"https:\/\/www.gfs-umweltausschuss.de\/wp-content\/uploads\/240619_OV_Beim-Schilfpolder-heisst-es-weiter-Warten-scaled.jpg\" target=\"_blank\" rel=\"noopener\">Beim Schilfpolder hei\u00dft es weiter warten<\/a> (OV)<\/li>\n<li>Juni 2024:\u00a0 <a href=\"https:\/\/www.naturpark-duemmer.de\/naturpark-entdecken\/museen-infozentren\/sehenswuerdigkeit\/alias\/d%C3%BCmmer-museum.html\" target=\"_blank\" rel=\"noopener\">D\u00fcmmer-Museum<\/a><\/li>\n<li>Mai 2024:\u00a0 <a href=\"https:\/\/www.gfs-umweltausschuss.de\/wp-content\/uploads\/Ahrends_Pferdewagen-scaled.jpg\" target=\"_blank\" rel=\"noopener\">Lebensweisheit<\/a><\/li>\n<li>Mai 2024:\u00a0 <a href=\"https:\/\/www.gfs-umweltausschuss.de\/wp-content\/uploads\/240518_OV_Wildbienen-brauchen-mehr-als-Hotels-scaled.jpg\" target=\"_blank\" rel=\"noopener\">Wildbienen<\/a> (OV)<\/li>\n<li>Mai 2024:\u00a0 <a href=\"https:\/\/www.gfs-umweltausschuss.de\/wp-content\/uploads\/20-Minuten-in-der-Natur.png\" target=\"_blank\" rel=\"noopener\">Lebensweisheit<\/a><\/li>\n<li>Mai 2024:\u00a0 <a href=\"https:\/\/gfs-diepholz.de\/wir-leben-in-einer-vernetzten-welt\/\" target=\"_blank\" rel=\"noopener\">&#8222;Faszination Ameisen&#8220;<\/a><\/li>\n<li>April 2024:\u00a0 <a href=\"https:\/\/www.nabu-oldenburg.org\/projekte\/artenschutzprojekte\/plan-bee\/\" target=\"_blank\" rel=\"noopener\">Plan Bee Oldenburg<\/a> (NABU)<\/li>\n<li>April 2024:\u00a0 <a href=\"https:\/\/www.gfs-umweltausschuss.de\/wp-content\/uploads\/240409_OV_Ochsenmoor-72-scaled.jpg\" target=\"_blank\" rel=\"noopener\">Brutzeit am D\u00fcmmer<\/a> (OV)<\/li>\n<li>April 2024:\u00a0 <a href=\"https:\/\/www.gfs-umweltausschuss.de\/wp-content\/uploads\/240406_OV_Indigene-erklaeren-Wale-zu-juristischen-Personen-72-scaled.jpg\" target=\"_blank\" rel=\"noopener\">Maori erkl\u00e4ren Wale zu juristischen Personen<\/a> (OV)<\/li>\n<li>April 2024:\u00a0 <a href=\"https:\/\/www.ndr.de\/nachrichten\/info\/epg\/Guter-Wolf-boeser-Wolf-Wird-der-Jaeger-zum-Gejagten-,sendung1380696.html\" target=\"_blank\" rel=\"noopener\">Guter Wolf, b\u00f6ser Wolf?<\/a> (ARD &#8211; Redezeit)<\/li>\n<li>M\u00e4rz 2024:\u00a0 <a href=\"https:\/\/www.youtube.com\/watch?v=GHCqxhdPmqw\" target=\"_blank\" rel=\"noopener\">Paradoxe Klimawende: Windr\u00e4der statt B\u00e4ume<\/a> (Spiegel)<\/li>\n<li>M\u00e4rz 2024:\u00a0 <a href=\"https:\/\/www.nabu.de\/umwelt-und-ressourcen\/oekologisch-leben\/essen-und-trinken\/12727.html\" target=\"_blank\" rel=\"noopener\">NABU-KORKampagne<\/a><\/li>\n<li>M\u00e4rz 2024:\u00a0 <a href=\"https:\/\/www.youtube.com\/watch?v=KD8fcTyjP1E\" target=\"_blank\" rel=\"noopener\">Die Recycling-L\u00fcge<\/a> (NDR)<\/li>\n<li>M\u00e4rz 2024:\u00a0 <a href=\"https:\/\/www.deutschelyrik.de\/die-maulwuerfe.html\" target=\"_blank\" rel=\"noopener\">Die Maulw\u00fcrde oder Euer Wille geschehe<\/a> (Erich K\u00e4stner)<\/li>\n<li>Februar 2024:\u00a0 <a href=\"https:\/\/www.gfs-umweltausschuss.de\/wp-content\/uploads\/240228_OV_Duemmer-Land-unter-macht-das-Brueten-schwer-72-scaled.jpg\" target=\"_blank\" rel=\"noopener\">Land unter am D\u00fcmmer macht das Br\u00fcten schwer<\/a> (OV)<\/li>\n<li>Februar 2024:\u00a0 <a href=\"https:\/\/www.naturpark-duemmer.de\/naturpark-entdecken\/veranstaltungen\/veranstaltung\/kobolde-der-nacht-am-diepholzer-schloss-2024-06-14.html\" target=\"_blank\" rel=\"noopener\">Kobolde der Nacht am Schlosspark<\/a> (Naturpark D\u00fcmmer)<\/li>\n<li>Februar 2024:\u00a0 <a href=\"https:\/\/niedersachsen.nabu.de\/tiere-und-pflanzen\/saeugetiere\/fledermaeuse\/28506.html\" target=\"_blank\" rel=\"noopener\">Fledermausarten in Niedersachsen<\/a> (NABU)<\/li>\n<li>Februar 2024:\u00a0 <a href=\"https:\/\/de.wikipedia.org\/wiki\/Der_Panther\" target=\"_blank\" rel=\"noopener\">Der Panther<\/a> (Rainer Maria Rilke, 1903)<\/li>\n<li>Januar 2024:\u00a0 <a href=\"https:\/\/www.destatis.de\/DE\/Presse\/Pressemitteilungen\/Zahl-der-Woche\/2023\/PD23_50_p002.html\" target=\"_blank\" rel=\"noopener\">Verpackungsm\u00fcll p.P.\/D<\/a> (Stat. Bundesamt)<\/li>\n<li>Januar 2024:\u00a0 <a href=\"https:\/\/www.gfs-umweltausschuss.de\/wp-content\/uploads\/240124_OV_neue-Schaeferin-am-Duemmer-72.jpg\" target=\"_blank\" rel=\"noopener\">Sch\u00e4ferin am Sch\u00e4ferhof<\/a><\/li>\n<li>Januar 2024:\u00a0 <a href=\"https:\/\/www.abenteuer-regenwald.de\/wissen\/tiere\" target=\"_blank\" rel=\"noopener\">Tiere im Regenwald<\/a><\/li>\n<li>Januar 2024:\u00a0 <a href=\"https:\/\/www.naturpark-duemmer.de\/infos-und-kontakt\/aktuelles\/details\/Wagenfeleder-Naturpark-Schulen-rezertifiziert.html\" target=\"_blank\" rel=\"noopener\">Naturpark-Schulen rezertifiziert<\/a><\/li>\n<li>Dezember 2023:\u00a0 <a href=\"https:\/\/www.gfs-umweltausschuss.de\/wp-content\/uploads\/2022_WildtierschutzDeutschland_Silvesterfeuerwerk-72.jpg\" target=\"_blank\" rel=\"noopener\">Silvesterfeuerwerk und Tiere<\/a> (Wildtierschutz Deutschland)<\/li>\n<li>Dezember 2023:\u00a0 <a href=\"https:\/\/aktivbewusst.de\/plastikmuell-statistiken-deutschland-weltweit\/#t-1613719242065\" target=\"_blank\" rel=\"noopener\">Plastikm\u00fcll<\/a><\/li>\n<li>Dezember 2023:\u00a0 <a href=\"https:\/\/www.youtube.com\/watch?v=vY07jQldJTo\" target=\"_blank\" rel=\"noopener\">Wissen Tiere mehr als wir?<\/a> (ARTE)<\/li>\n<li>Dezember 2023:\u00a0 <a href=\"https:\/\/www.gfs-umweltausschuss.de\/wp-content\/uploads\/2009_Tomicek_Darwin.jpg\" target=\"_blank\" rel=\"noopener\">Was Darwin nicht ahnen konnte<\/a> (Tomicek)<\/li>\n<li>Dezember 2023:\u00a0 <a href=\"https:\/\/rettet-den-reinhardswald.de\/\" target=\"_blank\" rel=\"noopener\">Rettet den Reinhardtswald!<\/a><\/li>\n<li>November 2023:\u00a0 <a href=\"https:\/\/www.tagesschau.de\/ausland\/asien\/indonesien-sumatra-nashorn-100.html\" target=\"_blank\" rel=\"noopener\">Seltenes Sumatra-Nashorn geboren<\/a> (ARD)<\/li>\n<li>November 2023:\u00a0 <a href=\"https:\/\/www.servustv.com\/natur\/v\/aa-1vyb3e8451w12\/\" target=\"_blank\" rel=\"noopener\">Die Erde &#8211; Ein Planet im Portrait<\/a> (Servus)<\/li>\n<li>November 2023:\u00a0 <a href=\"https:\/\/www.tagesschau.de\/wirtschaft\/weltwirtschaft\/lithiumabbau-argentinien-100.html\" target=\"_blank\" rel=\"noopener\">Lithiumabbau in Argentinien<\/a> (ARD)<\/li>\n<li>November 2023:\u00a0 <a href=\"https:\/\/www.planet-wissen.de\/kultur\/suedamerika\/amazonien\/pwiederuramazonas100.html\" target=\"_blank\" rel=\"noopener\">Der Uramazonas<\/a> (Planet Wissen)<\/li>\n<li>Oktober 2023:\u00a0 <a href=\"https:\/\/www.g-geschichte.de\/fruehgeschichte\/klima-achterbahn\/\" target=\"_blank\" rel=\"noopener\">In der Klima-Achterbahn<\/a> (G Geschichte)<\/li>\n<li>Oktober 2023:\u00a0 <a href=\"https:\/\/www.gfs-umweltausschuss.de\/wp-content\/uploads\/NaturErlebnisHoldorf-scaled.jpg\" target=\"_blank\" rel=\"noopener\">NaturErlebnis Holdorf<\/a><\/li>\n<li>Oktober 2023:\u00a0 <a href=\"https:\/\/www.comedywildlifephoto.com\" target=\"_blank\" rel=\"noopener\">Comedy Wildlife Photo<\/a><\/li>\n<li>Oktober 2023:\u00a0 <a href=\"https:\/\/www.youtube.com\/watch?v=wtsUjKG7Aqw\" target=\"_blank\" rel=\"noopener\">&#8222;Klima, Wasser, Moore&#8220; &#8211; Hans Joosten im Gespr\u00e4ch<\/a><\/li>\n<li>September 2023:\u00a0 <a href=\"https:\/\/www.gfs-umweltausschuss.de\/wp-content\/uploads\/230930_AgendaDH_Arbeitseinsatz-72.jpg\" target=\"_blank\" rel=\"noopener\">Agenda 21 DH: Arbeitseinsatz am Diepholzer Moorerlebnispfad<\/a> (diesmal leider ohne GFS-Vertreter)<\/li>\n<li>September 2023:\u00a0 <a href=\"https:\/\/www.gfs-umweltausschuss.de\/wp-content\/uploads\/230921_OV_Kunststoffrecycling-DH-scaled.jpg\" target=\"_blank\" rel=\"noopener\">Kunststoffrecycling<\/a> (PHWT DH)<\/li>\n<li>September 2023:\u00a0 <a href=\"https:\/\/www.youtube.com\/watch?v=c4G5culuCdQ\" target=\"_blank\" rel=\"noopener\">Der Rhein &#8211; Von der Quelle zum Deutschen Eck<\/a><\/li>\n<li>September 2023:\u00a0 <a href=\"https:\/\/www.aims.gov.au\/information-centre\/news-and-stories\/highest-coral-cover-central-northern-reef-36-years\" target=\"_blank\" rel=\"noopener\">Wachstum des Great Barrier Reef (<\/a>Australian Institute of Marine Science)<\/li>\n<li>August 2023:\u00a0 <a href=\"https:\/\/www.servustv.com\/natur\/v\/aa-2681b29w91w11\/\" target=\"_blank\" rel=\"noopener\">Die R\u00fcckkehr der Biber<\/a> (Servus)<\/li>\n<li>August 2023:\u00a0 <a href=\"https:\/\/wunsch-damme.de\/\" target=\"_blank\" rel=\"noopener\">WUNSCH Dammer Berge<\/a><\/li>\n<li>August 2023:\u00a0 <a href=\"https:\/\/www.youtube.com\/watch?v=3r3jIFjNpMw\" target=\"_blank\" rel=\"noopener\">Peter Wohlleben zum Wald bei Hohensaaten<\/a><\/li>\n<li>August 2023:\u00a0 <a href=\"https:\/\/pro-wald-hohensaaten.de\/\" target=\"_blank\" rel=\"noopener\">B\u00fcrgerinitiative &#8222;Pro Wald Hohensaaten&#8220;<\/a><\/li>\n<li>Juli 2023: \u00a0<a href=\"https:\/\/www.youtube.com\/watch?v=nvDpfnlo7wk\" target=\"_blank\" rel=\"noopener\">Nestl\u00e9: F\u00fcnf miese Maschen des gr\u00f6\u00dften Lebensmittelkonzerns<\/a> (ZDF)<\/li>\n<li>Juli 2023:\u00a0 <a href=\"https:\/\/www.youtube.com\/watch?v=mWhn5LfiO0U\" target=\"_blank\" rel=\"noopener\">Avocados &#8211; gr\u00fcnes Gold oder \u00f6kologischer Alptraum?<\/a> (arte)<\/li>\n<li>Juli 2023:\u00a0 <a href=\"https:\/\/www.naturpark-duemmer.de\/infos-und-kontakt\/aktuelles\/details\/schon-wieder-da-geocaching-im-naturpark.html\" target=\"_blank\" rel=\"noopener\">Geocaching im Naturpark D\u00fcmmer<\/a><\/li>\n<li>Juli 2023:\u00a0 <a href=\"https:\/\/www.naturpark-duemmer.de\/naturpark-entdecken\/museen-infozentren\/sehenswuerdigkeit\/alias\/europ%C3%A4isches-fachzentrum-moor-und-klima-moorwelten.html\" target=\"_blank\" rel=\"noopener\">Europ\u00e4isches Fachzentrum Moor und Klima\u00a0 &#8211;\u00a0 MOORWELTEN<\/a><\/li>\n<li>Juni 2023:\u00a0 <a href=\"https:\/\/www.youtube.com\/watch?v=ChkpkXAlIyw&amp;t=2s\" target=\"_blank\" rel=\"noopener\">Das Gesch\u00e4ft mit Tomaten<\/a> (SWR)<\/li>\n<li>Juni 2023:\u00a0 <a href=\"https:\/\/www.youtube.com\/watch?v=sqn0230jvA0\" target=\"_blank\" rel=\"noopener\">9 Hausmittel gegen den Buchsbaumz\u00fcnsler<\/a><\/li>\n<li>Juni 2023:\u00a0 <a href=\"https:\/\/www.nabu.de\/tiere-und-pflanzen\/saeugetiere\/fledermaeuse\/wissen\/15018.html\" target=\"_blank\" rel=\"noopener\">Auswirkungen der Windenergie auf Flederm\u00e4use<\/a> (NABU)<\/li>\n<li>Juni 2023:\u00a0 <a href=\"https:\/\/www.deutschlandfunk.de\/gefahren-von-windkraftanlagen-fuer-tiere-klimaschutz-nicht-100.html\" target=\"_blank\" rel=\"noopener\">Gefahren von Windkraftanlagen f\u00fcr Tiere &#8211; Klimaschutz nicht gegen Naturschutz austauschen<\/a> (Deutschlandfunk)<\/li>\n<li>Mai 2023:\u00a0 <a href=\"https:\/\/daserste.ndr.de\/panorama\/archiv\/2011\/Das-schmutzige-Geheimnis-sauberer-Windraeder,windkraft189.html\" target=\"_blank\" rel=\"noopener\">Das schmutzige Geheimnis sauberer Windr\u00e4der<\/a> (Panorama, 2011)<\/li>\n<li>Mai 2023:\u00a0 <a href=\"https:\/\/www.youtube.com\/watch?v=ivqqO6eExv4\" target=\"_blank\" rel=\"noopener\">Balsaholz: Das ideale Baumaterial f\u00fcr Windr\u00e4der?<\/a><\/li>\n<li>Mai 2023: \u00a0<a href=\"https:\/\/kenconger.smugmug.com\/popular\/6\/\" target=\"_blank\" rel=\"noopener\">Naturaufnahmen von Ken Conger<\/a><\/li>\n<li>Mai 2023:\u00a0 <a href=\"https:\/\/www.nabu.de\/news\/2023\/01\/32822.html\" target=\"_blank\" rel=\"noopener\">Windenergie auf Kosten des Naturschutzes<\/a> (NABU)<\/li>\n<li>April 2023: \u00a0<a href=\"https:\/\/www.naturpark-duemmer.de\/infos-und-kontakt\/aktuelles\/details\/carola-anders-die-nacht-ist-ihr-tag.html\" target=\"_blank\" rel=\"noopener\">Fledermausbotschafterin<\/a><\/li>\n<li>April 2023: \u00a0<a href=\"https:\/\/www.youtube.com\/watch?v=apWHfraGbN0\" target=\"_blank\" rel=\"noopener\">Beeren aus dem Ausland importiert: S\u00fc\u00dfe Fr\u00fcchte &#8211; Bittere Wahrheiten<\/a> (SWR)<\/li>\n<li>April 2023: \u00a0<a href=\"https:\/\/www.naturpark-duemmer.de\/naturpark-entdecken\/museen-infozentren\/sehenswuerdigkeit\/alias\/barnstorfer-umwelt-erlebnis-zentrum-buez.html\" target=\"_blank\" rel=\"noopener\">Barnstorfer Umwelt-Erlebnis-Zentrum (BUEZ)<\/a><\/li>\n<li>April 2023: <a href=\"https:\/\/www.youtube.com\/watch?v=h2wzP9xhRxA\" target=\"_blank\" rel=\"noopener\">\u00a0Ist das nichts?<\/a> (Udo J\u00fcrgens, 1980)<\/li>\n<li>M\u00e4rz 2023: \u00a0<a href=\"https:\/\/www.willirolfes.de\/\" target=\"_blank\" rel=\"noopener\">Photograph Willi Rolfes<\/a><\/li>\n<li>M\u00e4rz 2023:\u00a0 <a href=\"https:\/\/www.youtube.com\/watch?v=1Vk8wo1e3NI\" target=\"_blank\" rel=\"noopener\">Vittel: Ein Blick hinter Nestl\u00e8s Wassergesch\u00e4ft<\/a> (ZDF)<\/li>\n<li>M\u00e4rz 2023: \u00a0<a href=\"https:\/\/www.youtube.com\/watch?v=JwVuIKssSVY\" target=\"_blank\" rel=\"noopener\">Immer wieder kommt ein neuer Fr\u00fchling<\/a> (Rolf Zuckowksi)<\/li>\n<li>M\u00e4rz 2023: \u00a0<a href=\"https:\/\/www.naturpark-duemmer.de\/infos-und-kontakt\/aktuelles\/details\/erfolgreiche-entkusselungsaktionen-2023.html\" target=\"_blank\" rel=\"noopener\">Entkusselungsaktionen im Naturpark D\u00fcmmer<\/a><\/li>\n<li>Februar 2023: \u00a0<a href=\"https:\/\/nuvd.de\/projekte\/roehrichtentwicklung\" target=\"_blank\" rel=\"noopener\">R\u00f6hrichtentwicklung am D\u00fcmmer<\/a> (NUVD)<\/li>\n<li>Februar 2023: \u00a0<a href=\"https:\/\/www.nlwkn.niedersachsen.de\/naturschutzstationen\/dummer\/naturschutz-vor-ort-die-naturschutzstation-duemmer-44504.html\" target=\"_blank\" rel=\"noopener\">Naturschutzstation D\u00fcmmer<\/a> (NLWKN)<\/li>\n<li>Februar 2023: \u00a0<a href=\"https:\/\/www.ardmediathek.de\/video\/hallo-niedersachsen\/nachhaltigkeit-muellsammelboote-aus-haren\/ndr\/Y3JpZDovL25kci5kZS9mODhkN2ZlMS03YmE2LTQ5ZTItOGI0MC1jZDg4NGJiZmYzN2U\" target=\"_blank\" rel=\"noopener\">M\u00fcllsammelboote aus Haren<\/a> (NDR)<\/li>\n<li>Februar 2023: \u00a0<a href=\"https:\/\/www.youtube.com\/watch?v=pXDx6DjNLDU\" target=\"_blank\" rel=\"noopener\">This robot eats trash<\/a> (TeamSeas)<\/li>\n<li>Januar 2023: <a href=\"https:\/\/www.youtube.com\/watch?v=cV2gBU6hKfY\" target=\"_blank\" rel=\"noopener\">\u00a0I cleaned the world&#8217;s dirties beach<\/a> (TeamSeas)<\/li>\n<li>Januar 2023: \u00a0<a href=\"https:\/\/www.mdr.de\/wissen\/plastikmuell-im-meer-durch-corona-pandemie-100.html\" target=\"_blank\" rel=\"noopener\">Tausende Tonnen Corona-M\u00fcll landen im Meer<\/a> (MDR)<\/li>\n<li>Januar 2023: \u00a0<a href=\"https:\/\/www.duemmer360.de\/\" target=\"_blank\" rel=\"noopener\">D\u00fcmmer 360\u00b0<\/a><\/li>\n<li>Januar 2023: \u00a0<a href=\"https:\/\/we4bee.org\/info\/blog\/warum-sind-bienenwaben-sedchseckig\/\" target=\"_blank\" rel=\"noopener\">Warum sind die Zellen der Bienenwaben sechseckig?<\/a><\/li>\n<li>Dezember 2022: \u00a0<a href=\"https:\/\/www.youtube.com\/watch?v=lsW4uj51E4U\" target=\"_blank\" rel=\"noopener\">Sandmalerei \u00a0&#8211; \u00a0Wir sind nur Ochs und Esel\u00a0<\/a><\/li>\n<li>Dezember 2022: \u00a0<a href=\"https:\/\/www.naturpark-duemmer.de\/infos-und-kontakt\/aktuelles\/details\/vorstellung-der-chronik-und-des-bildbands.html\" target=\"_blank\" rel=\"noopener\">Chronik und Bildband<\/a> (Naturpark D\u00fcmmer)<\/li>\n<li>Dezember 2022: \u00a0<a href=\"https:\/\/www.youtube.com\/watch?v=rhkc23MZiZ4\" target=\"_blank\" rel=\"noopener\">Best hikes in Germany &#8211; Naturpark D\u00fcmmer: Stemweder Berg<\/a><\/li>\n<li>November 2022: \u00a0<a href=\"https:\/\/www.naturpark-duemmer.de\/juwelen-im-naturpark\/kraniche\/kraniche-beobachten.html\" target=\"_blank\" rel=\"noopener\">Kraniche beobachten<\/a> (Naturpark D\u00fcmmer)<\/li>\n<li>November 2022: \u00a0<a href=\"https:\/\/niz-goldenstedt.de\" target=\"_blank\" rel=\"noopener\">NIZ Goldenstedt<\/a><\/li>\n<li>November 2022: \u00a0<a href=\"https:\/\/agenda21diepholz.jimdofree.com\" target=\"_blank\" rel=\"noopener\">Agenda 21 Diepholz<\/a><\/li>\n<li>November 2022: \u00a0<a href=\"https:\/\/www.gfs-umweltausschuss.de\/wp-content\/uploads\/WeissagungCree.jpg\" target=\"_blank\" rel=\"noopener\">Weissagung der Cree<\/a><\/li>\n<li>Oktober 2022: \u00a0<a href=\"https:\/\/www.papieratlas.de\" target=\"_blank\" rel=\"noopener\">Papier-Atlas 2022<\/a><\/li>\n<li>Oktober 2022: <a href=\"https:\/\/www.gfs-umweltausschuss.de\/wp-content\/uploads\/221018_OV_Tiere-im-Winter-scaled.jpg\" target=\"_blank\" rel=\"noopener\">\u00a0Tiere im Winter<\/a> (OV)<\/li>\n<li>Oktober 2022: \u00a0<a href=\"https:\/\/www.ndr.de\/fernsehen\/sendungen\/hallo_niedersachsen\/So-arbeitet-eine-Moorarchaeologin-,hallonds76160.html\" target=\"_blank\" rel=\"noopener\">Ausgrabungen am D\u00fcmmer &#8211; So arbeitet eine Moorarch\u00e4ologin<\/a> (NDR)<\/li>\n<li>Oktober 2022: \u00a0<a href=\"https:\/\/www.youtube.com\/watch?v=n33ARzlELSg\" target=\"_blank\" rel=\"noopener\">Prof. Dr. Dr. Hans Joosten &#8211; Umweltpreistr\u00e4ger 2021<\/a><br \/>\n<a href=\"https:\/\/www.youtube.com\/watch?v=hk9Og0Gbb-E\" target=\"_blank\" rel=\"noopener\">Vortrag &#8222;Klima, Wasser, Moore &#8211; Ideen f\u00fcr einen neuen Umgang mit Moorland&#8220;<\/a><br \/>\n14.10.22, 19 Uhr: Vortrag im Theater Diepholz<\/li>\n<li>September 2022: \u00a0<a href=\"https:\/\/www.youtube.com\/watch?v=7Ux2AsrYI8Q\" target=\"_blank\" rel=\"noopener\">\u00dcberf\u00fcllte Tierheime<\/a><\/li>\n<li>September 2022: \u00a0<a href=\"https:\/\/apps.apple.com\/de\/app\/too-good-to-go\/id1060683933\" target=\"_blank\" rel=\"noopener\">Too good to go<\/a><\/li>\n<li>September 2022: \u00a0<a href=\"https:\/\/www.naturpark-duemmer.de\/juwelen-im-naturpark\/kraniche\/beobachtungspunkte-fuer-kraniche.html\" target=\"_blank\" rel=\"noopener\">Beobachtungspunkte von Kranichen<\/a> (Naturpark D\u00fcmmer)<\/li>\n<li>September 2022: \u00a0<a href=\"https:\/\/mailchi.mp\/531ca8b5c465\/newsletter_dezember_2019-11826225\" target=\"_blank\" rel=\"noopener\">Naturpark D\u00fcmmer &#8211; Newsletter September<\/a><\/li>\n<li>August 2022: <a href=\"https:\/\/www.naturpark-duemmer.de\/juwelen-im-naturpark\/duemmer-see.html\" target=\"_blank\" rel=\"noopener\">\u00a0D\u00fcmmer-See<\/a> (Naturpark D\u00fcmmer)<\/li>\n<li>August 2022: \u00a0<a href=\"https:\/\/www.youtube.com\/watch?v=onaDBzs9IEc\" target=\"_blank\" rel=\"noopener\">Welterbe &#8211; Alte Buchenw\u00e4lder Deutschlands &#8211; Nationalpark Kellerwal-Edersee<\/a><\/li>\n<li>Juli 2022: \u00a0<a href=\"https:\/\/www.gfs-umweltausschuss.de\/wp-content\/uploads\/220722_LachmoeweSeeadler-scaled.jpg\" target=\"_blank\" rel=\"noopener\">Lachm\u00f6we und Seeadler<\/a> (Kreiszeitung)<\/li>\n<li>Juli 2022: \u00a0<a href=\"https:\/\/www.youtube.com\/watch?v=a_ORYi_OXzw\" target=\"_blank\" rel=\"noopener\">0800 SEE ORCA<\/a> und <a href=\"https:\/\/www.youtube.com\/watch?v=P2YHtd3o0bk\" target=\"_blank\" rel=\"noopener\">Intelligenter als der Mensch? &#8211; Die verr\u00fcckte Biologie der Orcas\u00a0<\/a><\/li>\n<li>Juli 2022: <a href=\"https:\/\/www.tauchen.de\/news\/mehr-masken-als-quallen-corona-abfaelle-im-meer\/\" target=\"_blank\" rel=\"noopener\">\u00a0&#8222;Mehr Masken als Quallen&#8220;<\/a><\/li>\n<li>Juli 2022: \u00a0<a href=\"https:\/\/www.youtube.com\/watch?v=9Sl0As0EAxU\" target=\"_blank\" rel=\"noopener\">Genlabor Afrika<\/a> (ARTE)<\/li>\n<li>Juni 2022: \u00a0<a href=\"https:\/\/www.naturpark-duemmer.de\/juwelen-im-naturpark\/moore\/diepholzer-moorniederung.html\" target=\"_blank\" rel=\"noopener\">Diepholzer Moornieerung<\/a> (Naturpark D\u00fcmmer)<\/li>\n<li>Juni 2022: \u00a0<a href=\"https:\/\/igelfreunde-rp.de\" target=\"_blank\" rel=\"noopener\">Igelfreunde<\/a><\/li>\n<li>Juni 2022: \u00a0<a href=\"https:\/\/www.youtube.com\/watch?v=BYy_185VVgA\" target=\"_blank\" rel=\"noopener\">Imkerei<\/a> (NDR)<\/li>\n<li>Juni 2022: \u00a0Filmtipp: <a href=\"https:\/\/www.youtube.com\/watch?v=gstTtUmbpic\" target=\"_blank\" rel=\"noopener\">Tagebuch einer Biene<\/a><\/li>\n<li>Mai 2022: \u00a0Song: <a href=\"https:\/\/www.youtube.com\/watch?v=e00U55d6WFk\" target=\"_blank\" rel=\"noopener\">That&#8217;s what dreamers do<\/a> (William Shatner)<\/li>\n<li>Mai 2022: \u00a0<a href=\"https:\/\/www.gfs-umweltausschuss.de\/wp-content\/uploads\/220517_OV_Duemmer-LebendigerSee2022-scaled.jpg\" target=\"_blank\" rel=\"noopener\">D\u00fcmmer &#8211; &#8222;Lebendiger See 2022&#8220;<\/a> (OV)<\/li>\n<li>Mai 2022: \u00a0<a href=\"https:\/\/www.ndr.de\/ratgeber\/kochen\/warenkunde\/Honig-Herstellung-Sorten-und-Geschmack,honig324.html\" target=\"_blank\" rel=\"noopener\">Wie entsteht Honig und wie gesund ist er?<\/a> (NDR)<\/li>\n<li>Mai 2022: \u00a0<a href=\"https:\/\/eschpark.de\" target=\"_blank\" rel=\"noopener\">Hof G\u00f6ttke-Krogmann<\/a><\/li>\n<li>April 2022: \u00a0<a href=\"https:\/\/www.arche-warder.de\/presse\/rita-ist-da-seltener-weisser-barockesel-in-der-arche-warder-geboren\/\" target=\"_blank\" rel=\"noopener\">&#8222;Rita&#8220; ist da &#8211; seltener wei\u00dfer Barockesel in der Arche Warder geboren<\/a><\/li>\n<li>April 2022: \u00a0<a href=\"https:\/\/www.naturpark-duemmer.de\" target=\"_blank\" rel=\"noopener\">Naturpark D\u00fcmmer<\/a><\/li>\n<li>April 2022: \u00a0<a href=\"https:\/\/www.kreiszeitung.de\/lokales\/diepholz\/diepholz-ort28581\/diepholzer-moorniederung-zieht-kranich-beobachter-an-91482161.html\" target=\"_blank\" rel=\"noopener\">Diepholzer Moorniederung zieht Kranichbeobachter an<\/a> (DK)<\/li>\n<li>April 2022: \u00a0<a href=\"https:\/\/www.naturpark-duemmer.de\/infos-und-kontakt\/aktuelles\/details\/Fotowettbewerb2022.html\" target=\"_blank\" rel=\"noopener\">Fotowettbewerb Naturpark D\u00fcmmer<\/a><\/li>\n<li>M\u00e4rz 2022: \u00a0<a href=\"https:\/\/www.gfs-umweltausschuss.de\/wp-content\/uploads\/220329_Schoenheit-scaled.jpeg\" target=\"_blank\" rel=\"noopener\">Wie viel Sch\u00f6nheit gibt es doch<\/a><\/li>\n<li>M\u00e4rz 2022: \u00a0<a href=\"https:\/\/www.gfs-umweltausschuss.de\/wp-content\/uploads\/220326_OV_Wenn-die-Moorfrosch-Maenner-blau-werden.jpg\" target=\"_blank\" rel=\"noopener\">Warum Moorfr\u00f6sche jetzt blau werden<\/a> (OV)<\/li>\n<li>M\u00e4rz 2022: \u00a0<a href=\"https:\/\/www.youtube.com\/watch?v=K1M2ZWp4IvM\" target=\"_blank\" rel=\"noopener\">Die zehn unglaublichsten Wasserf\u00e4lle der Welt<\/a><\/li>\n<li>M\u00e4rz 2022: \u00a0<a href=\"https:\/\/www.youtube.com\/watch?v=Au-_xqa216U\" target=\"_blank\" rel=\"noopener\">Udo J\u00fcrgens: Es reift so viel Weizen<\/a>\u00a0(1977!)<\/li>\n<li>Februar 2022: \u00a0<a href=\"https:\/\/www.youtube.com\/watch?v=L3gvygdBBqk\" target=\"_blank\" rel=\"noopener\">Die Beeke &#8211; gestern, heute, morgen<\/a> (Agenda 21 DH)<\/li>\n<li>Februar 2022: \u00a0<a href=\"https:\/\/www.zdf.de\/nachrichten\/panorama\/masken-plastikmuell-umweltschutz-100.html\" target=\"_blank\" rel=\"noopener\">M\u00fcllproblem Maske<\/a> (ZDF)<\/li>\n<li>Februar 2022: \u00a0<a href=\"https:\/\/www.youtube.com\/watch?v=-kjsF0sflQQ\" target=\"_blank\" rel=\"noopener\">Der M\u00fcll-Check<\/a> (Checker Tobi)<\/li>\n<li>Februar 2022: \u00a0<a href=\"https:\/\/www.youtube.com\/watch?v=0qnbfIHcPhc\" target=\"_blank\" rel=\"noopener\">Reinhardswald\/Hessen<\/a> (wildlife-TV)<\/li>\n<li>Januar 2022: \u00a0<a href=\"https:\/\/www.gfs-umweltausschuss.de\/wp-content\/uploads\/NABU_1008331_knipsel.png\" target=\"_blank\" rel=\"noopener\">Nistk\u00e4sten<\/a> (NABU)<\/li>\n<li>Januar 2022: \u00a0<a href=\"https:\/\/www.gfs-umweltausschuss.de\/wp-content\/uploads\/Auto-Irrsinn.jpg\" target=\"_blank\" rel=\"noopener\">40-Years-Difference<\/a><\/li>\n<li>Januar 2022: \u00a0<a href=\"https:\/\/www.gfs-umweltausschuss.de\/wp-content\/uploads\/220103_OV_Silberreiher-72-scaled.jpg\" target=\"_blank\" rel=\"noopener\">Silberreiher<\/a> (OV)<\/li>\n<li>Januar 2022: \u00a0<a href=\"https:\/\/www.youtube.com\/watch?v=I_ZvZQT81OY\" target=\"_blank\" rel=\"noopener\">What a wonderful world<\/a> (BBC)<\/li>\n<li>Dezember 2021: \u00a0<a href=\"https:\/\/www.youtube.com\/watch?v=mHIp08p7yEg\" target=\"_blank\" rel=\"noopener\">Richard David Precht und Peter Wohlleben im Gespr\u00e4ch \u00fcber den Wald<\/a><\/li>\n<li>Dezember 2021: \u00a0<a href=\"https:\/\/www.youtube.com\/watch?v=X8NVrA5lHx8\" target=\"_blank\" rel=\"noopener\">Recycling: Wie aus Scherben Flaschen werden<\/a> (NDR Doku)<\/li>\n<li>Dezember 2021: \u00a0<a href=\"https:\/\/www.youtube.com\/watch?v=af4SyYII30M\" target=\"_blank\" rel=\"noopener\">Plant-for-the-planet Mexico<\/a><\/li>\n<li>Dezember 2021: \u00a0<a href=\"https:\/\/www.youtube.com\/watch?v=3SsK-cxlj_w\" target=\"_blank\" rel=\"noopener\">25 Greatest Natural Wonders of the World<\/a><\/li>\n<li>November 2021: \u00a0<a href=\"https:\/\/www.gfs-umweltausschuss.de\/wp-content\/uploads\/19911130_GFS-UA-Vorgaenger-scaled.jpg\" target=\"_blank\" rel=\"noopener\">GFS-UA-Vorg\u00e4nger entdeckt<\/a><\/li>\n<li>November 2021: \u00a0<a href=\"https:\/\/www.gfs-umweltausschuss.de\/wp-content\/uploads\/211113-DH_Auf-der-Suche-nach-Plastik-Diepholzer-Wochenblatt.jpg\" target=\"_blank\" rel=\"noopener\">Sch\u00fcler auf der Suche nach Plastik<\/a> (DW)<\/li>\n<li>November 2021: \u00a0<a href=\"https:\/\/www.gfs-umweltausschuss.de\/wp-content\/uploads\/211116_OV_Damme_RepairCafe-scaled.jpg\" target=\"_blank\" rel=\"noopener\">Dammer Repair-Caf\u00e9<\/a>\u00a0(OV)<\/li>\n<li>November 2021: \u00a0<a href=\"https:\/\/www.gfs-diepholz.de\/neuigkeiten-aus-dem-schulwald\/\" target=\"_blank\" rel=\"noopener\">Neuigkeiten aus dem GFS-Schulwald<\/a><\/li>\n<li>Oktober 2021: \u00a0<a href=\"https:\/\/www.nabu.de\/natur-und-landschaft\/meere\/muellkippe-meer\/16794.html\" target=\"_blank\" rel=\"noopener\">Meeresschutz Tipps<\/a> (NABU)<\/li>\n<li>Oktober 2021: \u00a0<a href=\"https:\/\/www.youtube.com\/watch?v=J_WwqIkZZ3c\" target=\"_blank\" rel=\"noopener\">Wale im Unterwasserl\u00e4rm<\/a> (OceanCare)<\/li>\n<li>Oktober 2021: \u00a0<a href=\"https:\/\/www.youtube.com\/watch?v=50j7d235VSM\" target=\"_blank\" rel=\"noopener\">Unterwasserl\u00e4rm in der Ostsee<\/a><\/li>\n<li>September 2021: \u00a0<a href=\"https:\/\/www.naturpark-duemmer.de\/infos-und-kontakt\/aktuelles\/details\/neuer-moorsteg-im-aschener-heeder-moor-er\u00f6ffnet.html\" target=\"_blank\" rel=\"noopener\">Neuer Moorsteg im Aschener\/Heeder Moor er\u00f6ffnet<\/a> (<a href=\"https:\/\/www.naturpark-duemmer.de\" target=\"_blank\" rel=\"noopener\">Naturpark D\u00fcmmer<\/a>)<\/li>\n<li>September 2021: \u00a0<a href=\"https:\/\/www.youtube.com\/watch?v=hCOir4Q0p6k\" target=\"_blank\" rel=\"noopener\">Naturparadies D\u00fcmmer<\/a><\/li>\n<li>September 2021: \u00a0<a href=\"https:\/\/www.youtube.com\/watch?v=eEaZvEZye84\" target=\"_blank\" rel=\"noopener\">One Hour of Amazing Animal Moments<\/a> (BBC)<\/li>\n<li>September 2021: \u00a0<a href=\"https:\/\/www.youtube.com\/watch?v=CSgDjZ_Vv8g\" target=\"_blank\" rel=\"noopener\">One Hour of Amazing Ocean Moments<\/a> (BBC)<\/li>\n<li>August 2021: \u00a0<a href=\"https:\/\/www.youtube.com\/watch?v=j1RGVArjJac\" target=\"_blank\" rel=\"noopener\">Planet Ocean &#8211; der Film<\/a><\/li>\n<li>August 2021: \u00a0<a href=\"https:\/\/www.youtube.com\/watch?v=6WI4g1r2wKU\" target=\"_blank\" rel=\"noopener\">Corona-M\u00fcll im Meer<\/a> (Save the Ocean)<\/li>\n<li>August 2021: <a href=\"https:\/\/www.zukunftwald.de\" target=\"_blank\" rel=\"noopener\">\u00a0Stiftung Zukunft Wald<\/a><\/li>\n<li>August 2021: \u00a0<a href=\"https:\/\/www.br.de\/nachrichten\/wissen\/wie-umweltschaedlich-sind-raketenstarts-und-weltraumtourismus,SeG0lvj\" target=\"_blank\" rel=\"noopener\">Raketenstarts und Weltraumtourismus<\/a> (BR)<\/li>\n<li>Juli 2021: \u00a0<a href=\"https:\/\/www.youtube.com\/watch?v=uvcleXH_GF8\" target=\"_blank\" rel=\"noopener\">Plastik im Meer<\/a> &#8211; Schlau mal<\/li>\n<li>Juli 2021: \u00a0Untersuchung an der PHWT: <a href=\"https:\/\/www.gfs-umweltausschuss.de\/wp-content\/uploads\/210728_OV_Plastikpartikel-im-Essen-scaled.jpg\" target=\"_blank\" rel=\"noopener\">Plastikpartikel im Essen<\/a> (OV)<\/li>\n<li>Juli 2021: \u00a0<a href=\"https:\/\/www.gfs-diepholz.de\/ehrung-unseres-schulgartenengels-doris\/\" target=\"_blank\" rel=\"noopener\">Auszeichnung f\u00fcr unseren &#8222;Gartenengel&#8220; Doris\u00a0<\/a><\/li>\n<li>Juli 2021: \u00a0<a href=\"https:\/\/www.kreiszeitung.de\/lokales\/diepholz\/diepholz-ort28581\/historischer-bohlenweg-naturerlebnis-12319637.html\" target=\"_blank\" rel=\"noopener\">Naturerlebnis Bohlenweg<\/a> (DK)<\/li>\n<li>Juni 2021: \u00a0<a href=\"https:\/\/www.youtube.com\/watch?v=RlxRaUhMTxk\" target=\"_blank\" rel=\"noopener\">Protecting Wildlife &#8211; Rangers in Indonesia<\/a> (Ecosia)<\/li>\n<li>Juni 2021: \u00a0<a href=\"https:\/\/www.youtube.com\/watch?v=60vDnOeAcoA\" target=\"_blank\" rel=\"noopener\">Covid waste<\/a> (The Guardian)<\/li>\n<li>Juni 2021: \u00a0<a href=\"https:\/\/www.papieratlas.de\" target=\"_blank\" rel=\"noopener\">PapierAtlas 2021<\/a> (IPR)<\/li>\n<li>Juni 2021: \u00a0<a href=\"https:\/\/www.regenwald-schuetzen.org\/fileadmin\/user_upload\/Bilder\/2_Verbraucher-Tipps\/Papier\/papierverbrauch-grafik-2014-ov.jpg\" target=\"_blank\" rel=\"noopener\">Papierverbrauch in Deutschland<\/a> (Oro Verde)<\/li>\n<li>Mai 2021: <a href=\"https:\/\/www.youtube.com\/watch?v=IiHhuCXmpT8\" target=\"_blank\" rel=\"noopener\">Top 10 Garten-V\u00f6gel: So k\u00f6nnt ihr sie erkennen<\/a> (NABU)<\/li>\n<li>Mai 2021: \u00a0<a href=\"https:\/\/www.youtube.com\/watch?v=LpxdS3kb24A\" target=\"_blank\" rel=\"noopener\">36 h\u00e4ufige Gartenv\u00f6gel bestimmen<\/a>\u00a0(Ornithologie f\u00fcr Anf\u00e4nger)<\/li>\n<li>Mai 2021: \u00a0<a href=\"https:\/\/www.ardmediathek.de\/video\/erlebnis-erde\/tausend-moore-hundert-seen-und-ein-wald\/das-erste\/Y3JpZDovL2Rhc2Vyc3RlLmRlL2VybGVibmlzIGVyZGUvMzk5OGY1ODAtMTBjZC00MDQxLWEwM2QtZGQyMmUzNTllNWEy\/\" target=\"_blank\" rel=\"noopener\">Tausend Moore, hundert Seen und ein Wald<\/a> (ARD)<\/li>\n<li>Mai 2021: \u00a0<a href=\"https:\/\/www.gfs-umweltausschuss.de\/wp-content\/uploads\/210428_Gletscherschmelte_BerlinerZ.pdf\" target=\"_blank\" rel=\"noopener\">Gletscherschmelze<\/a> (Berliner)<\/li>\n<li>April 2021: \u00a0<a href=\"https:\/\/www.wwf.de\/themen-projekte\/projektregionen\/mekong-region\/projekt-phu-quoc\/ein-paradies-versinkt-im-muell?newsletter=infonewsletter%2FChange%2F2021%2F04%2F24%2Fschatzkueste%2Felefant%2F442051&amp;utm_medium=newsletter&amp;utm_campaign=schatzkueste&amp;utm_source=infonewsletter&amp;ecmId=4F78FMTC-TFTAYM&amp;ecmEid=FW8I-4F78FMTC-120QV01&amp;ecmUid=1U223WYL-189X6DH\" target=\"_blank\" rel=\"noopener\">Touristischer M\u00fcll<\/a> (WWF)<\/li>\n<li>April 2021: \u00a0<a href=\"https:\/\/www.wwf.de\/themen-projekte\/waelder\/waldvernichtung\/europa-vizeweltmeister-der-waldzerstoerung?newsletter=infonewsletter%2FChange%2F2021%2F04%2F17%2Fwaldzerstoerungnovers%2Fnashorn%2F441445&amp;utm_medium=newsletter&amp;utm_campaign=waldzerstoerungnovers&amp;utm_source=infonewsletter&amp;ecmId=4F5XD2V5-AYJ1037&amp;ecmEid=FW8I-4F5XD2V5-B3013TX&amp;ecmUid=1U223WYL-189X6DH\" target=\"_blank\" rel=\"noopener\">Europa &#8211; Vizeweltmeister der Waldzerst\u00f6rung<\/a> (WWF)<\/li>\n<li>April 2021: \u00a0<a href=\"https:\/\/earthengine.google.com\/timelapse\/\" target=\"_blank\" rel=\"noopener\">Google Earth Timelapse<\/a><\/li>\n<li>April 2021: \u00a0<a href=\"https:\/\/www.youtube.com\/watch?v=GWhqIhL9y7c&amp;t=93s\" target=\"_blank\" rel=\"noopener\">Nachhaltigkeit &#8211; einfach erkl\u00e4rt<\/a>\u00a0(Cornelsen)<\/li>\n<li>M\u00e4rz 2021: \u00a0<a href=\"https:\/\/www.br.de\/br-fernsehen\/sendungen\/unkraut\/themen-nach-rubriken\/energie-umwelt\/corona-negative-auswirkungen-umweltschutz-natur-unkraut-100.html\" target=\"_blank\" rel=\"noopener\">Die negativen Umweltfolgen von Corona<\/a> (BR)<\/li>\n<li>M\u00e4rz 2021: \u00a0<a href=\"https:\/\/www.gfs-umweltausschuss.de\/wp-content\/uploads\/210319_OV_RegionalesEinkaufen-scaled.jpg\" target=\"_blank\" rel=\"noopener\">Regional einkaufen<\/a> (OV)<\/li>\n<li>M\u00e4rz 2021: \u00a0<a href=\"https:\/\/oceansasia.org\/covid-19-facemasks\/\" target=\"_blank\" rel=\"noopener\">1,56 Milliarden Masken im Meer<\/a> (OceansAsia)<\/li>\n<li>M\u00e4rz 2021: \u00a0<a href=\"https:\/\/www.nabu-shop.de\/vogelstimmenuhr?utm_campaign=554010_Vogelgesang&amp;utm_medium=email&amp;utm_source=NABU%20B2C&amp;dm_i=5GA4,BVH6,2HFDMP,1CV4R,1\" target=\"_blank\" rel=\"noopener\">Vogelstimmen-Uhr<\/a> (NABU)<\/li>\n<li>Februar 2021: \u00a0<a href=\"https:\/\/www.gfs-umweltausschuss.de\/wp-content\/uploads\/GuenterAhrends_Pferdewagen.pdf\" target=\"_blank\" rel=\"noopener\">Zitat<\/a><\/li>\n<li>Februar 2021: \u00a0<a href=\"https:\/\/www.gfs-umweltausschuss.de\/wp-content\/uploads\/210226_Heise_Druckversion-Golfstrom-System-so-schwach-wie-nie-in-tausend-Jahren-zuvor-heise-online.pdf\" target=\"_blank\" rel=\"noopener\">Golfstrom so schwach wie nie<\/a> (Heise)<\/li>\n<li>Februar 2021: \u00a0<a href=\"https:\/\/www.youtube.com\/watch?v=JQTfTCvTYh8&amp;feature=youtu.be\" target=\"_blank\" rel=\"noopener\">Jeder Mensch und jedes Tier braucht Zuneigung<\/a> (YouTube)<\/li>\n<li>Februar 2021: \u00a0<a href=\"https:\/\/www.gfs-umweltausschuss.de\/?p=8729\" target=\"_blank\" rel=\"noopener\">Unser Storch ist zur\u00fcck<\/a><\/li>\n<li>Februar 2021: \u00a0<a href=\"https:\/\/www.gfs-umweltausschuss.de\/wp-content\/uploads\/210205_OV_Blumen22Entsorgung22.jpg\" target=\"_blank\" rel=\"noopener\">Tausenden Blumen droht die Entsorgung<\/a> (OV)<\/li>\n<li>Januar 2021: \u00a0<a href=\"https:\/\/www.swissinfo.ch\/ger\/wirtschaft\/umweltverschmutzung_masken-und-latexhandschuhe---die-neue-oekologische-gefahr\/46067118\" target=\"_blank\" rel=\"noopener\">Masken und Handschuhe &#8211; die neue \u00f6kologische Gefahr<\/a> (swissinfo)<\/li>\n<li>Januar 2021: \u00a0<a href=\"https:\/\/www.gfs-umweltausschuss.de\/wp-content\/uploads\/210126_Eisschmelze-_BerlinerZ.pdf\" target=\"_blank\" rel=\"noopener\">Rasante Beschleunigung der Eisschmelze<\/a> (Berliner)<\/li>\n<li>Januar 2021: \u00a0<a href=\"https:\/\/www.youtube.com\/watch?v=7C52K92tKr4\" target=\"_blank\" rel=\"noopener\">Der Mann, der die Pferde versteht<\/a> (NDR)<\/li>\n<li>Januar 2021: \u00a0<a href=\"https:\/\/www.youtube.com\/watch?v=-_KLD9opGFg\" target=\"_blank\" rel=\"noopener\">Wie kommen die L\u00f6cher in den K\u00e4se?<\/a> (Maus)<\/li>\n<li>Januar 2021: \u00a0<a href=\"https:\/\/www.gfs-umweltausschuss.de\/wp-content\/uploads\/210107_OV_Veganuary.jpg\" target=\"_blank\" rel=\"noopener\">Veganuary<\/a> (OV)<\/li>\n<li>Dezember 2020: \u00a0<a href=\"https:\/\/www.youtube.com\/watch?v=RG9TMn1FJzc\" target=\"_blank\" rel=\"noopener\">Steinb\u00f6cke an einer Steilwand<\/a> (BBC)<\/li>\n<li>Dezember 2020: \u00a0<a href=\"https:\/\/www.deutschlandfunk.de\/bedingungsarmes-waldeinkommen-warum-es-waldbesitzer-derzeit.697.de.html?dram:article_id=489948\" target=\"_blank\" rel=\"noopener\">Waldpr\u00e4mie<\/a> (Deutschlandfunk)<\/li>\n<li>Dezember 2020: \u00a0<a href=\"https:\/\/www.earthhour.org\" target=\"_blank\" rel=\"noopener noreferrer\">Earth hour 2021<\/a> (WWF)<\/li>\n<li>Dezember 2020: \u00a0<a href=\"https:\/\/albert-schweitzer-stiftung.de\" target=\"_blank\" rel=\"noopener noreferrer\">Albert-Schweitzer-Stiftung<\/a><\/li>\n<li>Dezember 2020: \u00a0<a href=\"https:\/\/www.youtube.com\/watch?v=fkvB0YeyN2c\" target=\"_blank\" rel=\"noopener noreferrer\">Wie Tiere durch den Winter kommen<\/a> (NDR Doku)<\/li>\n<li>November 2020: \u00a0<a href=\"https:\/\/www.gfs-umweltausschuss.de\/wp-content\/uploads\/201126_OV_Elefanten-in-Thailand.png\" target=\"_blank\" rel=\"noopener noreferrer\">Elefanten in Thailand<\/a> (OV)<\/li>\n<li>November 2020: \u00a0<a href=\"https:\/\/www.rubikon.news\/artikel\/morderische-spezies\" target=\"_blank\" rel=\"noopener noreferrer\">M\u00f6rderische Spezies<\/a>\u00a0(Rubikon)<\/li>\n<li>November 2020: \u00a0<a href=\"https:\/\/www.youtube.com\/watch?v=0auTIXK5sQU\" target=\"_blank\" rel=\"noopener noreferrer\">Du bist ein Riese, Max<\/a> (Reinhard Mey)<\/li>\n<li>November 2020: \u00a0<a href=\"https:\/\/www.ndr.de\/nachrichten\/niedersachsen\/hannover_weser-leinegebiet\/Niedersaechsischer-Weg-Tinte-auf-dem-Vertrag-ist-trocken,naturschutz280.html\" target=\"_blank\" rel=\"noopener noreferrer\">&#8222;Nieders\u00e4chsischer Weg&#8220;<\/a> (NDR)<\/li>\n<li>Oktober 2020: \u00a0<a href=\"https:\/\/kinder.wdr.de\/radio\/kiraka\/nachrichten\/klicker\/pfuhlschnepfe-fliegt-Rekord-100.html\" target=\"_blank\" rel=\"noopener noreferrer\">Pfuhlschnepfe stellt Weltrekord auf<\/a> (WDR)<\/li>\n<li>Oktober 2020: \u00a0<a href=\"https:\/\/www.wwf.de\/2020\/oktober\/rekord-feuer-im-pantanal\" target=\"_blank\" rel=\"noopener noreferrer\">Feuer im Pantanal<\/a> (WWF)<\/li>\n<li>Oktober 2020: \u00a0<a href=\"https:\/\/www.youtube.com\/watch?v=54dmDQsSqrU\" target=\"_blank\" rel=\"noopener noreferrer\">Harrison Ford learns how palm oil is linked to deforestation<\/a> (The Years Project)<\/li>\n<li>Oktober 2020: \u00a0<a href=\"https:\/\/www.youtube.com\/watch?v=wgqO7C4gRKY\" target=\"_blank\" rel=\"noopener noreferrer\">Why palm oil kills orangutans<\/a> (PanEco)<\/li>\n<li>September 2020: \u00a0<a href=\"https:\/\/www.youtube.com\/watch?v=Fd2xwI6HO1c\" target=\"_blank\" rel=\"noopener noreferrer\">There&#8217;s a Rang-tan in our classroom<\/a> (Greenpeace UK)<\/li>\n<li>September 2020: \u00a0<a href=\"https:\/\/www.youtube.com\/watch?v=3Ha6xUVqezQ\" target=\"_blank\" rel=\"noopener noreferrer\">Rang-Tan<\/a> (Greenpeace)<\/li>\n<li>September 2020: \u00a0<a href=\"https:\/\/l-h-l.de\/de\/unsere-arbeit\/projekt\/weniger-armut-durch-forstwirtschaft-im-ostkongo\" target=\"_blank\" rel=\"noopener noreferrer\">Aufforstungsprojekt im Kongo<\/a>\u00a0(Lernen Helfen Leben)<\/li>\n<li>September 2020: \u00a0<a href=\"https:\/\/www.zdf.de\/nachrichten\/briefing\/masken-israel-schmiese-zdfheute-update-100.html\" target=\"_blank\" rel=\"noopener\">Das Corona-M\u00fcll-Problem<\/a> (ZDF)<\/li>\n<li>September 2020: \u00a0<a href=\"https:\/\/www.youtube.com\/watch?v=1z-X8q9c0eM\" target=\"_blank\" rel=\"noopener noreferrer\">Reinhard Mey: Das Meer<\/a><\/li>\n<li>August 2020: \u00a0<a href=\"https:\/\/www.youtube.com\/watch?v=eR5q0jsQMYc&amp;feature=youtu.be&amp;utm_source=newsletter&amp;utm_medium=email&amp;utm_campaign=200821+NABU-Spezial+Wald\" target=\"_blank\" rel=\"noopener noreferrer\">B\u00e4ume<\/a> (Nabu)<\/li>\n<li>August 2020: <a href=\"https:\/\/www.peta.de\/ralf-moeller\" target=\"_blank\" rel=\"noopener noreferrer\">\u00a0Starker &#8222;Pflanzenfresser&#8220;<\/a> (peta)<\/li>\n<li>August 2020: \u00a0<a href=\"https:\/\/www.youtube.com\/watch?v=BvKsF9bnJW8\" target=\"_blank\" rel=\"noopener noreferrer\">Nestbau und Aufzucht einer Blaumeisenfamilie<\/a> (Youtube)<\/li>\n<li>August 2020: \u00a0<a href=\"http:\/\/www.gfs-umweltausschuss.de\/wp-content\/uploads\/YvQecfZJQDUdhrD-800x450-noPad.jpg\" target=\"_blank\" rel=\"noopener noreferrer\">Regenwald<\/a>\u00a0(DUH)<\/li>\n<li>Juli 2020: \u00a0<a href=\"https:\/\/www.artenvielfalt-niedersachsen.jetzt\" target=\"_blank\" rel=\"noopener noreferrer\">Volksbegehren Artenvielfalt<\/a><\/li>\n<li>Juli 2020: \u00a0<a href=\"https:\/\/earthspeakr.art\/en\" target=\"_blank\" rel=\"noopener noreferrer\">Earthspeaker<\/a><\/li>\n<li>Juli 2020: \u00a0<a href=\"https:\/\/www.wwf.de\/themen-projekte\/weitere-artenschutzthemen\/rote-liste-gefaehrdeter-arten\/?newsletter=infonewsletter%2FChange%2F2020%2F07%2F11%2Fiucn%2Fschlingfallen%2F452944&amp;utm_medium=newsletter&amp;utm_campaign=rotelistend&amp;utm_source=infonewsletter&amp;ecmId=3ZW9YDMJ-141Y3M8&amp;ecmEid=FW8I-3ZW9YDMJ-1C6WFAB&amp;ecmUid=1U223WYL-189X6DH\" target=\"_blank\" rel=\"noopener noreferrer\">Rote Liste<\/a> (WWF)<\/li>\n<li>Juli 2020: \u00a0<a href=\"https:\/\/www.misereor.de\/fileadmin\/user_upload\/3.Mitmachen\/Ausstellungen\/ausstellung-glaenzende-aussichten.jpg\" target=\"_blank\" rel=\"noopener noreferrer\">Gl\u00e4nzende Aussichten<\/a> (Karikaturenausstellung Misereor)<\/li>\n<li>Juli 2020: \u00a0<a href=\"https:\/\/www.youtube.com\/watch?v=f885C3fD-u4\" target=\"_blank\" rel=\"noopener noreferrer\">Street Art by David Zinn<\/a><\/li>\n<li>Juni 2020: \u00a0<a href=\"http:\/\/www.gfs-umweltausschuss.de\/wp-content\/uploads\/200613_OV_Robinie.jpg\" target=\"_blank\" rel=\"noopener noreferrer\">Baum des Jahres 2020: Robinie<\/a> (OV)<\/li>\n<li>Juni 2020: \u00a0<a href=\"https:\/\/www.gfs-umweltausschuss.de\/?p=8469\" target=\"_blank\" rel=\"noopener noreferrer\">Unverpackt-Truck Pro Pure<\/a><\/li>\n<li>Juni 2020: \u00a0<a href=\"https:\/\/www.zdf.de\/politik\/frontal-21\/wie-deutschlands-waelder-sterben-100.html\" target=\"_blank\" rel=\"noopener noreferrer\">Zu wenig Regen &#8211; Wie Deutschlands W\u00e4lder sterben<\/a> (ZDF, Frontal21)<\/li>\n<li>Juni 2020: \u00a0<a href=\"https:\/\/www.tagesschau.de\/ausland\/eu-strategie-lebensmittel-artenschutz-101.html\" target=\"_blank\" rel=\"noopener noreferrer\">Pl\u00e4ne der EU-Kommission: Weniger Chemie, mehr Natur<\/a> (ARD)<\/li>\n<li>Mai 2020: \u00a0<a href=\"https:\/\/netzfrauen.org\/2020\/05\/16\/vittel-2\/\" target=\"_blank\" rel=\"noopener noreferrer\">Nestl\u00e9 kontrolliert Wasser, Politik und Menschen<\/a> (netzfrauen)<\/li>\n<li>Mai 2020: \u00a0<a href=\"https:\/\/www.zdf.de\/dokumentation\/dokumentation-sonstige\/achtung-essen-zucker-und-diabetes-100.html\" target=\"_blank\" rel=\"noopener noreferrer\">Achtung, Essen! Zucker<\/a> (ZDF)<br \/>\nIn derselben Reihe: &#8222;Keime&#8220; und &#8222;Eier&#8220; (Achtung: Bilder nur f\u00fcr Hartgesottene)<\/li>\n<li>Mai 2020: \u00a0<a href=\"https:\/\/www.youtube.com\/watch?v=Rc38leY5UZI\" target=\"_blank\" rel=\"noopener noreferrer\">Udo J\u00fcrgens: Die Krone der Sch\u00f6pfung<\/a> (YouTube)<\/li>\n<li>Mai 2020: \u00a0<a href=\"https:\/\/www.sueddeutsche.de\/wirtschaft\/pestizide-export-europa-1.4884898\" target=\"_blank\" rel=\"noopener noreferrer\">Europ\u00e4ische Exporte von Giftstoffen<\/a> (S\u00fcddeutsche)<\/li>\n<li>April 2020: \u00a0<a href=\"https:\/\/www.youtube.com\/watch?v=AuNZSO7_lM4\" target=\"_blank\" rel=\"noopener noreferrer\">Wo sind unsere V\u00f6gel?<\/a> (W wie Wissen)<\/li>\n<li>April 2020: \u00a0<a href=\"https:\/\/www.youtube.com\/watch?v=IiHhuCXmpT8\" target=\"_blank\" rel=\"noopener noreferrer\">Top 10-Garten-V\u00f6gel: So k\u00f6nnt ihr sie erkennen<\/a> (NaBU)<\/li>\n<li>April 2020: \u00a0<a href=\"https:\/\/www.youtube.com\/watch?v=b4UHrVissf4&amp;feature=youtu.be&amp;utm_source=newsletter&amp;utm_medium=email&amp;utm_campaign=200411+NABU-News\" target=\"_blank\" rel=\"noopener noreferrer\">Ostergru\u00df des NABU-Pr\u00e4sidenten<\/a> (NABU)<\/li>\n<li>April 2020: \u00a0<a href=\"https:\/\/www.zdf.de\/dokumentation\/planet-e\/planet-e-welt-der-viren-100.html\" target=\"_blank\" rel=\"noopener noreferrer\">Welt der Viren &#8211; Entstehung von Zoonosen<\/a> (ZDF, planet e)<\/li>\n<li>M\u00e4rz 2020: \u00a0<a href=\"https:\/\/www.zdf.de\/wissen\/leschs-kosmos\/corona-was-sagt-die-wissenschaft-102.html\" target=\"_blank\" rel=\"noopener noreferrer\">Corona: Was wei\u00df die Wissenschaft?<\/a> (ZDF, Leschs Kosmos)<\/li>\n<li>M\u00e4rz 2020: \u00a0<a href=\"https:\/\/www.youtube.com\/watch?v=QEjLrIHsjms\" target=\"_blank\" rel=\"noopener noreferrer\">Klares Wasser in Venedigs Kan\u00e4len<\/a> (YouTube)<\/li>\n<li>M\u00e4rz 2020: \u00a0<a href=\"http:\/\/www.gfs-umweltausschuss.de\/wp-content\/uploads\/200319_OV_Feldhamster.jpg\" target=\"_blank\" rel=\"noopener noreferrer\">Feldhamster<\/a> (OV)<\/li>\n<li>M\u00e4rz 2020: \u00a0<a href=\"https:\/\/www.gfs-umweltausschuss.de\/wp-content\/uploads\/Veranstaltungsprogramm_Klima_Nachhaltigkeit.pdf\" target=\"_blank\" rel=\"noopener noreferrer\">Boetius-Vortrag in der Agenda-Vortragsreihe &#8222;Klima und Nachhaltigkeit&#8220;<\/a><\/li>\n<li>Februar 2020: \u00a0<a href=\"https:\/\/www.ardmediathek.de\/ard\/player\/Y3JpZDovL3dkci5kZS9CZWl0cmFnLTcxOTZiMDlhLTY0MmMtNGNlMy1hNzlmLWMyOWE4MDliZmIyMw\/welt-im-klimawandel-wieviel-koennen-wir-selbst-tun\" target=\"_blank\" rel=\"noopener noreferrer\">Welt im Klimawandel: Wieviel k\u00f6nnen wir selbst tun?<\/a> (ARD &#8211; Hart, aber fair)<\/li>\n<li>Februar 2020: \u00a0<a href=\"https:\/\/www.youtube.com\/watch?v=1z-X8q9c0eM\" target=\"_blank\" rel=\"noopener noreferrer\">Reinhard Mey: Das Meer<\/a> (YouTube)<\/li>\n<li>Februar 2020: \u00a0<a href=\"https:\/\/www.nabu.de\/tiere-und-pflanzen\/voegel\/gefaehrdungen\/27503.html?utm_source=newsletter&amp;utm_medium=email&amp;utm_campaign=200214+NABU-News\" target=\"_blank\" rel=\"noopener noreferrer\">V\u00f6gel verschwinden auf Wiesen und Feldern<\/a> (NABU)<\/li>\n<li>Februar 2020: \u00a0<a href=\"https:\/\/www.youtube.com\/watch?v=Uc4YKc7bqM4\" target=\"_blank\" rel=\"noopener noreferrer\">W\u00f6lfe &#8211; Sch\u00fctzen oder schie\u00dfen?<\/a> (WDR &#8211; Die Story)<\/li>\n<li>Januar 2020: \u00a0<a href=\"https:\/\/www.zdf.de\/dokumentation\/terra-x\/bilder\/unsere-waelder-ein-jahr-unter-baeumen-100.html\" target=\"_blank\" rel=\"noopener noreferrer\">Ein Jahr unter B\u00e4umen<\/a> (ZDF, TerraX)<\/li>\n<li>Januar 2020: \u00a0<a href=\"https:\/\/www.ndr.de\/kultur\/buch\/Das-Ende-der-Evolution-Biologe-warnt-vor-Artensterben,dasendederevolution100.html\" target=\"_blank\" rel=\"noopener noreferrer\">Artensterben<\/a> (NDR)<\/li>\n<li>Januar 2020: \u00a0<a href=\"https:\/\/www.kreiszeitung.de\/lokales\/diepholz\/diepholz-ort28581\/wegwerfmenschen-13443211.html\" target=\"_blank\" rel=\"noopener noreferrer\">Leiharbeiter in der Fleischindustrie<\/a> (Vortrag P. Kossen im Rahmen der Vortragsreihe &#8222;Klima und Nachhaltigkeit der Agenda 21-B\u00fcrgerstiftung Diepholz)<\/li>\n<li>Januar 2020: \u00a0<a href=\"https:\/\/blog.wwf.de\/tiere-feuer-australien\/?_ga=2.141884658.1354520831.1578667886-31382338.1578570847\" target=\"_blank\" rel=\"noopener noreferrer\">Einzigartige Tierwelt Australiens vom Feuer bedroh<\/a>t (WWF)<\/li>\n<li>Dezember 2019: \u00a0<a href=\"http:\/\/www.gfs-umweltausschuss.de\/wp-content\/uploads\/191227_Tomicek_Silvester-Feinstaub-Krankenh\u00e4user.jpg\" target=\"_blank\" rel=\"noopener noreferrer\">Silvesterknallerei<\/a> (tomicek.de)<\/li>\n<li>Dezember 2019: \u00a0<a href=\"http:\/\/www.gfs-umweltausschuss.de\/wp-content\/uploads\/Sontheimer_Weihnachtszeit.jpg\" target=\"_blank\" rel=\"noopener noreferrer\">Weihnachtszeit<\/a> und <a href=\"https:\/\/www.youtube.com\/watch?v=I_ZvZQT81OY\" target=\"_blank\" rel=\"noopener noreferrer\">What a Wonderful World<\/a> (YouTube)<\/li>\n<li>Dezember 2019: \u00a0<a href=\"https:\/\/www.nachdenkseiten.de\/?p=57191\" target=\"_blank\" rel=\"noopener noreferrer\">Ab Januar gilt die Bonpflicht &#8211; Willkommen in Schilda<\/a> (nachdenkseiten.de)<\/li>\n<li>Dezember 2019: \u00a0<a href=\"http:\/\/www.gfs-umweltausschuss.de\/wp-content\/uploads\/191213_Tomicek_ChristmasForFuture.png\" target=\"_blank\" rel=\"noopener noreferrer\">Christmas for Future<\/a> (tomicek.de)<\/li>\n<li>Dezember 2019: \u00a0<a href=\"http:\/\/www.gfs-umweltausschuss.de\/wp-content\/uploads\/191223_Tomicek_Paketwahnsinn.jpg\" target=\"_blank\" rel=\"noopener noreferrer\">Paketwahnsinn<\/a> (tomicek.de)<\/li>\n<li>November 2019: \u00a0<a href=\"https:\/\/www.weiterdenken.de\/de\/2019\/07\/22\/ohne-plastik-leben\" target=\"_blank\" rel=\"noopener noreferrer\">Ohne Plastik leben<\/a> (weiterdenken.de)<\/li>\n<li>November 2019: \u00a0<a href=\"http:\/\/www.gfs-umweltausschuss.de\/wp-content\/uploads\/191112_Tomicek_Weltbev\u00f6lkerung_Ressourcenverbrauch.png\" target=\"_blank\" rel=\"noopener noreferrer\">\u00dcberfischung der Meere<\/a> (Tomicek)<\/li>\n<li>November 2019: \u00a0<a href=\"https:\/\/blog.wwf.de\/ist-das-mein-plastik\/?newsletter=infonewsletter%2FHausliste%2F2019%2F10%2F26%2Fplastik%2Fkenia%2F449809&amp;utm_source=infonewsletter&amp;utm_campaign=tiger&amp;ecmId=3LEJ9W14-M1TZ3S&amp;ecmEid=3LNAHIG3-3LEJ9W14-4EU15H5&amp;ecmUid=37XZILAP-2GI5QS\" target=\"_blank\" rel=\"noopener noreferrer\">Ist das mein Plastikm\u00fcll im Meer?<\/a> (WWF)<\/li>\n<li>November 2019: \u00a0<a href=\"https:\/\/www.ardmediathek.de\/ard\/player\/Y3JpZDovL3dkci5kZS9CZWl0cmFnLTQxMWFjMDVlLWI0Y2UtNDcyNS1iZWJlLTUzMjU5OTdjMTgxOQ\/\" target=\"_blank\" rel=\"noopener noreferrer\">Plastikland Deutschland<\/a> (ARD)<\/li>\n<li>Oktober 2019: \u00a0<a href=\"http:\/\/www.gfs-umweltausschuss.de\/wp-content\/uploads\/2019_BUND_KostenSchnitzel.pdf\" target=\"_blank\" rel=\"noopener noreferrer\">Preis f\u00fcr ein Schnitzel<\/a> (BUND)<\/li>\n<li>Oktober 2019: \u00a0<a href=\"http:\/\/www.gfs-umweltausschuss.de\/wp-content\/uploads\/191004_OV_GymAntonianum_Naturschutzprojekte.jpg\" target=\"_blank\" rel=\"noopener noreferrer\">Aktionstage Naturschutz am Gym Antonianum Vechta<\/a> (OV)<\/li>\n<li>Oktober 2019: \u00a0<a href=\"https:\/\/www.wwf.de\/themen-projekte\/waelder\/waldbraende-weltweit\/?newsletter=infonewsletter%2FChange%2F2019%2F09%2F28%2Fwald%2Findonesien%2F441548&amp;utm_source=infonewsletter-change&amp;utm_campaign=wald&amp;mobile=1&amp;ecmId=3JKNGA91-1BPD1C9I&amp;ecmEid=FW8I-3JKNGA91-7535L9&amp;ecmUid=1U223WYL-189X6DH\" target=\"_blank\" rel=\"noopener noreferrer\">Waldbr\u00e4nde weltweit<\/a> (WWF)<\/li>\n<li>Oktober 2019: \u00a0<a href=\"https:\/\/www.wissenschaft.de\/umwelt-natur\/nordamerika-hat-drei-milliarden-voegel-verloren\/\" target=\"_blank\" rel=\"noopener noreferrer\">Nordamerika hat drei Milliarden V\u00f6gel verloren<\/a> (wissenschaft.de)<\/li>\n<li>September 2019: \u00a0<a href=\"https:\/\/www.ardmediathek.de\/ard\/player\/Y3JpZDovL3dkci5kZS9CZWl0cmFnLWE3Y2I2Mjc4LTAzMDAtNDZjMS04ZThhLTEzNzRiNmQzMjRlNg\/polen-als-muellkippe-deutschlands-das-geschaeft-mit-dem-illegalen-abfall\" target=\"_blank\" rel=\"noopener noreferrer\">Polen als M\u00fcllkippe Deutschlands: Das Gesch\u00e4ft mit dem illegalen Abfall<\/a> (ARD &#8211; Monitor)<\/li>\n<li>September 2019: \u00a0<a href=\"https:\/\/www.sueddeutsche.de\/wissen\/klimawandel-die-loesung-des-methan-puzzles-1.3868555\" target=\"_blank\" rel=\"noopener noreferrer\">Die L\u00f6sung des Methan-Puzzles<\/a> (S\u00fcddeutsche)<\/li>\n<li>September 2019: \u00a0<a href=\"https:\/\/www.wwf.de\/aktuell\/der-amazonas-brennt\/eine-internationale-tragoedie\/?newsletter=infonewsletter%2FChange%2F2019%2F08%2F31%2Famazonas%2Fgepard%2F441258&amp;utm_source=infonewsletter-change&amp;utm_campaign=amazonas&amp;ecmId=3I1XMJ9I-RC611BY&amp;ecmEid=FW8I-3I1XMJ9I-1RBMV&amp;ecmUid=1U223WYL-189X6DH\" target=\"_blank\" rel=\"noopener noreferrer\">Der Amazonas brennt &#8211; was k\u00f6nnen wir tun?<\/a> (WWF)<\/li>\n<li>September 2019: \u00a0<a href=\"https:\/\/www.ardmediathek.de\/ard\/player\/Y3JpZDovL2Rhc2Vyc3RlLmRlL3dlbHRzcGllZ2VsL2YyMTk2YjliLWIwNjUtNDRhZS1iYjNjLWE3ODY2NjQxZWI1Zg\/malaysia-muellhalde-fuer-deutschen-plastikmuell\" target=\"_blank\" rel=\"noopener noreferrer\">Malaysia: M\u00fcllhalde f\u00fcr deutschen Plastikm\u00fcll<\/a> (Weltspiegel)<\/li>\n<li>August 2019: \u00a0<a href=\"https:\/\/www1.wdr.de\/daserste\/monitor\/sendungen\/mercosur-100.html\" target=\"_blank\" rel=\"noopener noreferrer\">Freihandel gegen Klimaschutz: Das Mercosur-Handelsabkommen<\/a> (Monitor)<\/li>\n<li>August 2019: \u00a0<a href=\"https:\/\/albert-schweitzer-stiftung.de\/aktuell\/beyond-meat-was-steckt-dahinter?utm_source=nl19-33-34&amp;utm_medium=email&amp;utm_campaign=w-nl\" target=\"_blank\" rel=\"noopener noreferrer\">Beyond Meat: Was steckt dahinter?<\/a> (Albert Schweitzer Stiftung)<\/li>\n<li>August 2019: \u00a0<a href=\"http:\/\/www.gfs-umweltausschuss.de\/wp-content\/uploads\/190809_Tomicek_Klimawandel_Fleischkonsum.jpg\" target=\"_blank\" rel=\"noopener noreferrer\">All you can eat<\/a> (Tomicek)<\/li>\n<li>August 2019: \u00a0<a href=\"https:\/\/www.zdf.de\/nachrichten\/zdf-morgenmagazin\/klimawandel-mojib-latif-100.html\" target=\"_blank\" rel=\"noopener noreferrer\">Die Arktis brennt<\/a> (ZDF)<\/li>\n<li>August 2019: \u00a0<a href=\"https:\/\/www.bmu-kids.de\/aktiv\/meldungen\/zeig-deine-liebe-zur-umwelt-mit-recyclingpapier\/\" target=\"_blank\" rel=\"noopener noreferrer\">Zeig deine Liebe zur Umwelt mit Recyclingpapier<\/a> (Bundesumweltministerium)<\/li>\n<li>Juli 2019: \u00a0<a href=\"https:\/\/www.wissenschaft.de\/umwelt-natur\/wie-viel-co2-schlucken-die-deutschen-waelder\/?utm_source=newsletter&amp;utm_medium=email&amp;utm_campaign=wissenschaft.de_22-07-2019\" target=\"_blank\" rel=\"noopener noreferrer\">Wie viel CO2 schlucken die deutschen W\u00e4lder?<\/a> (natur.de)<\/li>\n<li>Juli 2019: \u00a0<a href=\"https:\/\/www.tagesschau.de\/ausland\/okjoekull-105.html\" target=\"_blank\" rel=\"noopener noreferrer\">Ok hat den Gletscher verloren<\/a> (ARD)<\/li>\n<li>Juli 2019: \u00a0<a href=\"http:\/\/www.gfs-umweltausschuss.de\/wp-content\/uploads\/190717_OV_Pr\u00e4latKossen_Tier-Menschen-Umweltschutz.jpg\" target=\"_blank\" rel=\"noopener noreferrer\">P. Kossen: Leserbrief zum Thema Agrarindustrie<\/a> (OV)<\/li>\n<li>Juli 2019: \u00a0<a href=\"https:\/\/www.zdf.de\/doku-wissen\/nachhaltig-leben-100.html\" target=\"_blank\" rel=\"noopener noreferrer\">Nachhaltig leben<\/a> (ZDF)<\/li>\n<li>Juli 2019: \u00a0<a href=\"https:\/\/swrmediathek.de\/player.htm?show=d1ff8d50-9773-11e9-9ba6-005056a10824\" target=\"_blank\" rel=\"noopener noreferrer\">Was Weichsp\u00fcler in der W\u00e4sche anrichtet<\/a> (Marktcheck)<\/li>\n<li>Juni 2019: \u00a0<a href=\"https:\/\/www.bund.net\/service\/publikationen\/detail\/publication\/plastikatlas-2019\/\" target=\"_blank\" rel=\"noopener noreferrer\">Plastikatlas 2019<\/a> (BUND)<\/li>\n<li>Juni 2019: \u00a0<a href=\"http:\/\/www.gfs-umweltausschuss.de\/wp-content\/uploads\/190617_Tomicek_Klimakonferenz_Umweltverschmutzung.png\" target=\"_blank\" rel=\"noopener noreferrer\">Tomicek: Anflug zur Bonner Klimakonferenz<\/a>\u00a0(tomicek.de)<\/li>\n<li>Juni 2019: \u00a0<a href=\"https:\/\/www.youtube.com\/watch?v=1z-X8q9c0eM\" target=\"_blank\" rel=\"noopener noreferrer\">Reinhard Mey: Das Meer<\/a> (YouTube)<\/li>\n<li>Juni 2019: \u00a0<a href=\"https:\/\/www.wwf.de\/themen-projekte\/meere-kuesten\/plastik\/sommer-sonne-plastikmuell-das-mittelmeer-erstickt-im-plastik\/?newsletter=infonewsletter%2FChange%2F2019%2F06%2F08%2Fbraunbaeren%2Fmittelmeerreport%2F431614&amp;utm_source=infonewsletter-change&amp;utm_campaign=braunbaeren&amp;ecmId=3CWUCDLM-BPXXXI&amp;ecmEid=FW8I-3CWUCDLM-FRF7CS&amp;ecmUid=1U223WYL-189X6DH\" target=\"_blank\" rel=\"noopener noreferrer\">Sommer, Sonne, Plastikm\u00fcll<\/a> (WWF)<\/li>\n<li>Mai 2019: \u00a0<a href=\"https:\/\/www.bund.net\/fileadmin\/user_upload_bund\/publikationen\/massentierhaltung\/massentierhaltung_wahre_preis_schnitzel.pdf\" target=\"_blank\" rel=\"noopener noreferrer\">Der wahre Preis f\u00fcr ein Schnitzel<\/a> (BUND)<\/li>\n<li>Mai 2019: \u00a0<a href=\"https:\/\/www.nabu.de\/natur-und-landschaft\/landnutzung\/landwirtschaft\/agrarpolitik\/26321.html?rev=brief&amp;utm_source=newsletter&amp;utm_medium=email&amp;utm_campaign=190515+Landwirtschaft\" target=\"_blank\" rel=\"noopener noreferrer\">Die dt. Agrarlobby: verfilzt, intransparent und wenig am Gemeinwohl orientiert<\/a> (Nabu)<\/li>\n<li>Mai 2019: \u00a0<a href=\"https:\/\/www.nabu.de\/umwelt-und-ressourcen\/oekologisch-leben\/08124.html\" target=\"_blank\" rel=\"noopener noreferrer\">Was man tun kann f\u00fcr die Artenvielfalt<\/a> (NABU)<\/li>\n<li>Mai 2019: \u00a0<a href=\"https:\/\/www.zdf.de\/nachrichten\/heute\/weltbericht-menschheit-tilgt-die-natur-von-der-erde-100.html\" target=\"_blank\" rel=\"noopener noreferrer\">UN-Bericht zum Artenschutz: Menschheit tilgt die Natur von der Erde<\/a> (ZDF)<\/li>\n<li>Mai 2019: \u00a0<a href=\"https:\/\/www.deutschlandfunk.de\/umweltverschmutzung-export-von-plastikmuell-soll-erschwert.697.de.html?dram:article_id=447430\" target=\"_blank\" rel=\"noopener noreferrer\">Export von Plastikm\u00fcll soll erschwert werden<\/a> (Deutschlandfunk)<\/li>\n<li>April 2019: \u00a0<a href=\"https:\/\/www.youtube.com\/watch?v=OAoPkVfeTo0&amp;feature=youtu.be\" target=\"_blank\" rel=\"noopener noreferrer\">BPK: &#8222;Scientists for Future&#8220; zu den Protesten f\u00fcr den Klimaschutz<\/a><\/li>\n<li>April 2019: \u00a0<a href=\"https:\/\/www.youtube.com\/watch?v=zUcgivSMoPs\" target=\"_blank\" rel=\"noopener noreferrer\">Lobbyisten im Amt<\/a> (Report)<\/li>\n<li>April 2019: \u00a0<a href=\"https:\/\/www.oekotest.de\/essen-trinken\/Mineraloel-stark-erhoeht-Nestle-Nesquik-schockt-im-Test-_600810_1.html\" target=\"_blank\" rel=\"noopener noreferrer\">Mineral\u00f6l und Zucker &#8211;\u00a0<\/a><a href=\"https:\/\/www.oekotest.de\/essen-trinken\/Mineraloel-stark-erhoeht-Nestle-Nesquik-schockt-im-Test-_600810_1.html\" target=\"_blank\" rel=\"noopener noreferrer\">Nesquick schockt im Test<\/a> (\u00d6koTest)<\/li>\n<li>April 2019: \u00a0<a href=\"https:\/\/www.youtube.com\/watch?v=gMRnowgpGig\" target=\"_blank\" rel=\"noopener noreferrer\">Harald Lesch: Die Menschheit schafft sich ab<\/a> (SWR)<br \/>\nund\u00a0<a href=\"https:\/\/www.youtube.com\/watch?v=MTbhCndKbTM\" target=\"_blank\" rel=\"noopener noreferrer\">Harald Lesch: \u00a0Warum tun wir nicht, was wir tun sollten?<\/a>\u00a0(TU M\u00fcnchen)<\/li>\n<li>M\u00e4rz 2013: \u00a0<a href=\"https:\/\/daserste.ndr.de\/annewill\/archiv\/Streiken-statt-Pauken-aendert-die-Generation-Greta-die-Politik,erste11444.html\" target=\"_blank\" rel=\"noopener noreferrer\">Fridays for Future<\/a> (ARD &#8211; Anne Will)<\/li>\n<li>M\u00e4rz 2019: \u00a0<a href=\"http:\/\/www.naturpark-duemmer.de\/start.html\" target=\"_blank\" rel=\"noopener noreferrer\">Naturpark D\u00fcmmer<\/a><\/li>\n<li>M\u00e4rz 2019: \u00a0<a href=\"https:\/\/www.youtube.com\/watch?v=-vxhk_Ic6Ag\" target=\"_blank\" rel=\"noopener noreferrer\">F\u00fcnf Dinge, bei denen man fasten kann<\/a> (YouTube)<\/li>\n<li>M\u00e4rz 2019: \u00a0<a href=\"https:\/\/www.youtube.com\/watch?v=Qe5spCAQgr0\" target=\"_blank\" rel=\"noopener noreferrer\">Die gro\u00dfe Zuckerl\u00fcge<\/a> (Arte)<\/li>\n<li>M\u00e4rz 2019: \u00a0<a href=\"http:\/\/mediathek.daserste.de\/Panorama\/Plastikm\u00fcll-Die-leeren-Versprechen-der-\/Video?bcastId=310918&amp;documentId=60940174\" target=\"_blank\" rel=\"noopener noreferrer\">Plastikm\u00fcll &#8211; Die leeren Versprechen der Industrie<\/a> (ARD &#8211; Panorama)<\/li>\n<li>M\u00e4rz 2019: \u00a0<a href=\"https:\/\/www.bund.net\/chemie\/achtung-plastik\/plastikfasten\/\" target=\"_blank\" rel=\"noopener noreferrer\">Plastikfasten<\/a> (BUND)<\/li>\n<li>Februar 2019: \u00a0<a href=\"https:\/\/www.ardmediathek.de\/ard\/player\/Y3JpZDovL2hyLW9ubGluZS80Njc2MQ\/radfahrer-wo-in-hessen-jetzt-umgedacht-wird\" target=\"_blank\" rel=\"noopener noreferrer\">Radfahrer &#8211; wo in Hessen jetzt umgedacht wird<\/a> (ARD)<\/li>\n<li>Februar 2019: \u00a0<a href=\"https:\/\/www.zdf.de\/comedy\/heute-show\/what-the-fakt-wintertourismus-alpen-berge-wintersport-102.html\" target=\"_blank\" rel=\"noopener noreferrer\">Heidi, deine Welt waren die Berge<\/a> (ZDF)<\/li>\n<li>Februar 2019: \u00a0<a href=\"https:\/\/www.zdf.de\/dokumentation\/terra-x\/deutschland-von-oben---ein-wintermaerchen-100.html\" target=\"_blank\" rel=\"noopener noreferrer\">Deutschland von oben &#8211; Ein Winterm\u00e4rchen<\/a> (ZDF &#8211; Terra X)<\/li>\n<li>Februar 2019: \u00a0<a href=\"https:\/\/albert-schweitzer-stiftung.de\/aktuell\/deutsche-wollen-weniger-fleisch-mehr-tierschutz\" target=\"_blank\" rel=\"noopener noreferrer\">Deutsche wollen weniger Fleisch und mehr Tierschutz<\/a> (Albert-Schweitzer-Stiftung)<\/li>\n<li>Januar 2019: \u00a0<a href=\"https:\/\/www.zdf.de\/dokumentation\/zdfzoom\/der-wahre-preis-fuer-den-perfekten-apfel-100.html\" target=\"_blank\" rel=\"noopener noreferrer\">Der wahre Preis f\u00fcr den perfekten Apfel<\/a> (ZDF Zoom)<\/li>\n<li>Januar 2019: \u00a0<a href=\"https:\/\/www.plastikalternative.de\/hifly-testet-plastikfreien-flug\/\" target=\"_blank\" rel=\"noopener noreferrer\">Erster Flug ohne Plastik<\/a> (plastikalternative.de)<\/li>\n<li>Januar 2019: \u00a0<a href=\"https:\/\/vimeo.com\/291070244\" target=\"_blank\" rel=\"noopener noreferrer\">B<\/a><a href=\"https:\/\/vimeo.com\/291070244\" target=\"_blank\" rel=\"noopener noreferrer\">odo Wartke: \u00a0Hambacher Wald<\/a>\u00a0(Vimeo)<\/li>\n<li>Januar 2019: \u00a0<a href=\"https:\/\/medium.com\/@NickHeubeck\/aktivwerden-genaujetzt-197fa8a3572\" target=\"_blank\" rel=\"noopener noreferrer\">Mehrwegbecher beim BVB<\/a> (Nick Heubeck)<\/li>\n<li>Silvester 2018: \u00a0<a href=\"http:\/\/www.gfs-umweltausschuss.de\/wp-content\/uploads\/2018_1228_Tomicek_B\u00f6llereiSilvester.png\" target=\"_blank\" rel=\"noopener noreferrer\">B\u00f6ller und Dieselfahrverbot<\/a> (tomicek.de)<\/li>\n<li>Dezember 2018: \u00a0<a href=\"http:\/\/www.gfs-umweltausschuss.de\/wp-content\/uploads\/2018_Tomicek_1218_Paketwahnsinn-Umweltsch\u00fctzer.png\" target=\"_blank\" rel=\"noopener noreferrer\">Paketwahnsinn<\/a> (tomicek.de)<\/li>\n<li>Dezember 2018: \u00a0<a href=\"https:\/\/www.tagesschau.de\/multimedia\/video\/video-485193~_origin-c0d08fcc-eb3b-4120-883d-496c896211f9.html\" target=\"_blank\" rel=\"noopener noreferrer\">EU verbietet Einwegplastik ab 2021<\/a> (ARD-Tagesschau)<\/li>\n<li>Dezember 2018: \u00a0<a href=\"https:\/\/www.youtube.com\/watch?v=qvmwt8iJIB4\" target=\"_blank\" rel=\"noopener noreferrer\">Greta Thunberg vor der UN Klimakonferenz\u00a0<\/a><\/li>\n<li>Dezember 2018: \u00a0<a href=\"http:\/\/slaveryfootprint.org\/#where_do_you_live\" target=\"_blank\" rel=\"noopener noreferrer\">How many slaves work for you?<\/a> (slaveryfootprint.org)<\/li>\n<li>Dezember 2018: \u00a0<a href=\"http:\/\/www.gfs-umweltausschuss.de\/wp-content\/uploads\/2018_OV_1122_Respekt-vor-Tieren-verloren_Niehues.jpg\" target=\"_blank\" rel=\"noopener noreferrer\">Respekt vor Tieren verloren<\/a> (OV)<\/li>\n<li>November 2018: \u00a0<a href=\"https:\/\/www.regenwald.org\/themen\/palmoel\" target=\"_blank\" rel=\"noopener noreferrer\">5-Minuten-Info zum Thema Palm\u00f6l<\/a> (regenwald.org)<\/li>\n<li>November 2018: \u00a0<a href=\"https:\/\/www.youtube.com\/watch?time_continue=4&amp;v=JdpspllWI2o\" target=\"_blank\" rel=\"noopener noreferrer\">Say hello to Rang-tan<\/a> (YouTube) (<a href=\"https:\/\/www.youtube.com\/watch?v=zTmZI6wnkXA\" target=\"_blank\" rel=\"noopener noreferrer\">auf deutsch<\/a>)<\/li>\n<li>November 2018: \u00a0<a href=\"https:\/\/www.tagesschau.de\/ausland\/wal-plastik-101.html\" target=\"_blank\" rel=\"noopener noreferrer\">Gestrandeter Wal \u00a0&#8211; \u00a0Mit fast sechs Kilo Plastik im Bauch<\/a> (ARD)<\/li>\n<li>November 2018: \u00a0<a href=\"https:\/\/www.br.de\/fernsehen\/ard-alpha\/sendungen\/campus\/nachhaltige-mode-campus-magazin-100.html\" target=\"_blank\" rel=\"noopener noreferrer\">Der wahre Preis unserer Kleidung<\/a> (ARD)<\/li>\n<li>Oktober 2018: \u00a0<a href=\"https:\/\/www.zdf.de\/dokumentation\/planet-e\/planet-e-america-first-natur-zuletzt-100.html\" target=\"_blank\" rel=\"noopener noreferrer\">America first, Natur zuletzt<\/a> (ZDF)<\/li>\n<li>Oktober 2018: \u00a0<a href=\"https:\/\/www.ardmediathek.de\/tv\/Weltspiegel\/S\u00fcdafrika-Wem-geh\u00f6rt-das-Wasser\/Das-Erste\/Video?bcastId=329478&amp;documentId=14459006\" target=\"_blank\" rel=\"noopener noreferrer\">S\u00fcdafrika &#8211; Wem geh\u00f6rt das Wasser<\/a> (ARD)<\/li>\n<li>Oktober 2018: \u00a0<a href=\"https:\/\/www.swr3.de\/aktuell\/nachrichten\/Wie-Zigarettenkippen-die-Umwelt-verseuchen\/-\/id=47428\/did=4878396\/357xs\/\" target=\"_blank\" rel=\"noopener noreferrer\">Zigarettenkippen<\/a> (SWR3)<\/li>\n<li>Oktober 2018: \u00a0<a href=\"https:\/\/www.bund.net\/themen\/waelder\/hambacher-wald\/\" target=\"_blank\" rel=\"noopener noreferrer\">Hambacher Wald &#8211; retten statt roden!<\/a> (BUND)<\/li>\n<li>September 2018: \u00a0<a href=\"https:\/\/www.kreiszeitung.de\/lokales\/diepholz\/lemfoerde-ort48657\/huede-naturschutzring-duemmer-besteht-seit-jahren-10222779.html\" target=\"_blank\" rel=\"noopener noreferrer\">Naturschutzring D\u00fcmmer feiert Geburtstag<\/a> (Kreiszeitung)<\/li>\n<li>September 2018: \u00a0<a href=\"https:\/\/www.ardmediathek.de\/tv\/Weltspiegel\/Spanien-Eine-Stadt-nimmt-ab\/Das-Erste\/Video-Podcast?bcastId=329478&amp;documentId=55660858\" target=\"_blank\" rel=\"noopener noreferrer\">Naron &#8211; Eine Stadt nimmt ab<\/a> (ARD-Weltspiegel)<\/li>\n<li>September 2018: \u00a0<a href=\"https:\/\/www.ardmediathek.de\/tv\/Doku-Reportage\/Die-Tricks-mit-Eis-und-Schokolade\/NDR-Fernsehen\/Video?bcastId=14049264&amp;documentId=55458202\" target=\"_blank\" rel=\"noopener noreferrer\">Die Tricks mit Eis und Schokolade<\/a> (ARD)<\/li>\n<li>September 2018: \u00a0<a href=\"https:\/\/www.youtube.com\/watch?v=hC65nHwAg9g\" target=\"_blank\" rel=\"noopener noreferrer\">Starbucks ungefiltert &#8211; Die bittere Wahrheit hinter dem Erfolg<\/a> (Arte)<\/li>\n<li>August 2018: \u00a0<a href=\"https:\/\/www.youtube.com\/watch?v=VFu0nQbgtpc&amp;t=0s&amp;list=PL7DH_mkf6dLs2mUSR_ljYr2BFAXSh_zmz&amp;index=8\" target=\"_blank\" rel=\"noopener noreferrer\">Mikroplastik \u00a0&#8211; \u00a0Poetry Slam von Rita Apel<\/a> (YouTube)<\/li>\n<li>August 2018: \u00a0<a href=\"https:\/\/www.youtube.com\/watch?v=NPP4eb7ROgM\" target=\"_blank\" rel=\"noopener noreferrer\">Futur I in Klasse 3A \u00a0&#8211; \u00a0Poetry Slam von Rita Apel<\/a>\u00a0(YouTube)<\/li>\n<li>August 2018: \u00a0<a href=\"https:\/\/www.welt.de\/wissenschaft\/article181004190\/Umweltverschmutzung-Dieses-Monstrum-koennte-das-Plastikproblem-im-Meer-loesen.html\" target=\"_blank\" rel=\"noopener noreferrer\">Dieses Monstrum k\u00f6nnte das Plastikproblem im Meer l\u00f6sen<\/a> (Welt)<\/li>\n<li>August 2018: \u00a0<a href=\"https:\/\/www.wwf.de\/aktiv-werden\/tipps-fuer-den-alltag\/tipps-zur-plastikvermeidung\/plastik-im-alltag-vermeiden\/?area=Textlink2&amp;newsletter=Infonewsletter%2FChange%2F2018%2F08%2F12%2Fplastikurlaub%2Felefantentag%2F391039&amp;utm_source=infonewsletter-change&amp;utm_campaign=plastikmuell&amp;ecmId=2UW37NGK-136IX8I&amp;ecmEid=FW8I-2UW37NGK-GQLLMN&amp;ecmUid=1U223WYL-189X6DH\" target=\"_blank\" rel=\"noopener noreferrer\">Zehn Tipps zur Vermeidung von Plastikm\u00fcll<\/a> (WWF)<\/li>\n<li>August 2018: <a href=\"https:\/\/www.csr-news.net\/news\/2018\/07\/31\/earth-overshoot-day-2018\/\" target=\"_blank\" rel=\"noopener noreferrer\">\u00a0Earth Overshoot Day<\/a> (csr-news)<\/li>\n<li>Juli 2018: <a href=\"https:\/\/www.kreiszeitung.de\/lokales\/verden\/verden-ort47274\/mit-mitgefuehl-konsumenten-nicht-rechnen-10078052.html\" target=\"_blank\" rel=\"noopener noreferrer\">\u00a0Sorgloser Bremer Wasserverbrauch l\u00e4sst Grundwasser in Verden sinken<\/a> (Kreiszeitung)<\/li>\n<li>Juli 2018: \u00a0<a href=\"https:\/\/www.zdf.de\/dokumentation\/terra-x\/blaues-wunder-pazifik-paradies-und-hoelle-100.html\" target=\"_blank\" rel=\"noopener noreferrer\">Blaues Wunder Pazifik<\/a> (ZDF, Terra X)<\/li>\n<li>Juli 2018: \u00a0Astronaut <a href=\"https:\/\/www.damme.de\/redirect.phtml?extlink=1&amp;La=1&amp;url_fid=2432.214.1\" target=\"_blank\" rel=\"noopener noreferrer\">Alexander Gerst \u00fcber Klimaschutz\u00a0<\/a>(youtube)<\/li>\n<li>Juli 2018: \u00a0<a href=\"https:\/\/www.wwf.de\/themen-projekte\/projektregionen\/amazonien\/chiribiquete\/?area=Button-Gruen&amp;newsletter=Infonewsletter%2FChange%2F%7BmyCrrentDate%7D%2Fchiribiquete%2Fklimakrise%2F386826&amp;utm_source=infonewsletter-change&amp;utm_campaign=stopp-wilderei&amp;ecmId=2T1AVW9A-M4AT9A&amp;ecmEid=FW8I-2T1AVW9A-4TMMQB&amp;ecmUid=1U223WYL-189X6DH\" target=\"_blank\" rel=\"noopener noreferrer\">Regenwald-Nationalpark Chiribiquete\/Kolumbien<\/a> (WWF)<\/li>\n<li>Juli 2018: \u00a0<a href=\"https:\/\/www.wwf.de\/landingpages\/stimmen-zur-klimakrise\/?area=Bild&amp;newsletter=Infonewsletter%2FChange%2F2018%2F06%2F22%2Fbdt%2Fwaldrappen%2F380607&amp;utm_source=infonewsletter-change&amp;utm_campaign=stopp-wilderei&amp;ecmId=2S9J3SBI-92KS66&amp;ecmEid=2SAI11RR-2S9J3SBI-18XX6F8&amp;ecmUid=1U223WYL-189X6DH\" target=\"_blank\" rel=\"noopener noreferrer\">Stimmen zur Klimakrise &#8211; Interview mit Barbara<\/a> (WWF)<\/li>\n<li>Juni 2018: \u00a0<a href=\"https:\/\/www.wwf.de\/bild-des-tages\/schwarzes-loch\/?area=Textlink2&amp;newsletter=Infonewsletter%2FChange%2F2018%2F06%2F22%2Fbdt%2Fwaldrappen%2F380607&amp;utm_source=infonewsletter-change&amp;utm_campaign=stopp-wilderei&amp;ecmId=2S9J3SBI-92KS66&amp;ecmEid=2SAI11RR-2S9J3SBI-18XX6F8&amp;ecmUid=1U223WYL-189X6DH\" target=\"_blank\" rel=\"noopener noreferrer\">Gro\u00dfes, schwarzes Loch am Brandenburger Tor<\/a> (WWF)<\/li>\n<li>Juni 2018: \u00a0Nach Petition: <a href=\"https:\/\/www.duh.de\/bvb-mehrweg\/\" target=\"_blank\" rel=\"noopener noreferrer\">Schluss mit dem Becherm\u00fcll beim BVB<\/a><\/li>\n<li>Juni 2018: \u00a0<a href=\"http:\/\/www.spiegel.de\/wissenschaft\/natur\/thailand-wal-stirbt-an-acht-kilo-plastikmuell-im-magen-a-1210920.html\" target=\"_blank\" rel=\"noopener noreferrer\">Wal stirbt an 8 Kilo Plastikm\u00fcll im Magen<\/a> (Spiegel online)<\/li>\n<li>Juni 2018: \u00a0<a href=\"https:\/\/www.kreiszeitung.de\/lokales\/diepholz\/nachhaltigkeitswoche-blick-ueber-tellerrand-9908954.html\" target=\"_blank\" rel=\"noopener noreferrer\">Nachhaltigkeitswoche: Von globalen Zielen und lokalem Engagement<\/a> (Diepholzer Kreiszeitung)<\/li>\n<li>Mai 2018: \u00a0<a href=\"https:\/\/www.zdf.de\/dokumentation\/sommer-sonne-urlaubsglueck-100.html\" target=\"_blank\" rel=\"noopener noreferrer\">Sommer, Sonne, Urlaubsgl\u00fcck?<\/a> (ZDF)<\/li>\n<li>Mai 2018: \u00a0<a href=\"https:\/\/www.kreiszeitung.de\/lokales\/diepholz\/diepholz-ort28581\/nein-duerfen-nicht-9914860.html\" target=\"_blank\" rel=\"noopener noreferrer\">Einkaufen ohne Plastikm\u00fcll &#8211; &#8222;Nein, das d\u00fcrfen wir nicht.&#8220;<\/a> (Diepholzer Kreiszeitung)<\/li>\n<li>Mai 2018: \u00a0<a href=\"http:\/\/www.tagesschau.de\/multimedia\/video\/video-407743~_origin-8c1a1329-0204-4274-8147-060daf78686e.html\" target=\"_blank\" rel=\"noopener noreferrer\">EU-Plastikverbot<\/a>\u00a0\/\u00a0<a href=\"http:\/\/www.tagesschau.de\/kommentar\/plastik-verbot-kommentar-101.html\" target=\"_blank\" rel=\"noopener noreferrer\">Mehr Mut<\/a> (ARD)<\/li>\n<li>Mai 2018: \u00a0<a href=\"https:\/\/www.duh.de\/projekte\/kaffeekapseln\/\" target=\"_blank\" rel=\"noopener noreferrer\">Kaffeekapseln &#8211; Wenig Kaffee, ganz viel M\u00fcll<\/a> (DUH)<\/li>\n<li>April 2018: \u00a0<a href=\"https:\/\/albert-schweitzer-stiftung.de\/aktuell\/junge-erwachsene-essen-lieber-pflanzlich?utm_source=nl18-19-20&amp;utm_medium=email&amp;utm_campaign=w-nl\" target=\"_blank\" rel=\"noopener noreferrer\">Junge Erwachsene essen lieber pflanzlich<\/a> (Albert-Schweitzer-Stiftung)<\/li>\n<li>April 2018: \u00a0<a href=\"http:\/\/m.dw.com\/de\/europaweites-verbot-f\u00fcr-drei-bienensch\u00e4dliche-neonikotinoide\/a-43560595\" target=\"_blank\" rel=\"noopener noreferrer\">EU verbietet den Einsatz von drei Neonikotinoiden<\/a> (dw)<\/li>\n<li>April 2018: \u00a0<a href=\"https:\/\/www.zdf.de\/kinder\/logo\/familie-verzichtet-auf-plastik-100.html\" target=\"_blank\" rel=\"noopener noreferrer\">Paul benutzt weniger Plastik<\/a> (ZDFtivi &#8211; logo)<\/li>\n<li>April 2018: \u00a0<a href=\"https:\/\/www.youtube.com\/watch?list=PLe2nGhEGXFVuqp3UwCyJGsTX4cyZs8jjW&amp;time_continue=35&amp;v=yI_nUisW7Z0\" target=\"_blank\" rel=\"noopener noreferrer\">The World Is Where We Live<\/a> (WWF &#8211; <a href=\"http:\/\/images.panda.org\/?utm_source=WWF+International&amp;utm_campaign=804a73c57b-20170913_WWFNews_ZeroEmissions&amp;utm_medium=email&amp;utm_term=0_61baba9791-804a73c57b-300556365\" target=\"_blank\" rel=\"noopener noreferrer\">Still and moving images<\/a>)<\/li>\n<li>M\u00e4rz 2018: \u00a0<a href=\"https:\/\/www.ted.com\/talks\/ken_robinson_says_schools_kill_creativity\/transcript?referrer=playlist-the_most_popular_talks_of_all\" target=\"_blank\" rel=\"noopener noreferrer\">Do schools kill creativity?<\/a> (TED)<\/li>\n<li>M\u00e4rz 2018: \u00a0<a href=\"http:\/\/www.daserste.de\/information\/reportage-dokumentation\/der-blaue-planet\/videos\/der-blaue-planet-folge-1-video-102.html\" target=\"_blank\" rel=\"noopener noreferrer\">Der Blaue Planet<\/a> (ARD)<\/li>\n<li>M\u00e4rz 2018: \u00a0<a href=\"http:\/\/www.spiegel.de\/video\/karibik-fotos-von-muellteppich-gehen-viral-video-1813177.html\" target=\"_blank\" rel=\"noopener noreferrer\">Niemand springt gerne in einen M\u00fcllteppich<\/a> (Spiegel TV)<\/li>\n<li>M\u00e4rz 2018: \u00a0<a href=\"http:\/\/www.spiegel.de\/video\/bali-taucher-filmt-plastikmuell-im-meer-video-99014743.html\" target=\"_blank\" rel=\"noopener noreferrer\">Taucht filmt Meer voller Plastikm\u00fcll<\/a> (Spiegel TV)<\/li>\n<li>M\u00e4rz 2018: \u00a0<a href=\"http:\/\/www.wwf.de\/2015\/maerz\/tag-des-artenschutzes\/\" target=\"_blank\" rel=\"noopener noreferrer\">2.M\u00e4rz: Tag des Artenschutzes<\/a> (WWF)<\/li>\n<li>Februar 2018: \u00a0<a href=\"https:\/\/www.youtube.com\/watch?v=mCjH51-gakk\" target=\"_blank\" rel=\"noopener noreferrer\">Palm\u00f6l<\/a> (Greenpeace)<\/li>\n<li>Februar 2018: \u00a0<a href=\"https:\/\/www.newslichter.de\/2017\/11\/zwei-junge-maedchen-verbannen-plastiktueten-auf-bali\/\" target=\"_blank\" rel=\"noopener noreferrer\">Zwei M\u00e4dchen verbannen Plastikt\u00fcten auf Bali<\/a> (newslichter &#8211; TED)<\/li>\n<li>Februar 2018: \u00a0<a href=\"http:\/\/www.welthaus-barnstorf.de\/menue\/projekte\/Kakaowelten.html\" target=\"_blank\" rel=\"noopener noreferrer\">Welthaus Barnstorf &#8211; Kakaowelten<\/a><\/li>\n<li>Februar 2018: \u00a0<a href=\"https:\/\/www.youtube.com\/watch?v=5MpGf6_SZo0\" target=\"_blank\" rel=\"noopener noreferrer\">Felix Finkbeiner &#8211; Plant-for-the-Planet<\/a><\/li>\n<li>Januar 2018: \u00a0<a href=\"http:\/\/www.wwf.de\/2017\/dezember\/china-stoppt-elfenbeinhandel\/\" target=\"_blank\" rel=\"noopener noreferrer\">China stoppt Elfenbeinhandel<\/a> (WWF)<\/li>\n<li>Januar 2018: \u00a0(zur Erinnerung:) \u00a0<a href=\"https:\/\/www.ecosia.org\" target=\"_blank\" rel=\"noopener noreferrer\">Suchmaschine Ecosia<\/a><\/li>\n<li>Januar 2018: \u00a0<a href=\"https:\/\/www.zdf.de\/comedy\/heute-show\/landwirtschaftsidylle-102.html\" target=\"_blank\" rel=\"noopener noreferrer\">Quetsch mit So\u00dfe<\/a> (ZDF, heute show)<\/li>\n<li>Januar 2018: \u00a0<a href=\"https:\/\/daserste.ndr.de\/panorama\/aktuell\/Tierschutz-Bilanz-2017-Mehr-versprochen-als-gehalten-,tierschutz408.html\" target=\"_blank\" rel=\"noopener noreferrer\">Tierschutzbilanz 2017: \u00a0Mehr versprochen als gehalten<\/a> (ARD Panorama)<\/li>\n<li>Dezember 2017: \u00a0<a href=\"https:\/\/albert-schweitzer-stiftung.de\/aktuell\/kontrolle-toter-schweine-belegt-verstoesse?utm_source=nl18-1-2&amp;utm_medium=email&amp;utm_campaign=w-nl\" target=\"_blank\" rel=\"noopener noreferrer\">&#8222;Falltiere&#8220; &#8211; Jedes f\u00fcnfte Schwein stirbt vor der Schlachtung!<\/a> (Albert-Schweitzer-Stiftung)<\/li>\n<li>Dezember 2017: \u00a0<a href=\"http:\/\/www.gfs-umweltausschuss.de\/wp-content\/uploads\/2017_1228_LeserbriefNeujahrsvors\u00e4tze.png\" target=\"_blank\" rel=\"noopener noreferrer\">Neujahrsvors\u00e4tze<\/a> (OV)<\/li>\n<li>Dezember 2017: \u00a0<a href=\"https:\/\/www.zdf.de\/nachrichten\/heute-journal\/umruestung-seeschifffahrt-100.html\" target=\"_blank\" rel=\"noopener noreferrer\">Umr\u00fcstung in der Seeschifffahrt<\/a> (ZDF)<\/li>\n<li>Dezember 2017: \u00a0<a href=\"http:\/\/www.wwf.de\/2017\/dezember\/tropenwald-am-weihnachtsbaum\/?area=Button-Gruen&amp;newsletter=Infonewsletter%2FChange%2F2017%2F12%2F16%2FKerzen%2FRentier%2F357424&amp;utm_source=infonewsletter-change&amp;utm_campaign=Stopp-Wilderei&amp;ecmId=2IQSB9N5-WB29ZZ&amp;ecmEid=2ITZPSA7-2IQSB9N5-11G550D&amp;ecmUid=1U223WYL-189X6DH\" target=\"_blank\" rel=\"noopener noreferrer\">Tropenwald am Weihnachtsbaum<\/a> (WWF)<\/li>\n<li>Dezember 2017: \u00a0<a href=\"https:\/\/www.zdf.de\/dokumentation\/terra-x\/faszination-erde-planet-der-waelder-100.html\" target=\"_blank\" rel=\"noopener noreferrer\">Faszination Erde &#8211; Planet der W\u00e4lder<\/a> (ZDF)<\/li>\n<li>November 2017: \u00a0<a href=\"https:\/\/www.greenpeace.de\/themen\/endlager-umwelt\/das-kauf-ich-dir-nicht-ab\" target=\"_blank\" rel=\"noopener noreferrer\">Zehn Tipps gegen den Konsumwahnsinn<\/a> (Greenpeace)<\/li>\n<li>November 2017: \u00a0<a href=\"https:\/\/www.zdf.de\/dokumentation\/planet-e\/planet-e-wenn-das-klima-kippt-100.html\" target=\"_blank\" rel=\"noopener noreferrer\">Wenn das Klima kippt<\/a> (ZDF, planet e)<\/li>\n<li>November \u00a02017: \u00a0<a href=\"http:\/\/www.wwf.de\/themen-projekte\/landwirtschaft\/baumwolle\/?area=Button-Gruen&amp;newsletter=Infonewsletter%2FChange%2F2017%2F11%2F11%2FBaumwolle%2FKohleausstieg%2F359158&amp;utm_source=infonewsletter-change&amp;ecmId=2GIVXO0E-111O3NB&amp;ecmEid=2GLRL941-2GIVXO0E-XO99PQ&amp;ecmUid=1U223WYL-189X6DH\" target=\"_blank\" rel=\"noopener noreferrer\">Baumwolle<\/a> (WWF)<\/li>\n<li>November 2017: \u00a0<a href=\"http:\/\/www.natur-netz-niedersachsen.de\/nano.cms\/naturschutzwoche-fuer-kinder-2017\" target=\"_blank\" rel=\"noopener noreferrer\">Naturschutzwoche f\u00fcr Kinder <\/a>(Bingo)<\/li>\n<li>Oktober 2017: \u00a0<a href=\"https:\/\/www.regenwald.org\/themen\/tropenholz\/fsc\" target=\"_blank\" rel=\"noopener noreferrer\">Das Holzlabel FSC<\/a> (Regenwald.org)<\/li>\n<li>Oktober 2017: \u00a0<a href=\"https:\/\/www.arte.tv\/de\/videos\/069096-000-A\/umwelthormone-verlieren-wir-den-verstand\/\" target=\"_blank\" rel=\"noopener noreferrer\">Umwelthormone &#8211; Verlieren wir den Verstand?<\/a> (arte)<\/li>\n<li>Oktober 2017: \u00a0<a href=\"https:\/\/www.zdf.de\/politik\/frontal-21\/folgen-des-insektensterbens-100.html\" target=\"_blank\" rel=\"noopener noreferrer\">Aufgesummt und unbest\u00e4ubt &#8211; Die Folgen des Insektensterbens<\/a> (ZDF &#8211; Frontal 21)<\/li>\n<li>Oktober 2017: \u00a0<a href=\"http:\/\/www.spektrum.de\/news\/natur-entfremdung-kinder-kommen-immer-weniger-in-die-natur\/1507953\" target=\"_blank\" rel=\"noopener noreferrer\">Kinder kommen immer weniger ins Gr\u00fcne<\/a> (Spektrum)<\/li>\n<li>September 2017: \u00a0<a href=\"https:\/\/albert-schweitzer-stiftung.de\/aktuell\/fleisch-aus-zellkulturen?utm_source=nl17-41-42&amp;utm_medium=email&amp;utm_campaign=w-nl\" target=\"_blank\" rel=\"noopener noreferrer\">Fleisch aus Zellkulturen<\/a> (Albert-Schweitzer-Stiftung)<\/li>\n<li>September 2017: \u00a0<a href=\"https:\/\/www.nytimes.com\/interactive\/2017\/climate\/antarctica-virtual-reality.html?mcid=nyt&amp;mc=einternal&amp;subid=retention_dual%20subs&amp;subid1=engagement&amp;subid2=misc&amp;_r=1\" target=\"_blank\" rel=\"noopener noreferrer\">Under a Cracked Sky<\/a> (NYT VR)<\/li>\n<li>September 2017: \u00a0<a href=\"https:\/\/www.stopp-wilderei-weltweit.de\/nashorn-drama-in-suedafrika\/?area=Button-Gruen&amp;newsletter=Infonewsletter%2FChange%2F2017%2F09%2F23%2FNashorn-Drama%2FParteien-im-Kreuzverh\u00f6r%2F361665&amp;utm_source=infonewsletter-change&amp;utm_campaign=Nashorn-Drama-in-S\u00fcdafrika&amp;ecmId=2DRFGJHA-183P12LM&amp;ecmEid=2DY1HRL4-2DRFGJHA-8QH8D3&amp;ecmUid=1U223WYL-189X6DH\" target=\"_blank\" rel=\"noopener noreferrer\">Das weltweite Netzwerk der Wilderei<\/a> (WWF)<\/li>\n<li>September 2017: <a href=\"https:\/\/www.youtube.com\/watch?v=n9tz1OwYc38&amp;feature=youtu.be&amp;utm_source=newsletter&amp;utm_medium=email&amp;utm_campaign=Newsletter+GPD+-+Manila+Plastikm\u00fcll\" target=\"_blank\" rel=\"noopener noreferrer\">\u00a016.9.:\u00a0International Coastal Cleanup Day<\/a>\u00a0(Greenpeace)<\/li>\n<li>August 2017: \u00a0<a href=\"https:\/\/www.regenwald.org\/themen\/aluminium\" target=\"_blank\" rel=\"noopener noreferrer\">Aluminium \u00a0&#8211; \u00a0leichtes Metall, schwere Sch\u00e4den<\/a> (regenwald.org)<\/li>\n<li>August\u00a02017: \u00a0<a href=\"http:\/\/www1.wdr.de\/verbraucher\/aldi-keine-einwegtueten-100.html\" target=\"_blank\" rel=\"noopener noreferrer\">Aldi macht Schluss mit Plastiktaschen<\/a>\u00a0(WDR)<\/li>\n<li>August2017: \u00a0<a href=\"https:\/\/www.zdf.de\/dokumentation\/terra-x\/videos\/groenland-die-sonne-bringt-es-an-den-tag-100.html\" target=\"_blank\" rel=\"noopener noreferrer\">Gr\u00f6nland &#8211; Die Sonne bringt es an den Tag<\/a>. (ZDF, TerraX)<\/li>\n<li>Juli 2017: \u00a0<a href=\"https:\/\/daserste.ndr.de\/extra3\/Imagefilm-der-Plastikindustrie,extra13002.html\" target=\"_blank\" rel=\"noopener noreferrer\">Imagefilm der Werbeindustrie<\/a> (ARD &#8211; Extra3)<\/li>\n<li>Juli 2017: \u00a0<a href=\"https:\/\/www.kreiszeitung.de\/lokales\/diepholz\/diepholz-ort28581\/muellaufkommen-landkreis-ueberdurchschnittlich-hoch-8475143.html\">M\u00fcllaufkommen im LK Diepholz \u00fcberdurchschnittlich hoch<\/a> (DK)<\/li>\n<li>Juli 2017: \u00a0<a href=\"https:\/\/www.zdf.de\/dokumentation\/terra-x\/bilder\/unsere-waelder-ein-jahr-unter-baeumen-100.html\">Unsere W\u00e4lder, Teil 2: Ein Jahr unter B\u00e4umen<\/a> (ZDF, Terra X)<\/li>\n<li>Juli 2017: \u00a0<a href=\"https:\/\/vimeo.com\/223705322\">Elevate Yourself to Elevate Others<\/a>\u00a0(Vimeo)<\/li>\n<li>Juli 2017: \u00a0David Attenborough:\u00a0<a href=\"https:\/\/www.youtube.com\/watch?v=B8WHKRzkCOY&amp;feature=youtube_gdata_player\">What a Wonderful World<\/a> (YouTube)<\/li>\n<li>Juni 2017: \u00a0<a href=\"https:\/\/vimeo.com\/4711313\" target=\"_blank\" rel=\"noopener noreferrer\">Ameisen<\/a> (Planet Wissen)<\/li>\n<li>Juni 2017: \u00a0<a href=\"https:\/\/www.youtube.com\/watch?v=FIlMhPhkoSA\">It&#8217;s smarter to travel in groups<\/a> (YouTube)<\/li>\n<li>Juni 2017: \u00a0Emmanuel Macron:\u00a0<a href=\"https:\/\/www.youtube.com\/watch?v=jPl3sBPfy1E\">Make our planet great again<\/a>\u00a0(YouTube)<\/li>\n<li>Juni 2017: \u00a0<a href=\"https:\/\/www.zdf.de\/dokumentation\/terra-x\/unsere-waelder-die-sprache-der-baeume-100.html\">Unsere W\u00e4lder, Teil 1: Die Sprache der B\u00e4ume<\/a> (ZDF, Terra X)<\/li>\n<li>Mai 2017: \u00a0<a href=\"https:\/\/albert-schweitzer-stiftung.de\/aktuell\/anita-krajnc#utm_source=nl17-21-22&amp;utm_medium=email&amp;utm_campaign=w-nl\">Toronto Pig Save<\/a> (Albert-Schweitzer-Stiftung)<\/li>\n<li>Mai 2017: \u00a0&#8222;<a href=\"https:\/\/www.youtube.com\/watch?v=mLHIfM2X3qA&amp;list=PL6J1Sg6X3cywA-Humha9Vtldv68HV37g2&amp;index=1&amp;utm_source=newsletter&amp;utm_medium=email&amp;utm_campaign=schwarzkopf_video&amp;utm_content=link1\">Hamburg, Regen, das Haar h\u00e4lt!<\/a>&#8220; (YouTube)<\/li>\n<li>Mai 2017: \u00a0<a href=\"https:\/\/albert-schweitzer-stiftung.de\/aktuell\/greenpeace-schweinehaltung-illegal#utm_source=nl17-19-20&amp;utm_medium=email&amp;utm_campaign=w-nl\">Greenpeace-Studie zur Schweinehaltung\u00a0<\/a>(Albert-Schweitzer-Stiftung)<\/li>\n<li>Mai 2017: \u00a0<a href=\"http:\/\/www.gfs-umweltausschuss.de\/wp-content\/uploads\/2017_OV_0505_WenigeSingv\u00f6gel.jpg\">Weniger Singv\u00f6gel <\/a>(OV)<\/li>\n<li>April 2017: \u00a0<a href=\"http:\/\/www.gfs-umweltausschuss.de\/wp-content\/uploads\/2017_OV_0504_NorwegischerMilliard\u00e4rWillDasMeerRetten.jpg\">Norweg. Milliard\u00e4r will das Meer retten<\/a> (OV)<\/li>\n<li>April 2017: \u00a0<a href=\"http:\/\/www.duh.de\/fileadmin\/user_upload\/download\/sonstiges\/Faltblatt_Palmoel_2-2017.pdf\" target=\"_blank\" rel=\"noopener noreferrer\">Kein Palm\u00f6l in den Tank<\/a> (Deutsche Umwelthilfe)<\/li>\n<li>April 2017: \u00a0<a href=\"http:\/\/www.ardmediathek.de\/radio\/radioWissen-Bayern-2\/Am-Anfang-war-der-Hai-Die-Dinosaurier-\/Bayern-2\/Audio-Podcast?bcastId=5945518&amp;documentId=42025778\" target=\"_blank\" rel=\"noopener noreferrer\">Am Anfang war der Hai<\/a> (radioWissen &#8211; Bayern2)<\/li>\n<li>April 2017: \u00a0<a href=\"https:\/\/www.youtube.com\/watch?v=KYW4Qfd9M-k&amp;index=1&amp;list=PL6J1Sg6X3cywA-Humha9Vtldv68HV37g2\" target=\"_blank\" rel=\"noopener noreferrer\">Plastik in Kosmetik<\/a> (YouTube)<\/li>\n<li>M\u00e4rz\u00a02017: \u00a0<a href=\"https:\/\/www.zdf.de\/nachrichten\/heute\/170404-h12-kynast-pamel-100.html\" target=\"_blank\" rel=\"noopener noreferrer\">Palm\u00f6lverbot?<\/a> (ZDF-Heute)<\/li>\n<li>M\u00e4rz 2017: \u00a0<a href=\"http:\/\/www.ardmediathek.de\/radio\/radioWissen-Bayern-2\/Ohne-Natur-verk\u00fcmmern-wir-Der-Mensch-\/Bayern-2\/Audio-Podcast?bcastId=5945518&amp;documentId=41555614\" target=\"_blank\" rel=\"noopener noreferrer\">Ohne Natur verk\u00fcmmern wir<\/a>\u00a0(radioWissen &#8211; Bayern2)<\/li>\n<li>M\u00e4rz 2017: \u00a0Endlich: <a href=\"http:\/\/www.wwf.de\/2016\/dezember\/china-verbannt-elfenbein\/\" target=\"_blank\" rel=\"noopener noreferrer\">China verbannt Elfenbein<\/a> (WWF)<\/li>\n<li>M\u00e4rz 2017: \u00a0(zur Erinnerung:) <a href=\"https:\/\/www.ecosia.org\" target=\"_blank\" rel=\"noopener noreferrer\">Suchmaschine Ecosia<\/a><\/li>\n<li>Februar 2017: \u00a0<a href=\"http:\/\/www.ardmediathek.de\/tv\/DoX-Der-Dokumentarfilm-im-BR\/Chasing-Ice-Das-Ende-des-Ewigen-Eises\/BR-Fernsehen\/Video?bcastId=24831852&amp;documentId=40687610\">Chasing Ice &#8211; Das Ende des Ewigen Eises<\/a> (ARD-BR)<\/li>\n<li>Februar 2017: \u00a0<a href=\"https:\/\/www.zdf.de\/nachrichten\/heute\/er-kreuzfahrtschiffe-als-umweltsuender-100.html\" target=\"_blank\" rel=\"noopener noreferrer\">\u00d6ko-Bilanz von Kreuzfahrtschiffen<\/a> (ZDF-Heute)<\/li>\n<li>Februar 2017: \u00a0<a href=\"https:\/\/vegan-taste-week.de\/info\/portraits\/der-extrem-radsportler#utm_source=nl17-7&amp;utm_medium=email&amp;utm_campaign=w-nl\" target=\"_blank\" rel=\"noopener noreferrer\">Veganer Extrem-Radsportler<\/a>\u00a0(Albert-Schweitzer-Stiftung)<\/li>\n<li>Februar 2017: \u00a0<a href=\"http:\/\/www.ardmediathek.de\/tv\/Markt\/Feuchtt\u00fccher-bequem-aber-problematisc\/WDR-Fernsehen\/Video?bcastId=7486252&amp;documentId=40550708\">Feuchtt\u00fccher &#8211; bequem, aber problematisch?<\/a> (ARD)<\/li>\n<li>Januar 2017: \u00a0<a href=\"http:\/\/www.ndr.de\/fernsehen\/epg\/import\/Typisch-Der-fliegende-Tierschuetzer,sendung393060.html\" target=\"_blank\" rel=\"noopener noreferrer\">Der fliegende Artensch\u00fctzer<\/a> (NDR)<\/li>\n<li>Januar 2017: \u00a0<a href=\"https:\/\/www.zdf.de\/dokumentation\/zdfzoom\/zdfzoom-der-irrsinn-mit-der-milch---global-billig-ruinoes-100.html\" target=\"_blank\" rel=\"noopener noreferrer\">Der Irrsinn mit der Milch<\/a> (ZDF zoom)<\/li>\n<li>Januar 2017: \u00a0<a href=\"https:\/\/www.zdf.de\/dokumentation\/terra-x\/eine-erde-viele-welten-dschungel-100.html\" target=\"_blank\" rel=\"noopener noreferrer\">Eine Erde &#8211; viele Welten: Dschungel<\/a> (ZDF &#8211; Terra X)<\/li>\n<li>Januar 2017: \u00a0<a href=\"https:\/\/www.zdf.de\/politik\/frontal-21\/Abgasbetrug-mit-lkw-100.html\">Abgasbetrug mit Lastkraftwagen<\/a> (Frontal 21)<\/li>\n<li>Januar 2017: \u00a0<a href=\"https:\/\/www.facebook.com\/nrdc.org\/videos\/vb.11791104453\/10154848745804454\/\">NRDC&#8217;s thanks to President Obama<\/a> (NRDC)<\/li>\n<li>Dezember 2016: \u00a0<a href=\"https:\/\/www.wwf.de\/spenden-helfen\/spendenkarte\/spendenkarte-amazonas\/\">Werde Regenwaldsch\u00fctzer<\/a> (wwf)<\/li>\n<li>Dezember 2016: \u00a0<a href=\"https:\/\/www.zdf.de\/nachrichten\/heute\/videos\/obama-umwelt-100.html\">Obama erl\u00e4sst \u00d6lf\u00f6rder-Stopps<\/a><\/li>\n<li>Dezember 2016: \u00a0<a href=\"https:\/\/www.zdf.de\/verbraucher\/wiso\/echtfell-statt-kunstpelz-marder-ist-billiger-als-plastik-100.html\">Echtfell statt Kunstpelz<\/a> (ZDF-WiSo)<\/li>\n<li>Dezember 2016: \u00a0<a href=\"http:\/\/www.dw.com\/de\/der-umstrittene-rohstoff-palm\u00f6l-wird-in-kolumbien-klimafreundlich-produziert\/a-15906429\">Palm\u00f6l in Kolumbien<\/a> (DW)<\/li>\n<li>Dezember 2016: \u00a0<a href=\"http:\/\/www.faz.net\/aktuell\/technik-motor\/umwelt-technik\/kein-schweroel-mehr-den-hochseeschiffen-geht-es-an-den-schlot-14515436.html\">Den Hochseeschiffen geht es an den Schlot<\/a> (FAZ)<\/li>\n<li>November 2016: \u00a0<a href=\"http:\/\/www.wissenschaft.de\/home\/-\/journal_content\/56\/12054\/14447316\/Wissen-f\u00fcrs-Wochenende\/\">Neue Prognosen f\u00fcr den Meeresspiegel<\/a>\u00a0und <a href=\"http:\/\/www.wissenschaft.de\/erde-weltall\/klima-wetter\/-\/journal_content\/56\/12054\/14865055\/Heikler-Klima-Domino-Effekt-droht\/\">Klima-Domino-Effekt<\/a> (Bild der Wissenschaft)<\/li>\n<li>November 2016:\u00a0 <a href=\"https:\/\/www.youtube.com\/watch?v=K5sK-gzutn0\" target=\"_blank\" rel=\"noopener\">Duc Nguyen: Why its a good time to act beyond our mindset<\/a> (TEDx Uni Mannheim)<\/li>\n<li>November 2016: \u00a0<a href=\"https:\/\/www.wissenschaftsjahr.de\/2016-17\/index.php?id=659\">&#8222;Plastik-Peter&#8220;<\/a> ruft zum sorgsamen Umgang mit Plastikm\u00fcll auf (Wissenschaftsjahr 2016*17)<\/li>\n<li>November 2016: \u00a0<a href=\"https:\/\/albert-schweitzer-stiftung.de\/aktuell\/1-kg-rindfleisch#utm_source=nl16-46&amp;utm_medium=email&amp;utm_campaign=w-nl\">Treibhausgase, Getreide, Wasser und Nutzfl\u00e4che bei einem Kilo Rindfleisch<\/a>\u00a0(Albert-Schweitzer-Stiftung)<\/li>\n<li>November\u00a02016: \u00a0<a href=\"http:\/\/www.wwf.de\/living-planet-report\/?area=Button-Gruen&amp;newsletter=Infonewsletter\/Change\/2016\/10\/27\/LPR\/Selous\/324204&amp;utm_source=infonewsletter-change&amp;utm_campaign=Stopp-Wilderei\">WWF\u00a0Living-Planet-Report 2016<\/a><\/li>\n<li>November\u00a02016: \u00a0<a href=\"http:\/\/www.gfs-umweltausschuss.de\/wp-content\/uploads\/13773575_1825502947694195_204450013_n.mp4\">Interview mit Ulrich\u00a0Walter<\/a>, Fa. Lebensbaum, zum Thema TTIP<\/li>\n<li>Oktober 2016: \u00a0<a href=\"http:\/\/www.zdf.de\/ZDFmediathek\/beitrag\/video\/2850874\/Es-stinkt%2521---Dicke-Luft-in-Deutschland\">Dicke Luft in Deutschland<\/a> (ZDF zoom)<\/li>\n<li>Oktober 2016: \u00a0<a href=\"http:\/\/www.zdf.de\/ZDFmediathek#\/beitrag\/video\/2586226\/Zoff-um-den-gelben-Sack\">Zoff um den gelben Sack<\/a> (ZDF, planet e)<\/li>\n<li>Oktober 2016: \u00a0<a href=\"http:\/\/www.ardmediathek.de\/tv\/Hart-aber-fair\/Hart-aber-fair-Das-elende-Leben-der-St\/Das-Erste\/Video?bcastId=561146&amp;documentId=32869818\">Das elende Leben der Steaks<\/a> (ARD &#8211; Hart, aber fair)<\/li>\n<li>Oktober 2016: \u00a0<a href=\"https:\/\/www.regenwald.org\/themen\/palmoel\">Palm\u00f6l<\/a> (www.regenwald.org)<\/li>\n<li>September 2016: \u00a0Peter Wohlleben: <a href=\"http:\/\/www.ndr.de\/info\/sendungen\/talk\/Peter-Wohlleben-im-Gespraech,sendung548360.html\">Die Vernetzung von B\u00e4umen<\/a> (NDR)<\/li>\n<li>September 2016: \u00a0<a href=\"http:\/\/www.faz.net\/aktuell\/gesellschaft\/tiere\/brasilien-pinguin-schwimmt-8000km-zu-retter-14453626.html\" target=\"_blank\" rel=\"noopener noreferrer\">Treuer Pinguin Dindim<\/a> (FAZ)<\/li>\n<li>September 2016: \u00a0<a href=\"https:\/\/www.fairtrade-schools.de\" target=\"_blank\" rel=\"noopener noreferrer\">Fairtrade Schools<\/a> (Fairtrade Deutschland)<\/li>\n<li>September 2016: <a href=\"http:\/\/www.ardmediathek.de\/tv\/die-story\/Steuergelder-f\u00fcr-die-Kokain-Mafia-UNO\/WDR-Fernsehen\/Video?bcastId=7486242&amp;documentId=37587744\" target=\"_blank\" rel=\"noopener noreferrer\">\u00a0Steuergelder f\u00fcr die Kokain-Mafia?<\/a> (ARD)<\/li>\n<li>September 2016: \u00a0<a href=\"http:\/\/www.gfs-umweltausschuss.de\/wp-content\/uploads\/2016_OV_0902_Igel.jpg\" target=\"_blank\" rel=\"noopener noreferrer\">Igelkinder<\/a> (OV)<\/li>\n<li>August 2016: \u00a0<a href=\"http:\/\/www.nytimes.com\/video\/science\/100000004626400\/sciencetake-the-mystery-of-a-bees-buzz.html?rref=collection%2Fsectioncollection%2Fscience&amp;action=click&amp;contentCollection=science&amp;region=stream&amp;module=stream_unit&amp;version=latest&amp;contentPlacement=10&amp;pgtype=sectionfront\">Bees buzz for their supper<\/a> (NYT)<\/li>\n<li>August 2016: \u00a0<a href=\"http:\/\/www.zdf.de\/ZDFmediathek#\/beitrag\/video\/2824106\/Orang-Utans:-Vom-Aussterben-bedroht\" target=\"_blank\" rel=\"noopener noreferrer\">Orang-Utans &#8211; vom Aussterben bedroht<\/a>\u00a0(ZDF)<\/li>\n<li>August 2016: \u00a0<a href=\"http:\/\/www.ted.com\/talks\/suzanne_simard_how_trees_talk_to_each_other\/transcript?language=en\" target=\"_blank\" rel=\"noopener noreferrer\">How trees talk to each other<\/a> (TED)<\/li>\n<li>August 2016: \u00a0<a href=\"https:\/\/albert-schweitzer-stiftung.de\/aktuell\/albert-schweitzer-und-die-tiere#utm_source=nl16-32&amp;utm_medium=email&amp;utm_campaign=w-nl\" target=\"_blank\" rel=\"noopener noreferrer\">Albert Schweitzer und die Welt der Tiere <\/a>(Albert-Schweitzer-Stiftung)<\/li>\n<li>Juli 2016: \u00a0<a href=\"https:\/\/www.nrdc.org\/experts\/michael-jasny\/major-victory-low-frequency-sonar\" target=\"_blank\" rel=\"noopener noreferrer\">Major Victory on Low-Frequency Sonar<\/a> (NRDC)<\/li>\n<li>Juli 2016: \u00a0<a href=\"http:\/\/www.tagesschau.de\/multimedia\/video\/video-201357.html\" target=\"_blank\" rel=\"noopener noreferrer\">Das leise Sterben der Schmetterlinge<\/a> (ARD-Tagesschau)<\/li>\n<li>Juli 2016: \u00a0<a href=\"http:\/\/www.ndr.de\/fernsehen\/sendungen\/hallo_niedersachsen\/Leben-ohne-Plastik,hallonds31364.html\" target=\"_blank\" rel=\"noopener noreferrer\">Leben ohne Plastik<\/a> in Osnabr\u00fcck (Hallo Niedersachsen)<\/li>\n<li>Juli 2016: \u00a0<a href=\"http:\/\/www.duh.de\/mehrweg_klimaschutz0.html\" target=\"_blank\" rel=\"noopener noreferrer\">Mehrweg ist Klimaschutz<\/a> (DUH)<\/li>\n<li>Juli 2016: \u00a0<a href=\"http:\/\/www.ted.com\/talks\/allan_savory_how_to_green_the_world_s_deserts_and_reverse_climate_change?language=en\" target=\"_blank\" rel=\"noopener noreferrer\">Allan Savory: How to fight desertification and reverse climate change<\/a> (TED)<br \/>\n&#8230; und hier weitere\u00a0<a href=\"http:\/\/blog.ted.com\/an-infographic-cheat-sheet-for-key-concepts-in-the-grazing-revolution\/\" target=\"_blank\" rel=\"noopener noreferrer\">Graphiken<\/a> dazu.<\/li>\n<li>Juni 2016: \u00a0<a href=\"http:\/\/www.duh.de\/5380.html?&amp;no_cache=1&amp;tx_ttnews%5Btt_news%5D=3851\" target=\"_blank\" rel=\"noopener noreferrer\">Danone Plastikflaschen noch un\u00f6konomischer<\/a> (Deutsche Umwelthilfe)<\/li>\n<li>Juni 2016: \u00a0<a href=\"https:\/\/www.albert-schweitzer-stiftung.de\/aktuell\/china-fleischkonsum#utm_source=nl16-26&amp;utm_medium=email&amp;utm_campaign=w-nl\" target=\"_blank\" rel=\"noopener noreferrer\">Chinesen wollen Fleischkonsum um 50% reduzieren<\/a> (Albert-Schweitzer-Stiftung)<\/li>\n<li>Juni 2016: \u00a0<a href=\"http:\/\/www.faz.net\/aktuell\/rhein-main\/forscher-insektizide-schaden-bienen-14289700.html\" target=\"_blank\" rel=\"noopener noreferrer\">Insektizide schaden Bienen doch <\/a>(FAZ.net)<\/li>\n<li>Juni 2016: \u00a0<a href=\"http:\/\/www.zdf.de\/ZDFmediathek\/beitrag\/live\/1822600\/Das-ZDF-im-Livestream#\/beitrag\/video\/2760094\/Kielings-wildes-Afrika\" target=\"_blank\" rel=\"noopener noreferrer\">Kielings Wildes Afrika<\/a> (ZDF, Terra X)<\/li>\n<li>Juni 2016: \u00a0<a href=\"http:\/\/www.tagesschau.de\/wirtschaft\/rewe-plastiktueten-101.html\" target=\"_blank\" rel=\"noopener noreferrer\">Rewe stoppt Plastikt\u00fctenverkauf <\/a>(ARD)<\/li>\n<li>Mai 2016: \u00a0<a href=\"http:\/\/www.zdf.de\/ZDFmediathek\/beitrag\/video\/2722844\/Sonne%252C-Wind-und-Wut#\/beitrag\/video\/2722844\/Sonne%252C-Wind-und-Wut\" target=\"_blank\" rel=\"noopener noreferrer\">Sonne, Wind und Wut<\/a> (ZDF Zoom)<\/li>\n<li>Mai 2016: \u00a0<a href=\"http:\/\/www.ard.de\/home\/wissen\/Globales_Sterben\/3211718\/index.html\" target=\"_blank\" rel=\"noopener noreferrer\">Artenvielfalt in Gefahr<\/a> (ARD)<\/li>\n<li>Mai 2016: \u00a0<a href=\"http:\/\/sonicsea.org\" target=\"_blank\" rel=\"noopener noreferrer\">Film: Sonic Sea<\/a> (Trailer)<\/li>\n<li>Mai 2016: \u00a0<a href=\"http:\/\/www.zdf.de\/ZDFmediathek\/beitrag\/video\/2717012\/Vegan---Revolution-auf-deutschen-Tellern?setTime=4.612#\/beitrag\/video\/2717012\/Vegan---Revolution-auf-deutschen-Tellern\" target=\"_blank\" rel=\"noopener noreferrer\">Vegan &#8211; Revolution auf deutschen Tellern<\/a> (ZDF, Planet e)<\/li>\n<li>Mai 2016: \u00a0<a href=\"http:\/\/www.zdf.de\/ZDFmediathek\/beitrag\/video\/2728278\/Schwein-gehabt%253F?setTime=3.866#\/beitrag\/video\/2728278\/Schwein-gehabt%253F\" target=\"_blank\" rel=\"noopener noreferrer\">Schwein gehabt? Von der W\u00fcrde unserer Nutztiere<\/a> (ZDF)<\/li>\n<li>April 2016: \u00a0<a href=\"https:\/\/www.youtube.com\/watch?v=lP3v2GICC0E\" target=\"_blank\" rel=\"noopener noreferrer\">Power to Change \u00a0&#8211; Die EnergieRebellion<\/a> (Trailer)<\/li>\n<li>April 2016: \u00a0<a href=\"http:\/\/www.gfs-umweltausschuss.de\/wp-content\/uploads\/2016_OV_0420_RebhuhnAussterben.jpg\" target=\"_blank\" rel=\"noopener noreferrer\">Rebhuhn droht im LK Vechta auszusterben<\/a> (OV)<\/li>\n<li>April 2016: \u00a0<a href=\"https:\/\/www.youtube.com\/watch?v=eg-E1FtjaxY\" target=\"_blank\" rel=\"noopener noreferrer\">The Story of a Spoon<\/a> (youtube)<\/li>\n<li>April 2016: \u00a0<a href=\"https:\/\/www.greenpeace.de\/meeresschutz\" target=\"_blank\" rel=\"noopener noreferrer\">Meere brauchen Schutzgebiete<\/a> (Greenpeace)<\/li>\n<li>April 2016: \u00a0<a href=\"http:\/\/faszination-ameisen.de\" target=\"_blank\" rel=\"noopener noreferrer\">Faszination Ameise<\/a> (HP)<\/li>\n<li>M\u00e4rz\u00a02016: \u00a0<a href=\"http:\/\/www.zdf.de\/ZDFmediathek#\/beitrag\/video\/2700916\/Im-Zauber-der-Wildnis---Island\" target=\"_blank\" rel=\"noopener noreferrer\">Island<\/a> (ZDF &#8211; Terra X)<\/li>\n<li>M\u00e4rz 2016: \u00a0<a href=\"http:\/\/www.zdf.de\/ZDFmediathek\/beitrag\/live\/1822600\/Das-ZDF-im-Livestream#\/beitrag\/video\/2701948\/Kampf-um-polnisches-Naturschutzgebiet\" target=\"_blank\" rel=\"noopener noreferrer\">Europas letzter gr\u00f6\u00dferer\u00a0Urwald in Gefahr<\/a> (ZDF)<\/li>\n<li>M\u00e4rz 2016: \u00a0<a href=\"https:\/\/www.youtube.com\/watch?v=01ojDA7XsDs\" target=\"_blank\" rel=\"noopener noreferrer\">Stiftung Zukunft Wald<\/a> (YouTube)<\/li>\n<li>M\u00e4rz 2016: \u00a0<a href=\"http:\/\/www.gfs-umweltausschuss.de\/wp-content\/uploads\/2016_03_Bild-der-Wiss_Schweine.pdf\" target=\"_blank\" rel=\"noopener noreferrer\">Verbl\u00fcffende \u00c4hnlichkeit zwischen Mensch und Schwein<\/a> (Bild der Wissenschaft)<\/li>\n<li>M\u00e4rz 2016: \u00a0<a href=\"http:\/\/www.zdf.de\/ZDFmediathek#\/beitrag\/video\/1965040\/Wasser?-Lieber-nicht-aus-der-Flasche!\" target=\"_blank\" rel=\"noopener noreferrer\">Wasser? Lieber nicht aus der Flasche!<\/a> (ZDF)<\/li>\n<li>Februar 2016: \u00a0<a href=\"http:\/\/www.zdf.de\/ZDFmediathek\/beitrag\/video\/2669078\/Der-wahre-Fluch-der-Karibik#\/beitrag\/video\/2669078\/Der-wahre-Fluch-der-Karibik\" target=\"_blank\" rel=\"noopener noreferrer\">Der wahre Fluch der Karibik<\/a> (ZDF, Terra X)<\/li>\n<li>Februar 2016: \u00a0<a href=\"https:\/\/www.youtube.com\/watch?v=gcP2Afp7xnE\" target=\"_blank\" rel=\"noopener noreferrer\">Das schmutzige\u00a0Geheimnis\u00a0sauberer Windr\u00e4der<\/a> (Panorama)<\/li>\n<li>Februar 2016: \u00a0<a href=\"https:\/\/vimeo.com\/27309502\" target=\"_blank\" rel=\"noopener noreferrer\">Industrielle Fischerei<\/a> (Vimeo)<\/li>\n<li>Februar 2016: \u00a0<a href=\"http:\/\/www.zdf.de\/ZDFmediathek\/beitrag\/video\/2652844\/Das-leise-Sterben-der-Loewen#\/beitrag\/video\/2652844\/Das-leise-Sterben-der-Loewen\" target=\"_blank\" rel=\"noopener noreferrer\">Das leise Sterben der L\u00f6wen<\/a> (ZDF, Planet e)<\/li>\n<li>Januar 2016: \u00a0<a href=\"http:\/\/www.zeit.de\/wissen\/umwelt\/2016-01\/plastik-umweltverschmutzung-meer-studie-weltwirtschaftsforum\" target=\"_blank\" rel=\"noopener noreferrer\">In 35 Jahren mehr Plastik als Fische im Meer<\/a> (ZEIT)<\/li>\n<li>Januar 2016: \u00a0<a href=\"http:\/\/www.umwelt-im-unterricht.de\">Umwelt im Unterricht<\/a> (Bundesumweltministerium)<\/li>\n<li>Januar 2016: \u00a0<a href=\"http:\/\/26083.seu.cleverreach.com\/m\/9766051\/0-dbcb8cac9da90db6af007119bb0d9794\" target=\"_blank\" rel=\"noopener noreferrer\">Newsletter NaJu\u00a0<\/a><\/li>\n<li>Januar 2016: \u00a0<a href=\"https:\/\/www.facebook.com\/albertschweitzerstiftung\/videos\/vb.121097790490\/10153705467580491\/?type=2&amp;theater\" target=\"_blank\" rel=\"noopener noreferrer\">Gut gerutscht<\/a>\u00a0(Albert Schweitzer Stiftung)<\/li>\n<li>Dezember 2015: \u00a0<a href=\"https:\/\/www.youtube.com\/watch?v=CPOFXjC3m-g\" target=\"_blank\" rel=\"noopener noreferrer\">Our \u00a0Biggest Victories of 2015<\/a> (NRDC)<\/li>\n<li>Dezember 2015: \u00a0<a href=\"http:\/\/www.zdf.de\/ZDFmediathek#\/beitrag\/video\/2626592\/UN-Konferenz-beschlie\u00dft-Weltklimavertrag\" target=\"_blank\" rel=\"noopener noreferrer\">Klima-Abkommen Paris<\/a> (ZDF)<\/li>\n<li>Dezember 2015: \u00a0<a href=\"https:\/\/www.youtube.com\/watch?v=V6-0kYhqoRo\" target=\"_blank\" rel=\"noopener noreferrer\">Weihnachten<\/a> (Edeka-Clip)<\/li>\n<li>Dezember 2015: \u00a0<a href=\"http:\/\/www.zdf.de\/ZDFmediathek#\/beitrag\/video\/2618508\/Berlin:-Greenpeace-misst-hohe-NO2-Werte\" target=\"_blank\" rel=\"noopener noreferrer\">Stickstoffdioxid-Belastung in dt. St\u00e4dten<\/a> (ZDF &#8211; heute)<\/li>\n<li>November 2015: \u00a0<a href=\"https:\/\/www.youtube.com\/watch?list=PLTNCJLgbCG-O9EYHlSDnhwIhh1aLkiINe&amp;v=l2hN83QdOfE\" target=\"_blank\" rel=\"noopener noreferrer\">Global Climate March 2015<\/a> (youtube)<\/li>\n<li>November 2015: \u00a0<a href=\"https:\/\/www.youtube.com\/watch?v=89xuO7k8ccM\" target=\"_blank\" rel=\"noopener noreferrer\">Robert Redford: Demand Climate Action at the Paris Climate Summit<\/a> (youtube)<\/li>\n<li>November 2015: \u00a0<a href=\"http:\/\/www.zdf.de\/ZDFmediathek#\/beitrag\/video\/2053086\/ZDFzoom:-S\u00fc\u00df-und-gef\u00e4hrlich\" target=\"_blank\" rel=\"noopener noreferrer\">Zucker \u00a0&#8211; \u00a0s\u00fc\u00df und gef\u00e4hrlich<\/a> (ZDFzoom)<\/li>\n<li>November 2015: \u00a0<a href=\"http:\/\/www.kreiszeitung.de\/lokales\/diepholz\/lemfoerde-ort48657\/elfte-klasse-graf-friedrich-schule-forscht-duemmer-5877606.html\" target=\"_blank\" rel=\"noopener noreferrer\">Warum geht der Lohne die Luft aus?<\/a> (Diepholzer Kreisblatt)<\/li>\n<li>Oktober 2015: \u00a0<a title=\"DreckigesGold\" href=\"http:\/\/www.zdf.de\/ZDFmediathek\/beitrag\/video\/2507232\/Dreckiges-Gold#\/beitrag\/video\/2507232\/Dreckiges-Gold\" target=\"_blank\" rel=\"noopener noreferrer\">Dreckiges Gold<\/a> (ZDF Zoom)<\/li>\n<li>Oktober 2015: \u00a0<a href=\"http:\/\/www.gfs-umweltausschuss.de\/wp-content\/uploads\/2015_OV_1005_K\u00fche-Frischling.jpg\" target=\"_blank\" rel=\"noopener noreferrer\">Frischling findet neue Familie<\/a> (OV)<\/li>\n<li>Oktober 2015: \u00a0<a title=\"Grunzmobil\" href=\"http:\/\/albert-schweitzer-stiftung.de\/aktuell\/grunzmobil-heidelberger-schulen#utm_source=nl15-40&amp;utm_medium=email&amp;utm_campaign=w-nl\" target=\"_blank\" rel=\"noopener noreferrer\">Grunzmobil besucht Heidelberger Schulen<\/a> (Albert-Schweitzer-Stiftung)<\/li>\n<li>September 2015: \u00a0<a title=\"Banglad\" href=\"http:\/\/www.zdf.de\/ZDFmediathek\/beitrag\/video\/2496242\/Gesichter-der-Armut#\/beitrag\/video\/2496242\/Gesichter-der-Armut\" target=\"_blank\" rel=\"noopener noreferrer\">Textilproduktion in Bangladesch<\/a> (ZDF, 37 Grad)<\/li>\n<li>September 2015: \u00a0<a title=\"Krec\" href=\"http:\/\/www.kreiszeitung.de\/lokales\/diepholz\/diepholz-ort28581\/sasa-krec-durch-veganes-essen-5574295.html\" target=\"_blank\" rel=\"noopener noreferrer\">Sasa Krec: Fit durch veganes Essen<\/a> (Diepholzer Kreiszeitung)<\/li>\n<li>September 2015: \u00a0<a title=\"Kreuzfahrtschiffe\" href=\"http:\/\/www.gfs-umweltausschuss.de\/wp-content\/uploads\/2015_0925_OV_Kreuzfahrtschiffe.jpg\" target=\"_blank\" rel=\"noopener noreferrer\">Kreuzfahrtschiffe<\/a> (OV)<\/li>\n<li>September 2015: \u00a0<a title=\"FrackingBorringhausen\" href=\"http:\/\/www.gfs-umweltausschuss.de\/wp-content\/uploads\/2015_0925_Ov_FrackingBorringhausen-72.jpg\" target=\"_blank\" rel=\"noopener noreferrer\">Fracking<\/a> in Borringhausen (OV)<\/li>\n<li>August 2015: \u00a0<a href=\"http:\/\/www.nordsehen.tv\/Videos\/umweltwoche-2015-in-damme\/\" target=\"_blank\" rel=\"noopener noreferrer\">Umweltwoche in Damme 2015<\/a> (nordsehen.tv)<\/li>\n<li>August 2015: \u00a0<a title=\"Lebensbaum\" href=\"http:\/\/www.kreiszeitung.de\/lokales\/diepholz\/diepholz-ort28581\/erste-diepholzer-gespraeche-teilnehmer-ulrich-walter-referent-5531179.html\" target=\"_blank\" rel=\"noopener noreferrer\">Lebensbaum<\/a> (Kreiszeitung)<\/li>\n<li>August 2015: \u00a0<a title=\"Getr\u00e4nkekartons\" href=\"http:\/\/www.zdf.de\/ZDFmediathek#\/beitrag\/video\/2350182\/Die-Mogelverpackung\" target=\"_blank\" rel=\"noopener noreferrer\">Recycling von\u00a0Getr\u00e4nkekartons <\/a>(ZDF Zoom)<\/li>\n<li>Juli 2015: <a title=\"Discounter\" href=\"http:\/\/www.zdf.de\/ZDFmediathek#\/beitrag\/video\/2441182\/Die-Macht-von-Aldi,-Edeka-&amp;-Co\" target=\"_blank\" rel=\"noopener noreferrer\"> Die Macht der Discounter<\/a> (ZDF Zoom)<\/li>\n<li>Juli 2015: \u00a0<a title=\"Unterricht\" href=\"http:\/\/www.umwelt-im-unterricht.de\" target=\"_blank\" rel=\"noopener noreferrer\">Umwelt im Unterricht<\/a> (Bundesumweltministerium)<\/li>\n<li>Juli 2015: \u00a0<a title=\"L\u00f6wen\" href=\"http:\/\/www.zdf.de\/ZDFmediathek\/beitrag\/video\/2438276\/Hannes-Jaenicke---Im-Einsatz-fuer-Loewen?setTime=4.823#\/beitrag\/video\/2438276\/Hannes-Jaenicke---Im-Einsatz-fuer-Loewen\" target=\"_blank\" rel=\"noopener noreferrer\">Ein Einsatz f\u00fcr L\u00f6wen <\/a>(ZDF)<\/li>\n<li>Juli 2015: \u00a0<a title=\"Haltbarkeit\" href=\"http:\/\/www.zdf.de\/ZDFmediathek\/beitrag\/live\/1822600\/Das-ZDF-im-Livestream#\/beitrag\/video\/2437314\/Haltbar-ohne-Ende\" target=\"_blank\" rel=\"noopener noreferrer\">Haltbar ohne Ende?<\/a> (ZDF, Planet E)<\/li>\n<li>Juni 2015: <a title=\"Pranger\" href=\"http:\/\/www.ardmediathek.de\/tv\/Hart-aber-fair\/Fleischesser-am-Pranger-kommt-jetzt-da\/Das-Erste\/Video?documentId=29005228&amp;bcastId=561146\" target=\"_blank\" rel=\"noopener noreferrer\">Fleischesser am Pranger?<\/a> (Hart, aber fair, ARD)<\/li>\n<li>Juni 2015: \u00a0<a title=\"TerraXpress\" href=\"http:\/\/www.zdf.de\/ZDFmediathek\/beitrag\/video\/2420836\/Was-tun%252C-wenn-ein-Wolf-dasteht%253F?setTime=24.496#\/beitrag\/video\/2420836\/Was-tun%252C-wenn-ein-Wolf-dasteht%253F\" target=\"_blank\" rel=\"noopener noreferrer\">W\u00f6lfe und Kr\u00e4hen in Menschenn\u00e4he<\/a> (TerraXpress, ZDF)<\/li>\n<li>Juni 2015: \u00a0<a title=\"PlasticSong\" href=\"https:\/\/www.youtube.com\/watch?v=DuqIaIctctc\" target=\"_blank\" rel=\"noopener noreferrer\">Don&#8217;t put it in a bag for me<\/a> (youtube)<\/li>\n<li>Juni 2015: \u00a0<a title=\"Welt-Umwelttag\" href=\"http:\/\/www.zdf.de\/ZDFmediathek#\/beitrag\/video\/2419314\/Ressourcenverschwendung-zu-hoch\" target=\"_blank\" rel=\"noopener noreferrer\">Welt-Umwelttag<\/a> (ZDF)<\/li>\n<li>Mai 2015: \u00a0<a title=\"Sprichwort\" href=\"http:\/\/www.gfs-umweltausschuss.de\/wp-content\/uploads\/AfrikSprichwort.jpg\" target=\"_blank\" rel=\"noopener noreferrer\">Die beste Zei<\/a>t &#8230; (Afrikanisches Sprichwort)<\/li>\n<li>Mai 2015: \u00a0<a title=\"ttip\" href=\"http:\/\/www.ardmediathek.de\/tv\/Doku-in-Einsfestival\/Der-gro%25C3%259Fe-Deal-wer-profitiert-von-TTIP\/Einsfestival\/Video?documentId=28514480&amp;bcastId=13980890\" target=\"_blank\" rel=\"noopener noreferrer\">Wer profitiert von TTIP<\/a> (ARD-Monitor)<\/li>\n<li>Mai 2015: \u00a0<a title=\"ImmermehrFisch?\" href=\"http:\/\/www.kritischer-agrarbericht.de\/fileadmin\/Daten-KAB\/KAB-2015\/KAB2015_289_292_Tsilimekis_Bohl.pdf\" target=\"_blank\" rel=\"noopener noreferrer\">Immer mehr Fisch auf den Tisch?<\/a> (Albert-Schweitzer-Stiftung)<\/li>\n<li>Mai 2015: \u00a0<a title=\"Bassum\" href=\"http:\/\/www.kreiszeitung.de\/lokales\/diepholz\/bassum-ort51127\/bergfest-abfallwirtschaftsgesellschaft-bassum-4961629.html\" target=\"_blank\" rel=\"noopener noreferrer\">Bergfest der Abfallwirtschaftsgesellschaft Bassum<\/a> (Kreiszeitung)<\/li>\n<li>April 2015: \u00a0<a title=\"Waterworld\" href=\"http:\/\/www.gfs-umweltausschuss.de\/wp-content\/uploads\/150320c_f_d.jpg\" target=\"_blank\" rel=\"noopener noreferrer\">Waterworld<\/a> (<a title=\"Tomicek\" href=\"http:\/\/tomicek.de\" target=\"_blank\" rel=\"noopener noreferrer\">Tomicek<\/a>)<\/li>\n<li>April 2015: \u00a0<a href=\"http:\/\/www.ardmediathek.de\/tv\/Weltbilder\/Saudi-Arabien-Gr\u00f6\u00dfte-Molkerei-der-Welt\/NDR-Fernsehen\/Video?documentId=26971734&amp;bcastId=3906326\" target=\"_blank\" rel=\"noopener noreferrer\">Saudi-Arabien: Gr\u00f6\u00dfte Molkerei der Welt<\/a> (ARD)<\/li>\n<li>April 2015: \u00a0<a title=\"Kaninchen\" href=\"http:\/\/www.gfs-umweltausschuss.de\/wp-content\/uploads\/2015_OV_0404_Kaninchen-72.jpg\" target=\"_blank\" rel=\"noopener noreferrer\">Kaninchen<\/a> (OV)<\/li>\n<li>M\u00e4rz 2015: \u00a0<a title=\"Umweltwoche\" href=\"http:\/\/www.gfs-umweltausschuss.de\/wp-content\/uploads\/2015_OV_0330_Umweltwoche_M\u00fcllsammeln-72.jpg\" target=\"_blank\" rel=\"noopener noreferrer\">Tausende B\u00fcrger sammeln M\u00fcll in der Umweltwoche<\/a> (OV)<\/li>\n<li>M\u00e4rz 2015: \u00a0<a title=\"BottledLife\" href=\"http:\/\/www.ardmediathek.de\/tv\/Bottled-Life\/Bottled-Life-Die-Wahrheit-\u00fcber-Nestl\u00e9s\/ARD-alpha\/Video?documentId=27190696&amp;bcastId=27129736\" target=\"_blank\" rel=\"noopener noreferrer\">Bottled Life <\/a>&#8211; Nestles Gesch\u00e4fte mit dem Wasser\u00a0(ARD)<\/li>\n<li>M\u00e4rz 2015: \u00a0<a title=\"WilliRolfes\" href=\"http:\/\/www.willirolfes.de\" target=\"_blank\" rel=\"noopener noreferrer\">Naturphotograph Willi Rolfes<\/a> (HP)<\/li>\n<li>M\u00e4rz 2015: \u00a0<a title=\"Schlachthofaktion\" href=\"http:\/\/albert-schweitzer-stiftung.de\/aktuell\/schlachthof-aktion-5-tage-5-staedte\" target=\"_blank\" rel=\"noopener noreferrer\">Schlachthofaktion der Albert-Schweitzer-Stiftung<\/a> (HP)<\/li>\n<li>Februar 2015: \u00a0<a title=\"Zirkustiere\" href=\"http:\/\/www.zdf.de\/ZDFmediathek\/beitrag\/video\/2354362\/Wildtiere-Quaelerei-in-der-Manege#\/beitrag\/video\/2354362\/Wildtiere-Quaelerei-in-der-Manege\" target=\"_blank\" rel=\"noopener noreferrer\">Wildtiere &#8211; Qu\u00e4lerei in der Maneg<\/a>e (ZDF &#8211; Frontal21)<\/li>\n<li>Februar 2015: \u00a0<a title=\"KahlschlagkrediteStop\" href=\"http:\/\/www.greenpeace.de\/themen\/waelder\/kahlschlag-kredite-gestoppt\" target=\"_blank\" rel=\"noopener noreferrer\">Kahlschlag-Kredite gestoppt<\/a> (Greenpeace)<\/li>\n<li>Februar 2015: \u00a0<a title=\"Wolfskonzept\" href=\"http:\/\/www.gfs-umweltausschuss.de\/wp-content\/uploads\/2012_11_14_Wolfskonzept.pdf\" target=\"_blank\" rel=\"noopener noreferrer\">Der Wolf in Niedersachsen<\/a> (Nds. Umweltministerium)<\/li>\n<li>Februar 2015: \u00a0<a title=\"SawtoothMountains\" href=\"https:\/\/www.youtube.com\/watch?v=2TlqwrRVL7A\" target=\"_blank\" rel=\"noopener noreferrer\">Leben mit W\u00f6lfen<\/a> und <a title=\"SchwarzerWolf\" href=\"https:\/\/www.youtube.com\/watch?v=pI22kSgmz6w\" target=\"_blank\" rel=\"noopener noreferrer\">Der Schwarze Wolf <\/a>(youtube)<\/li>\n<li>Januar 2015: \u00a0<a href=\"http:\/\/www.gfs-umweltausschuss.de\/wp-content\/uploads\/2013-14_StauauswertungNiedersachsen.jpg\" target=\"_blank\" rel=\"noopener noreferrer\">Stauauswertung Niedersachsen\u00a0<\/a><\/li>\n<li>Januar 2015: \u00a0<a title=\"Hamster\" href=\"https:\/\/www.youtube.com\/watch?v=1mogD3h_A14&amp;feature=youtube_gdata_player\" target=\"_blank\" rel=\"noopener noreferrer\">Rettung des Feldhamsters<\/a> (youtube)<\/li>\n<li>Januar 2015: \u00a0<a title=\"Seele\" href=\"http:\/\/cdn-storage.br.de\/MUJIuUOVBwQIbtChb6OHu7ODifWH_-b6\/_-iS\/_A8c_-vP\/150128_0905_radioWissen_Haben-Tiere-eine-Seele---Religionen-als-Anw.mp3\" target=\"_blank\" rel=\"noopener noreferrer\">Haben Tiere eine Seele?<\/a> (RadioWissen)<\/li>\n<li>Januar 2015: \u00a0<a title=\"GreenpeaceNachrichten\" href=\"https:\/\/www.keosk.de\/read\/d5nXQ0b7Hbb2I\/epaper-Greenpeace_Nachrichten_1_2015\" target=\"_blank\" rel=\"noopener noreferrer\">Greenpeace-Magazin <\/a>(u.a. Fischfang, Urwaldzerst\u00f6rung, Leben im Plastoz\u00e4n, Kleidungsproduktion)<\/li>\n<li>Januar 2015: \u00a0<a title=\"Wirhabenessatt\" href=\"http:\/\/albert-schweitzer-stiftung.de\/aktuell\/wir-haben-es-satt-demo-2015#Video\" target=\"_blank\" rel=\"noopener noreferrer\">Wir-haben-es-satt-Demo in Berlin<\/a> (Albert-Schweitzer-Stiftung)<\/li>\n<li>Dezember 2014: \u00a0<a title=\"nrdc\" href=\"https:\/\/www.youtube.com\/watch?v=XoXh8_OznO0\" target=\"_blank\" rel=\"noopener noreferrer\">NRDC &#8211; Victories<\/a> (youtube)<\/li>\n<li>Dezember 2014: \u00a0TISA (<a title=\"TIWAwikipedia\" href=\"http:\/\/de.wikipedia.org\/wiki\/Trade_in_Services_Agreement\" target=\"_blank\" rel=\"noopener noreferrer\">wikipedia <\/a>+ <a title=\"TisaPlusMinus\" href=\"http:\/\/www.daserste.de\/information\/wirtschaft-boerse\/plusminus\/videos\/dienstleistungsabkommen-tisa-100.html\" target=\"_blank\" rel=\"noopener noreferrer\">plusminus<\/a>)<\/li>\n<li>Dezember 2014: \u00a0<a title=\"Zoos\" href=\"https:\/\/www.youtube.com\/watch?v=2Hdo5K4Xv1s\" target=\"_blank\" rel=\"noopener noreferrer\">Hinter den Kulissen der deutschen Zoos<\/a> (WDR)<\/li>\n<li>Dezember 2014: \u00a0<a title=\"WildtiereZirkus\" href=\"http:\/\/www.zdf.de\/ZDFmediathek#\/beitrag\/video\/2306984\/Ohne-Wildtiere-in-der-Manege\" target=\"_blank\" rel=\"noopener noreferrer\">Verbot von Wildtieren im Zirkus<\/a> in den Niederlanden (ZDF)<\/li>\n<li>Dezember 2014: \u00a0<a title=\"Loewen\" href=\"http:\/\/www.zeit.de\/wissen\/2013-01\/Loewen-Afrika-Lebensraum-Bedrohung\/komplettansicht\" target=\"_blank\" rel=\"noopener noreferrer\">L\u00f6wen<\/a> (Die ZEIT)<\/li>\n<li>Dezember 2014: \u00a0<a title=\"Durst\" href=\"http:\/\/www.zdf.de\/ZDFmediathek\/beitrag\/video\/2284986\/ZDFzoom-Tickende-Zeitbomben#\/beitrag\/video\/2279950\/DURST!\" target=\"_blank\" rel=\"noopener noreferrer\">Durst<\/a>! (ZDF)<\/li>\n<li>November 2014: \u00a0<a title=\"Speicher\" href=\"http:\/\/www.zdf.de\/ZDFmediathek\/beitrag\/video\/2284986\/ZDFzoom-Tickende-Zeitbomben#\/beitrag\/video\/2284986\/ZDFzoom-Tickende-Zeitbomben\" target=\"_blank\" rel=\"noopener noreferrer\">Zeitbomben unter der Erde<\/a> (ZDF-Zoom)<\/li>\n<li>November 2014: \u00a0<a title=\"Damme\" href=\"http:\/\/www.gfs-umweltausschuss.de\/wp-content\/uploads\/2014_OV_Nov15_BaumpflanzenGymDamme-72.jpg\" target=\"_blank\" rel=\"noopener noreferrer\">Baumpflanzaktion in Damme<\/a> (Zeitungsbericht OV)<\/li>\n<li>November 2014: \u00a0Film: Deutschlands wilde V\u00f6gel (<a title=\"WildeV\u00f6gel\" href=\"http:\/\/www.gfs-umweltausschuss.de\/wp-content\/uploads\/PlakatDeutschlandswildeV\u00f6gel.jpg\" target=\"_blank\" rel=\"noopener noreferrer\">Filmplakat<\/a> und <a title=\"WildeV\u00f6gel1\" href=\"http:\/\/www.youtube.com\/watch?v=LLzg4Wvijz4&amp;hspart=ddc&amp;hsimp=yhs-ecosia_03&amp;vm=p\" target=\"_blank\" rel=\"noopener noreferrer\">Trailer von Teil 1<\/a>)<\/li>\n<li>November 2014: \u00a0<a title=\"Bingo\" href=\"https:\/\/www.youtube.com\/watch?v=F3IHTbzA3eI\" target=\"_blank\" rel=\"noopener noreferrer\">Bingo Umweltstiftung<\/a> (youtube)<\/li>\n<li>Oktober 2014: \u00a0<a title=\"Plastikt\u00fcten\" href=\"http:\/\/www.zdf.de\/ZDFmediathek\/hauptnavigation\/startseite#\/kanaluebersicht\/2114262\/thema\/Frontal21---Die-Zahl\" target=\"_blank\" rel=\"noopener noreferrer\">Kein Plastikt\u00fcten-Verbot in der EU<\/a> (Frontal 21 &#8211; Die Zahl)<\/li>\n<li>Oktober 2014: \u00a0Neuer\u00f6ffnung &#8222;<a title=\"Moorwelten\" href=\"http:\/\/www.efmk.de\" target=\"_blank\" rel=\"noopener noreferrer\">Moorwelten &#8211; Europ\u00e4isches Fachzentrum Moor und Klima Wagenfeld<\/a>&#8222;<\/li>\n<li>Oktober 2014: \u00a0<a title=\"Atlantic\" href=\"http:\/\/www.theatlantic.com\/health\/archive\/2014\/10\/the-amish-farmer-replacing-pesticides-with-nutrition\/380825\/\" target=\"_blank\" rel=\"noopener noreferrer\">Replacing pesticides with nutrition<\/a> (The Atlantic)<\/li>\n<li>Oktober 2014: \u00a0Erfolg: <a title=\"Virunga\" href=\"http:\/\/www.wwf.de\/themen-projekte\/projektregionen\/virunga\/abgewendet-keine-oelbohrungen-in-virunga\/?utm_source=kampagnennewsletter&amp;utm_medium=newsletter&amp;utm_campaign=sos+virunga\" target=\"_blank\" rel=\"noopener noreferrer\">Keine \u00d6lbohrungen in Virunga<\/a> (wwf)<\/li>\n<li>September 2014: \u00a0<a title=\"Humpback\" href=\"https:\/\/www.youtube.com\/watch?v=tcXU7G6zhjU\" target=\"_blank\" rel=\"noopener noreferrer\">Rettung eines jungen Buckelwals<\/a> (youtube)<\/li>\n<li>September 2014: \u00a0<a title=\"Bienensterben\" href=\"http:\/\/www.ardmediathek.de\/tv\/betrifft-\/Warum-sterben-die-Bienen-Imker-schlagen\/SWR-Fernsehen\/Video?documentId=23643872&amp;bcastId=1100786&amp;mpage=page.download\" target=\"_blank\" rel=\"noopener noreferrer\">Warum sterben unsere Bienen?<\/a> (swr)<\/li>\n<li>September 2014: \u00a0<a title=\"Grunzmobil\" href=\"http:\/\/albert-schweitzer-stiftung.de\/aktuell\/grunzmobil-clara-schumann-gymnasium\" target=\"_blank\" rel=\"noopener noreferrer\">Schulbesuch des Grunzmobils<\/a> (Albert-Schweitzer-Stiftung)<\/li>\n<li>September 2014: \u00a0<a title=\"RR-Fracking\" href=\"https:\/\/www.youtube.com\/watch?v=OMniWt2UTRU\" target=\"_blank\" rel=\"noopener noreferrer\">Robert Redford: Fracking Puts Our Drinking Water at Risk<\/a> (youtube)<\/li>\n<li>September 2014: \u00a0<a title=\"Berge\" href=\"http:\/\/www.youtube.com\/watch?v=IS_mantk3tA\" target=\"_blank\" rel=\"noopener noreferrer\">Berge: 10.000 Tr\u00e4nen<\/a> (youtube)<\/li>\n<li>August 2014: \u00a0<a title=\"Holz\u00f6fen\" href=\"http:\/\/www.gfs-umweltausschuss.de\/wp-content\/uploads\/2014_August19_FAZ_Holz\u00f6fenFeinstaubbelastung.jpg\" target=\"_blank\" rel=\"noopener noreferrer\">Hohe Feinstaubbelastung durch Holz\u00f6fen<\/a> (FAZ)<\/li>\n<li>August 2014: \u00a0<a title=\"MehrRechteF\u00fcrTiere\" href=\"http:\/\/www.zdf.de\/ZDFmediathek\/beitrag\/video\/2211140\/Waechst-in-Deutschland-neuer-Judenhass%253F?setTime=9.127#\/beitrag\/video\/2206718\/Mehr-Rechte-f\u00fcr-Tiere\" target=\"_blank\" rel=\"noopener noreferrer\">Mehr Rechte f\u00fcr Tiere?<\/a> (ZDF &#8211; Log in)<\/li>\n<li>August 2014: \u00a0<a title=\"WonderfulWorld\" href=\"https:\/\/www.youtube.com\/watch?v=B8WHKRzkCOY&amp;feature=youtube_gdata_player\" target=\"_blank\" rel=\"noopener noreferrer\">David Attenborough &#8211; Wonderful World<\/a> (youtube)<\/li>\n<li>August 2014: \u00a0<a title=\"Bienen\" href=\"http:\/\/www.kreiszeitung.de\/lokales\/diepholz\/bassum-ort51127\/ruecker-claudia-kemper-kritisieren-monokulturen-haeufiges-maehen-3760639.html\" target=\"_blank\" rel=\"noopener noreferrer\">Unsere Bienen verhungern<\/a> (Kreiszeitung)<\/li>\n<li>August 2014: \u00a0<a title=\"Leserbrief\" href=\"http:\/\/www.gfs-umweltausschuss.de\/wp-content\/uploads\/2014_OV_Aug1-721.jpg\" target=\"_blank\" rel=\"noopener noreferrer\">Leserbrief<\/a> zum Thema &#8222;Meyer setzt auf heimisches Futter&#8220; (OV)<\/li>\n<li>Juli 2014: \u00a0<a title=\"Elefanten\" href=\"http:\/\/www.zdf.de\/ZDFmediathek\/beitrag\/video\/2207988\/Hannes-Jaenicke-im-Einsatz-fuer-Elefanten?setTime=72.873#\/beitrag\/video\/2207988\/Hannes-Jaenicke-im-Einsatz-fuer-Elefanten\" target=\"_blank\" rel=\"noopener noreferrer\">Einsatz f\u00fcr Elefanten<\/a> (ZDF)<\/li>\n<li>Juli 2014: \u00a0<a title=\"Dickel\" href=\"http:\/\/www.gfs-umweltausschuss.de\/wp-content\/uploads\/2014_OV_Juli21_Dickel.jpg\" target=\"_blank\" rel=\"noopener noreferrer\">Tierschutzhof Dickel<\/a> (OV)<\/li>\n<li>Juli 2014: \u00a0<a title=\"EisigeWelten\" href=\"http:\/\/www.zdf.de\/ZDFmediathek#\/beitrag\/video\/1517950\/Eisige-Welten:-Aufbruch-ins-Leben-(HD)\" target=\"_blank\" rel=\"noopener noreferrer\">Eisige Welten &#8211; Aufbruch ins Leben<\/a> (ZDF)<\/li>\n<li>Juli 2014: \u00a0Wissen zum Weitersagen: <a title=\"Maulbrueter\" href=\"http:\/\/media.ndr.de\/progressive\/2014\/0730\/AU-20140730-0459-2442.mp3\" target=\"_blank\" rel=\"noopener noreferrer\">Maulbr\u00fcter<\/a> (NDR)<\/li>\n<li>Juli 2014: \u00a0<a title=\"MoreThanHoney\" href=\"http:\/\/www.ardmediathek.de\/tv\/Reportage-Dokumentation\/More-than-Honey-Bitterer-Honig\/Das-Erste\/Video?documentId=22161396&amp;bcastId=799280\" target=\"_blank\" rel=\"noopener noreferrer\">More than Honey<\/a> (ARD)<\/li>\n<li>Juni 2014: \u00a0<a title=\"JungerMann+Meer\" href=\"http:\/\/tedxtalks.ted.com\/video\/How-the-oceans-can-clean-them-2\" target=\"_blank\" rel=\"noopener noreferrer\">Der junge Mann und das Meer<\/a> (TED-talk)<\/li>\n<li>Juni 2014: \u00a0<a title=\"Yacouba\" href=\"http:\/\/www.daserste.de\/information\/politik-weltgeschehen\/weltspiegel\/sendung\/swr\/2013\/burkina-faso-baeume-wueste-100.html\" target=\"_blank\" rel=\"noopener noreferrer\">Burkina Faso: Yacoubas Wunder<\/a> (SWR)<\/li>\n<li>Juni 2014: \u00a0<a title=\"Antibiotika\" href=\"http:\/\/www.zdf.de\/ZDFmediathek\/beitrag\/video\/2167254\/ZDFzoom-Gefahr-aus-dem-Stall?setTime=129.672#\/beitrag\/video\/2167254\/ZDFzoom-Gefahr-aus-dem-Stall\" target=\"_blank\" rel=\"noopener noreferrer\">T\u00f6dliche Gefahr aus dem Stall<\/a> (ZDF-Zoom)<\/li>\n<li>Juni 2014: \u00a0<a title=\"Tierethik\" href=\"http:\/\/www.ndr.de\/info\/tiere2435.html\" target=\"_blank\" rel=\"noopener noreferrer\">Artgerecht ist nur die Freiheit<\/a> (zwei Buchbesprechungen auf ard.de)<\/li>\n<li>Mai 2014: \u00a0Reinhard Mey:\u00a0<a title=\"LiedVonHandGemacht\" href=\"http:\/\/www.youtube.com\/watch?v=GRbeXlAZAoc\" target=\"_blank\" rel=\"noopener noreferrer\">Ein St\u00fcck Musik von Hand gemacht <\/a>(youtube)<\/li>\n<li>Mai 2014: \u00a0<a title=\"Schweinswale\" href=\"http:\/\/www.zdf.de\/ZDFmediathek#\/beitrag\/video\/2153170\/Wale-in-der-L\u00e4rmfalle\" target=\"_blank\" rel=\"noopener noreferrer\">Schweinswale in der L\u00e4rmfalle<\/a> (ZDF Planet e)<\/li>\n<li>Mai 2014: \u00a0<a title=\"Loccum\" href=\"http:\/\/www.loccum.de\/prima_klima.pdf\" target=\"_blank\" rel=\"noopener noreferrer\">Prima Klima in Niedersachsen<\/a> &#8211; Veranstaltungsreihe in Loccum<\/li>\n<li>Mai 2014: \u00a0<a title=\"Erdbeben\" href=\"http:\/\/www.radiobremen.de\/wissen\/nachrichten\/erdbebem-syke100.html\" target=\"_blank\" rel=\"noopener noreferrer\">Erdbeben im Landkreis DH<\/a> (Radio Bremen)<\/li>\n<li>April 2014: \u00a0<a title=\"Sand\" href=\"http:\/\/www.youtube.com\/watch?v=CPbdL1WVAcA\" target=\"_blank\" rel=\"noopener noreferrer\">Sand &#8211; die neue Umweltzeitbombe<\/a> (ARTE bzw.youtube)<\/li>\n<li>April 2014: \u00a0<a title=\"JD\" href=\"http:\/\/www.youtube.com\/watch?v=qKfbDzuHcsM&amp;list=PLB6DBEC47BEC5F3A8\" target=\"_blank\" rel=\"noopener noreferrer\">John Denver on the Ray Martin Show<\/a> (1992)<\/li>\n<li>April 2014: \u00a0<a title=\"H\u00e4hnchen\" href=\"http:\/\/www.zdf.de\/ZDFmediathek#\/beitrag\/video\/2103926\/TV-Tipp:-Das-Gesch\u00e4ft-mit-Fleischabfall\" target=\"_blank\" rel=\"noopener noreferrer\">Das Gesch\u00e4ft mit dem Fleischabfall <\/a>(ZDF)<\/li>\n<li>April 2014: \u00a0<a title=\"Rosen\" href=\"http:\/\/www.zdf.de\/ZDFmediathek#\/beitrag\/video\/1835288\/Gr\u00fcne-Rosen\" target=\"_blank\" rel=\"noopener noreferrer\">Gr\u00fcne Rosen<\/a> (ZDF, Planet e)<\/li>\n<li>M\u00e4rz 2014: \u00a0<a title=\"WildeWelt\" href=\"http:\/\/www.zdf.de\/ZDFmediathek#\/beitrag\/video\/2112070\/Kielings-wilde-Welt---Teil-1\" target=\"_blank\" rel=\"noopener noreferrer\">Terra X \u00a0&#8211; \u00a0Wilde Welt<\/a> (ZDF)<\/li>\n<li>M\u00e4rz 2014: \u00a0<a title=\"Grunzmobild\" href=\"http:\/\/albert-schweitzer-stiftung.de\/kampagnen\/grunzmobil-tour\" target=\"_blank\" rel=\"noopener noreferrer\">GrunzMobil-Tour<\/a> (Albert-Schweitzer-Stiftung)<\/li>\n<li>M\u00e4rz 2014: \u00a0<a title=\"EarthHour2014\" href=\"http:\/\/www.wwf.de\/earth-hour-2014\/\" target=\"_blank\" rel=\"noopener noreferrer\">Earth Hour 2014<\/a> (WWF)<\/li>\n<li>M\u00e4rz 2014: \u00a0<a title=\"AntibiotikaMissbrauch\" href=\"http:\/\/www.gfs-umweltausschuss.de\/wp-content\/uploads\/2014_OV_M\u00e4rz20_AntibiotikaMissbrauch.jpg\" target=\"_blank\" rel=\"noopener noreferrer\">Antibiotika-Missbrauch<\/a> (OV)<\/li>\n<li>Februar 2014: \u00a0<a title=\"Palm\u00f6l\" href=\"http:\/\/www.regenwald.org\/themen\/palmoel\" target=\"_blank\" rel=\"noopener noreferrer\">Problem Palm\u00f6l<\/a> (regenwald.org)<\/li>\n<li>Februar 2014: \u00a0John Denver: <a title=\"Cousteau\" href=\"http:\/\/www.youtube.com\/watch?v=9GSqRtYVBqQ&amp;list=RDxs_CNnCqYvU\" target=\"_blank\" rel=\"noopener noreferrer\">Calypso<\/a> (zu Ehren von Jacques Cousteau)<\/li>\n<li>Februar 2014: \u00a0<a title=\"Flugrouten\" href=\"http:\/\/www.gfs-umweltausschuss.de\/wp-content\/uploads\/Flugrouten1.jpg\" target=\"_blank\" rel=\"noopener noreferrer\">Flugrouten<\/a> (Gong)<\/li>\n<li>Februar 2014: <a title=\"Embobut\" href=\"http:\/\/www.pro-regenwald.de\/news\/2014\/01\/15\/Kenia_Zwangsumsiedlung\" target=\"_blank\" rel=\"noopener noreferrer\">Embobut-Wald in Kenia<\/a> (pro Regenwald)<\/li>\n<li>Januar 2014: \u00a0<a title=\"Virunga\" href=\"http:\/\/www.wwf.de\/sos-virunga\/\" target=\"_blank\" rel=\"noopener noreferrer\">Virunga sch\u00fctzen!<\/a> (wwf-Petition)<\/li>\n<li>Januar 2014: \u00a0<a title=\"Vegetarier\" href=\"http:\/\/www.zdf.de\/ZDFmediathek#\/beitrag\/video\/2074744\/VeggieWorld-in-Wiesbaden\" target=\"_blank\" rel=\"noopener noreferrer\">Immer mehr Vegetarier in Deutschland<\/a> (ZDF-Heute)<\/li>\n<li>Januar 2014: \u00a0<a title=\"Berlin\" href=\"http:\/\/www.wir-haben-es-satt.de\/\" target=\"_blank\" rel=\"noopener noreferrer\">Wir haben es satt!<\/a> &#8211; Demo in Berlin<\/li>\n<li>Januar 2014: \u00a0<a title=\"Delfin\" href=\"http:\/\/albert-schweitzer-stiftung.de\/aktuell\/kleine-delfinrettung\" target=\"_blank\" rel=\"noopener noreferrer\">Kleine Delphinrettung<\/a> (Albert-Schweitzer-Stiftung)<\/li>\n<li>Dezember 2013: \u00a0<a title=\"Kampagnen\" href=\"http:\/\/albert-schweitzer-stiftung.de\/aktuell\/beste-schlechteste-kampagnen\" target=\"_blank\" rel=\"noopener noreferrer\">Die besten und die schlechtesten Kampagnen in Sachen Tierschutz<\/a> (Albert-Schweitzer-Stiftung)<\/li>\n<li>Dezember 2013: \u00a0<a title=\"Mandela\" href=\"http:\/\/www.zdf.de\/ZDFmediathek\/beitrag\/live\/1986312\/ZDF-spezial-Abschied-von-Nelson-Mandela?bc=sts;stt#\/beitrag\/video\/2047542\/ZDFspezial:-Abschied-von-Nelson-Mandela\" target=\"_blank\" rel=\"noopener noreferrer\">zu Ehren von Nelson Mandela<\/a> (zdf-spezial)<\/li>\n<li>Dezember 2013: \u00a0<a title=\"Bulldozer\" href=\"http:\/\/www.wwf.de\/2013\/dezember\/weiter-bulldozer-am-meeresgrund\/\" target=\"_blank\" rel=\"noopener noreferrer\">Weiter Bulldozer am Meeresgrund<\/a> (wwf)<\/li>\n<li>Dezember 2013: \u00a0<a title=\"Veggieday\" href=\"http:\/\/www.ev1.tv\/Video\/1857622838\/?bctid=2840407263001\" target=\"_blank\" rel=\"noopener noreferrer\">Veggie-Day am Gymnasium Marianum Meppen<\/a> (ev1.tv)<\/li>\n<li>November 2013: \u00a0Dan Barber: <a title=\"Fish\" href=\"http:\/\/www.ted.com\/talks\/dan_barber_how_i_fell_in_love_with_a_fish.html?quote=661\" target=\"_blank\" rel=\"noopener noreferrer\">How I fell in love with a fish<\/a> (TED)<\/li>\n<li>November 2013: \u00a0<a title=\"Nestle\" href=\"https:\/\/www.youtube.com\/watch?v=GpH3Oph2XbU\" target=\"_blank\" rel=\"noopener noreferrer\">Nestl\u00e9 &#8211; Das dreckige Gesch\u00e4ft mit dem Wasser<\/a> (WDR)<\/li>\n<li>November 2013: \u00a0<a title=\"MeltingIce\" href=\"http:\/\/ngm.nationalgeographic.com\/2013\/09\/rising-seas\/if-ice-melted-map\" target=\"_blank\" rel=\"noopener noreferrer\">Wenn alles Eis schmelzen w\u00fcrde<\/a> (Interaktive Karte von National Geographic)<\/li>\n<li>November 2013: \u00a0<a title=\"Bienen\" href=\"http:\/\/echtkuh-l.de\/\" target=\"_blank\" rel=\"noopener noreferrer\">Wettbewerb zum Thema &#8222;Bienen&#8220;<\/a><\/li>\n<li>Oktober 2013: \u00a0<a title=\"Sumatra\" href=\"https:\/\/www.youtube.com\/watch?v=56Zhfh58174&amp;feature=player_embedded#at=24\" target=\"_blank\" rel=\"noopener noreferrer\">Abholzung in Indonesien<\/a> (youtube)<\/li>\n<li>Oktober 2013: \u00a0<a title=\"Plastiktueten\" href=\"https:\/\/www.youtube.com\/watch?v=bZ14k4pSpjI&amp;feature=youtube_gdata_player\" target=\"_blank\" rel=\"noopener noreferrer\">Plastikt\u00fcten<\/a> (utopia.de)<\/li>\n<li>Oktober 2013: \u00a0<a title=\"Elefantenarmee\" href=\"http:\/\/www.zdf.de\/ZDFmediathek#\/beitrag\/video\/1949648\/Die-Elfenbein-Armee\" target=\"_blank\" rel=\"noopener noreferrer\">Die Elefanten-Armee<\/a> (ZDF-Auslandsjournal)<\/li>\n<li>Oktober 2013: \u00a0<a title=\"Waldbewohner\" href=\"http:\/\/www.gfs-umweltausschuss.de\/wp-content\/uploads\/Foto3.jpg\" target=\"_blank\" rel=\"noopener noreferrer\">Leider noch nicht ausgestorbene Waldbewohner<\/a> (Plakat)<\/li>\n<li>September 2013: \u00a0<a title=\"China\" href=\"http:\/\/www.zdf.de\/ZDFmediathek#\/beitrag\/video\/1993090\/Die-Doku:-T\u00f6dlicher-M\u00fcll-in-China\" target=\"_blank\" rel=\"noopener noreferrer\">T\u00f6dlicher M\u00fcll in China<\/a> (ZDF auslandsjournal)<\/li>\n<li>September 2013: \u00a0<a title=\"Oelkonsum\" href=\"http:\/\/blog.greenpeace.de\/blog\/2010\/07\/12\/10-moeglichkeiten-den-oelkonsum-reduzieren\/\" target=\"_blank\" rel=\"noopener noreferrer\">M\u00f6glichkeiten, den \u00d6lkonsum zu reduzieren<\/a> (Greenpeace)<\/li>\n<li>September 2013: \u00a0<a title=\"Greenpeace\" href=\"http:\/\/www.greenpeace.de\/themen\/oel\/nachrichten\/artikel\/russische_kuestenwache_droht_greenpeace_schiff_mit_beschuss\/\" target=\"_blank\" rel=\"noopener noreferrer\">Greenpeace-Schiff in internationalen Gew\u00e4ssern geentert<\/a> (Greenpeace)<\/li>\n<li>September 2013: \u00a0<a title=\"Vogelmord\" href=\"http:\/\/www.nabu.de\/tiereundpflanzen\/voegel\/zugvoegel\/jagd\/aegypten\/index.html\" target=\"_blank\" rel=\"noopener noreferrer\">Jagd auf Zugv\u00f6gel in \u00c4gypten<\/a> (NaBu)<\/li>\n<li>September 2013: \u00a0<a title=\"WahlplakateSam\" href=\"http:\/\/www.gfs-umweltausschuss.de\/wp-content\/uploads\/WP_20130822_0382.jpg\" target=\"_blank\" rel=\"noopener noreferrer\">Wahlplakate<\/a><\/li>\n<li>August 2013: \u00a0<a title=\"Wietze\" href=\"http:\/\/www.zdf.de\/ZDFmediathek#\/beitrag\/video\/1973822\/Protest-gegen-Massentierhaltung\" target=\"_blank\" rel=\"noopener noreferrer\">Demo in Wietze<\/a> (ZDF)<\/li>\n<li>August 2013: \u00a0<a title=\"Earthovershootday\" href=\"http:\/\/www.tagesschau.de\/ausland\/earthovershootday100.html\" target=\"_blank\" rel=\"noopener noreferrer\">Earth Overshoot Day<\/a> am 20. August (ARD)<\/li>\n<li>August 2013: \u00a0<a title=\"Yasuni\" href=\"http:\/\/www.zdf.de\/ZDFmediathek#\/beitrag\/video\/1965946\/Yasun%C3%AD-Park:-Ecuador-erlaubt-\u00d6lbohrungen\" target=\"_blank\" rel=\"noopener noreferrer\">Ecuador erlaubt \u00d6lbohrungen im Regenwald<\/a> (ZDF)<\/li>\n<li>August 2013: \u00a0<a title=\"Mienenb\u00fcttel\" href=\"http:\/\/www.ndr.de\/info\/audio169747.html\" target=\"_blank\" rel=\"noopener noreferrer\">Tierversuche in Mienenb\u00fcttel<\/a> (NDR Info)<\/li>\n<li>August 2013: \u00a0<a title=\"HauptsacheFleisch\" href=\"http:\/\/www.zdf.de\/ZDFmediathek#\/beitrag\/video\/1948028\/ZDFzoom:-Hauptsache-Fleisch!\" target=\"_blank\" rel=\"noopener noreferrer\">Hauptsache Fleisch<\/a> (ZDF Zoom)<\/li>\n<li>Juli 2013: \u00a0<a title=\"TigerExperiment\" href=\"http:\/\/www.zdf.de\/ZDFmediathek#\/beitrag\/video\/1934250\/Das-Tiger-Experiment\" target=\"_blank\" rel=\"noopener noreferrer\">Das Tiger-Experiment<\/a> (ZDF Planet e)<\/li>\n<li>Juli 2013: \u00a0<a title=\"Island\" href=\"http:\/\/www.savebiogems.org\/stop-whaling-now\/?__utma=1.548279497.1340869077.1373826650.1373835744.20&amp;__utmb=1.8.10.1373835744&amp;__utmc=1&amp;__utmx=-&amp;__utmz=1.1373835744.20.13.utmcsr=link%7Cutmccn=email%7Cutmcmd=appeal&amp;__utmv=-&amp;__utmk=266171407\" target=\"_blank\" rel=\"noopener noreferrer\">Iceland &#8211; Stop Whaling Now!<\/a> (NRDC)<\/li>\n<li>Juli 2013: \u00a0<a title=\"Walschlachten\" href=\"http:\/\/www.goettinger-tageblatt.de\/Nachrichten\/Wissen\/Wissen-aus-aller-Welt\/UN-soll-Jagd-auf-Wale-stoppen\" target=\"_blank\" rel=\"noopener noreferrer\">H\u00f6chstes UN-Gericht soll japanisches Walschlachten stoppen<\/a> (Zeitungsbericht)<\/li>\n<li>Juli 2013: \u00a0<a title=\"Menschenaffen\" href=\"http:\/\/www.zdf.de\/ZDFmediathek#\/beitrag\/video\/1924608\/Ausverkauf-der-Menschenaffen\" target=\"_blank\" rel=\"noopener noreferrer\">Ausverkauf der Menschenaffen<\/a> (ZDF Planet e)<\/li>\n<li>Juni 2013: \u00a0<a title=\"Grizzlys\" href=\"http:\/\/www.zdf.de\/ZDFmediathek#\/beitrag\/video\/1916096\/Unter-Grizzlys:-Das-Abenteuer-beginnt\" target=\"_blank\" rel=\"noopener noreferrer\">Grizzlys in Alaska<\/a> (ZDF Terra X)<\/li>\n<li>Juni 2013: \u00a0<a title=\"Hochwasser\" href=\"http:\/\/www.wwf.de\/themen-projekte\/fluesse-seen\/hochwasser\/hochwasser\/\" target=\"_blank\" rel=\"noopener noreferrer\">Gr\u00fcnde f\u00fcr das Hochwasser in Deutschland<\/a> (WWF)<\/li>\n<li>Juni 2013: \u00a0<a title=\"Venedig\" href=\"http:\/\/www.zdf.de\/ZDFmediathek\/beitrag\/video\/1912118\/Der-Tod-von-Venedig-Kreuzfahrtschiffe?setTime=25.405#\/beitrag\/video\/1912118\/Der-Tod-von-Venedig:-Kreuzfahrtschiffe\" target=\"_blank\" rel=\"noopener noreferrer\">Kreuzfahrtschiffe in Venedig<\/a> (ZDF)<\/li>\n<li>Juni 2013: \u00a0<a title=\"Antarktis\" href=\"http:\/\/www.zdf.de\/ZDFmediathek#\/beitrag\/video\/1909072\/Klimawandel-beeintr\u00e4chtigt-Meeresleben\" target=\"_blank\" rel=\"noopener noreferrer\">Klimawandel beeintr\u00e4chtigt Meeresleben<\/a> (ZDF)<\/li>\n<li>Mai 2013: \u00a0<a title=\"Konsumkompass\" href=\"http:\/\/www.konsumkompass.com\/\" target=\"_blank\" rel=\"noopener noreferrer\">Konsumkompass<\/a> (BundesUmweltStiftung)<\/li>\n<li>Mai 2013: \u00a0Gr\u00f6\u00dfter <a title=\"Fleisch\" href=\"http:\/\/albert-schweitzer-stiftung.de\/aktuell\/fleischverzehr-2012-groesster-rueckgang\" target=\"_blank\" rel=\"noopener noreferrer\">R\u00fcckgang beim Fleischverzehr<\/a> seit Messung (Albert-Schweitzer-Stiftung)<\/li>\n<li>Mai 2013: \u00a0<a title=\"Welthunger\" href=\"http:\/\/albert-schweitzer-stiftung.de\/aktuell\/welthunger-entwicklungspolitik-fleischfrage\" target=\"_blank\" rel=\"noopener noreferrer\">Welthunger und Entwicklungspolitik \u00a0&#8211; \u00a0ein Fleischfrage?<\/a> (Albert-Schweitzer-Stiftung)<\/li>\n<li>Mai 2013: \u00a0<a title=\"EU_Pflanzenschutzmittel\" href=\"http:\/\/www.zdf.de\/ZDFmediathek#\/beitrag\/video\/1891730\/EU-verbietet-Pflanzenschutzmittel\" target=\"_blank\" rel=\"noopener noreferrer\">Bienen<\/a> (EU verbietet 3 Pflanzenschutzmittel) (ZDF) und\u00a0<a title=\"Insektenhotel\" href=\"http:\/\/www.zdf.de\/ZDFmediathek#\/beitrag\/video\/1893412\/Ein-Hotel-f\u00fcr-Insekten\" target=\"_blank\" rel=\"noopener noreferrer\">Insektenhotel<\/a> (ZDF Volle Kanne)<\/li>\n<li>April 2013: \u00a0<a title=\"AtommuellAermelkanal\" href=\"http:\/\/www.gfs-umweltausschuss.de\/wp-content\/uploads\/Radioaktivit\u00e4t-F\u00e4sser-mit-Atomm\u00fcll-verrotten-im-\u00c4rmelkanal-Nachrichten-Wissenschaft-Natur-Umwelt-DIE-WELT.pdf\" target=\"_blank\" rel=\"noopener noreferrer\">Atomm\u00fcll im \u00c4rmelkanal<\/a> (Die Welt)<\/li>\n<li>April 2013: \u00a0<a title=\"Tomicek-Meeresm\u00fcll\" href=\"http:\/\/www.gfs-umweltausschuss.de\/wp-content\/uploads\/130412a_f_d_Meeresm\u00fcll.jpg\" target=\"_blank\" rel=\"noopener noreferrer\">Meeresm\u00fcll<\/a> (Karikatur Tomicek)<\/li>\n<li>April 2013: \u00a0<a title=\"Fischfangquoten\" href=\"http:\/\/www.zdf.de\/ZDFmediathek#\/beitrag\/video\/1865166\/Was-taugen-die-Fischfangquoten?\" target=\"_blank\" rel=\"noopener noreferrer\">Was taugen Fischfangquoten?<\/a> (Frontal21)<\/li>\n<li>April 2013: \u00a0<a title=\"Tierschutzlabel\" href=\"http:\/\/www.hr-online.de\/website\/fernsehen\/sendungen\/index.jsp?key=standard_document_47910069&amp;jmpage=1&amp;type=v&amp;rubrik=80363&amp;jm=1&amp;mediakey=fs\/alleswissen\/130327211821_label_3171\" target=\"_blank\" rel=\"noopener noreferrer\">Das neue Tierschutzlabel<\/a> (hr fernsehen)<\/li>\n<li>M\u00e4rz 2013: \u00a0<a title=\"Klimawandel\" href=\"http:\/\/www.youtube.com\/watch?v=8Po4essi_8E\" target=\"_blank\" rel=\"noopener noreferrer\">Unsere Erde &#8211; stoppt den Klimawandel <\/a>(youtube)<\/li>\n<li>M\u00e4rz 2013: \u00a0<a title=\"Haie\" href=\"http:\/\/www.zdf.de\/ZDFmediathek\/kanaluebersicht\/aktuellste\/890#\/beitrag\/video\/1850880\/au\u00dfendienst-in-S\u00fcdafrika\" target=\"_blank\" rel=\"noopener noreferrer\">Bedrohte Tierarten: Haie<\/a> (auslandsjournal) und <a title=\"Mensch+Hai\" href=\"http:\/\/www.gfs-umweltausschuss.de\/wp-content\/uploads\/SC20130306-185013.png\" target=\"_blank\" rel=\"noopener noreferrer\">Bild<\/a><\/li>\n<li>M\u00e4rz 2013: \u00a0<a title=\"Tierschmuggel\" href=\"http:\/\/www.gfs-umweltausschuss.de\/wp-content\/uploads\/OV130309_Tierschmuggel.jpg\" target=\"_blank\" rel=\"noopener noreferrer\">Tierschmuggel<\/a> (OV-Artikel)<\/li>\n<li>M\u00e4rz 2013: \u00a0<a title=\"Elephanten\" href=\"http:\/\/www.avaaz.org\/en\/save_the_elephants\/?slideshow\" target=\"_blank\" rel=\"noopener noreferrer\">Unterschriftenaktion f\u00fcr Afrikas Elephanten<\/a> (avaaz)<\/li>\n<li>Februar 2013: \u00a0<a title=\"bdw\" href=\"http:\/\/www.wissenschaft.de\/wissenschaft\/news\/316817.html\" target=\"_blank\" rel=\"noopener noreferrer\">&#8222;Schwei\u00dftreibende Zukunft&#8220;<\/a> (bild der wissenschaft)<\/li>\n<li>Februar 2013: \u00a0<a title=\"Vertragsverletzung\" href=\"http:\/\/albert-schweitzer-stiftung.de\/aktuell\/vertragsverletzungsverfahren\" target=\"_blank\" rel=\"noopener noreferrer\">Vertragsverletzungsverfahren<\/a> gegen Deutschland (Albert-Schweitzer-Stiftung)<\/li>\n<li>Februar 2013: \u00a0<a title=\"Gaense\" href=\"http:\/\/albert-schweitzer-stiftung.de\/aktuell\/mann-gans-besondere-freundschaft\" target=\"_blank\" rel=\"noopener noreferrer\">Wunderbare Freundschaft <\/a> (Albert-Schweitzer-Stiftung-Video)<\/li>\n<li>Februar 2013: \u00a0<a title=\"GlobMarshPlan\" href=\"http:\/\/www.globalmarshallplan.org\/1-minute\" target=\"_blank\" rel=\"noopener noreferrer\">Der heutige Tag<\/a> (HP Global Marshall Plan)<\/li>\n<li>Januar 2013: \u00a0<a title=\"Schweinehaltung\" href=\"https:\/\/albert-schweitzer-stiftung.de\/tierschutz-helfen\/petitionen\/schweine-kaefighaltung\" target=\"_blank\" rel=\"noopener noreferrer\">Unrecht an M\u00fcttern<\/a> (Albert-Schweitzer-Stiftung) und <a title=\"webcam\" href=\"http:\/\/faz-community.faz.net\/blogs\/tierleben\/archive\/2013\/01\/19\/webcam-im-stall.aspx\" target=\"_blank\" rel=\"noopener noreferrer\">Webcam im Schweinestall <\/a>(FAZ)<\/li>\n<li>Januar 2013: \u00a0<a title=\"Mutantenfische\" href=\"http:\/\/www.avaaz.org\/de\/stop_frankenfish_r\/?fp\" target=\"_blank\" rel=\"noopener noreferrer\">Mutantenfische<\/a><\/li>\n<li>Januar 2013: \u00a0<a title=\"PlastikFAZ\" href=\"http:\/\/www.faz.net\/aktuell\/wissen\/natur\/ausstellung-meeresschutz-die-berge-der-plastik-anrainerstaaten-12017625.html\" target=\"_blank\" rel=\"noopener noreferrer\">Die Berge der Plastik-Anrainerstaaten<\/a> (FAZ)<\/li>\n<li>Januar 2013: \u00a0<a title=\"Lebensmittel\" href=\"http:\/\/www.zdf.de\/ZDFmediathek#\/beitrag\/video\/1817824\/Immer-mehr-Lebensmittel-landen-im-M\u00fcll\" target=\"_blank\" rel=\"noopener noreferrer\">Immer mehr Lebensmittel landen im M\u00fcll<\/a> (ZDF)<\/li>\n<li>Januar 2013: \u00a0<a title=\"\u00d6kostrom\" href=\"http:\/\/www.utopia.de\/magazin\/die-luege-vom-teuren-oekostrom-debatte-um-steigende-strompreise\" target=\"_blank\" rel=\"noopener noreferrer\">Die L\u00fcge vom teuren \u00d6kostrom<\/a> (HP)<\/li>\n<li>Dezember 2012: \u00a0Erfolge der <a title=\"AlSchSt\" href=\"http:\/\/albert-schweitzer-stiftung.de\/aktuell\/die-fortschritte-2012-in-zahlen\" target=\"_blank\" rel=\"noopener noreferrer\">Albert-Schweitzer-Stiftung in 2012<\/a> (HP) und \u00a0<a title=\"NRDC\" href=\"http:\/\/www.youtube.com\/watch?v=tPwonPQi4bE\" target=\"_blank\" rel=\"noopener noreferrer\">NRDC Victories in 2012 <\/a>(youtube)<\/li>\n<li>Dezember 2012: \u00a0<a title=\"ZEIT-Fracking\" href=\"http:\/\/www.zeit.de\/2012\/48\/Energiemarkt-Gas-Erdoel-Fracking\" target=\"_blank\" rel=\"noopener noreferrer\">Fracking<\/a><\/li>\n<li>Dezember 2012: \u00a0<a title=\"Ecosia\" href=\"http:\/\/files.ecosia-static.org\/ecosia_info_de.pdf\" target=\"_blank\" rel=\"noopener noreferrer\">3. Geburtstag von Ecosia<\/a> (HP)<\/li>\n<li>Dezember 2012: \u00a0<a title=\"Kinderb\u00fccher\" href=\"http:\/\/www.zeit.de\/news\/2012-12\/02\/umwelt-umweltschuetzer-finden-tropenholz-in-kinderbuechern-02144007\" target=\"_blank\" rel=\"noopener noreferrer\">Tropenholz in Kinderb\u00fcchern<\/a> (ZEIT)<\/li>\n<li>Dezember 2012: \u00a0<a title=\"Tiere\" href=\"http:\/\/albert-schweitzer-stiftung.de\/aktuell\/17-millionen-tiere-weniger-geschlachtet\" target=\"_blank\" rel=\"noopener noreferrer\">1,7 Mio Tiere weniger geschlachtet<\/a> (Albert-Schweitzer-Stiftung)<\/li>\n<li>November 2012: \u00a0<a title=\"Canada\" href=\"http:\/\/www.greenpeace.de\/themen\/oel\/nachrichten\/artikel\/das_dreckigste_industrieprojekt_der_welt\/\" target=\"_blank\" rel=\"noopener noreferrer\">\u00d6labbau in Canada<\/a>: Das dreckigste Industrieprojekt der Welt (Greenpeace)<\/li>\n<li>November 2012: \u00a0<a title=\"PrintFriendly\" href=\"http:\/\/www.printfriendly.com\/\" target=\"_blank\" rel=\"noopener noreferrer\">Papiersparendes Drucken<\/a> (HP)<\/li>\n<li>November 2012: \u00a0<a title=\"SirBob\" href=\"http:\/\/www.youtube.com\/watch?v=6CfxkFj8iAg&amp;feature=related\" target=\"_blank\" rel=\"noopener noreferrer\">The Great Song of Indifference<\/a> &#8211; Bob Geldof (youtube)<\/li>\n<li>November 2012: \u00a0<a title=\"GrunzMobil\" href=\"http:\/\/albert-schweitzer-stiftung.de\/aktuell\/grunzmobil-deutschlandtour\" target=\"_blank\" rel=\"noopener noreferrer\">GrunzMobil-Deutschlandtour<\/a> (Albert-Schweitzer-Stiftung)<\/li>\n<li>Oktober 2012: \u00a0<a title=\"AVAAZ\" href=\"http:\/\/www.avaaz.org\/de\/save_the_southern_ocean_5\/?tVHVSab\" target=\"_blank\" rel=\"noopener noreferrer\">Tage zur Rettung des Antarktischen Ozeans<\/a> (AVAAZ)<\/li>\n<li>Oktober 2012: \u00a0Tiertransporte (Lied <a title=\"ErbarmeDich\" href=\"http:\/\/www.youtube.com\/watch?v=WtcWick5ibs\" target=\"_blank\" rel=\"noopener noreferrer\">&#8222;Erbarme dich&#8220;<\/a> von Reinhard Mey)<\/li>\n<li>Oktober 2012: \u00a0<a title=\"Palm\u00f6l\" href=\"http:\/\/www.zdf.de\/ZDFmediathek#\/beitrag\/video\/1743656\/Schokolade,-Shampoo,-Sonnencreme\" target=\"_blank\" rel=\"noopener noreferrer\">Palm\u00f6l<\/a> (ZDF zoom)<\/li>\n<li>Oktober 2012: \u00a0<a title=\"PlantPlanet\" href=\"http:\/\/www.youtube.com\/watch?v=xl8fenkxqRY&amp;feature=endscreen\" target=\"_blank\" rel=\"noopener noreferrer\">Plant-for-the-Planet<\/a> (youtube)<\/li>\n<li>September 2012: \u00a0<a title=\"Meatrix\" href=\"http:\/\/www.youtube.com\/watch?v=Ois4a8UyBX8\" target=\"_blank\" rel=\"noopener noreferrer\">Meatrix<\/a> (youtube)<\/li>\n<li>September 2012: \u00a0<a title=\"Klamotten\" href=\"http:\/\/www.zdf.de\/ZDFmediathek#\/beitrag\/video\/1729684\/Gefahr-aus-dem-Kleiderschrank\" target=\"_blank\" rel=\"noopener noreferrer\">Gefahr aus dem Kleiderschrank<\/a> (planet e)<\/li>\n<li>September 2012: \u00a0<a title=\"FairTrade\" href=\"http:\/\/www.zdf.de\/ZDFmediathek#\/beitrag\/video\/1598600\/Fairtrade-Schokolade-in-aller-Munde\" target=\"_blank\" rel=\"noopener noreferrer\">FairTrade Produkte in Gro\u00dfbritannien<\/a> (ZDF)<\/li>\n<li>September 2012: \u00a0<a title=\"ElephantSlaughterNYT\" href=\"http:\/\/www.gfs-umweltausschuss.de\/wp-content\/uploads\/2012_98_NYT_Elephant-Slaughter.jpg\" target=\"_blank\" rel=\"noopener noreferrer\">Elephant slaughter<\/a> (NYT)<\/li>\n<li>September 2012: \u00a0<a title=\"Banane\" href=\"http:\/\/www.ndr.de\/fernsehen\/sendungen\/45_min\/videos\/minuten601.html\" target=\"_blank\" rel=\"noopener noreferrer\">Der Preis der Bananen<\/a> (NDR)<\/li>\n<li>August 2012: \u00a0<a title=\"Weltretter\" href=\"http:\/\/www.zdf.de\/ZDF\/zdfportal\/web\/ZDF.de\/planet-e\/2942534\/22907292\/708766\/Die-Weltretter-3.0.html\" target=\"_blank\" rel=\"noopener noreferrer\">Die Weltretter<\/a> (ZDF, planet e)<br \/>\nBuchempfehlung von Niclas: &#8222;<a title=\"db\" href=\"http:\/\/www.danielboese.de\/wordpress\/?page_id=2\" target=\"_blank\" rel=\"noopener noreferrer\">Wir sind jung und brauchen die Welt<\/a>&#8220; von Daniel Boese<\/li>\n<li>August 2012: \u00a0<a title=\"AS\" href=\"http:\/\/fora.tv\/2009\/10\/19\/The_Kind_Diet_Alicia_Silverstone#fullprogram\" target=\"_blank\" rel=\"noopener noreferrer\">Alicia Silverstone about vegan health<\/a> (fora tv)<\/li>\n<li>August 2012: \u00a0<a title=\"Haie\" href=\"http:\/\/www.zdf.de\/ZDFmediathek#\/beitrag\/bilderserie\/863928\/Wie-gef\u00e4hrlich-sind-Haie\" target=\"_blank\" rel=\"noopener noreferrer\">Haie<\/a> (ZDF, Bildserie)<\/li>\n<li>August 2012: \u00a0<a title=\"peta\" href=\"http:\/\/www.peta.de\/\" target=\"_blank\" rel=\"noopener noreferrer\">peta.de<\/a> (HP)<\/li>\n<li>Juli 2012: \u00a0<a title=\"MeatFreeMonday\" href=\"http:\/\/www.meatfreemondays.com\/index.cfm\" target=\"_blank\" rel=\"noopener noreferrer\">A Meat Free Monday Message from Paul McCartney<\/a> (youtube)<\/li>\n<li>Juli 2012: \u00a0<a title=\"NRDC\" href=\"http:\/\/www.savebiogems.org\/?__utma=1.548279497.1340869077.1342340557.1342340700.3&amp;__utmb=1.3.10.1342340700&amp;__utmc=1&amp;__utmx=-&amp;__utmz=1.1340869077.1.1.utmcsr=(direct)|utmccn=(direct)|utmcmd=(none)&amp;__utmv=-&amp;__utmk=261078029\" target=\"_blank\" rel=\"noopener noreferrer\">NRDC<\/a> (HP)<\/li>\n<li>Juli 2012: \u00a0<a title=\"MuellhaldeMeer\" href=\"http:\/\/www.zdf.de\/ZDFmediathek#\/beitrag\/video\/1676318\/M\u00fcllhalde-Meer\" target=\"_blank\" rel=\"noopener noreferrer\">M\u00fcllhalde Meer<\/a> (Planet e)<\/li>\n<li>Juli 2012: \u00a0<a title=\"Huehner\" href=\"http:\/\/www.sueddeutsche.de\/wissen\/antibiotika-in-der-massentierhaltung-huehner-im-saustall-1.1253910\" target=\"_blank\" rel=\"noopener noreferrer\">H\u00fchner im Saustall<\/a> (S\u00fcddeutsche Zeitung)<\/li>\n<li>Juni 2012: \u00a0<a title=\"Schlachten\" href=\"http:\/\/www.zdf.de\/ZDFmediathek#\/beitrag\/video\/1668512\/Oft-unn\u00f6tiges-Leiden-auf-Schlachth\u00f6fen\" target=\"_blank\" rel=\"noopener noreferrer\">Leiden in deutschen Schlachth\u00f6fen<\/a> (ZDF-heute)<\/li>\n<li>Juni 2012: \u00a0<a title=\"Handies\" href=\"http:\/\/www.youtube.com\/watch?feature=player_embedded&amp;v=P_hcqpvxpGE#!\" target=\"_blank\" rel=\"noopener noreferrer\">Handyrecycling<\/a> (youtube)<\/li>\n<li>Juni 2012: \u00a0<a title=\"DBU\" href=\"http:\/\/www.dbu.de\/708ibook67869_32956_705.html\" target=\"_blank\" rel=\"noopener noreferrer\">Jagd nach illegalem Tropenpapier<\/a> (DBU)<\/li>\n<li>Juni 2012: \u00a0<a title=\"MuellkippeMeer\" href=\"http:\/\/www.nabu.de\/meeresschutz\/NABU-Broschuere_Muellkippe_Meer.pdf\" target=\"_blank\" rel=\"noopener noreferrer\">M\u00fcllkippe Meer<\/a> (NaBu)<\/li>\n<li>Mai 2012: \u00a0<a title=\"PlasticPlanet\" href=\"http:\/\/www.zdf.de\/ZDFmediathek#\/beitrag\/video\/1488412\/Plastic-Planet\" target=\"_blank\" rel=\"noopener noreferrer\">Plastic Planet<\/a> (ZDF)<\/li>\n<li>Mai 2012: \u00a0<a title=\"Redwood\" href=\"http:\/\/www.gfs-umweltausschuss.de\/wp-content\/uploads\/Redwood-NatGeogr2010.jpg\" target=\"_blank\" rel=\"noopener noreferrer\">Redwood Tree <\/a>(Photocollage aus National Geographic)<\/li>\n<li>Mai 2012: \u00a0<a title=\"Adler\" href=\"http:\/\/www.naturschutzring-duemmer.de\/Folge%2008%20Adler.htm\" target=\"_blank\" rel=\"noopener noreferrer\">Adler zur\u00fcck am D\u00fcmmer<\/a> (Naturschutzring-duemmer.de)<\/li>\n<li>Mai 2012: \u00a0<a title=\"Muttertag\" href=\"http:\/\/www.faz.net\/aktuell\/gesellschaft\/gesundheit\/pestizide-in-schnittblumen-liebesgruesse-aus-chlorthalonil-11748288.html\" target=\"_blank\" rel=\"noopener noreferrer\">Blumengr\u00fc\u00dfe zum Muttertag<\/a> (FAZ)<\/li>\n<li>April 2012: \u00a0<a title=\"Schelfeis\" href=\"http:\/\/www.tagesschau.de\/multimedia\/video\/video1112462.html\" target=\"_blank\" rel=\"noopener noreferrer\">Schelfeis in der Antarktis<\/a> (ARD)<\/li>\n<li>April 2012: \u00a0<a title=\"DoktorWald\" href=\"http:\/\/www.gfs-umweltausschuss.de\/wp-content\/uploads\/DoktorWald.jpg\" target=\"_blank\" rel=\"noopener noreferrer\">Doktor Wald <\/a>(Gedicht)<\/li>\n<li>April 2012: \u00a0<a title=\"Girl\" href=\"http:\/\/www.youtube.com\/watch?v=TQmz6Rbpnu0&amp;feature=related\" target=\"_blank\" rel=\"noopener noreferrer\">The girl who silenced the world for 5 minutes<\/a> (youtube)<\/li>\n<li>April 2012: \u00a0aus aktuellem Anlass:\u00a0<a title=\"Ostereier\" href=\"http:\/\/www.zdf.de\/ZDFmediathek\/hauptnavigation\/startseite\/#\/beitrag\/video\/1610656\/Herkunft-von-gef\u00e4rbten-Ostereiern\" target=\"_blank\" rel=\"noopener noreferrer\">Herkunft von Ostereiern<\/a> (ZDF)<\/li>\n<li>M\u00e4rz 2012: \u00a0<a href=\"https:\/\/www.br.de\/fernsehen\/ard-alpha\/sendungen\/alpha-forum\/mojib-latif-sendung-100.html\" target=\"_blank\" rel=\"noopener noreferrer\">Interview mit dem Klimaforscher Mojib Latif<\/a>\u00a0(BR)<\/li>\n<li>M\u00e4rz 2012: \u00a0<a title=\"Flipper\" href=\"http:\/\/www.zdf.de\/ZDFmediathek\/beitrag\/video\/1608268\/Delfine-in-Zoos-und-Delfinarien#\/beitrag\/video\/1605298\/Flippers-Erben\" target=\"_blank\" rel=\"noopener noreferrer\">Flippers Erben<\/a> (ZDF &#8211; planet e)<\/li>\n<li>M\u00e4rz 2012: \u00a0<a title=\"ClimateChange\" href=\"http:\/\/www.ted.com\/talks\/james_hansen_why_i_must_speak_out_about_climate_change.html\" target=\"_blank\" rel=\"noopener noreferrer\">James Hansen: Why I must speak about climate change<\/a> (TED)<\/li>\n<li>M\u00e4rz 2012: \u00a0<a title=\"Fukushima\" href=\"http:\/\/www.zdf.de\/ZDFmediathek\/hauptnavigation\/startseite\/#\/beitrag\/video\/1576888\/ZDFzoom:-Die-Fukushima-L\u00fcge\" target=\"_blank\" rel=\"noopener noreferrer\">Die Fukushima-L\u00fcge<\/a> (ZDF-Reportage)<\/li>\n<li>M\u00e4rz 2012: \u00a0<a title=\"ThinkTwice\" href=\"http:\/\/www.youtube.com\/watch?v=nt8614ltBT8&amp;feature=related\" target=\"_blank\" rel=\"noopener noreferrer\">Think twice<\/a> (youtube)<\/li>\n<li>Februar 2012: \u00a0<a title=\"Haselnusskinder\" href=\"http:\/\/www.ardmediathek.de\/ard\/servlet\/content\/3517136?documentId=8964916\" target=\"_blank\" rel=\"noopener noreferrer\">Die Haselnusskinder<\/a> (ARD-Reportage)<\/li>\n<li>Februar 2012: \u00a0<a title=\"Kinderarbeit\" href=\"http:\/\/www.ardmediathek.de\/ard\/servlet\/content\/3517136?documentId=8238682\" target=\"_blank\" rel=\"noopener noreferrer\">Kinderarbeit im reichsten Land der Welt<\/a> (ARD-Reportage)<\/li>\n<li>Februar 2012: \u00a0<a title=\"Regenwald\" href=\"http:\/\/www.regenwald.org\/\" target=\"_blank\" rel=\"noopener noreferrer\">Regenwald<\/a> (HP)<\/li>\n<li>Februar 2012: <a title=\"Staudamm\" href=\"http:\/\/www.zdf.de\/ZDFmediathek\/beitrag\/video\/1557138\/Staudamm-contra-Regenwald\" target=\"_blank\" rel=\"noopener noreferrer\">Staudamm contra Regenwald<\/a> (ZDF-Doku)<\/li>\n<li>Januar 2012: \u00a0<a title=\"Ecosia\" href=\"http:\/\/ecosia.org\/\" target=\"_blank\" rel=\"noopener noreferrer\">Ecosia<\/a> (s.u.)<\/li>\n<li>Januar 2012: \u00a0<a title=\"Agrarindustrie\" href=\"http:\/\/www.wir-haben-es-satt.de\/start\/home\/\" target=\"_blank\" rel=\"noopener noreferrer\">Bauernh\u00f6fe statt Agrarindustrie<\/a> (Wir-haben-es-satt)<\/li>\n<li>Januar 2012: \u00a0<a title=\"EisigeWelten\" href=\"http:\/\/www.zdf.de\/ZDFmediathek\/kanaluebersicht\/aktuellste\/1526052#\/kanaluebersicht\/1526052\" target=\"_blank\" rel=\"noopener noreferrer\">Eisige Welten<\/a> (ZDF-Doku-Reihe)<\/li>\n<li>Januar 2012: \u00a0<a title=\"Legehennen\" href=\"http:\/\/www.zdf.de\/ZDFmediathek\/beitrag\/video\/1533968\/Thevessen-Glaubwuerdigkeit-verspielt#\/beitrag\/video\/1534340\/Neue-EU-Richtlinie-f\u00fcr-Legehennen\" target=\"_blank\" rel=\"noopener noreferrer\">Legehennen<\/a> (ZDF)<\/li>\n<li>Dezember 2011: \u00a0<a title=\"Schokolade\" href=\"http:\/\/www.ardmediathek.de\/ard\/servlet\/content\/3517136?documentId=8577084\" target=\"_blank\" rel=\"noopener noreferrer\">Schmutzige Schokolade<\/a> (ARD)<\/li>\n<li>Dezember 2011: <a title=\"treely\" href=\"http:\/\/treely.org\/\" target=\"_blank\" rel=\"noopener noreferrer\">Plant a Tree for free <\/a>(treely.org)<\/li>\n<li>Dezember 2011: <a title=\"Antibiotika\" href=\"http:\/\/www.zdf.de\/ZDFmediathek\/beitrag\/video\/1462392\/Gefahr-aus-dem-Stall\" target=\"_blank\" rel=\"noopener noreferrer\">Gefahr aus dem Stall<\/a> (ZDF)<\/li>\n<li>Dezember 2011: \u00a0<a title=\"Hunde\" href=\"http:\/\/www.peta.de\/ukraine\" target=\"_blank\" rel=\"noopener noreferrer\">&#8222;S\u00e4uberung&#8220; der Stra\u00dfen in der Ukraine<\/a> (www.peta.de)<\/li>\n<li>Dezember 2011: <a title=\"Virtuelles Wasser\" href=\"http:\/\/zelos.zeit.de\/bilder\/2009\/26\/wissen\/wasserverbrauch.pdf\" target=\"_blank\" rel=\"noopener noreferrer\">Virtuelles Wasser<\/a> (Die ZEIT) und \u00a0<a title=\"Wasserwahnsinn\" href=\"http:\/\/www.gfs-umweltausschuss.de\/wp-content\/uploads\/DZ_48_11_050.pdf\" target=\"_blank\" rel=\"noopener noreferrer\">Wasserwahnsinn<\/a> (Die ZEIT)<\/li>\n<li>November 2011: \u00a0Klaus Kleber: \u00a0<a title=\"Burnout\" href=\"http:\/\/www.zdf.de\/ZDFmediathek\/hauptnavigation\/startseite\/#\/kanaluebersicht\/1490230\/topthema\/BURNOUT---Der-ersch\u00f6pfte-Planet\">Burnout &#8211; Der ersch\u00f6pfte Planet<\/a> (ZDF-Doku)<\/li>\n<li>November 2011: \u00a0Fracking \u00a0&#8211; \u00a0Gef\u00e4hrliche Gier (ZDF-Doku) &#8230; vom ZDF &#8222;aus rechtlichen Gr\u00fcnden&#8220; nach kurzer Zeit entfernt und nun leider nicht mehr zug\u00e4nglich!<\/li>\n<li>November 2011: \u00a0<a title=\"Fairtrade\" href=\"http:\/\/www.welt.de\/wirtschaft\/article13331484\/Aldi-beschert-Fairtrade-kraeftige-Umsatzsteigerungen.html\" target=\"_blank\" rel=\"noopener noreferrer\">Aufwind f\u00fcr Fairtrade<\/a> (Welt online)<\/li>\n<li>November 2011: \u00a0<a title=\"Rosen\" href=\"http:\/\/www.ishopfair.net\/\" target=\"_blank\" rel=\"noopener noreferrer\">Rosen<\/a> (I-SHOP-FAIR)<\/li>\n<li>Oktober 2011: \u00a0<a title=\"Vitruvian\" href=\"http:\/\/www.youtube.com\/watch?v=oIXPh9v8Z08&amp;feature=player_embedded\" target=\"_blank\" rel=\"noopener noreferrer\">Arctic Sunrise<\/a> (youtube)<\/li>\n<li>Oktober 2011: \u00a0<a title=\"Klimagedichte\" href=\"http:\/\/www.die-klimaschutz-baustelle.de\/klimagedichte.html\" target=\"_blank\" rel=\"noopener noreferrer\">Klimagedichte<\/a><\/li>\n<li>Oktober 2011:\u00a0<a title=\"\u00d6l\" href=\"http:\/\/weltderwunder.de.msn.com\/balance-gallery.aspx?cp-documentid=153228480&amp;page=1\" target=\"_blank\" rel=\"noopener noreferrer\">\u00d6lkatastrophen<\/a><\/li>\n<li>Oktober 2011: \u00a0<a title=\"Migrations\" href=\"http:\/\/www.gfs-umweltausschuss.de\/wp-content\/uploads\/2010_8_4_10_NatGeogrMajorMigrations.jpg\" target=\"_blank\" rel=\"noopener noreferrer\">Tierische Weltmeister auf Langstrecken<\/a> (National Geographic)<\/li>\n<li>Oktober 2011: \u00a0<a title=\"Kongo\" href=\"http:\/\/www.greenpeace.de\/themen\/waelder\/nachrichten\/artikel\/skandal_um_abholzungslizenzen_im_kongo\/\" target=\"_blank\" rel=\"noopener noreferrer\">Alarm f\u00fcr den Regenwald im Kongo<\/a> (Greenpeace)<\/li>\n<li>September 2011: David Brooks: <a title=\"Empathy\" href=\"http:\/\/www.nytimes.com\/2011\/09\/30\/opinion\/brooks-the-limits-of-empathy.html?_r=1&amp;pagewanted=print\" target=\"_blank\" rel=\"noopener noreferrer\">The Limits of Empathy<\/a> (NYT)<\/li>\n<li>September 2011: \u00a0<a title=\"Greenpeace\" href=\"http:\/\/www.greenpeace4kids.de\/themen\/weitere_themen\/nachrichten\/artikel\/40_jahre_greenpeace\/\" target=\"_blank\" rel=\"noopener noreferrer\">40 Jahre Greenpeace<\/a><\/li>\n<li>September 2011: \u00a0<a title=\"Delphin\" href=\"http:\/\/www.oceancare.org\/de\/pressecenter\/2009\/09\/Delphinjagd-Japan.php\" target=\"_blank\" rel=\"noopener noreferrer\">Delphinjagd<\/a> (OceanCare)<\/li>\n<li>September 2011: \u00a0<a title=\"Oldest Things\" href=\"http:\/\/www.ted.com\/talks\/lang\/eng\/rachel_sussman_the_world_s_oldest_living_things.html\" target=\"_blank\" rel=\"noopener noreferrer\">Rachel Sussman: The World&#8217;s Oldest Living Things<\/a> (TED)<\/li>\n<li>August 2011: <a title=\"Polar Ice\" href=\"http:\/\/www.ted.com\/talks\/camille_seaman_haunting_photos_of_ice.html\" target=\"_blank\" rel=\"noopener noreferrer\">Photos of Icebergs<\/a> (TED)<\/li>\n<li>August 2011: \u00a0<a title=\"Steinpapier\" href=\"http:\/\/www.papier-aus-stein.de\/\" target=\"_blank\" rel=\"noopener noreferrer\">Papier aus Stein<\/a>?<\/li>\n<li>August 2011: <a title=\"Waldmeister\" href=\"http:\/\/www.waldmeister2011.de\/informieren\/\" target=\"_blank\" rel=\"noopener noreferrer\">Waldmeister<\/a> (Kurzfilm)<\/li>\n<li>August 2011: \u00a0<a title=\"Plastikmeer\" href=\"http:\/\/www.greenpeace.de\/themen\/meere\/nachrichten\/artikel\/urlaub_am_plastikmeer\/\" target=\"_blank\" rel=\"noopener noreferrer\">Urlaub im Plastikmeer<\/a> (Greenpeace)<\/li>\n<li>Juli 2011: <a title=\"Meereswettbewerb - Blog\" href=\"http:\/\/www.meereswettbewerb.de\/index.php\/blog.html\">Meereswettbewerb<\/a> (Blog)<\/li>\n<li>Juli 2011: <a title=\"Narrenschiff\" href=\"http:\/\/www.youtube.com\/watch?v=8Lz_qPvKCsg&amp;feature=related\" target=\"_blank\" rel=\"noopener noreferrer\">Reinhard Mey: Das Narrenschiff<\/a> (youtube)<\/li>\n<li>Juli 2011: \u00a0<a title=\"T-Shirts\" href=\"http:\/\/www.test.de\/themen\/freizeit-reise\/test\/T-Shirts-Unternehmensverantwortung-Nur-einer-stark-engagiert-4118781-4121116\/\" target=\"_blank\" rel=\"noopener noreferrer\">T-Shirts<\/a> (Stiftung Warentest)<\/li>\n<li>Juli 2011: \u00a0<a title=\"Germanwatch\" href=\"http:\/\/www.youtube.com\/watch?v=EmirohM3hac\" target=\"_blank\" rel=\"noopener noreferrer\">Die Rechnung \u00a0&#8211; \u00a0Germanwatch<\/a> (youtube)<\/li>\n<li>Juni 2011: \u00a0<a title=\"Food\" href=\"http:\/\/www.nytimes.com\/2011\/06\/12\/opinion\/12kristof.html?_r=1&amp;nl=todaysheadlines&amp;emc=tha212\" target=\"_blank\" rel=\"noopener noreferrer\">When Food Kills<\/a> (NYT)<\/li>\n<li>Juni 2011: \u00a0<a title=\"Pferde\" href=\"http:\/\/www.zdf.de\/ZDFmediathek\/kanaluebersicht\/aktuellste\/1141168#\/beitrag\/video\/1355002\/400-Kilometer-f\u00fcr-ein-Fohlen\" target=\"_blank\" rel=\"noopener noreferrer\">400 Kilometer f\u00fcr ein Fohlen<\/a> (ZDF-37 Grad)<\/li>\n<li>Juni 2011: \u00a0<a title=\"China\" href=\"http:\/\/www.nytimes.com\/2011\/06\/05\/world\/asia\/05china.html\" target=\"_blank\" rel=\"noopener noreferrer\">A Grass-Root Fight to Save a &#8218;Supertree&#8216;<\/a> (NYT)<\/li>\n<li>Juni 2011: \u00a0<a title=\"Brazil\" href=\"http:\/\/www.nytimes.com\/2011\/06\/02\/world\/americas\/02brazil.html?_r=1&amp;pagewanted=print\" target=\"_blank\" rel=\"noopener noreferrer\">Brasilien beschlie\u00dft Wasserkraftwerk im Regenwald<\/a> (NYT)<\/li>\n<li>Mai 2011: \u00a0Ecosia \u00a0&#8211; \u00a0<a title=\"Ecosia\" href=\"http:\/\/ecosia.org\/blog\/?p=819lang=de\" target=\"_blank\" rel=\"noopener noreferrer\">250.000 Euro in 18 Monaten<\/a><\/li>\n<li>Mai 2011: \u00a0<a title=\"SZ\" href=\"http:\/\/www.sueddeutsche.de\/wissen\/der-muell-im-meer-stoepsel-tueten-badeenten-1.1097178\" target=\"_blank\" rel=\"noopener noreferrer\">St\u00f6psel, T\u00fcten, Badeenten<\/a> (S\u00fcddeutsche Zeitung) und weitere Artikel zum Thema &#8222;Plastik&#8220;<\/li>\n<li>Mai 2011: \u00a0<a title=\"Lebensmittel\" href=\"http:\/\/www.zdf.de\/ZDFmediathek\/hauptnavigation\/startseite\/#\/beitrag\/video\/1336280\/Kampf-gegen-Lebensmittel-Verschwendung\" target=\"_blank\" rel=\"noopener noreferrer\">Kampf gegen die Lebensmittel-Verschwendung<\/a> (aus: ZDF-heute)<\/li>\n<li>Mai 2011: <a title=\"EarthTouch\" href=\"http:\/\/www.earth-touch.com\" target=\"_blank\" rel=\"noopener noreferrer\">Earth-Touch<\/a> (excellent website!)<\/li>\n<li>Mai 2011: \u00a0<a title=\"HungerWut\" href=\"http:\/\/www.youtube.com\/watch?v=pekfdFXsTtM\" target=\"_blank\" rel=\"noopener noreferrer\">Hunger und Wut<\/a> (Phoenix &#8211; 3x 15 min auf youtube)<\/li>\n<li>April 2011: \u00a0<a title=\"Frachtschiffe\" href=\"http:\/\/www.br-online.de\/bayerisches-fernsehen\/faszination-wissen\/faszination-wissen-schiffe-abgase-ID1302624128093.xml\" target=\"_blank\" rel=\"noopener noreferrer\">Dreckschleudern Frachtschiffe<\/a> (BR &#8211; Faszination Wissen)<\/li>\n<li>April 2011: \u00a0<a title=\"Ecuador\" href=\"http:\/\/www.zdf.de\/ZDFmediathek\/hauptnavigation\/nachrichten\/#\/beitrag\/video\/1305012\/Pr\u00e4mie-f\u00fcr-den-Regenwaldschutz\" target=\"_blank\" rel=\"noopener noreferrer\">Regenwaldschutz in Ecuador<\/a> (ZDF)<\/li>\n<li>April 2011: <a title=\"ZDF\" href=\"http:\/\/www.zdf.de\/ZDFmediathek\/beitrag\/video\/1298836\/Plastik---die-neue-Monsterwelle-\" target=\"_blank\" rel=\"noopener noreferrer\">Fluch der bunten Plastikwelt<\/a> (ZDF &#8211; Abenteuer Wissen)<\/li>\n<li>April 2011: \u00a0<a title=\"Blue Gold\" href=\"http:\/\/www.youtube.com\/watch?v=vLp1ZnjsIXc&amp;NR=1\" target=\"_blank\" rel=\"noopener noreferrer\">Blue Gold &#8211; World Water Wars<\/a> (neunteiliger Film auf youtube in engl. Sprache)<\/li>\n<li>M\u00e4rz 2011: \u00a0<a title=\"FAZ_Canada\" href=\"http:\/\/www.gfs-umweltausschuss.de\/wp-content\/uploads\/31_FAZ_ImWaldDerGro\u00dfenBaeren.pdf\" target=\"_blank\" rel=\"noopener noreferrer\">Im Wald der gro\u00dfen B\u00e4ren<\/a> (FAZ-Artikel)<\/li>\n<li>M\u00e4rz 2011: \u00a0<a title=\"Plastic\" href=\"http:\/\/www.nytimes.com\/2011\/03\/18\/opinion\/18freinkel.html?_r=1&amp;scp=1&amp;sq=Plastic%20-%20Too%20good%20to%20&amp;st=cse\" target=\"_blank\" rel=\"noopener noreferrer\">Plastic &#8211; Too Good to Throw Away<\/a> (NYT article)<\/li>\n<li>M\u00e4rz 2011: \u00a0Filmtipp: \u00a0<a title=\"Plastik\" href=\"http:\/\/www.youtube.com\/watch?v=wYPzHEZYrx0&amp;NR=1\" target=\"_blank\" rel=\"noopener noreferrer\">Plastik \u00fcber alles<\/a> &#8211; Eine Welt aus Plastik (youtube)<\/li>\n<li>M\u00e4rz 2011: \u00a0<a title=\"PlasticPlanet\" href=\"http:\/\/www.youtube.com\/watch?v=-fwltw4U-CI&amp;feature=player_embedded\" target=\"_blank\" rel=\"noopener noreferrer\">Plastic Planet<\/a> (Trailer)<\/li>\n<li>M\u00e4rz 2011: \u00a0<a title=\"Choice\" href=\"http:\/\/www.youtube.com\/watch?v=VO6XEQIsCoM\" target=\"_blank\" rel=\"noopener noreferrer\">The Paradox of Choice<\/a> (TED-talk)<\/li>\n<li>Februar 2011: \u00a0<a title=\"FoodInc\" href=\"http:\/\/www.takepart.com\/foodinc\" target=\"_blank\" rel=\"noopener noreferrer\">Food, Inc.<\/a> (Trailer)<\/li>\n<li>Februar 2011: \u00a0Einladung zu der Aktion &#8222;<a title=\"FahrRad\" href=\"http:\/\/www.klima-tour.de\/\" target=\"_blank\" rel=\"noopener noreferrer\">FahrRad! F\u00fcrs Klima auf Tour<\/a>&#8222;<\/li>\n<li>Februar 2011: \u00a0<a title=\"Granulat\" href=\"http:\/\/www.swr.de\/naturwunder\/-\/id=1223312\/nid=1223312\/did=6548754\/1mdpays\/index.html\" target=\"_blank\" rel=\"noopener noreferrer\">Wasserspeichergranulat<\/a><\/li>\n<li>Februar 2011: \u00a0<a title=\"Klimaschutz\" href=\"http:\/\/www.gfs-umweltausschuss.de\/wp-content\/uploads\/Klimaschutzpapier.jpg\" target=\"_blank\" rel=\"noopener noreferrer\">Klimaschutzpapier<\/a><\/li>\n<li>Januar 2011: Neuer Film in den Kinos ab 20. Januar: <a title=\"Good Food Bad Food\" href=\"http:\/\/www.goodfood-badfood.de\/index.html\" target=\"_blank\" rel=\"noopener noreferrer\">Good Food &#8211; Bad Food<\/a><\/li>\n<li>Januar 2011: \u00a0<a title=\"Ecosia\" href=\"http:\/\/ecosia.org\/how.php\" target=\"_blank\" rel=\"noopener noreferrer\">Ecosia<\/a> &#8211; eine Alternative zu Google, bei der man die Arbeit des WWF f\u00fcr den Regenwald unterst\u00fctzt<\/li>\n<li>Januar 2011: \u00a02011 ist das &#8222;<a title=\"Jahr der W\u00e4lder\" href=\"http:\/\/de.wikipedia.org\/wiki\/Internationales_Jahr_der_W\u00e4lder\" target=\"_blank\" rel=\"noopener noreferrer\">Jahr der W\u00e4lder<\/a>&#8222;<\/li>\n<li>Januar 2011: \u00a0Albert-Schweitzer-Stiftung: <a title=\"Albert Schweitzer\" href=\"http:\/\/albert-schweitzer-stiftung.de\/aktuell\/jahresruckblick-2010\" target=\"_blank\" rel=\"noopener noreferrer\">R\u00fcckblick<\/a> auf das Jahr 2010<\/li>\n<li>Zum Jahreswechsel: \u00a0<a title=\"12 Milliarden\" href=\"http:\/\/albert-schweitzer-stiftung.de\/aktuell\/deutsche-essen-uber-12-milliarden-tiere-pro-jahr\" target=\"_blank\" rel=\"noopener noreferrer\">12 Milliarden Tiere f\u00fcr Deutsche pro Jahr<\/a><\/li>\n<li>Dezember 2010: \u00a0<a title=\"OrangUtangs\" href=\"http:\/\/www.zdf.de\/ZDFmediathek\/hauptnavigation\/startseite#\/beitrag\/video\/1210710\/Orang-Utans---Die-Letzten-ihrer-Art\" target=\"_blank\" rel=\"noopener noreferrer\">Orang-Utangs &#8211; Die Letzten ihrer Ar<\/a>t (ZDF)<\/li>\n<li>Dezember 2010: Schutz der <a title=\"Finnland\" href=\"http:\/\/www.youtube.com\/watch?v=DPB5YNYPuWA&amp;feature=player_embedded\" target=\"_blank\" rel=\"noopener noreferrer\">Urw\u00e4lder in Finnland<\/a> (Kurzfilm)<\/li>\n<li>Dezember 2010: <a title=\"AlGore\" href=\"http:\/\/www.ted.com\/talks\/al_gore_s_new_thinking_on_the_climate_crisis.html\" target=\"_blank\" rel=\"noopener noreferrer\">Al Gore&#8217;s new thinking of the climate crisis<\/a> (presentation on TED)<\/li>\n<li>Dezember 2010: \u00a0<a title=\"Klasse8\" href=\"http:\/\/www.gfs-umweltausschuss.de\/wp-content\/uploads\/OV_101126_Gymnasium-Regenwald4.jpg\" target=\"_blank\" rel=\"noopener noreferrer\">Die gr\u00fcne Lunge der Erde stirbt<\/a> (Appell in der Zeitung, achte Klasse)<\/li>\n<li>November 2010: <a title=\"Meere\" href=\"http:\/\/www.zdf.de\/ZDFmediathek#\/beitrag\/bilderserie\/789166\/\u00dcberfischte-Meere\" target=\"_blank\" rel=\"noopener noreferrer\">\u00dcberfischte Meere<\/a> (Bilderserie &#8211; ZDF)<\/li>\n<li>November 2010: <a title=\"VirtuellesWasser\" href=\"http:\/\/www.youtube.com\/watch?v=YDJ140vNB6c&amp;feature=related\" target=\"_blank\" rel=\"noopener noreferrer\">Virtuelles Wasser<\/a> (W wie Wissen &#8211; ARD)<\/li>\n<li>November 2010: \u00a0<a title=\"EcoTopTen\" href=\"http:\/\/www.ecotopten.de\/start.php\" target=\"_blank\" rel=\"noopener noreferrer\">EcoTopTen<\/a><\/li>\n<li>November 2010: \u00a0Rainer Grie\u00dfhammer: <a title=\"Grie\u00dfhammer\" href=\"http:\/\/www.youtube.com\/watch?v=mSidiMVRytE\" target=\"_blank\" rel=\"noopener noreferrer\">Schlau in 120 Sekunden<\/a> (Kurzfilm)<\/li>\n<li>Oktober 2010: \u00a0<a title=\"E-Ship\" href=\"http:\/\/www.youtube.com\/watch?v=2pQga7jxAyc\" target=\"_blank\" rel=\"noopener noreferrer\">E-Ship 1<\/a> (Kurzfilm)<\/li>\n<li>Oktober 2010: \u00a0<a title=\"Hoher Papierbedarf\" href=\"http:\/\/www.planet-schule.de\/wissenspool\/papier-recycling\/inhalt\/sendungen\/weisse-blaetter-gruene-waelder-papierwende.html#\" target=\"_blank\" rel=\"noopener noreferrer\">Hoher Papierbedarf, hoher Holzverbrauch<\/a> (Film, auf Vollbildmodus stellen!).<\/li>\n<li>Oktober 2010: \u00a0<a title=\"Faszination Regenwald\" href=\"http:\/\/www.faszination-regenwald.de\/index.htm\" target=\"_blank\" rel=\"noopener noreferrer\">Faszination Regenwald<\/a> (Informationen und R\u00e4tsel)<\/li>\n<li>Oktober 2010: \u00a0<a title=\"Initiative Pro Recycling-Papier\" href=\"http:\/\/www.papiernetz.de\/index.php?page_id=3\" target=\"_blank\" rel=\"noopener noreferrer\">Initiative pro Recycling-Papier<\/a> (Kurzfilm und Nachhaltigkeitsrechner)<\/li>\n<li>September 2010: \u00a0<a title=\"\u00d6kopapier\" href=\"http:\/\/www.quisfitcrassus.de\/tab\/Site\/Umwelt_Wochenthema_Archiv_files\/2010_9:9_SueddeutscheZeitung_Oekopapier.jpg\" target=\"_blank\" rel=\"noopener noreferrer\">\u00d6kopapier setzt sich durch<\/a> (Zeitungsartikel)<\/li>\n<li>September 2010: \u00a0<a title=\"Jane Goodall\" href=\"http:\/\/www.ted.com\/talks\/jane_goodall_on_what_separates_us_from_the_apes.html\" target=\"_blank\" rel=\"noopener noreferrer\">Jane Goodall on TED<\/a> (speech)<\/li>\n<li>September 2010: \u00a0<a title=\"Jane Goodall\" href=\"http:\/\/www.zdf.de\/ZDFmediathek\/hauptnavigation\/startseite\/#\/beitrag\/video\/1123562\/Im-Kino:-Schimpansenmutter-Jane-Goodall\" target=\"_blank\" rel=\"noopener noreferrer\">Schimpansenmutter Jane Goodall<\/a> (ZDF)<\/li>\n<li>August 2010: \u00a0<a title=\"Russlands brennende W\u00e4lder\" href=\"http:\/\/www.waldportal.org\/aktuell\/news\/news.taiga.20100804\/\" target=\"_blank\" rel=\"noopener noreferrer\">Russlands brennende W\u00e4lder<\/a> (Waldportal)<\/li>\n<li>August 2010: \u00a0<a title=\"Schulprojekt\" href=\"http:\/\/www.avh-gymnasium.de\/winourhearts.html\" target=\"_blank\" rel=\"noopener noreferrer\">Schulprojekt: &#8222;Was k\u00f6nn&#8216; wir tun?&#8220;<\/a> (youtube)<\/li>\n<li>August 2010: \u00a0<a title=\"T-Shirts\" href=\"http:\/\/www.globalfilm.de\/film_100_baumwolle.shtml\" target=\"_blank\" rel=\"noopener noreferrer\">Herstellung von T-Shirts<\/a> (Globalfilm)<\/li>\n<li>August 2010:\u00a0<a title=\"Maybrit Illner\" href=\"http:\/\/www.zdf.de\/ZDFmediathek\/hauptnavigation\/startseite#\/beitrag\/video\/1096324\/Gluthitze-hier,-\u00d6lpest-d\" target=\"_blank\" rel=\"noopener noreferrer\">Maybrit Illner: Gluthitze hier, \u00d6lpest dort<\/a> (ZDF)<\/li>\n<li>Juli 2010: \u00a0<a title=\"We're Gonna be Sorry\" href=\"http:\/\/www.quisfitcrassus.de\/tab\/Site\/Umwelt_Wochenthema_Archiv_files\/2010_NYT_July24_Friedman_GonnaBeSorry.pdf\" target=\"_blank\" rel=\"noopener noreferrer\">We&#8217;re Gonna Be Sorry<\/a> (NYT article)<\/li>\n<li>Juli 2010: <a title=\"Lukas: Der Hai\" href=\"http:\/\/www.quisfitcrassus.de\/tab\/Site\/Umwelt_Wochenthema_Archiv_files\/8_Lukas_Klasse4_Hai.pdf\" target=\"_blank\" rel=\"noopener noreferrer\"> Lukas: Der Hai<\/a> (Referat aus Klasse 4)<\/li>\n<li>Juli 2010: \u00a0<a title=\"Illegale Holzimporte\" href=\"http:\/\/www.quisfitcrassus.de\/tab\/Site\/Umwelt_Wochenthema_Archiv_files\/5_2010_Mai14_TAZ_IllegalesHolz.jpg\" target=\"_blank\" rel=\"noopener noreferrer\">Illegale Holzimporte<\/a> (Zeitungsartikel)<\/li>\n<li>Juni 2010: \u00a0<a title=\"Reinhard Mey: Das Meer\" href=\"http:\/\/www.youtube.com\/watch?v=rinOPXKnvbA\" target=\"_blank\" rel=\"noopener noreferrer\">Reinhard Mey: \u00a0Das Meer<\/a> (youtube)<\/li>\n<li>Juni 2010: \u00a0<a title=\"\u00d6l-Bohrungen in der Nordsee\" href=\"https:\/\/service.greenpeace.de\/themen\/oel\/mitmach_aktionen\/aktion\/petition\/keine_oel_bohrungen_in_der_tiefsee\/\" target=\"_blank\" rel=\"noopener noreferrer\">\u00d6lteppiche auf der Nordsee<\/a> (Kurzfilm)<\/li>\n<li>Juni 2010: \u00a0<a title=\"Yadegar Asisi: Amazonia\" href=\"http:\/\/www.youtube.com\/watch?v=1IDSJ23wJfs&amp;feature=related\" target=\"_blank\" rel=\"noopener noreferrer\">Yadegar Asisi: Amazonia<\/a> (Kurzfilm auf youtube)<\/li>\n<li>Juni 2010:\u00a0<a title=\"Sylvia Earle\" href=\"http:\/\/www.ted.com\/talks\/sylvia_earle_s_ted_prize_wish_to_protect_our_oceans.html\" target=\"_blank\" rel=\"noopener noreferrer\"> Sylvia Earle on TED<\/a>: Oceans (speech on TED)<\/li>\n<li>Mai 2010: <a title=\"OS\" href=\"http:\/\/www.gfs-umweltausschuss.de\/wp-content\/uploads\/2010_5.Mai_NOZ_Recyclingpapier.jpg\" target=\"_blank\" rel=\"noopener noreferrer\">Osnabr\u00fcck<\/a>s B\u00fcrgermeister appelliert an Eltern und Sch\u00fcler (Neue Osnabr\u00fccker Zeitung)<\/li>\n<li>Mai 2010: <a title=\"Sequoia\" href=\"http:\/\/www.quisfitcrassus.de\/tab\/Site\/Umwelt_Wochenthema_Archiv_files\/1_Sequoia.jpg\" target=\"_blank\" rel=\"noopener noreferrer\">Naturwunder Sequoia<\/a> (Artikel in &#8222;Welt der Wunder&#8220;)<\/li>\n<\/ul>\n","protected":false},"excerpt":{"rendered":"<p>Hier findet ihr Themen, von denen wir meinen, dass sie interessant und wissenswert sind. Wenn ihr auch etwas beitragen wollt, schreibt uns den link oder schickt uns einen Beitrag als pdf oder als jpg (umwelttiger(at)gmail.com) April 2026:\u00a0 Naturphotographie (B. Kupper) April 2026:\u00a0 Auszeichnung von &#8222;Schulw\u00e4lder gegen Klimawandel&#8220; bei &#8222;UN-Dekade-Projekt des Jahres April 2026:\u00a0 Die Honigmacher\u00a0 [&hellip;]<\/p>\n","protected":false},"author":3,"featured_media":0,"parent":0,"menu_order":0,"comment_status":"open","ping_status":"closed","template":"","meta":{"footnotes":""},"class_list":["post-52","page","type-page","status-publish","hentry"],"_links":{"self":[{"href":"https:\/\/www.gfs-umweltausschuss.de\/index.php?rest_route=\/wp\/v2\/pages\/52","targetHints":{"allow":["GET"]}}],"collection":[{"href":"https:\/\/www.gfs-umweltausschuss.de\/index.php?rest_route=\/wp\/v2\/pages"}],"about":[{"href":"https:\/\/www.gfs-umweltausschuss.de\/index.php?rest_route=\/wp\/v2\/types\/page"}],"author":[{"embeddable":true,"href":"https:\/\/www.gfs-umweltausschuss.de\/index.php?rest_route=\/wp\/v2\/users\/3"}],"replies":[{"embeddable":true,"href":"https:\/\/www.gfs-umweltausschuss.de\/index.php?rest_route=%2Fwp%2Fv2%2Fcomments&post=52"}],"version-history":[{"count":1018,"href":"https:\/\/www.gfs-umweltausschuss.de\/index.php?rest_route=\/wp\/v2\/pages\/52\/revisions"}],"predecessor-version":[{"id":11707,"href":"https:\/\/www.gfs-umweltausschuss.de\/index.php?rest_route=\/wp\/v2\/pages\/52\/revisions\/11707"}],"wp:attachment":[{"href":"https:\/\/www.gfs-umweltausschuss.de\/index.php?rest_route=%2Fwp%2Fv2%2Fmedia&parent=52"}],"curies":[{"name":"wp","href":"https:\/\/api.w.org\/{rel}","templated":true}]}}