{"id":86,"date":"2010-09-23T20:33:02","date_gmt":"2010-09-23T18:33:02","guid":{"rendered":"http:\/\/www.quisfitcrassus.de\/umwelttiger\/?page_id=86"},"modified":"2026-04-18T16:15:05","modified_gmt":"2026-04-18T14:15:05","slug":"ruckschau","status":"publish","type":"page","link":"https:\/\/www.gfs-umweltausschuss.de\/?page_id=86","title":{"rendered":"R\u00fcckschau"},"content":{"rendered":"<ul>\n<li>17.4.2026:<br \/>\nAnkunft von &#8222;Ronald&#8220; im Schulgarten<\/li>\n<li>16.4.2026:<br \/>\n<a href=\"https:\/\/www.gfs-umweltausschuss.de\/?p=11702\" target=\"_blank\" rel=\"noopener\">Arbeitseinsatz im Schulgarten<\/a><\/li>\n<li>9.4.2026:<br \/>\n<a href=\"https:\/\/www.gfs-umweltausschuss.de\/?p=11699\" target=\"_blank\" rel=\"noopener\">Arbeitseinsatz im Schulgarten<\/a>, Fertigstellung der neuen \u00dcberdachung<\/li>\n<li>2.4.2026:<br \/>\n<a href=\"https:\/\/www.gfs-umweltausschuss.de\/?p=11678\" target=\"_blank\" rel=\"noopener\">Ferientreffen im Schulgarten<\/a><\/li>\n<li>Ende M\u00e4rz:<br \/>\n<a href=\"https:\/\/www.gfs-umweltausschuss.de\/?p=11696\" target=\"_blank\" rel=\"noopener\">Unsere Bienen<\/a><\/li>\n<li>19.3.2026:<br \/>\n<a href=\"https:\/\/www.gfs-umweltausschuss.de\/?p=11664\" target=\"_blank\" rel=\"noopener\">Arbeitseinsatz im Schulgarten und Abschluss vor den Osterferien<\/a><\/li>\n<li>12.3.2026:<br \/>\n<a href=\"https:\/\/www.gfs-umweltausschuss.de\/?p=11645\" target=\"_blank\" rel=\"noopener\">Arbeitseinsatz im Schulgarten und Fahrt zum Schulwald<\/a><\/li>\n<li>5.3.2026:<br \/>\n<a href=\"https:\/\/www.gfs-umweltausschuss.de\/?p=11641\" target=\"_blank\" rel=\"noopener\">Arbeitseinsatz im Schulgarten<\/a><\/li>\n<li>26.2.2026:<br \/>\n<a href=\"https:\/\/www.gfs-umweltausschuss.de\/?p=11639\" target=\"_blank\" rel=\"noopener\">Arbeitseinsatz im Schulgarten<\/a><\/li>\n<li>19.2.2026:<br \/>\nSchulgarten-AG (M\u00fcllquiz und WALL-E, Teil 1)<\/li>\n<li>12.2.2026:<br \/>\nSchulgarten-AG (Waldquiz und Herstellen von Vogelfuttertassen)<\/li>\n<li>5.2.2026:<br \/>\n<a href=\"https:\/\/www.gfs-umweltausschuss.de\/?p=11610\" target=\"_blank\" rel=\"noopener\">Entkusseln am Diepholzer Moorerlebnispfad<\/a><\/li>\n<li>29.1.2026:<br \/>\n<a href=\"https:\/\/www.gfs-umweltausschuss.de\/?p=11600\" target=\"_blank\" rel=\"noopener\">Winterspaziergang zum Schloss<\/a><\/li>\n<li>29.1.2026:<br \/>\n<a href=\"https:\/\/gfs-diepholz.de\/januar-winter-zeit-zum-entkusseln\/\" target=\"_blank\" rel=\"noopener\">Entkusseln am Diepholzer Moorerlebnispfad<\/a><\/li>\n<li>8.1.2026:<br \/>\n<a href=\"https:\/\/www.gfs-umweltausschuss.de\/?p=11581\" target=\"_blank\" rel=\"noopener\">Schneefiguren und Bau von Wildbienenk\u00e4sten in der Wissenswerkstatt<\/a> (Gruppe 3)<\/li>\n<li>18.12.2025:<br \/>\n<a href=\"https:\/\/www.gfs-umweltausschuss.de\/?p=11567\" target=\"_blank\" rel=\"noopener\">M\u00fcllsammeln mit anschlie\u00dfendem Picknick im Schulwald<\/a><\/li>\n<li>11.12.2025:<br \/>\n<a href=\"https:\/\/www.gfs-umweltausschuss.de\/?p=11559\" target=\"_blank\" rel=\"noopener\">Gro\u00dfes Aufr\u00e4umen im Schulgarten II<\/a><\/li>\n<li>4.12.2025:<br \/>\n<a href=\"https:\/\/www.gfs-umweltausschuss.de\/?p=11545\" target=\"_blank\" rel=\"noopener\">Gro\u00dfes Aufr\u00e4umen im Schulgarten<\/a><a href=\"https:\/\/www.gfs-umweltausschuss.de\/?p=11545\" target=\"_blank\" rel=\"noopener\"> und Bau von Wildbienenk\u00e4sten in der Wissenswerkstatt<\/a> \u00a0(Gruppe 2)<\/li>\n<li>27.11.2025:<br \/>\n<a href=\"https:\/\/www.gfs-umweltausschuss.de\/?p=11542\" target=\"_blank\" rel=\"noopener\">Thema Kraniche und Bau von Wildbienenk\u00e4sten in der Wissenswerkstatt<\/a> (Gruppe 2)<\/li>\n<li>13.11.2025:<br \/>\n<a href=\"https:\/\/www.gfs-umweltausschuss.de\/?p=11536\" target=\"_blank\" rel=\"noopener\">Arbeitseinsatz im Schulgarten und Bau von Wildbienenk\u00e4sten in der Wissenswerkstatt<\/a> (Gruppe 1)<\/li>\n<li>6.11.2025:<br \/>\n<a href=\"https:\/\/www.gfs-umweltausschuss.de\/?p=11532\" target=\"_blank\" rel=\"noopener\">Arbeitseinsatz im Schulgarten und Bau von Wildbienenk\u00e4sten in der Wissenswerkstatt<\/a> (Gruppe 1)<\/li>\n<li>30.10.2025:<br \/>\n<a href=\"https:\/\/www.gfs-umweltausschuss.de\/?p=11520\" target=\"_blank\" rel=\"noopener\">Arbeitseinsatz im Schulgarten<\/a><\/li>\n<li>28.10.2025:<br \/>\n<a href=\"https:\/\/www.gfs-umweltausschuss.de\/?p=11516\" target=\"_blank\" rel=\"noopener\">Baum f\u00fcr \u2020Hanna im Schulgarten<\/a><\/li>\n<li>25.10.2025:<br \/>\n<a href=\"https:\/\/www.gfs-umweltausschuss.de\/?p=11511\" target=\"_blank\" rel=\"noopener\">Mulch f\u00fcr den Schulgarten<\/a><\/li>\n<li>23.10.2025:<br \/>\n<a href=\"https:\/\/www.gfs-umweltausschuss.de\/?p=11504\" target=\"_blank\" rel=\"noopener\">Arbeitseinsatz im Schulgarten<\/a> (Herbstferien)<\/li>\n<li>16.10.2025:<br \/>\n<a href=\"https:\/\/www.gfs-umweltausschuss.de\/?p=11500\" target=\"_blank\" rel=\"noopener\">Arbeitseinsatz im Schulgarten<\/a> (Herbstferien)<\/li>\n<li>9.10.2025:<br \/>\n<a href=\"https:\/\/www.gfs-umweltausschuss.de\/?p=11496\" target=\"_blank\" rel=\"noopener\">Exkursion zum Schulwald<\/a><\/li>\n<li>2.10.2025:<br \/>\n<a href=\"https:\/\/www.gfs-umweltausschuss.de\/?p=11483\" target=\"_blank\" rel=\"noopener\">Arbeitseinsatz im Schulgarten<\/a><\/li>\n<li>25.9.2025:<br \/>\n<a href=\"https:\/\/www.gfs-umweltausschuss.de\/?p=11480\" target=\"_blank\" rel=\"noopener\">Arbeitseinsatz im Schulgarten<\/a><\/li>\n<li>11.9.2025:<br \/>\n<a href=\"https:\/\/www.gfs-umweltausschuss.de\/?p=11461\" target=\"_blank\" rel=\"noopener\">Arbeitseinsatz im Schulgarten<\/a><\/li>\n<li>4.9.2025:<br \/>\n<a href=\"https:\/\/www.gfs-umweltausschuss.de\/?p=11457\" target=\"_blank\" rel=\"noopener\">Arbeitseinsatz im Schulgarten<\/a><\/li>\n<li>28.8.2025:<br \/>\n<a href=\"https:\/\/www.gfs-umweltausschuss.de\/?p=11454\" target=\"_blank\" rel=\"noopener\">Arbeitseinsatz im Schulgarten<\/a><\/li>\n<li>22.\/23.8.2025:<br \/>\n<a href=\"https:\/\/www.gfs-umweltausschuss.de\/?p=11442\" target=\"_blank\" rel=\"noopener\">\u00dcbernachtung im Schulgarten<\/a><\/li>\n<li>21.8.2025:<br \/>\n<a href=\"https:\/\/www.gfs-umweltausschuss.de\/?p=11439\" target=\"_blank\" rel=\"noopener\">Arbeitseinsatz im Schulgarten<\/a> (Sommerferien)<\/li>\n<li>19.8.2025:<br \/>\n<a href=\"https:\/\/www.gfs-umweltausschuss.de\/?p=11436\" target=\"_blank\" rel=\"noopener\">M\u00e4harbeiten im Schulwald<\/a><\/li>\n<li>14.8.2025:<br \/>\n<a href=\"https:\/\/www.gfs-umweltausschuss.de\/?p=11433\" target=\"_blank\" rel=\"noopener\">Arbeitseinsatz im Schulgarten<\/a> (Sommerferien)<\/li>\n<li>7.8.2025:<br \/>\n<a href=\"https:\/\/www.gfs-umweltausschuss.de\/?p=11419\" target=\"_blank\" rel=\"noopener\">Arbeitseinsatz im Schulgarten<\/a> (Sommerferien)<\/li>\n<li>31.7.2025:<br \/>\n<a href=\"https:\/\/www.gfs-umweltausschuss.de\/?p=11415\" target=\"_blank\" rel=\"noopener\">Arbeitseinsatz im Schulgarten<\/a> (Sommerferien)<\/li>\n<li>24.7.2025:<br \/>\n<a href=\"https:\/\/www.gfs-umweltausschuss.de\/?p=11399\" target=\"_blank\" rel=\"noopener\">Arbeitseinsatz im Schulgarten<\/a> (Sommerferien)<\/li>\n<li>19.7.2025:<br \/>\n<a href=\"https:\/\/www.gfs-umweltausschuss.de\/wp-content\/uploads\/250726_DK_Agenda-gegen-Adlerfarn-72-scaled.jpg\" target=\"_blank\" rel=\"noopener\">Eind\u00e4mmen von Adlerfarn am Diepholzer Moorerlebnispfad mit Mitgliedern der B\u00fcrgerstiftung Agenda 21 DH<\/a><\/li>\n<li>17.7.2025:<br \/>\nArbeitseinsatz im Schulgarten (Sommerferien)<\/li>\n<li>Juli 2025:<br \/>\nDas Dach der Schule erh\u00e4lt eine Photovoltaik-Anlage.<\/li>\n<li>10.7.2025:<br \/>\n<a href=\"https:\/\/www.gfs-umweltausschuss.de\/?p=11387\" target=\"_blank\" rel=\"noopener\">Arbeitseinsatz im Schulgarten<\/a> (Sommerferien)<\/li>\n<li>3.7.2025:<br \/>\n<a href=\"https:\/\/www.gfs-umweltausschuss.de\/?p=11371\" target=\"_blank\" rel=\"noopener\">Arbeitseinsatz im Schulgarten<\/a> (Sommerferien)<\/li>\n<li>Juni\/Juli 2025:<br \/>\n<a href=\"https:\/\/www.gfs-umweltausschuss.de\/?p=11380\" target=\"_blank\" rel=\"noopener\">Bl\u00fchstreifen rund um die Schule<\/a><\/li>\n<li>29.6.2025:<br \/>\nHonigentnahme im Schulgarten<\/li>\n<li>26.6.2025:<br \/>\n<a href=\"https:\/\/gfs-diepholz.de\/bingo-woche-der-natur-2025\/\" target=\"_blank\" rel=\"noopener\">Fledermausabend<\/a><\/li>\n<li>26.6.2025:<br \/>\n<a href=\"https:\/\/gfs-diepholz.de\/bingo-woche-der-natur-2025\/\" target=\"_blank\" rel=\"noopener\">Waldkauz-Vortrag<\/a><\/li>\n<li>25.6.2025:<br \/>\n<a href=\"https:\/\/gfs-diepholz.de\/bingo-woche-der-natur-2025\/\" target=\"_blank\" rel=\"noopener\">Tag der Offenen T\u00fcr im Schulgarten<\/a><\/li>\n<li>24.6.2025:<br \/>\n<a href=\"https:\/\/gfs-diepholz.de\/bingo-woche-der-natur-2025\/\" target=\"_blank\" rel=\"noopener\">Tag der Offenen T\u00fcr im Schulwald<\/a><\/li>\n<li>23.6.2025:<br \/>\n<a href=\"https:\/\/gfs-diepholz.de\/bingo-woche-der-natur-2025\/\" target=\"_blank\" rel=\"noopener\">Eind\u00e4mmen von Adlerfarn im Diepholzer Moorerlebnispfad<\/a> (Mitglieder der Schulgarten-AG)<br \/>\n<a href=\"https:\/\/www.gfs-umweltausschuss.de\/?p=11407\" target=\"_blank\" rel=\"noopener\">Zeitungsbericht<\/a><\/li>\n<li>19.6.2025:<br \/>\n<a href=\"https:\/\/www.gfs-umweltausschuss.de\/?p=11347\" target=\"_blank\" rel=\"noopener\">Arbeitseinsatz im Schulgarten<\/a><\/li>\n<li>16.6.2025:<br \/>\n<a href=\"https:\/\/gfs-diepholz.de\/bingo-woche-der-natur-2025\/\" target=\"_blank\" rel=\"noopener\">Eind\u00e4mmen von Adlerfarn am Diepholzer Moorerlebnispfad<\/a> (Klasse 7)<\/li>\n<li>12.6.2025:<br \/>\n<a href=\"https:\/\/www.gfs-umweltausschuss.de\/?p=11327\" target=\"_blank\" rel=\"noopener\">\u00dcbergabe der selbstgerfertigten Fledermausfladen an die Stadt DH<\/a><\/li>\n<li>5.6.2025:<br \/>\n<a href=\"https:\/\/www.gfs-umweltausschuss.de\/?p=11299\" target=\"_blank\" rel=\"noopener\">Arbeitseinsatz im Schulgarten<\/a><\/li>\n<li>5.6.2025:<br \/>\n<a href=\"https:\/\/www.gfs-umweltausschuss.de\/?p=11292\" target=\"_blank\" rel=\"noopener\">Hinweis auf Veranstaltungen im Rahmen der Bingo &#8222;Woche der Natur&#8220;<\/a><\/li>\n<li>26.5.2025:<br \/>\n<a href=\"https:\/\/www.gfs-umweltausschuss.de\/?p=11263\" target=\"_blank\" rel=\"noopener\">Sondertreffen der Schulgarten-AG<\/a><\/li>\n<li>26.5.2025:<br \/>\n<a href=\"https:\/\/www.gfs-umweltausschuss.de\/?p=11260\" target=\"_blank\" rel=\"noopener\">St\u00f6rche weiterhin tapfer<\/a><\/li>\n<li>22.5.2025:<br \/>\n<a href=\"https:\/\/www.gfs-umweltausschuss.de\/?p=11257\" target=\"_blank\" rel=\"noopener\">Arbeitseinsatz im Schulgarten<\/a><\/li>\n<li>17.5.2025:<br \/>\n<a href=\"https:\/\/www.gfs-umweltausschuss.de\/?p=11249\" target=\"_blank\" rel=\"noopener\">zweiter Honigraum f\u00fcr den Bienenstock<\/a><\/li>\n<li>17.5.2025:<br \/>\n<a href=\"https:\/\/www.gfs-umweltausschuss.de\/?p=11237\" target=\"_blank\" rel=\"noopener\">Arbeitseinsatz am Moorerlebnispfad<\/a><\/li>\n<li>15.5.2025:<br \/>\n<a href=\"https:\/\/www.gfs-umweltausschuss.de\/?p=11221\" target=\"_blank\" rel=\"noopener\">Arbeitseinsatz im Schulgarten<\/a><\/li>\n<li>13.5.2025:<br \/>\n<a href=\"https:\/\/www.gfs-umweltausschuss.de\/?p=11212\" target=\"_blank\" rel=\"noopener\">Bauarbeiten belasten die St\u00f6rche<\/a><\/li>\n<li>13.5.2025:<br \/>\n<a href=\"https:\/\/www.gfs-umweltausschuss.de\/?p=11205\" target=\"_blank\" rel=\"noopener\">Sondertreffen der Schulgarten-AG<\/a> anl\u00e4sslich des Besuches von Vertretern des Naturparks D\u00fcmmer<\/li>\n<li>12.5.2025:<br \/>\n<a href=\"https:\/\/www.gfs-umweltausschuss.de\/?p=11201\" target=\"_blank\" rel=\"noopener\">M\u00e4hen des Wegenetzes im Schulwald<\/a><\/li>\n<li>8.5.2025:<br \/>\nArbeitseinsatz im Schulgarten<\/li>\n<li>30.4.2025:<br \/>\n<a href=\"https:\/\/www.gfs-umweltausschuss.de\/?p=11180\" target=\"_blank\" rel=\"noopener\">Fortschritte beim Bl\u00fchstreifen vor dem Schulgarten<\/a><\/li>\n<li>24.4.2025:<br \/>\n<a href=\"https:\/\/www.gfs-umweltausschuss.de\/?p=11164\" target=\"_blank\" rel=\"noopener\">Arbeitseinsatz im Schulgarten<\/a><\/li>\n<li>21.4.2025:<br \/>\n<a href=\"https:\/\/www.gfs-umweltausschuss.de\/wp-content\/uploads\/Schulgarten_250421.jpg\" target=\"_blank\" rel=\"noopener\">Impressionen vom Schulgarten<\/a><\/li>\n<li>17.4.2025:<br \/>\n<a href=\"https:\/\/www.gfs-umweltausschuss.de\/?p=11142\" target=\"_blank\" rel=\"noopener\">Arbeitseinsatz im Schulgarten<\/a> (Osterferien)<\/li>\n<li>15.4.2025:<br \/>\n<a href=\"https:\/\/www.gfs-umweltausschuss.de\/?p=11130\" target=\"_blank\" rel=\"noopener\">Biber beim Schulwald<\/a><\/li>\n<li>15.4.2025:<br \/>\n<a href=\"https:\/\/www.gfs-umweltausschuss.de\/?p=11126\" target=\"_blank\" rel=\"noopener\">Neues von den St\u00f6rchen<\/a><\/li>\n<li>15.4.2025:<br \/>\n<a href=\"https:\/\/www.gfs-umweltausschuss.de\/?p=11123\" target=\"_blank\" rel=\"noopener\">Honigraum f\u00fcr die Bienen<\/a><\/li>\n<li>10.4.2025:<br \/>\n<a href=\"https:\/\/www.gfs-umweltausschuss.de\/?p=11119\" target=\"_blank\" rel=\"noopener\">Arbeitseinsatz im Schulgarten<\/a> (Osterferien)<\/li>\n<li>3.4.2025:<br \/>\n<a href=\"https:\/\/www.gfs-umweltausschuss.de\/?p=11109\" target=\"_blank\" rel=\"noopener\">Besuch der Bingo-Umweltstiftung<\/a><\/li>\n<li>1.4.2025:<br \/>\n<a href=\"https:\/\/www.gfs-umweltausschuss.de\/?p=11106\" target=\"_blank\" rel=\"noopener\">Rezertifizierung Naturparkschule<\/a><\/li>\n<li>28.3.2025:<br \/>\n<a href=\"https:\/\/www.gfs-umweltausschuss.de\/?p=11099\" target=\"_blank\" rel=\"noopener\">Schulgarten ge\u00f6ffnet am Tag der Offenen Schule<\/a><\/li>\n<li>27.3.2025:<br \/>\n<a href=\"https:\/\/www.gfs-umweltausschuss.de\/?p=11096\" target=\"_blank\" rel=\"noopener\">Arbeitseinsatz im Schulgarten<\/a><\/li>\n<li>20.3.2025:<br \/>\nArbeitseinsatz im Schulgarten<\/li>\n<li>13.3.2025:<br \/>\n<a href=\"https:\/\/www.gfs-umweltausschuss.de\/?p=11072\" target=\"_blank\" rel=\"noopener\">Arbeitseinsatz im Schulgarten<\/a><\/li>\n<li>6.3.2025:<br \/>\n<a href=\"https:\/\/www.gfs-umweltausschuss.de\/?p=11067\" target=\"_blank\" rel=\"noopener\">Arbeitseinsatz im Schulgarten<\/a><\/li>\n<li>27.2.2025:<br \/>\n<a href=\"https:\/\/www.gfs-umweltausschuss.de\/?p=11056\" target=\"_blank\" rel=\"noopener\">Arbeitseinsatz im Schulgarten<\/a><\/li>\n<li>25.\/26.2.2025:<br \/>\n<a href=\"https:\/\/www.gfs-umweltausschuss.de\/?p=11054\" target=\"_blank\" rel=\"noopener\">Weitere Eins\u00e4tze im Moor<\/a><\/li>\n<li>20.2.2025:<br \/>\n<a href=\"https:\/\/www.gfs-umweltausschuss.de\/?p=11045\" target=\"_blank\" rel=\"noopener\">Danke an die Schulgarten-AG<\/a><\/li>\n<li>13.2.2025:<br \/>\n<a href=\"https:\/\/www.gfs-umweltausschuss.de\/?p=11035\" target=\"_blank\" rel=\"noopener\">Noch einmal ins Moor<\/a><\/li>\n<li>6.2.2025:<br \/>\n<a href=\"https:\/\/www.gfs-umweltausschuss.de\/?p=11021\" target=\"_blank\" rel=\"noopener\">Mit den Rollern zum Moor<\/a><\/li>\n<li>29.1.2025:<br \/>\n<a href=\"https:\/\/gfs-diepholz.de\/klassenbaeume-fuer-die-jahrgaenge-5-und-6\/\" target=\"_blank\" rel=\"noopener\">Pflanzen von Klassenb\u00e4umen<\/a><\/li>\n<li>21.1.2025:<br \/>\n<a href=\"https:\/\/gfs-diepholz.de\/auf-ins-moor\/\" target=\"_blank\" rel=\"noopener\">Entkusseln im Diepholzer Moor<\/a><\/li>\n<li>17.1.2025:<br \/>\n<a href=\"https:\/\/www.gfs-umweltausschuss.de\/?p=10973\" target=\"_blank\" rel=\"noopener\">16 neue B\u00e4ume auf dem Schulgel\u00e4nde<\/a><\/li>\n<li>16.1.2025:<br \/>\n<a href=\"https:\/\/www.gfs-umweltausschuss.de\/?p=10970\" target=\"_blank\" rel=\"noopener\">Schulwald teilweise nass<\/a><\/li>\n<li>11.2.2025:<br \/>\n<a href=\"https:\/\/www.gfs-umweltausschuss.de\/?p=10963\" target=\"_blank\" rel=\"noopener\">Entkusseln am Diepholzer Moorerlebnispfad<\/a><\/li>\n<li>9.1.2025:<br \/>\n<a href=\"https:\/\/www.gfs-umweltausschuss.de\/?p=10958\" target=\"_blank\" rel=\"noopener\">Schulgarten-AG<\/a><\/li>\n<li>2.1.2025:<br \/>\n<a href=\"https:\/\/www.gfs-umweltausschuss.de\/?p=10938\" target=\"_blank\" rel=\"noopener\">Arbeitseinsatz im Schulwald<\/a><\/li>\n<li>28.12.2024:<br \/>\n<a href=\"https:\/\/www.gfs-umweltausschuss.de\/?p=10923\" target=\"_blank\" rel=\"noopener\">Arbeitseinsatz am Moorerlebnispfad<\/a><\/li>\n<li>19.12.2024:<br \/>\n<a href=\"https:\/\/www.gfs-umweltausschuss.de\/?p=10908\" target=\"_blank\" rel=\"noopener\">Schulgarten und Basteln von Weihnachtskarten<\/a><\/li>\n<li>12.12.2024:<br \/>\n<a href=\"https:\/\/www.gfs-umweltausschuss.de\/?p=10896\" target=\"_blank\" rel=\"noopener\">Arbeitseinsatz im Schulwald<\/a><\/li>\n<li>Dez. 2024:<br \/>\n<a href=\"https:\/\/www.gfs-umweltausschuss.de\/?p=10892\" target=\"_blank\" rel=\"noopener\">Arbeiten auf der GFS-Aktionsfl\u00e4che<\/a> (Naturschutzring und Agenda 21-B\u00fcrgerstiftung)<\/li>\n<li>5.12.2024:<br \/>\n<a href=\"https:\/\/www.gfs-umweltausschuss.de\/?p=10887\" target=\"_blank\" rel=\"noopener\">Mikroskopieren<\/a><\/li>\n<li>28.11.2024:<br \/>\n<a href=\"https:\/\/www.gfs-umweltausschuss.de\/?p=10877\" target=\"_blank\" rel=\"noopener\">Weihnachtsbaum, Entenhaus und Arbeitseinsatz im Schulgarten mit Hirchk\u00e4fermeiler und Sandarium<\/a><\/li>\n<li>21.11.2024:<br \/>\n<a href=\"https:\/\/www.gfs-umweltausschuss.de\/?p=10868\" target=\"_blank\" rel=\"noopener\">Arbeitseinsatz im Schulgarten<\/a><\/li>\n<li>13.11.2024:<br \/>\nNetzwerktreffen der Naturpark-Schulen im D\u00fcmmer-Museum<\/li>\n<li>7.11.2024:<br \/>\n<a href=\"https:\/\/www.gfs-umweltausschuss.de\/?p=10834\" target=\"_blank\" rel=\"noopener\">Arbeitseinsatz im Schulwald<\/a><\/li>\n<li>7.11.2024:<br \/>\n<a href=\"https:\/\/www.gfs-umweltausschuss.de\/?p=10824\" target=\"_blank\" rel=\"noopener\">Projekt Paludifarming im Barver Moor<\/a><\/li>\n<li>5.11.2024:<br \/>\n<a href=\"https:\/\/www.gfs-umweltausschuss.de\/?p=10821\" target=\"_blank\" rel=\"noopener\">Treffen mit dem F\u00f6rster im Schulwald<\/a><\/li>\n<li>24.10.2024:<br \/>\n<a href=\"https:\/\/www.gfs-umweltausschuss.de\/?p=10807\" target=\"_blank\" rel=\"noopener\">Arbeitseinsatz im Schulgarten<\/a><\/li>\n<li>21.10.2024:<br \/>\n<a href=\"https:\/\/gfs-diepholz.de\/waldtage-in-der-markonah\/\" target=\"_blank\" rel=\"noopener\">Waldtag 2<\/a> (Jg. 7)<\/li>\n<li>17.10.2024:<br \/>\n<a href=\"https:\/\/www.gfs-umweltausschuss.de\/wp-content\/uploads\/Schulgarten_323_241017-72.jpg\" target=\"_blank\" rel=\"noopener\">Arbeitseinsatz im Schulgarten<\/a> (Ferien)<\/li>\n<li>10.10.2024:<br \/>\n<a href=\"https:\/\/www.gfs-umweltausschuss.de\/wp-content\/uploads\/Schulgarten_322_241010-72.jpg\" target=\"_blank\" rel=\"noopener\">Arbeitseinsatz im Schulgarten<\/a> (Ferien)<\/li>\n<li>4.10.2024:<br \/>\n<a href=\"https:\/\/www.gfs-umweltausschuss.de\/wp-content\/uploads\/Schulgarten_321_241004-72.jpg\" target=\"_blank\" rel=\"noopener\">Arbeitseinsatz im Schulgarten<\/a> (Ferien)<\/li>\n<li>2.10.2024:<br \/>\nWaldtag 1 (Jg. 7)<\/li>\n<li>26.9.2024:<br \/>\n<a href=\"https:\/\/www.gfs-umweltausschuss.de\/?p=10764\" target=\"_blank\" rel=\"noopener\">Arbeitseinsatz im Schulgarten<\/a><\/li>\n<li>20.9.2024:<br \/>\n<a href=\"https:\/\/www.gfs-umweltausschuss.de\/?p=10737\" target=\"_blank\" rel=\"noopener\">Honigentnahme<\/a><\/li>\n<li>19.9.2024:<br \/>\n<a href=\"https:\/\/www.gfs-umweltausschuss.de\/?p=10733\" target=\"_blank\" rel=\"noopener\">Arbeitseinsatz im Schulgarten<\/a><\/li>\n<li>12.9.2024:<br \/>\n<a href=\"https:\/\/www.gfs-umweltausschuss.de\/?p=10728\" target=\"_blank\" rel=\"noopener\">Arbeitseinsatz im Schulgarten und Aufh\u00e4ngen von Vogelk\u00e4sten<\/a><\/li>\n<li>5.9.2024:<br \/>\n<a href=\"https:\/\/www.gfs-umweltausschuss.de\/?p=10720\" target=\"_blank\" rel=\"noopener\">Vortrag Dr. Jonas Preine<\/a><\/li>\n<li>5.9.2024:<br \/>\n<a href=\"https:\/\/www.gfs-umweltausschuss.de\/?p=10716\" target=\"_blank\" rel=\"noopener\">Buchvorstellung Hanna Plagge<\/a><\/li>\n<li>29.8.20024:<br \/>\n<a href=\"https:\/\/www.gfs-umweltausschuss.de\/?p=10703\" target=\"_blank\" rel=\"noopener\">Arbeitseinsatz im Schulgarten<\/a><\/li>\n<li>22.8.2024:<br \/>\n<a href=\"https:\/\/www.gfs-umweltausschuss.de\/?p=10700\" target=\"_blank\" rel=\"noopener\">Arbeitseinsatz im Schulgarten<\/a><\/li>\n<li>15.8.2024:<br \/>\n<a href=\"https:\/\/www.gfs-umweltausschuss.de\/?p=10682\" target=\"_blank\" rel=\"noopener\">Rosenbeet, Schul-Logo und Sandarium<\/a><\/li>\n<li>12.8.2024:<br \/>\n<a href=\"https:\/\/www.gfs-umweltausschuss.de\/?p=10667\" target=\"_blank\" rel=\"noopener\">Zwei kleine Zaunk\u00f6nige<\/a><\/li>\n<li>8.8.2024:<br \/>\n<a href=\"https:\/\/www.gfs-umweltausschuss.de\/?p=10659\" target=\"_blank\" rel=\"noopener\">Arbeitseinsatz im Schulgarten<\/a><\/li>\n<li>1.8.2024:<br \/>\n<a href=\"https:\/\/www.gfs-umweltausschuss.de\/?p=10659\" target=\"_blank\" rel=\"noopener\">Arbeitseinsatz im Schulgarten<\/a><\/li>\n<li>25.7.2024:<br \/>\n<a href=\"https:\/\/www.gfs-umweltausschuss.de\/?p=10647\" target=\"_blank\" rel=\"noopener\">Arbeitseinsatz im Schulgarten<\/a><\/li>\n<li>22.7.2024:<br \/>\n<a href=\"https:\/\/www.gfs-umweltausschuss.de\/?p=10644\" target=\"_blank\" rel=\"noopener\">Jungst\u00f6rche fast fl\u00fcgge<\/a><\/li>\n<li>18.7.2024:<br \/>\n<a href=\"https:\/\/www.gfs-umweltausschuss.de\/?p=10635\" target=\"_blank\" rel=\"noopener\">Arbeitseinsatz im Schulgarten<\/a><\/li>\n<li>11.7.2024:<br \/>\n<a href=\"https:\/\/www.gfs-umweltausschuss.de\/?p=10629\" target=\"_blank\" rel=\"noopener\">Arbeitseinsatz im Schulgarten<\/a><\/li>\n<li>4.7.2024:<br \/>\n<a href=\"https:\/\/www.gfs-umweltausschuss.de\/?p=10620\" target=\"_blank\" rel=\"noopener\">Arbeitseinsatz im Schulgarten<\/a><\/li>\n<li>27.6.2024:<br \/>\n<a href=\"https:\/\/www.gfs-umweltausschuss.de\/?p=10610\" target=\"_blank\" rel=\"noopener\">Sturmschaden im Schulgarten<\/a><\/li>\n<li>27.6.2024:<br \/>\n<a href=\"https:\/\/www.gfs-umweltausschuss.de\/wp-content\/uploads\/Schulgarten_307_240627-72.jpg\" target=\"_blank\" rel=\"noopener\">Arbeitseinsatz im Schulgarten<\/a> (Ferien)<\/li>\n<li>21.6.2024:<br \/>\n<a href=\"https:\/\/www.gfs-umweltausschuss.de\/?p=10555\" target=\"_blank\" rel=\"noopener\">Ein Baumstumpf f\u00fcr den Schulwald<\/a><\/li>\n<li>20.6.2024:<br \/>\n<a href=\"https:\/\/www.gfs-umweltausschuss.de\/?p=10553\" target=\"_blank\" rel=\"noopener\">Fledermaus-Abend im Schulgarten<\/a><\/li>\n<li>19.6.2024:<br \/>\n<a href=\"https:\/\/www.gfs-umweltausschuss.de\/?p=10551\" target=\"_blank\" rel=\"noopener\">Tag der Offenen T\u00fcr im Schulgarten und im Schulwald<\/a><\/li>\n<li>18.6.2024:<br \/>\n<a href=\"https:\/\/www.gfs-umweltausschuss.de\/?p=10549\" target=\"_blank\" rel=\"noopener\">Arbeitseinsatz im Schulgarten<\/a><\/li>\n<li>17.6.2024:<br \/>\n<a href=\"https:\/\/www.gfs-umweltausschuss.de\/?p=10547\" target=\"_blank\" rel=\"noopener\">Achtsamer Spaziergang zum Schulwald<\/a><\/li>\n<li>17.6.2024:<br \/>\n<a href=\"https:\/\/gfs-diepholz.de\/radtour-ins-naturschutzgebiet-boller-moor-und-lange-lohe\/\" target=\"_blank\" rel=\"noopener\">Radtour ins das Naturschutzgebiet &#8222;Boller Moor und Lange Lohe&#8220;<\/a><\/li>\n<li>13.6.2024:<br \/>\n<a href=\"https:\/\/www.gfs-umweltausschuss.de\/?p=10531\" target=\"_blank\" rel=\"noopener\">Arbeitseinsatz im Schulgarten<\/a><\/li>\n<li>10.6.2024:<br \/>\nM\u00e4hen des Wegenetzes im Schulwald<\/li>\n<li>6.6.2024:<br \/>\n<a href=\"https:\/\/www.gfs-umweltausschuss.de\/?p=10511\" target=\"_blank\" rel=\"noopener\">Arbeitseinsatz im Schulgarten<\/a><\/li>\n<li>30.5.2024:<br \/>\n<a href=\"https:\/\/www.gfs-umweltausschuss.de\/?p=10511\" target=\"_blank\" rel=\"noopener\">Arbeitseinsatz im Schulgarten<\/a><\/li>\n<li>23.5.2024:<br \/>\n<a href=\"https:\/\/www.gfs-umweltausschuss.de\/wp-content\/uploads\/Schulgarten_304_240523-72.jpg\" target=\"_blank\" rel=\"noopener\">Arbeitseinsatz im Schulgarten<\/a><\/li>\n<li>16.5.2024:<br \/>\n<a href=\"https:\/\/www.gfs-umweltausschuss.de\/?p=10494\" target=\"_blank\" rel=\"noopener\">Arbeitseinsatz im Schulgarten<\/a><\/li>\n<li>12.5.2024:<br \/>\n<a href=\"https:\/\/www.gfs-umweltausschuss.de\/?p=10490\" target=\"_blank\" rel=\"noopener\">Schulwald in gutem Zustand<\/a><\/li>\n<li>5.5.2024:<br \/>\n<a href=\"https:\/\/www.gfs-umweltausschuss.de\/?p=10478\" target=\"_blank\" rel=\"noopener\">Arbeitseinsatz im Schulgarten<\/a><\/li>\n<li>30.4.2024:<br \/>\n<a href=\"https:\/\/www.gfs-umweltausschuss.de\/?p=10476\" target=\"_blank\" rel=\"noopener\">Abschluss der Ameisen-Ausstellung<\/a><\/li>\n<li>25.4.2024:<br \/>\n<a href=\"https:\/\/www.gfs-umweltausschuss.de\/wp-content\/uploads\/Schulgarten_302_240425_Sandarium1-72.jpg\" target=\"_blank\" rel=\"noopener\">Arbeitseinsatz im Schulgarten<\/a><\/li>\n<li>18.4.2024:<br \/>\n<a href=\"https:\/\/www.gfs-umweltausschuss.de\/?p=10454\" target=\"_blank\" rel=\"noopener\">Arbeitseinsatz im Schulgarten<\/a><\/li>\n<li>18.4.2024:<br \/>\n<a href=\"https:\/\/www.gfs-umweltausschuss.de\/?p=10448\" target=\"_blank\" rel=\"noopener\">Schulgarten Station 1 bei der Naturpark-Fahrt<\/a><\/li>\n<li>17.4.2024:<br \/>\n<a href=\"https:\/\/www.gfs-umweltausschuss.de\/?p=10443\" target=\"_blank\" rel=\"noopener\">Wiederbepflanzung des Hangs im Schulgarten<\/a><\/li>\n<li>17.4.2024:<br \/>\n<a href=\"https:\/\/www.gfs-umweltausschuss.de\/?p=10439\" target=\"_blank\" rel=\"noopener\">Vorbereitungstreffen im Schulgarten<\/a><\/li>\n<li>April 2024:<br \/>\n<a href=\"https:\/\/www.gfs-umweltausschuss.de\/?p=10429\" target=\"_blank\" rel=\"noopener\">Impressionen aus dem Schulwald<\/a><\/li>\n<li>15.4.2024:<br \/>\n<a href=\"https:\/\/www.gfs-umweltausschuss.de\/?p=10424\" target=\"_blank\" rel=\"noopener\">Er\u00f6ffnung der Lehrausstellung &#8222;Faszination Ameisen&#8220;<\/a> (15.-30.4.2024)<\/li>\n<li>11.4.2024:<br \/>\n<a href=\"https:\/\/www.gfs-umweltausschuss.de\/?p=10421\" target=\"_blank\" rel=\"noopener\">300. Arbeitseinsatz im Schulgarten<\/a><\/li>\n<li>10.4.2024:<br \/>\n<a href=\"https:\/\/www.gfs-umweltausschuss.de\/?p=10417\" target=\"_blank\" rel=\"noopener\">Unser farbenfrohes Blumenlogo<\/a><\/li>\n<li>5.4.2024:<br \/>\n<a href=\"https:\/\/gfs-diepholz.de\/waldtag-der-klassen-7a-und-7c\/\" target=\"_blank\" rel=\"noopener\">Waldttag der Klassen 7a und 7c<\/a><\/li>\n<li>4.4.2024:<br \/>\n<a href=\"https:\/\/www.gfs-umweltausschuss.de\/?p=10406\" target=\"_blank\" rel=\"noopener\">Arbeitseinsatz im Schulgarten<\/a><\/li>\n<li>27.3.2024:<br \/>\n<a href=\"https:\/\/www.gfs-umweltausschuss.de\/?p=10368\" target=\"_blank\" rel=\"noopener\">Arbeitseinsatz im Schulgarten<\/a><\/li>\n<li>21.3.2024:<br \/>\n<a href=\"https:\/\/www.gfs-umweltausschuss.de\/?p=10360\" target=\"_blank\" rel=\"noopener\">Arbeitseinsatz im Schulgarten<\/a><\/li>\n<li>15.3.2024:<br \/>\n<a href=\"https:\/\/www.gfs-umweltausschuss.de\/?p=10333\" target=\"_blank\" rel=\"noopener\">Ein neues Beet und zwei neue B\u00e4ume<\/a><\/li>\n<li>14.3.2024:<br \/>\n<a href=\"https:\/\/www.gfs-umweltausschuss.de\/?p=10324\" target=\"_blank\" rel=\"noopener\">Arbeitseinsatz im Schulgarten<\/a><\/li>\n<li>7.3.2024:<br \/>\n<a href=\"https:\/\/www.gfs-umweltausschuss.de\/?p=10305\" target=\"_blank\" rel=\"noopener\">Arbeitseinsatz im Schulgarten<\/a><\/li>\n<li>29.2.2024:<br \/>\n<a href=\"https:\/\/www.gfs-umweltausschuss.de\/?p=10290\" target=\"_blank\" rel=\"noopener\">Arbeitseinsatz im Schulgarten<\/a><\/li>\n<li>22.2.2024:<br \/>\nTreffen mit der Fledermausbeauftragten Carola Anders:<a href=\"https:\/\/www.gfs-umweltausschuss.de\/?p=10272\" target=\"_blank\" rel=\"noopener\"> Besichtigung des neuen Fledermausquartiers und Anfertigen von \u00dcberwinterungsfladen<\/a><\/li>\n<li>15.2.2024:<br \/>\n<a href=\"https:\/\/www.gfs-umweltausschuss.de\/?p=10263\" target=\"_blank\" rel=\"noopener\">Arbeitseinsatz im Schulgarten<\/a><\/li>\n<li>8.2.2024:<br \/>\nSpiel: Tierische Rekorde<\/li>\n<li>26.1.2024:<br \/>\n<a href=\"https:\/\/www.gfs-umweltausschuss.de\/?p=10221\" target=\"_blank\" rel=\"noopener\">Weitere Fortschritte beim Fledermausquartier<\/a><\/li>\n<li>23.\/25.1.2024:<br \/>\nDie Moortage f\u00fcr die Jahrg\u00e4nge 7 und 10 mussten hochwasserbedingt abgesagt werden.<\/li>\n<li>21.1.2024:<br \/>\n<a href=\"https:\/\/www.gfs-umweltausschuss.de\/?p=10208\" target=\"_blank\" rel=\"noopener\">Gartenger\u00e4te von der Agenda 21<\/a><\/li>\n<li>18.1.2024:<br \/>\n<a href=\"https:\/\/www.gfs-umweltausschuss.de\/?p=10201\" target=\"_blank\" rel=\"noopener\">Arbeitseinsatz im Schulgarten<\/a><\/li>\n<li>11.1.2024:<br \/>\n<a href=\"https:\/\/www.gfs-umweltausschuss.de\/?p=10195\" target=\"_blank\" rel=\"noopener\">Exkursion zum Schulwald<\/a><\/li>\n<li>8.1.2024:<br \/>\n<a href=\"https:\/\/www.gfs-umweltausschuss.de\/wp-content\/uploads\/240108_Hunte-Hochwasser-72-scaled.jpg\" target=\"_blank\" rel=\"noopener\">Hunte-Hochwasser<\/a><\/li>\n<li>28.12.2023:<br \/>\n<a href=\"https:\/\/www.gfs-umweltausschuss.de\/?p=10191\" target=\"_blank\" rel=\"noopener\">Impressionen aus dem Schulgarten<\/a><\/li>\n<li>21.12.2023:<br \/>\n<a href=\"https:\/\/www.gfs-umweltausschuss.de\/?p=10183\" target=\"_blank\" rel=\"noopener\">UA-Kiosk ist Geschichte<\/a><\/li>\n<li>21.12.2023:<br \/>\n<a href=\"https:\/\/www.gfs-umweltausschuss.de\/?p=10175\" target=\"_blank\" rel=\"noopener\">Basteln von Weihnachtskarten und Fr\u00f6belsternen<\/a><\/li>\n<li>14.12.2023:<br \/>\n<a href=\"https:\/\/www.gfs-umweltausschuss.de\/?p=10175\" target=\"_blank\" rel=\"noopener\">Schulgarten-AG:\u00a0 M\u00fcllsammeln und Einsetzen von Blumenzwiebeln<\/a><\/li>\n<li>8.12.2023:<br \/>\n<a href=\"https:\/\/www.gfs-umweltausschuss.de\/?p=10154\" target=\"_blank\" rel=\"noopener\">Schlie\u00dfung des Umweltkiosks<\/a> (wg. Bauarbeiten der Realschule)<\/li>\n<li>7.12.2023:<br \/>\n<a href=\"https:\/\/www.gfs-umweltausschuss.de\/?p=10148\" target=\"_blank\" rel=\"noopener\">Moorprojekt mit Hanna Plagge, Lavendels\u00e4ckchen und die Frage &#8222;Wissen die Tiere mehr als wir?&#8220;<\/a><\/li>\n<li>30.11.2023:<br \/>\n<a href=\"https:\/\/www.gfs-umweltausschuss.de\/?p=10140\" target=\"_blank\" rel=\"noopener\">Lavendels\u00e4ckchen und Weihnachtsbaumschmuck<\/a><\/li>\n<li>22.11.2023:<br \/>\n<a href=\"https:\/\/www.gfs-umweltausschuss.de\/?p=10126\" target=\"_blank\" rel=\"noopener\">Fortschritte am zuk\u00fcnftigen Fledermausquartier<\/a><\/li>\n<li>16.11.2023:<br \/>\n<a href=\"https:\/\/www.gfs-umweltausschuss.de\/wp-content\/uploads\/Schulgarten_287_231116-72.jpg\" target=\"_blank\" rel=\"noopener\">Arbeitseinsatz beim Blumenlogo und im Schulgarten<\/a><\/li>\n<li>9.11.2023:<br \/>\n<a href=\"https:\/\/www.gfs-umweltausschuss.de\/?p=10123\" target=\"_blank\" rel=\"noopener\">Arbeitseinsatz im Schulgarten<\/a><\/li>\n<li>2.11.2023:<br \/>\n<a href=\"https:\/\/www.gfs-umweltausschuss.de\/?p=10118\" target=\"_blank\" rel=\"noopener\">Arbeitseinsatz im Schulgarten<\/a><\/li>\n<li>26.10.2023:<br \/>\n<a href=\"https:\/\/www.gfs-umweltausschuss.de\/?p=10113\" target=\"_blank\" rel=\"noopener\">Arbeitseinsatz im Schulgarten<\/a> (Ferien)<\/li>\n<li>19.10.2023:<br \/>\n<a href=\"https:\/\/www.gfs-umweltausschuss.de\/?p=10094\" target=\"_blank\" rel=\"noopener\">Arbeitseinsatz im Schulgarten<\/a> (Ferien)<\/li>\n<li>12.10.2023:<br \/>\n<a href=\"https:\/\/www.gfs-umweltausschuss.de\/?p=10081\" target=\"_blank\" rel=\"noopener\">Arbeitseinsatz im Schulgarten<\/a><\/li>\n<li>5.10.2023:<br \/>\n<a href=\"https:\/\/www.gfs-umweltausschuss.de\/?p=10081\" target=\"_blank\" rel=\"noopener\">Arbeitseinsatz im Schulgarten<\/a><\/li>\n<li>September 2023:<br \/>\n<a href=\"https:\/\/gfs-diepholz.de\/media\/230920_blumenlogo-und-bluehstreifen-72.jpg\" target=\"_blank\" rel=\"noopener\">Blumenlogo und Bl\u00fchstreifen<\/a><\/li>\n<li>28. September 2023:<br \/>\n<a href=\"https:\/\/www.gfs-umweltausschuss.de\/?p=10062\" target=\"_blank\" rel=\"noopener\">Arbeitseinsatz im Schulgarten<\/a><\/li>\n<li>25. September 2023:<br \/>\n<a href=\"https:\/\/www.gfs-umweltausschuss.de\/wp-content\/uploads\/230921_Schulgarten_Feldermausquartier-Fortschritt-72-scaled.jpg\" target=\"_blank\" rel=\"noopener\">Fortschritt am Wall<\/a><\/li>\n<li>21. September 2023<br \/>\n<a href=\"https:\/\/www.gfs-umweltausschuss.de\/?p=10059\" target=\"_blank\" rel=\"noopener\">Arbeitseinsatz im Schulgarten<\/a><\/li>\n<li>19. September 2023:<br \/>\nExkursion der Schulgarten-AG zum Schulwald<\/li>\n<li>18. September 2023:<br \/>\n<a href=\"https:\/\/www.gfs-umweltausschuss.de\/?p=10037\" target=\"_blank\" rel=\"noopener\">Fortschritt am Wall<\/a><\/li>\n<li>14. September 2023:<br \/>\n<a href=\"https:\/\/www.gfs-umweltausschuss.de\/?p=10032\" target=\"_blank\" rel=\"noopener\">Beginn der Bauarbeiten am Wall f\u00fcr das zuk\u00fcnftige Fledermausquartier<\/a><\/li>\n<li>11. September 2023:<br \/>\n<a href=\"https:\/\/www.gfs-umweltausschuss.de\/?p=10018\" target=\"_blank\" rel=\"noopener\">Baumschilder an den B\u00e4umen der Baumallee<\/a><\/li>\n<li>7. September 2023:<br \/>\n<a href=\"https:\/\/www.gfs-umweltausschuss.de\/?p=10029\" target=\"_blank\" rel=\"noopener\">Arbeitseinsatz im Schulgarten<\/a><\/li>\n<li>31. August 2023:<br \/>\n<a href=\"https:\/\/www.gfs-umweltausschuss.de\/?p=10009\" target=\"_blank\" rel=\"noopener\">Arbeitseinsatz im Schulgarten<\/a><\/li>\n<li>30. August 2023:<br \/>\n<a href=\"https:\/\/gfs-diepholz.de\/verbessertes-moorbeet-im-schulgarten\/\" target=\"_blank\" rel=\"noopener\">Neues Moorbeet im Schulgarten<\/a><\/li>\n<li>21.-23. August 2023:<br \/>\n<a href=\"https:\/\/gfs-diepholz.de\/schulgarten-und-schulwald-um-kaeferburgen-bereichert\/\" target=\"_blank\" rel=\"noopener\">(u.a.) Bau von K\u00e4ferburgen im Schulgarten und im Schulwald<\/a><\/li>\n<li>17. August 2023:<br \/>\n<a href=\"https:\/\/www.gfs-umweltausschuss.de\/?p=9967\" target=\"_blank\" rel=\"noopener\">Arbeitseinsatz<\/a><\/li>\n<li>10. August 2023:<br \/>\n<a href=\"https:\/\/www.gfs-umweltausschuss.de\/?p=9960\" target=\"_blank\" rel=\"noopener\">Arbeitseinsatz<\/a><\/li>\n<li>3. August 2023:<br \/>\n<a href=\"https:\/\/www.gfs-umweltausschuss.de\/?p=9957\" target=\"_blank\" rel=\"noopener\">Treffen mit F\u00f6rster Jasper Br\u00fcning<\/a><\/li>\n<li>28. Juli 2023:<br \/>\n<a href=\"https:\/\/www.gfs-umweltausschuss.de\/wp-content\/uploads\/Schulgarten_274_230728-72.jpg\" target=\"_blank\" rel=\"noopener\">Zweite Honigentnahme im Schulgarten<\/a><\/li>\n<li>27. Juli 2023:<br \/>\n<a href=\"https:\/\/www.gfs-umweltausschuss.de\/?p=9942\" target=\"_blank\" rel=\"noopener\">GFS-Logo und Bl\u00fchfl\u00e4che<\/a><\/li>\n<li>27. Juli 2023:<br \/>\n<a href=\"https:\/\/www.gfs-umweltausschuss.de\/?p=9939\" target=\"_blank\" rel=\"noopener\">St\u00f6rche im Schulwald<\/a><\/li>\n<li>20. Juli 2023:<br \/>\n<a href=\"https:\/\/www.gfs-umweltausschuss.de\/?p=9923\" target=\"_blank\" rel=\"noopener\">Arbeitseinsatz im Schulgarten<\/a><\/li>\n<li>13. Juli 2023:<br \/>\n<a href=\"https:\/\/www.gfs-umweltausschuss.de\/?p=9921\" target=\"_blank\" rel=\"noopener\">Arbeitseinsatz im Schulgarten<\/a><\/li>\n<li>6. Juli 2023:<br \/>\nArbeitseinsatz im Schulgarten<\/li>\n<li>23. Juni 2023:<br \/>\n<a href=\"https:\/\/www.gfs-umweltausschuss.de\/?p=9918\" target=\"_blank\" rel=\"noopener\">\u00dcbernachtung im Schulgarten (Bus und 5b)<\/a><\/li>\n<li>22. Juni 2023:<br \/>\n<a href=\"https:\/\/www.gfs-umweltausschuss.de\/?p=9908\" target=\"_blank\" rel=\"noopener\">Rosen vor dem Lehrerzimmer<\/a><\/li>\n<li>22. Juni 2023:<br \/>\n<a href=\"https:\/\/gfs-diepholz.de\/blumenlogo-und-bluehstreifen\/\" target=\"_blank\" rel=\"noopener\">Blumenlogo und Bl\u00fchstreifen<\/a><\/li>\n<li>20. Juni 2023:<br \/>\n<a href=\"https:\/\/gfs-diepholz.de\/neues-aus-dem-schulwald\/\" target=\"_blank\" rel=\"noopener\">Wegenetz im Schulwald und Storchenfamilie<\/a><\/li>\n<li>10. Juni 2023:<br \/>\n<a href=\"https:\/\/www.gfs-umweltausschuss.de\/?p=9886\" target=\"_blank\" rel=\"noopener\">Entfernen von Adlerfarn am Moorerlebnispfad<\/a><\/li>\n<li>8. Juni 2023:<br \/>\n<a href=\"https:\/\/www.gfs-umweltausschuss.de\/?p=9889\" target=\"_blank\" rel=\"noopener\">Schleudern des ersten Schulgarten-Honigs<\/a><\/li>\n<li>Juni 2023:<br \/>\n<a href=\"https:\/\/www.gfs-umweltausschuss.de\/?p=9884\" target=\"_blank\" rel=\"noopener\">Storchennachwuchs<\/a><\/li>\n<li>1. Juni 2023:<br \/>\n<a href=\"https:\/\/www.gfs-umweltausschuss.de\/?p=9865\" target=\"_blank\" rel=\"noopener\">Arbeitseinsatz im Schulgarten<\/a><\/li>\n<li>31. Mai 2023:<br \/>\n<a href=\"https:\/\/www.gfs-umweltausschuss.de\/?p=9857\" target=\"_blank\" rel=\"noopener\">Netzwerktreffen der Schulwald-Vertreter in Bad Bentheim<\/a><\/li>\n<li>25. Mai 2023:<br \/>\n<a href=\"https:\/\/www.gfs-umweltausschuss.de\/?p=9849\" target=\"_blank\" rel=\"noopener\">Arbeitseinsatz im Schulgarten<\/a><\/li>\n<li>18. Mai 2023:<br \/>\n<a href=\"https:\/\/www.gfs-umweltausschuss.de\/?p=9845\" target=\"_blank\" rel=\"noopener\">Besuch des Imkers<\/a><\/li>\n<li>11. Mai 2023:<br \/>\nArbeitseinsatz im Schulgarten<\/li>\n<li>4. Mai 2023:<br \/>\n<a href=\"https:\/\/www.gfs-umweltausschuss.de\/?p=9835\" target=\"_blank\" rel=\"noopener\">Arbeitseinsatz im Schulgarten und Exkursion zum Schulwald<\/a><\/li>\n<li>20. und 27. April 2023:<br \/>\n<a href=\"https:\/\/www.gfs-umweltausschuss.de\/?p=9816\" target=\"_blank\" rel=\"noopener\">Arbeitseins\u00e4tze im Schulgarten<\/a><\/li>\n<li>19. April 2023:<br \/>\nNetzwerktreffen der Naturparkschulen in der Stemweder-Berg-Schule<\/li>\n<li>13. April 2023:<br \/>\n<a href=\"https:\/\/www.gfs-umweltausschuss.de\/?p=9810\" target=\"_blank\" rel=\"noopener\">Arbeitseinsatz im Schulgarten\u00a0<\/a><\/li>\n<li>6. April 2023:<br \/>\nArbeitseinsatz im Schulgarten (Osterferien)<\/li>\n<li>30. M\u00e4rz 2023:<br \/>\nArbeitseinsatz im Schulgarten (Osterferien)<\/li>\n<li>23. M\u00e4rz 2023:<br \/>\nSchulgarten-AG: Bemalen von Bienenk\u00e4sten, <a href=\"https:\/\/www.gfs-umweltausschuss.de\/wp-content\/uploads\/230330_Rosenschneiden-72.jpg\" target=\"_blank\" rel=\"noopener\">Schneiden der Rosen<\/a><\/li>\n<li>21. M\u00e4rz 2023:<br \/>\n<a href=\"https:\/\/gfs-diepholz.de\/die-neue-baumallee\/\" target=\"_blank\" rel=\"noopener\">Pflanzen einer Baumallee auf dem Schulgel\u00e4nde<\/a><\/li>\n<li>16. M\u00e4rz 2023:<br \/>\nSchulgarten-AG<\/li>\n<li>9. M\u00e4rz 2023:<br \/>\nSchulgarten-AG<\/li>\n<li>2. M\u00e4rz 2023:<br \/>\nSchulgarten-AG<\/li>\n<li>23. Februar 2023:<br \/>\nSchulgarten-AG<\/li>\n<li>16. Februar 2023:<br \/>\nSchulgarten-AG<\/li>\n<li>10. Februar 2023:<br \/>\n<a href=\"https:\/\/gfs-diepholz.de\/moor-muss-nass\/\" target=\"_blank\" rel=\"noopener\">Moortag Jg. 10 + 9a + 12 EK Za<\/a><\/li>\n<li>9. Februar 2023:<br \/>\nSchulgarten-AG<\/li>\n<li>1. Februar 2023:<br \/>\n<a href=\"https:\/\/gfs-diepholz.de\/moor-muss-nass\/\" target=\"_blank\" rel=\"noopener\">Moortag Jg. 7 + 6d<\/a><\/li>\n<li>19. Januar 2023:<br \/>\n<a href=\"https:\/\/www.gfs-umweltausschuss.de\/?p=9731\" target=\"_blank\" rel=\"noopener\">Obstbaumschnitt auf dem Schulwaldgel\u00e4nd<\/a>e<\/li>\n<li>21.\/23. Dezember 2022:<br \/>\n<a href=\"https:\/\/www.gfs-umweltausschuss.de\/?p=9708\" target=\"_blank\" rel=\"noopener\">Arbeiten auf der GFS-Aktionsfl\u00e4che im Moor<\/a><\/li>\n<li>Dez 2022:<br \/>\n<a href=\"https:\/\/www.gfs-umweltausschuss.de\/?p=9691\" target=\"_blank\" rel=\"noopener\">Doppelband anl\u00e4sslich des Naturpark-Jubil\u00e4ums<\/a><\/li>\n<li>15. Dezember 2022:<br \/>\nSchulgarten-AG<\/li>\n<li>9. Dezember 2022:<br \/>\n<a href=\"https:\/\/gfs-diepholz.de\/moor-muss-nass-gfs-aktionsflaeche-am-moor-erlebnispfad\/\" target=\"_blank\" rel=\"noopener\">Pressetermin im Moor<\/a><\/li>\n<li>9. Dezember 2022:<br \/>\nSchm\u00fccken des Weihnachtsbaumes<\/li>\n<li>8. Dezember 2022:<br \/>\nSchulgarten-AG<\/li>\n<li>3. Dezember 2022:<br \/>\n<a href=\"https:\/\/www.gfs-umweltausschuss.de\/wp-content\/uploads\/221203_Moor-72.jpg\" target=\"_blank\" rel=\"noopener\">Entkusseln im Moor<\/a><\/li>\n<li>1. Dezember 2022:<br \/>\nSchulgarten-AG<\/li>\n<li>26. November 2022:<br \/>\nEntkusseln im Moor<\/li>\n<li>24. November 2022:<br \/>\nSchulgarten-AG: \u00a0Waldquiz<\/li>\n<li>19. November 2022:<br \/>\n<a href=\"https:\/\/www.gfs-umweltausschuss.de\/?p=9623\" target=\"_blank\" rel=\"noopener\">Entkusseln im Moor<\/a><\/li>\n<li>10. November 2022:<br \/>\n<a href=\"https:\/\/www.gfs-umweltausschuss.de\/?p=9615\" target=\"_blank\" rel=\"noopener\">Mini-Pflanzaktion im Schulwald<\/a><\/li>\n<li>3. November 2022:<br \/>\n<a href=\"https:\/\/www.gfs-umweltausschuss.de\/wp-content\/uploads\/Schulgarten_221103-72.jpg\" target=\"_blank\" rel=\"noopener\">Arbeitseinsatz im Schulgarten<\/a><\/li>\n<li>2. November 2022:<br \/>\n<a href=\"https:\/\/gfs-diepholz.de\/klassenbaeume-noch-ein-eichhoernchentunnel-und-jede-menge-gute-laune\/\" target=\"_blank\" rel=\"noopener\">Pflanzen der Klassenb\u00e4ume und eines weiteren Eichh\u00f6rnchentunnels im Schulwald<\/a><\/li>\n<li>2. November 2022:<br \/>\n<a href=\"https:\/\/gfs-diepholz.de\/ein-eichhoernchentunnel-fuer-den-schulgarten\/\" target=\"_blank\" rel=\"noopener\">Pflanzen eines Eichh\u00f6rnchentunnels im Schulgarten<\/a><\/li>\n<li>28. Oktober 2022<br \/>\n<a href=\"https:\/\/www.gfs-umweltausschuss.de\/?p=9600\" target=\"_blank\" rel=\"noopener\">Vorbereitung der Pflanzung auf dem Schulwaldgel\u00e4nde<\/a><\/li>\n<li>20. und 27. Oktober 2022:<br \/>\n<a href=\"https:\/\/www.gfs-umweltausschuss.de\/?p=9595\" target=\"_blank\" rel=\"noopener\">Arbeitseins\u00e4tze im Schulgarten<\/a><\/li>\n<li>13. Oktober 2022:<br \/>\n<a href=\"https:\/\/www.gfs-umweltausschuss.de\/?p=9587\" target=\"_blank\" rel=\"noopener\">Arbeitseinsatz im Schulgarten<\/a><\/li>\n<li>6. Oktober 2022<br \/>\n<a href=\"https:\/\/www.gfs-umweltausschuss.de\/?p=9580\" target=\"_blank\" rel=\"noopener\">Arbeitseinsatz im Schulgarten<\/a><\/li>\n<li>29. September 2022:<br \/>\n<a href=\"https:\/\/www.gfs-umweltausschuss.de\/?p=9577\" target=\"_blank\" rel=\"noopener\">Exkursion zum Schulwald<\/a><\/li>\n<li>22. September 2022<br \/>\n<a href=\"https:\/\/www.gfs-umweltausschuss.de\/?p=9572\" target=\"_blank\" rel=\"noopener\">Arbeitseinsatz im Schulgarten<\/a><\/li>\n<li>15. September 2022:<br \/>\n<a href=\"https:\/\/www.gfs-umweltausschuss.de\/?p=9555\" target=\"_blank\" rel=\"noopener\">Arbeitseinsatz im Schulgarten<\/a><\/li>\n<li>10. September 2022:<br \/>\n<a href=\"https:\/\/gfs-diepholz.de\/schulwald-nun-auch-mit-dem-boot-erreichbar\/\" target=\"_blank\" rel=\"noopener\">Einweihung der Bootsstege<\/a><\/li>\n<li>September 2022:<br \/>\n<a href=\"https:\/\/www.l-h-l.de\/de\/neuigkeiten\/kongobrief-september-2022\" target=\"_blank\" rel=\"noopener\">Kongobrief September 2022<\/a><\/li>\n<li>4. September 2022:<br \/>\n<a href=\"https:\/\/gfs-diepholz.de\/50-jahre-naturpark-duemmer-feier-mit-einem-markt-der-moeglichkeiten\/\" target=\"_blank\" rel=\"noopener\">50 Jahre Naturpark D\u00fcmmer<\/a><\/li>\n<li>1. September 2022:<br \/>\n<a href=\"https:\/\/www.gfs-umweltausschuss.de\/?p=9534\" target=\"_blank\" rel=\"noopener\">Arbeitseinsatz im Schulgarten<\/a><\/li>\n<li>18. August 2022:<br \/>\n<a href=\"https:\/\/www.gfs-umweltausschuss.de\/?p=9511\" target=\"_blank\" rel=\"noopener\">Arbeitseinsatz im Schulgarten<\/a><\/li>\n<li>11. August 2022:<br \/>\n<a href=\"https:\/\/www.gfs-umweltausschuss.de\/?p=9494\" target=\"_blank\" rel=\"noopener\">Arbeitseinsatz im Schulgarten<\/a><\/li>\n<li>4. August 2022:<br \/>\n<a href=\"https:\/\/www.gfs-umweltausschuss.de\/?p=9486\" target=\"_blank\" rel=\"noopener\">Arbeitseinsatz im Schulgarten<\/a><\/li>\n<li>28. Juli 2022:<br \/>\n<a href=\"https:\/\/www.gfs-umweltausschuss.de\/?p=9486\" target=\"_blank\" rel=\"noopener\">Arbeitseinsatz im Schulgarten<\/a><\/li>\n<li>21. Juli 2022:<br \/>\n<a href=\"https:\/\/www.gfs-umweltausschuss.de\/?p=9486\" target=\"_blank\" rel=\"noopener\">250. Arbeitseinsatz mit Sch\u00fclern im Schulgarten<\/a><\/li>\n<li>14. Juli 2022:<br \/>\n<a href=\"https:\/\/www.gfs-umweltausschuss.de\/?p=9477\" target=\"_blank\" rel=\"noopener\">Arbeitseinsatz im Schulgarten<\/a><\/li>\n<li>11. Juli 2022:<br \/>\n<a href=\"https:\/\/www.gfs-umweltausschuss.de\/?p=9438\" target=\"_blank\" rel=\"noopener\">Arbeit mit Klimakoffern im Schulwald mit ausgew\u00e4hlten Klassen<\/a><\/li>\n<li>8. Juli 2022:<br \/>\n<a href=\"https:\/\/www.gfs-umweltausschuss.de\/?p=9423\" target=\"_blank\" rel=\"noopener\">Kollegiumsausflug zum Moorerlebnispfad und zum Schulwald<\/a><\/li>\n<li>7. Juli 2022:<br \/>\n<a href=\"https:\/\/www.gfs-umweltausschuss.de\/?p=9419\" target=\"_blank\" rel=\"noopener\">Arbeitseinsatz im Schulgarten<\/a><\/li>\n<li>5. Juli 2022:<br \/>\n<a href=\"https:\/\/www.gfs-umweltausschuss.de\/?p=9412\" target=\"_blank\" rel=\"noopener\">Cup der 5. Klassen<\/a><\/li>\n<li>Juli 2022:<br \/>\n<a href=\"https:\/\/www.gfs-diepholz.de\/kunstprojekt-mensch-und-muell\/\" target=\"_blank\" rel=\"noopener\">Beitrage zu &#8222;Kunst in der City&#8220; des Fachbereichs Kunst<\/a><\/li>\n<li>9.Juli 2022:<br \/>\n<a href=\"https:\/\/www.gfs-umweltausschuss.de\/?p=9406\" target=\"_blank\" rel=\"noopener\">Unser Storchennachwuchs testet seine Fl\u00fcgel<\/a><\/li>\n<li>25. Juni 2022:<br \/>\n<a href=\"https:\/\/www.gfs-umweltausschuss.de\/?p=9386\" target=\"_blank\" rel=\"noopener\">Besuch von Entwicklungshelfern des Vereins Lernen-Helfen-Leben<\/a> (LHL)<\/li>\n<li>30. Juni 2022:<br \/>\nArbeitseinsatz im Schulgarten<\/li>\n<li>24. Juni 2022:<br \/>\nFahrt zum Erdmannswald in Neubruchhausen (Wald des Jahres 2022)<\/li>\n<li>23. Juni 2022:<br \/>\n<a href=\"https:\/\/www.gfs-umweltausschuss.de\/?p=9373\" target=\"_blank\" rel=\"noopener\">\u00dcbergabe der Imkerausr\u00fcstung im Schulgarten<\/a><\/li>\n<li>20. Juni 2022:<br \/>\n<a href=\"https:\/\/www.gfs-umweltausschuss.de\/?p=9357\" target=\"_blank\" rel=\"noopener\">Wiederer\u00f6ffnung des Umwelt-Kiosks<\/a><\/li>\n<li>5. Juni 2022:<br \/>\n<a href=\"https:\/\/www.gfs-umweltausschuss.de\/?p=9331\" target=\"_blank\" rel=\"noopener\">Beginn des Stadtradelns<\/a> f\u00fcr Diepholz<\/li>\n<li>2. Juni 2022:<br \/>\n<a href=\"https:\/\/www.gfs-umweltausschuss.de\/?p=9328\" target=\"_blank\" rel=\"noopener\">Arbeitseinsatz im Schulgarten<\/a><\/li>\n<li>26. Mai 2022:<br \/>\n<a href=\"https:\/\/www.gfs-umweltausschuss.de\/?p=9315\" target=\"_blank\" rel=\"noopener\">Arbeitseinsatz im Schulgarten<\/a><\/li>\n<li>19. Mai 2022:<br \/>\n<a href=\"https:\/\/www.gfs-umweltausschuss.de\/?p=9311\" target=\"_blank\" rel=\"noopener\">Arbeitseinsatz im Schulgarten<\/a><\/li>\n<li>12. Mai 2022:<br \/>\nNetzwerk-Treffen de Naturpark-Schulen im Eschpark Krone<\/li>\n<li>12. Mai 2022:<br \/>\n<a href=\"https:\/\/www.gfs-umweltausschuss.de\/?p=9302\" target=\"_blank\" rel=\"noopener\">Neuigkeiten von den Bienen und Arbeitseinsatz im Schulgarten<\/a><\/li>\n<li>5. Mai 2022:<br \/>\n<a href=\"https:\/\/www.gfs-umweltausschuss.de\/?p=9276\" target=\"_blank\" rel=\"noopener\">Einzug der Bienen und Arbeitseinsatz im Schulgarten<\/a><\/li>\n<li>28. April 2022:<br \/>\n<a href=\"https:\/\/www.gfs-umweltausschuss.de\/?p=9271\" target=\"_blank\" rel=\"noopener\">Arbeitseinsatz im Schulgarten<\/a><\/li>\n<li>21. April 2022:<br \/>\n<a href=\"https:\/\/www.gfs-umweltausschuss.de\/?p=9258\" target=\"_blank\" rel=\"noopener\">Besuch beim Imker<\/a><\/li>\n<li>21. April 2022:<br \/>\n<a href=\"https:\/\/www.gfs-umweltausschuss.de\/?p=9252\" target=\"_blank\" rel=\"noopener\">Offizielle \u00dcbergabe der Roller im Schulwald<\/a><\/li>\n<li>21. April 2022:<br \/>\n<a href=\"https:\/\/www.gfs-umweltausschuss.de\/?p=9249\" target=\"_blank\" rel=\"noopener\">Exkursion der 6b zum Schulwald<\/a><\/li>\n<li>20. April 2022:<br \/>\n<a href=\"https:\/\/www.gfs-umweltausschuss.de\/?p=9244\" target=\"_blank\" rel=\"noopener\">Aufh\u00e4ngen der Vogelh\u00e4uschen im Schulwald<\/a><\/li>\n<li>20. April 2022:<br \/>\n<a href=\"https:\/\/www.gfs-umweltausschuss.de\/?p=9239\" target=\"_blank\" rel=\"noopener\">Steg II im Bau<\/a><\/li>\n<li>29. M\u00e4rz\/31. M\u00e4rz\/17. April 2022:<br \/>\n<a href=\"https:\/\/www.gfs-umweltausschuss.de\/?p=9229\" target=\"_blank\" rel=\"noopener\">Vogelh\u00e4uschen von der B\u00fcrgerstiftung Agenda 21-Diepholz<\/a><\/li>\n<li>15. April 2022:<br \/>\n<a href=\"https:\/\/www.gfs-umweltausschuss.de\/?p=9226\" target=\"_blank\" rel=\"noopener\">Steg I fast fertig<\/a><\/li>\n<li>12. April 2022:<br \/>\n<a href=\"https:\/\/www.gfs-umweltausschuss.de\/?p=9214\" target=\"_blank\" rel=\"noopener\">Arbeitseinsatz im Schulwald mit Bildern von den St\u00f6rchen<\/a><\/li>\n<li>7. April 2022:<br \/>\n<a href=\"https:\/\/www.gfs-umweltausschuss.de\/?p=9203\" target=\"_blank\" rel=\"noopener\">Fortschritte am Steg<\/a><\/li>\n<li>26. M\u00e4rz 2022:<br \/>\n<a href=\"https:\/\/www.gfs-umweltausschuss.de\/?p=9185\" target=\"_blank\" rel=\"noopener\">Beginn der Arbeiten am Steg<\/a><\/li>\n<li>24. M\u00e4rz 2022:<br \/>\n<a href=\"https:\/\/www.gfs-umweltausschuss.de\/?p=9193\" target=\"_blank\" rel=\"noopener\">Arbeitseinsatz im Schulgarten<\/a><\/li>\n<li>21. M\u00e4rz 2022:<br \/>\n<a href=\"https:\/\/www.gfs-umweltausschuss.de\/?p=9165\" target=\"_blank\" rel=\"noopener\">Adebar ist zur\u00fcck<\/a><\/li>\n<li>17. M\u00e4rz 2022:<br \/>\n<a href=\"https:\/\/www.gfs-umweltausschuss.de\/?p=9156\" target=\"_blank\" rel=\"noopener\">\u00a0Arbeitseinsatz im Schulgarten<\/a><\/li>\n<li>5.\/12. M\u00e4rz 2022:<br \/>\n<a href=\"https:\/\/www.gfs-umweltausschuss.de\/?p=9150\" target=\"_blank\" rel=\"noopener\">Arbeitseins\u00e4tze mit &#8222;Agendas&#8220; am Moorerlebnispfad<\/a><\/li>\n<li>10. M\u00e4rz 2022:<br \/>\n<a href=\"https:\/\/www.gfs-umweltausschuss.de\/?p=9147\" target=\"_blank\" rel=\"noopener\">Arbeitseinsatz im Schulgarten<\/a><\/li>\n<li>4. M\u00e4rz 2022:<br \/>\n<a href=\"https:\/\/www.gfs-umweltausschuss.de\/?p=9135\" target=\"_blank\" rel=\"noopener\">40 m lange Benjeshecke f\u00fcr den Schulwald<\/a><\/li>\n<li>3. M\u00e4rz 2022:<br \/>\n<a href=\"https:\/\/www.gfs-umweltausschuss.de\/?p=9128\" target=\"_blank\" rel=\"noopener\">Arbeitseinsatz im Schulgarten<\/a><\/li>\n<li>24. Februar 2022:<br \/>\n<a href=\"https:\/\/www.gfs-umweltausschuss.de\/?p=9119\" target=\"_blank\" rel=\"noopener\">Arbeitseinsatz im Schulwald<\/a><\/li>\n<li>17. Februar 2022:<br \/>\n<a href=\"https:\/\/www.gfs-umweltausschuss.de\/?p=9116\" target=\"_blank\" rel=\"noopener\">Die Roller sind da!<\/a><\/li>\n<li>10. Februar 2022:<br \/>\nRosenbeet-Pflege und M\u00fcllsammeln<\/li>\n<li>3. Februar 2022:<br \/>\n<a href=\"https:\/\/www.gfs-umweltausschuss.de\/?p=9106\" target=\"_blank\" rel=\"noopener\">Arbeitseinsatz im Schulgarten<\/a><\/li>\n<li>27. Januar 2022:<br \/>\n<a href=\"https:\/\/www.gfs-umweltausschuss.de\/?p=9088\" target=\"_blank\" rel=\"noopener\">Arbeitseinsatz im Schulgarten und Thema M\u00fcll<\/a><\/li>\n<li>13.\/20. Januar 2022:<br \/>\n<a href=\"https:\/\/www.gfs-umweltausschuss.de\/?p=9076\" target=\"_blank\" rel=\"noopener\">Arbeitseins\u00e4tze im Schulgarten<\/a><\/li>\n<li>16. Dezember 2021:<br \/>\n<a href=\"https:\/\/www.gfs-umweltausschuss.de\/?p=9053\" target=\"_blank\" rel=\"noopener\">Samenkugeln und Lavendels\u00e4ckchen<\/a><\/li>\n<li>9. Dezember 2021:<br \/>\n<a href=\"https:\/\/www.gfs-umweltausschuss.de\/?p=9046\" target=\"_blank\" rel=\"noopener\">Arbeitseinsatz im Schulgarten<\/a><\/li>\n<li>2. Dezember 2021:<br \/>\n<a href=\"https:\/\/www.gfs-umweltausschuss.de\/?p=9039\" target=\"_blank\" rel=\"noopener\">Weihnachtsbaum und Lavendels\u00e4ckchen<\/a><\/li>\n<li>11. November 2021:<br \/>\n<a href=\"https:\/\/www.gfs-umweltausschuss.de\/?p=9018\" target=\"_blank\" rel=\"noopener\">Arbeitseinsatz im Schulgarten<\/a><\/li>\n<li>5.\/12. November 2021:<br \/>\n<a href=\"https:\/\/www.gfs-umweltausschuss.de\/?p=9009\" target=\"_blank\" rel=\"noopener\">Gro\u00dfeinsatz im Schulwald<\/a><\/li>\n<li>5. November 2021:<br \/>\n<a href=\"https:\/\/www.gfs-umweltausschuss.de\/?p=9003\" target=\"_blank\" rel=\"noopener\">Arbeitseinsatz im Schulgarten<\/a><\/li>\n<li>28. Oktober 2021:<br \/>\n<a href=\"https:\/\/www.gfs-umweltausschuss.de\/?p=8997\" target=\"_blank\" rel=\"noopener\">Arbeitseinsatz im Schulgarten<\/a><\/li>\n<li>19. Oktober 2021:<br \/>\n<a href=\"https:\/\/www.gfs-umweltausschuss.de\/?p=8978\" target=\"_blank\" rel=\"noopener\">Baumbestimmung und Wegemarkierung im Schulwald<\/a><\/li>\n<li>7.\/14. Oktober 2021:<br \/>\n<a href=\"https:\/\/www.gfs-umweltausschuss.de\/?p=8970\" target=\"_blank\" rel=\"noopener\">Arbeitseins\u00e4tze im Schulgarten<\/a><\/li>\n<li>6. Oktober 2021:<br \/>\n<a href=\"https:\/\/www.gfs-umweltausschuss.de\/?p=8966\" target=\"_blank\" rel=\"noopener\">Treffen der Schulwaldakteure in Goldenstedt<\/a><\/li>\n<li>30. September 2021:<br \/>\n<a href=\"https:\/\/www.gfs-umweltausschuss.de\/?p=8949\" target=\"_blank\" rel=\"noopener\">Arbeitseinsatz im Schulgarten<\/a><\/li>\n<li>16.\/23. September 2021:<br \/>\n<a href=\"https:\/\/www.gfs-umweltausschuss.de\/?p=8944\" target=\"_blank\" rel=\"noopener\">Arbeitseins\u00e4tze im Schulgarten (221 und 222)<\/a><\/li>\n<li>10. September 2021.<br \/>\n<a href=\"https:\/\/www.gfs-umweltausschuss.de\/?p=8939\" target=\"_blank\" rel=\"noopener\">Ank\u00fcndigung: &#8222;Neue Kanu-Einsatzstellen&#8220;<\/a><\/li>\n<li>19.\/26. August und 2.\/9. September 2021:<br \/>\n<a href=\"https:\/\/www.gfs-umweltausschuss.de\/?p=8931\" target=\"_blank\" rel=\"noopener\">Arbeitseins\u00e4tze im Schulgarten<\/a> (217-220)<\/li>\n<li>12. August 2021:<br \/>\n<a href=\"https:\/\/www.gfs-umweltausschuss.de\/?p=8923\" target=\"_blank\" rel=\"noopener\">Ein Weg durch den Schulwald<\/a><\/li>\n<li>29. Juli und 5. August 2021:<br \/>\n<a href=\"https:\/\/www.gfs-umweltausschuss.de\/?p=8917\" target=\"_blank\" rel=\"noopener\">Arbeitseins\u00e4tze im Schulgarten<\/a><\/li>\n<li>20. Juli 2021:<br \/>\n<a href=\"https:\/\/www.gfs-diepholz.de\/ehrung-unseres-schulgartenengels-doris\/\" target=\"_blank\" rel=\"noopener\">Ehrung unseres &#8222;Schulgartenengels&#8220; Doris<\/a><\/li>\n<li>8.\/15. und 22. Juli 2021:<br \/>\n<a href=\"https:\/\/www.gfs-umweltausschuss.de\/?p=8888\" target=\"_blank\" rel=\"noopener\">Arbeitseins\u00e4tze im Schulgarten<\/a><\/li>\n<li>1. Juli 2021:<br \/>\n<a href=\"https:\/\/www.gfs-umweltausschuss.de\/?p=8882\" target=\"_blank\" rel=\"noopener\">Arbeitseinsatz im Schulgarten<\/a><\/li>\n<li>Juni\/Juli 2021<br \/>\n<a href=\"https:\/\/www.gfs-umweltausschuss.de\/?p=8871\" target=\"_blank\" rel=\"noopener\">Die GFS im Blumenmeer\u00a0<\/a><\/li>\n<li>17. und 24. Juni 2021:<br \/>\n<a href=\"https:\/\/www.gfs-umweltausschuss.de\/?p=8860\" target=\"_blank\" rel=\"noopener\">Arbeitseins\u00e4tze mit Sch\u00fclern im Schulgarten<\/a><\/li>\n<li>17. Juni 2021:<br \/>\n<a href=\"https:\/\/www.gfs-umweltausschuss.de\/?p=8852\" target=\"_blank\" rel=\"noopener\">Storchennachwuchs<\/a> im Schulwald<\/li>\n<li>10. Juni 2021:<br \/>\n<a href=\"https:\/\/www.gfs-umweltausschuss.de\/?p=8839\" target=\"_blank\" rel=\"noopener\">222. Arbeitseinsatz im Schulgarten<\/a><\/li>\n<li>3. Juni 2021:<br \/>\n<a href=\"https:\/\/www.gfs-umweltausschuss.de\/?p=8833\" target=\"_blank\" rel=\"noopener\">221. Arbeitseinsatz im Schulgarten\u00a0<\/a><\/li>\n<li>27. Mai 2021:<br \/>\n220. Arbeitseinsatz im Schulgarten<\/li>\n<li>20. Mai 2021:<br \/>\n<a href=\"https:\/\/www.gfs-umweltausschuss.de\/?p=8822\" target=\"_blank\" rel=\"noopener\">219. Arbeitseinsatz im Schulgarten<\/a><\/li>\n<li>6. und 13. Mai 2021:<br \/>\n<a href=\"https:\/\/www.gfs-umweltausschuss.de\/?p=8818\" target=\"_blank\" rel=\"noopener\">Arbeitseins\u00e4tze (217\/218.) im Schulgarten<\/a><\/li>\n<li>22. und 29. April 2021:<br \/>\n<a href=\"https:\/\/www.gfs-umweltausschuss.de\/?p=8798\" target=\"_blank\" rel=\"noopener\">Arbeitseins\u00e4tze (215.\/216.) im Schulgarten<\/a><\/li>\n<li>20. April 2021:<br \/>\n<a href=\"https:\/\/www.gfs-umweltausschuss.de\/?p=8791\" target=\"_blank\" rel=\"noopener\">Schulwald-St\u00f6rche, Kinderbesuch und ein neuer Baum<\/a><\/li>\n<li>15. April 2021:<br \/>\n<a href=\"https:\/\/www.gfs-umweltausschuss.de\/?p=8783\" target=\"_blank\" rel=\"noopener\">214. Arbeitseinsatz im Schulgarten<\/a><\/li>\n<li>8. April 2021:<br \/>\n<a href=\"https:\/\/www.gfs-umweltausschuss.de\/?p=8766\" target=\"_blank\" rel=\"noopener\">213. Arbeitseinsatz im Schulgarten<\/a><\/li>\n<li>30.3. und 1. April 2021:<br \/>\n<a href=\"https:\/\/www.gfs-umweltausschuss.de\/?p=8756\" target=\"_blank\" rel=\"noopener\">Arbeitseins\u00e4tze (211.\/212.) im Schulgarten<\/a><\/li>\n<li>25. M\u00e4rz 2021:<br \/>\n<a href=\"https:\/\/www.gfs-umweltausschuss.de\/?p=8748\" target=\"_blank\" rel=\"noopener\">210. Arbeitseinsatz im Schulgarten\u00a0<\/a><\/li>\n<li>Jan-Mai 2021:<br \/>\ncoronama\u00dfnahmenbedingt keine Aktionen mit Sch\u00fclern<\/li>\n<li>1.\/3.\/8.\/10. Dezember 2020:<br \/>\n(in Gruppen:)\u00a0206.-209. Arbeitseinsatz im Schulgarten, Baumquiz, Umweltspiel, Basteln von Fr\u00f6belsternen<\/li>\n<li>26. November 2020:<br \/>\n(in Gruppen:)\u00a0<a href=\"https:\/\/www.gfs-umweltausschuss.de\/wp-content\/uploads\/201126_WeihnachtsbaumMuellsammeln.jpg\" target=\"_blank\" rel=\"noopener noreferrer\">M\u00fcllsammelaktion, Schm\u00fccken des Weihnachtsbaumes und 205. Arbeitseinsatz im Schulgarten<\/a><\/li>\n<li>24.\/26. November 2020:<br \/>\n<a href=\"https:\/\/www.gfs-umweltausschuss.de\/wp-content\/uploads\/Schulgarten204_201124-72.jpg\" target=\"_blank\" rel=\"noopener noreferrer\">204. Arbeitseinsatz im Schulgarten<\/a><\/li>\n<li>10.\/12.\/17. November 2020:<br \/>\n201.-203. Arbeitseinsatz im Schulgarten<\/li>\n<li>5. November 2020:<br \/>\nThema &#8222;Bionik&#8220; in der Schulgarten-AG, Besichtigung der Oberstufenprojekte im Schulgarten<\/li>\n<li>5. November 2020:<br \/>\n<a href=\"https:\/\/www.gfs-umweltausschuss.de\/?p=8652\" target=\"_blank\" rel=\"noopener noreferrer\">Pflanzaktion auf dem Schulwaldgel\u00e4nde<\/a><\/li>\n<li>3.\/5. November 2020:<br \/>\n199.\/200. Arbeitseinsatz im Schulgarten<\/li>\n<li>27.\/29. Oktober 2020:<br \/>\n197.\/198. Arbeitseinsatz im Schulgarten<\/li>\n<li>15. Oktober 2020:<br \/>\nArbeitseinsatz im Schulgarten<\/li>\n<li>8. Oktober 2020:<br \/>\n<a href=\"https:\/\/www.gfs-umweltausschuss.de\/?p=8591\" target=\"_blank\" rel=\"noopener noreferrer\">Thema &#8222;Kartoffel&#8220; in der Schulgarten-AG<\/a><\/li>\n<li>6. Oktober 2020:<br \/>\n196. Arbeitseinsatz im Schulgarten<\/li>\n<li>1. Oktober 2020:<br \/>\n<a href=\"https:\/\/www.gfs-umweltausschuss.de\/?p=8579\" target=\"_blank\" rel=\"noopener noreferrer\">195. Arbeitseinsatz im Schulgarten\/Schulwald<\/a><\/li>\n<li>30. September 2020:<br \/>\n194. Arbeitseinsatz im Schulgarten<\/li>\n<li>24. September 2020:<br \/>\n<a href=\"https:\/\/www.gfs-umweltausschuss.de\/?p=8572\" target=\"_blank\" rel=\"noopener noreferrer\">193. Arbeitseinsatz im Schulgarten<\/a><\/li>\n<li>22. September 2020:<br \/>\n<a href=\"https:\/\/www.gfs-umweltausschuss.de\" target=\"_blank\" rel=\"noopener noreferrer\">192. Arbeitseinsatz im Schulgarten, Start der 2. Schulgarten-AG<\/a><\/li>\n<li>17. September 2020:<br \/>\n<a href=\"https:\/\/www.gfs-umweltausschuss.de\/?p=8561\" target=\"_blank\" rel=\"noopener noreferrer\">191. Arbeitseinsatz im Schulgarten<\/a><\/li>\n<li>10. September 2020:<br \/>\n<a href=\"https:\/\/www.gfs-umweltausschuss.de\" target=\"_blank\" rel=\"noopener noreferrer\">190. Arbeitseinsatz mit Sch\u00fclern im Schulgarten<\/a><\/li>\n<li>27. August und 3. September 2020:<br \/>\n<a href=\"https:\/\/www.gfs-umweltausschuss.de\/?p=8552\" target=\"_blank\" rel=\"noopener noreferrer\">Arbeitseinsatz im Schulgarten<\/a><\/li>\n<li>13. + 20. August 2020:<br \/>\n<a href=\"https:\/\/www.gfs-umweltausschuss.de\/?p=8547\" target=\"_blank\" rel=\"noopener noreferrer\">Arbeitseins\u00e4tze im Schulgarten<\/a><\/li>\n<li>6. August 2020<br \/>\n<a href=\"https:\/\/www.gfs-umweltausschuss.de\/?p=8521\" target=\"_blank\" rel=\"noopener noreferrer\">Arbeitseinsatz im Schulgarten<\/a><\/li>\n<li>16. Juli 2020:<br \/>\n<a href=\"https:\/\/www.gfs-umweltausschuss.de\/?p=8521\" target=\"_blank\" rel=\"noopener noreferrer\">Arbeitseinsatz im Schulgarten<\/a><\/li>\n<li>Juli 2020:<br \/>\n<a href=\"https:\/\/www.gfs-umweltausschuss.de\/?p=8510\" target=\"_blank\" rel=\"noopener noreferrer\">Agenda-Preis f\u00fcr &#8222;Zehn Jahre GS-Umweltausschuss&#8220;<\/a><\/li>\n<li>9. Juli 2020:<br \/>\n<a href=\"https:\/\/www.gfs-umweltausschuss.de\/?p=8506\" target=\"_blank\" rel=\"noopener noreferrer\">Arbeitseinsatz im Schulgarten<\/a><\/li>\n<li>2. Juli 2020:<br \/>\n<a href=\"https:\/\/www.gfs-umweltausschuss.de\/?p=8496\" target=\"_blank\" rel=\"noopener noreferrer\">Arbeitseins\u00e4tze im Schulgarten und im Schulwald<\/a><\/li>\n<li>25. Juni 2020:<br \/>\n<a href=\"https:\/\/www.gfs-umweltausschuss.de\/?p=8486\" target=\"_blank\" rel=\"noopener noreferrer\">Rosenpflege<\/a><\/li>\n<li>M\u00e4rz-Juli:<br \/>\n<a href=\"https:\/\/www.gfs-umweltausschuss.de\/?p=8431\" target=\"_blank\" rel=\"noopener noreferrer\">Arbeitseins\u00e4tze coronama\u00dfnahmenbedingt ohne Sch\u00fcler<\/a><\/li>\n<li>27. M\u00e4rz 2020:<br \/>\n<a href=\"https:\/\/www.gfs-umweltausschuss.de\/?p=8417\" target=\"_blank\" rel=\"noopener noreferrer\">Forststudenten auf dem Schulwaldgel\u00e4nde<\/a><\/li>\n<li>5. M\u00e4rz 2020:<br \/>\n<a href=\"https:\/\/www.gfs-umweltausschuss.de\/?p=8387\" target=\"_blank\" rel=\"noopener noreferrer\">189. Arbeitseinsatz im Schulgarten<\/a><\/li>\n<li>4. M\u00e4rz 2020:<br \/>\n<a href=\"https:\/\/www.gfs-umweltausschuss.de\/?p=8370\" target=\"_blank\" rel=\"noopener noreferrer\">R\u00fcckkehr der St\u00f6rche<\/a><\/li>\n<li>2. M\u00e4rz 2020:<br \/>\n<a href=\"https:\/\/www.gfs-umweltausschuss.de\/?p=8367\" target=\"_blank\" rel=\"noopener noreferrer\">Transport des Reste-Baumes und des M\u00fcll-Barsches zur AWG nach Bassum<\/a><\/li>\n<li>29. Februar\/1. M\u00e4rz 2020:<br \/>\n<a href=\"https:\/\/www.gfs-umweltausschuss.de\/?p=8370\" target=\"_blank\" rel=\"noopener noreferrer\">R\u00fcckkehr der Schulwald-St\u00f6rche<\/a><\/li>\n<li>27. Februar 2020:<br \/>\nNaturparkschulen-Treffen beim BUEZ in Barnstorf<\/li>\n<li>5. Februar:<br \/>\nAusflug der Schulgarten-AG zum Schulwald<\/li>\n<li>31. Januar 2020:<br \/>\n<a href=\"https:\/\/www.gfs-umweltausschuss.de\/?p=8314\" target=\"_blank\" rel=\"noopener noreferrer\">Versand eines 2-kg-Pakets mit Kassenbons aus der Schulmensa an Bundesfinanzminister Scholz\u00a0<\/a><\/li>\n<li>21. Januar 2020, 9.45-13 Uhr:<br \/>\n<a href=\"https:\/\/www.gfs-diepholz.de\/auf-zum-entkusseln\/\" target=\"_blank\" rel=\"noopener noreferrer\">Entkusseln mit den Klassen 7b und 8c<\/a><\/li>\n<li>16. Januar 2020:<br \/>\n<a href=\"https:\/\/www.gfs-umweltausschuss.de\/?p=8296\" target=\"_blank\" rel=\"noopener noreferrer\">Beginn des &#8222;Reste-Baums&#8220;, Arbeit im Schulgarten, M\u00fcllsammeln<\/a><\/li>\n<li>9. Januar 2020:<br \/>\n<a href=\"https:\/\/www.gfs-umweltausschuss.de\/?p=8289\" target=\"_blank\" rel=\"noopener noreferrer\">Schulgarten-AG: \u00a0Themen Komposthaufen und W\u00e4lder<\/a><\/li>\n<li>23. Dezember 2019:<br \/>\n<a href=\"https:\/\/www.gfs-umweltausschuss.de\/?p=8263\" target=\"_blank\" rel=\"noopener noreferrer\">Abschluss der Sammlung von Plastikdeckeln f\u00fcr die &#8222;Assistenzhunde Deutschland&#8220;<\/a><\/li>\n<li>20. Dezember 2019:<br \/>\n<a href=\"https:\/\/www.gfs-umweltausschuss.de\/?p=8230\" target=\"_blank\" rel=\"noopener noreferrer\">Verkauf von Samenkugeln und Fr\u00f6belsternen auf dem Weihnachtsbasar<\/a><\/li>\n<li>19. Dezember 2019:<br \/>\nEint\u00fcten der Samenkugeln und Basteln von Fr\u00f6belsternen f\u00fcr den Weihnachtsbasar, Schm\u00fccken des Weihnachtsbaumes<\/li>\n<li>12. Dezember 2019:<br \/>\nBasteln von Fr\u00f6belsternen f\u00fcr den Weihnachtsbasar<\/li>\n<li>5. Dezember 2019:<br \/>\nF\u00d6Jler Timo: Vortrag \u00fcber Honduras<\/li>\n<li>29. November 2019:<br \/>\n<a href=\"https:\/\/www.gfs-umweltausschuss.de\/?p=8189\" target=\"_blank\" rel=\"noopener noreferrer\">Schulgarten-AG: \u00a0Thema &#8222;Wasser&#8220;<\/a><\/li>\n<li>21. November 2019:<br \/>\n<a href=\"https:\/\/www.gfs-umweltausschuss.de\/?p=8187\" target=\"_blank\" rel=\"noopener noreferrer\">Schulgarten-AG: Basteln mit Naturmaterialien<\/a><\/li>\n<li>19. November 2019:<br \/>\n<a href=\"https:\/\/www.gfs-diepholz.de\/lernerlebnis-energiewende-2\/\" target=\"_blank\" rel=\"noopener noreferrer\">&#8222;Lernerlebnis Energiewende&#8220;<\/a><\/li>\n<li>13. November 2019:<br \/>\n<a href=\"https:\/\/www.gfs-umweltausschuss.de\/?p=8094\" target=\"_blank\" rel=\"noopener noreferrer\">Zertifizierungsfeier Naturparkschule<\/a><\/li>\n<li>8. November 2019:<br \/>\n<a href=\"https:\/\/www.gfs-umweltausschuss.de\/?p=8080\" target=\"_blank\" rel=\"noopener noreferrer\">Cup der 5. Klassen<\/a><\/li>\n<li>7. November 2019:<br \/>\n<a href=\"https:\/\/www.gfs-umweltausschuss.de\/?p=8080\" target=\"_blank\" rel=\"noopener noreferrer\">Entkusseln im Diepholzer Moor<\/a><\/li>\n<li>7. November 2019:<br \/>\n<a href=\"https:\/\/www.gfs-umweltausschuss.de\/?p=8080\" target=\"_blank\" rel=\"noopener noreferrer\">Baumpflanzaktion Jg. 5 auf dem Schulwaldgel\u00e4nde<\/a><\/li>\n<li>28. Oktober 2019:<br \/>\n<a href=\"https:\/\/www.gfs-umweltausschuss.de\/?p=8069\" target=\"_blank\" rel=\"noopener noreferrer\">Besuch von Fr. Grabenkamp im Schulgarten<\/a><\/li>\n<li>17. Oktober 2019:<br \/>\n<a href=\"https:\/\/www.gfs-umweltausschuss.de\/?p=8054\" target=\"_blank\" rel=\"noopener noreferrer\">2. Herbstferieneinsatz im Schulgarten<\/a><\/li>\n<li>10. Oktober 2019:<br \/>\n<a href=\"https:\/\/www.gfs-umweltausschuss.de\/?p=8044\" target=\"_blank\" rel=\"noopener noreferrer\">1. Herbstferieneinsatz im Schulgarten<\/a><\/li>\n<li>27. September 2019:<br \/>\n<a href=\"https:\/\/www.gfs-diepholz.de\/wildbienen-ein-zuhause-im-schulgarten-und-im-schulwald-geben\/\" target=\"_blank\" rel=\"noopener noreferrer\">Wildbienentag mit der Heinz-Sielmann-Stiftung<\/a><\/li>\n<li>26. September 2019:<br \/>\n<a href=\"https:\/\/www.gfs-umweltausschuss.de\/?p=8005\" target=\"_blank\" rel=\"noopener noreferrer\">188. Arbeitseinsatz im Schulgarten, Apfel-Chili-Chutney<\/a><\/li>\n<li>20. September 2019:<br \/>\nBirnen und Weintrauben in der Pausenhalle<\/li>\n<li>19. September 2019:<br \/>\n<a href=\"https:\/\/www.gfs-umweltausschuss.de\/?p=7993\" target=\"_blank\" rel=\"noopener noreferrer\">Imker-Besuch im Schulgarten<\/a><\/li>\n<li>13. September 2019:<br \/>\n<a href=\"https:\/\/www.gfs-umweltausschuss.de\/?p=7983\" target=\"_blank\" rel=\"noopener noreferrer\">Schulgarten-Kartoffeln und -\u00c4pfel in der Pausenhalle<\/a><\/li>\n<li>22. August 2019:<br \/>\n<a href=\"https:\/\/www.gfs-umweltausschuss.de\/?p=7931\" target=\"_blank\" rel=\"noopener noreferrer\">184. Arbeitseinsatz im Schulgarten<\/a><\/li>\n<li>6. September:<br \/>\nBirnen in der Pausenhalle<\/li>\n<li>8. und 15. August 2019:<br \/>\n<a href=\"https:\/\/www.gfs-umweltausschuss.de\/?p=7911\" target=\"_blank\" rel=\"noopener noreferrer\">6. Ferieneinsatz im Schulgarten<\/a>\u00a0und Begr\u00fc\u00dfung der F\u00fcnftkl\u00e4ssler<\/li>\n<li>1. August 2019:<br \/>\n5. Sommerferieneinsatz im Schulgarten<\/li>\n<li>28. Juli 2019:<br \/>\nStart des <a href=\"https:\/\/s3.amazonaws.com\/tc-global-prod\/download_resources\/de\/downloads\/7768\/BIC_acceptable_and_non_acceptable_version_6-DE-CH.pdf\" target=\"_blank\" rel=\"noopener noreferrer\">Stifte-Recyclingprogramm<\/a>s<\/li>\n<li>25. Juli 2019:<br \/>\n4. Sommerferieneinsatz im Schulgarten<\/li>\n<li>18. Juli 2019:<br \/>\n3. Sommerferieneinsatz im Schulgarten<\/li>\n<li>11. Juli 2019:<br \/>\n<a href=\"https:\/\/www.gfs-umweltausschuss.de\/?p=7841\" target=\"_blank\" rel=\"noopener noreferrer\">2. Sommerferieneinsatz im Schulgarten<\/a><\/li>\n<li>4. Juli 2019:<br \/>\n1. Sommerferieneinsatz im Schulgarten<\/li>\n<li>20. Juni 2019:<br \/>\n183. Arbeitseinsatz im Schulgarten<\/li>\n<li>16. Juni 2019:<br \/>\n<a href=\"https:\/\/www.gfs-umweltausschuss.de\/?p=7810\" target=\"_blank\" rel=\"noopener noreferrer\">Bl\u00fctenpracht im Schulgarten<\/a><\/li>\n<li>13. Juni 2019:<br \/>\n182. Arbeitseinsatz im Schulgarten<\/li>\n<li>6. Juni 2019:<br \/>\n<a href=\"https:\/\/www.gfs-umweltausschuss.de\/?p=7786\" target=\"_blank\" rel=\"noopener noreferrer\">181. Arbeitseinsatz im Schulgarten<\/a><\/li>\n<li>30. Mai 2019:<br \/>\n<a href=\"https:\/\/www.gfs-umweltausschuss.de\/wp-content\/uploads\/Schulwald_190530-72.jpg\" target=\"_blank\" rel=\"noopener noreferrer\">Entfernen der Schilder aus dem Schulwald<\/a><\/li>\n<li>29. Mai 2019:<br \/>\nBesuch politischer Vertreter des St\u00e4dtequartetts im Schulwald<\/li>\n<li>23. Mai 2019:<br \/>\n<a href=\"https:\/\/www.gfs-umweltausschuss.de\/?p=7776\" target=\"_blank\" rel=\"noopener noreferrer\">180. Arbeitseinsatz im Schulgarten<\/a><\/li>\n<li>16. Mai 2019:<br \/>\n<a href=\"https:\/\/www.gfs-umweltausschuss.de\/?p=7743\" target=\"_blank\" rel=\"noopener noreferrer\">179. Arbeitseinsatz im Schulgarten<\/a><\/li>\n<li>9. Mai 2019:<br \/>\n<a href=\"https:\/\/www.gfs-umweltausschuss.de\/?p=7731\" target=\"_blank\" rel=\"noopener noreferrer\">178. Arbeitseinsatz im Schulgarten<\/a><\/li>\n<li>2. Mai 2019:<br \/>\n<a href=\"https:\/\/www.gfs-umweltausschuss.de\/wp-content\/uploads\/Schulgarten_177_2019_0502-72.jpg\" target=\"_blank\" rel=\"noopener noreferrer\">177. Arbeitseinsatz im Schulgarten<\/a><\/li>\n<li>30. April 2019:<br \/>\n<a href=\"https:\/\/www.gfs-umweltausschuss.de\/?p=7684\" target=\"_blank\" rel=\"noopener noreferrer\">Deckel-Wettbewerb \u00a0&#8211; \u00a0Preisverleihung<\/a><\/li>\n<li>25. April 2019:<br \/>\n<a href=\"https:\/\/www.gfs-umweltausschuss.de\/?p=7682\" target=\"_blank\" rel=\"noopener noreferrer\">176. Arbeitseinsatz im Schulgarten<\/a><\/li>\n<li>25. April 2019:<br \/>\nFahrt von BL, Bus, Pa und Tie nach Braunschweig zur <a href=\"https:\/\/www.zukunftwald.de\/media\/presse\/stiftung-zukunft-wald-feiert-zehnj\u00e4hriges-bestehen\/\" target=\"_blank\" rel=\"noopener noreferrer\">Jubil\u00e4umsfeier der Stiftung Zukunft Wald<\/a><\/li>\n<li>18. April 2019:<br \/>\n<a href=\"https:\/\/www.gfs-umweltausschuss.de\/?p=7676\" target=\"_blank\" rel=\"noopener noreferrer\">Arbeitseinsatz im Schulgarten<\/a><\/li>\n<li>11. April 2019:<br \/>\n<a href=\"https:\/\/www.gfs-umweltausschuss.de\/?p=7660\" target=\"_blank\" rel=\"noopener noreferrer\">175. Arbeitseinsatz im Schulgarten<\/a><\/li>\n<li>4. April 2019:<br \/>\n<a href=\"https:\/\/www.gfs-umweltausschuss.de\/?p=7646\" target=\"_blank\" rel=\"noopener noreferrer\">174. Arbeitseinsatz im Schulgarten<\/a><\/li>\n<li>28. M\u00e4rz 2019:<br \/>\n<a href=\"https:\/\/www.gfs-umweltausschuss.de\/?p=7635\" target=\"_blank\" rel=\"noopener noreferrer\">173. Arbeitseinsatz im Schulgarten<\/a><\/li>\n<li>21. M\u00e4rz 2019:<br \/>\n<a href=\"https:\/\/www.gfs-umweltausschuss.de\/?p=7623\" target=\"_blank\" rel=\"noopener noreferrer\">M\u00fcllsammeln im Rahmen der Aktion &#8222;Diepholz &#8211; Gans sch\u00f6n sauber hier&#8220; und 172. Arbeitseinsatz im Schulgarten<\/a><\/li>\n<li>M\u00e4rz 2019:<br \/>\n<a href=\"https:\/\/www.gfs-umweltausschuss.de\/?p=7619\" target=\"_blank\" rel=\"noopener noreferrer\">Anlage von zwei Flachwasserbereichen auf dem Schulwaldgel\u00e4nde<\/a><\/li>\n<li>14. M\u00e4rz 2019:<br \/>\n<a href=\"https:\/\/www.gfs-umweltausschuss.de\/?p=7605\" target=\"_blank\" rel=\"noopener noreferrer\">Thema &#8222;Zucker&#8220; in der Schulgarten-AG<\/a><\/li>\n<li>7. M\u00e4rz 2019:<br \/>\n<a href=\"https:\/\/www.gfs-umweltausschuss.de\/?p=7590\" target=\"_blank\" rel=\"noopener noreferrer\">171. Arbeitseinsatz im Schulgarten<\/a><\/li>\n<li>28. Februar 2019:<br \/>\n<a href=\"https:\/\/www.gfs-umweltausschuss.de\/?p=7573\" target=\"_blank\" rel=\"noopener noreferrer\">170. Arbeitseinsatz im Schulgarten<\/a><\/li>\n<li>21. Februar 2019:<br \/>\n<a href=\"https:\/\/www.gfs-umweltausschuss.de\/?p=7569\" target=\"_blank\" rel=\"noopener noreferrer\">Entkusselungsaktion im Diepholzer Moo<\/a>r<\/li>\n<li>19. Februar 2019:<br \/>\nVortrag unseres UA-Gr\u00fcndungsmitglieds Duc vor dem Jg. 12<\/li>\n<li>14. Februar 2019:<br \/>\n<a href=\"https:\/\/www.gfs-umweltausschuss.de\/?p=7541\" target=\"_blank\" rel=\"noopener noreferrer\">169. Arbeitseinsatz im Schulgarten<\/a><\/li>\n<li>7. Februar 2019:<br \/>\n<a href=\"http:\/\/www.gfs-umweltausschuss.de\/?p=7460\" target=\"_blank\" rel=\"noopener noreferrer\">Schulgarten-AG: \u00a0M\u00fcllsammelaktion<\/a><\/li>\n<li>4. Februar 2019:<br \/>\n<a href=\"http:\/\/www.gfs-umweltausschuss.de\/wp-content\/uploads\/Deckel.jpg\" target=\"_blank\" rel=\"noopener noreferrer\">Start des Wettbewerbs &#8222;Wer wird GFS-Sammelmeister?&#8220;<\/a><\/li>\n<li>14. Januar 2019:<br \/>\n<a href=\"http:\/\/www.gfs-umweltausschuss.de\/?p=7435\" target=\"_blank\" rel=\"noopener noreferrer\">Preisverleihung f\u00fcr das Umweltkiosk-Quiz<\/a><\/li>\n<li>10. Januar 2019:<br \/>\nSchulgarten-AG: \u00a0<a href=\"http:\/\/www.gfs-umweltausschuss.de\/?p=7416\" target=\"_blank\" rel=\"noopener noreferrer\">Besucher der Ausstellung &#8222;Kraniche&#8220;<\/a><\/li>\n<li>20. Dezember 2018:<br \/>\nSchulgarten-AG: \u00a0<a href=\"http:\/\/www.gfs-umweltausschuss.de\/?p=7398\" target=\"_blank\" rel=\"noopener noreferrer\">Vogelfutter, Fr\u00f6belsterne und Steine<\/a><\/li>\n<li>13. Dezember 2018:<br \/>\nSchulgarten-AG: \u00a0<a href=\"https:\/\/www.gfs-diepholz.de\/neues-vom-schulwaldgelaende\/\" target=\"_blank\" rel=\"noopener noreferrer\">Ausflug der Schulgarten-AG zum Schulwald<\/a><\/li>\n<li>6. Dezember 2018:<br \/>\n<a href=\"http:\/\/www.gfs-umweltausschuss.de\/?p=7361\" target=\"_blank\" rel=\"noopener noreferrer\">168. Arbeitseinsatz im Schulgarten<\/a><\/li>\n<li>29. November 2018:<br \/>\n<a href=\"http:\/\/www.gfs-umweltausschuss.de\/?p=7361\" target=\"_blank\" rel=\"noopener noreferrer\">167. Arbeitseinsatz Schulgarten,\u00a0Dekorieren des Weihnachtsbaumes<\/a><\/li>\n<li>23. November 2018:<br \/>\nAblieferung der Novemberladung &#8222;<a href=\"http:\/\/deckel-gegen-polio.de\" target=\"_blank\" rel=\"noopener noreferrer\">Deckel gegen Polio<\/a>&#8220; beim Wertstoffhof Aschen<\/li>\n<li>22. November 2018:<br \/>\nTreffen der Schulgarten-AG: \u00a0<a href=\"http:\/\/www.gfs-umweltausschuss.de\/?p=7335\" target=\"_blank\" rel=\"noopener noreferrer\">Naturfilm &#8222;Eisige Welten&#8220; und Thema &#8222;Palm\u00f6l&#8220;<\/a><\/li>\n<li>20. November 2018:<br \/>\n&#8222;<a href=\"https:\/\/www.gfs-diepholz.de\/lernerlebnis-energiewende\/\" target=\"_blank\" rel=\"noopener noreferrer\">Lernerlebnis Energiewende<\/a>&#8220; f\u00fcr den Jg. 6<\/li>\n<li>November 2018:<br \/>\n<a href=\"http:\/\/www.gfs-umweltausschuss.de\/wp-content\/uploads\/2018_1113_NisthilfeEisv\u00f6gel_KiesbettAusternfischer-72.jpg\" target=\"_blank\" rel=\"noopener noreferrer\">Fertigstellung der Nisthilfen f\u00fcr Eisv\u00f6gel und Austernfischer<\/a> \u00a0sowie des <a href=\"http:\/\/www.gfs-umweltausschuss.de\/wp-content\/uploads\/2018_1113_Schulwald_InsektenhotelSteine-72.jpg\" target=\"_blank\" rel=\"noopener noreferrer\">Insektenhotel<\/a>s auf dem Schulwaldgel\u00e4nde<\/li>\n<li>8. November 2018:<br \/>\n<a href=\"http:\/\/www.gfs-umweltausschuss.de\/wp-content\/uploads\/2018_1108_Moorexkursion-72.jpg\" target=\"_blank\" rel=\"noopener noreferrer\">Entkusselungsaktion im Diepholzer Moor<\/a><\/li>\n<li>7. November 2018:<br \/>\n<a href=\"https:\/\/www.gfs-diepholz.de\/schade-dass-nicht-alle-fuenftklaessler-alle-workshops-machen-konnten\/\" target=\"_blank\" rel=\"noopener noreferrer\">Cup der 5. Klassen<\/a><\/li>\n<li>2. November 2018:<br \/>\nAblieferung der Oktoberladung &#8222;<a href=\"http:\/\/deckel-gegen-polio.de\" target=\"_blank\" rel=\"noopener noreferrer\">Deckel gegen Polio<\/a>&#8220; beim Wertstoffhof Aschen<\/li>\n<li>1. November 2018:<br \/>\n<a href=\"http:\/\/www.gfs-umweltausschuss.de\/?p=7283\" target=\"_blank\" rel=\"noopener noreferrer\">166. Arbeitseinsatz im Schulgarten<\/a><\/li>\n<li>25. Oktober 2018:<br \/>\n<a href=\"http:\/\/www.gfs-umweltausschuss.de\/?p=7260\" target=\"_blank\" rel=\"noopener noreferrer\">165. Arbeitseinsatz im Schulgarten<\/a><\/li>\n<li>19. Oktober 2018:<br \/>\n<a href=\"https:\/\/www.gfs-diepholz.de\/upps-wer-oder-frisst-denn-das-klima\/\" target=\"_blank\" rel=\"noopener noreferrer\">Aktionstag: Die Klimafresser<\/a><\/li>\n<li>18. Oktober 2018:<br \/>\n164. Arbeitseinsatz im Schulgarten<\/li>\n<li>16. Oktober 2018:<br \/>\n<a href=\"https:\/\/www.gfs-diepholz.de\/austausch-und-netzwerktreffen-der-schulwaldakteure\/\" target=\"_blank\" rel=\"noopener noreferrer\">Austausch- und Netzwerktreffen der Schulwaldakteure<\/a><\/li>\n<li>28. September 2018:<br \/>\n&#8222;Gr\u00fcne Pausen&#8220; im Schulgarten (Eisvogel gesichtet)<\/li>\n<li>28. September 2018:<br \/>\nAblieferung der Septemberladung &#8222;<a href=\"http:\/\/deckel-gegen-polio.de\" target=\"_blank\" rel=\"noopener noreferrer\">Deckel gegen Polio<\/a>&#8220; beim Wertstoffhof Aschen<\/li>\n<li>27. September 2018:<br \/>\n<a href=\"http:\/\/www.gfs-umweltausschuss.de\/?p=7239\" target=\"_blank\" rel=\"noopener noreferrer\">163. Arbeitseinsatz im Schulgarten<\/a><\/li>\n<li>21. September 2018:<br \/>\n&#8222;Gr\u00fcne Pausen&#8220; im Schulgarten<\/li>\n<li>20. September 2018:<br \/>\n<a href=\"http:\/\/www.gfs-umweltausschuss.de\/?p=7215\" target=\"_blank\" rel=\"noopener noreferrer\">162. Arbeitseinsatz im Schulgarten<\/a><\/li>\n<li>14. September 2018:<br \/>\n&#8222;Gr\u00fcne Pausen&#8220; im Schulgarten<\/li>\n<li>13. September 2018:<br \/>\n<a href=\"http:\/\/www.gfs-umweltausschuss.de\/?p=7207\" target=\"_blank\" rel=\"noopener noreferrer\">161. Arbeitseinsatz im Schulgarten<\/a><\/li>\n<li>8. September 2018:<br \/>\nUmsetzung des M\u00fcllkonzepts von Chantal Post (F\u00d6J) beim <a href=\"http:\/\/www.gfs-umweltausschuss.de\/?p=7182\" target=\"_blank\" rel=\"noopener noreferrer\">Diepholzer Stadtlauf<\/a><\/li>\n<li>7. September 2018:<br \/>\n&#8222;Gr\u00fcne Pausen&#8220; im Schulgarten<\/li>\n<li>6. September 2018:<br \/>\n<a href=\"http:\/\/www.gfs-umweltausschuss.de\/?p=7202\" target=\"_blank\" rel=\"noopener noreferrer\">160. Arbeitseinsatz im Schulgarten<\/a><\/li>\n<li>5. September 2018:<br \/>\nSchnippeln von (Schulgarten-)\u00c4pfeln in der Pausenhalle<\/li>\n<li>4. September 2018:<br \/>\nAblieferung der Augustladung &#8222;<a href=\"http:\/\/deckel-gegen-polio.de\" target=\"_blank\" rel=\"noopener noreferrer\">Deckel gegen Polio<\/a>&#8220; beim Wertstoffhof Aschen<\/li>\n<li>31. August 2018:<br \/>\nSchnippeln von (Schulgarten-)\u00c4pfeln in der Pausenhalle<\/li>\n<li>31. August 2018:<br \/>\n&#8222;Gr\u00fcne Pausen&#8220; im Schulgarten<\/li>\n<li>30. August 2018:<br \/>\n<a href=\"http:\/\/www.gfs-umweltausschuss.de\/?p=7165\" target=\"_blank\" rel=\"noopener noreferrer\">159. Arbeitseinsatz im Schulgarten<\/a><\/li>\n<li>24. August 2018:<br \/>\n&#8222;Gr\u00fcne Pausen&#8220; im Schulgarten<\/li>\n<li>23. August 2018:<br \/>\n<a href=\"http:\/\/www.gfs-umweltausschuss.de\/?p=7160\" target=\"_blank\" rel=\"noopener noreferrer\">158. Arbeitseinsatz im Schulgarten<\/a><\/li>\n<li>17. August 2018:<br \/>\nSchnippeln von (Schulgarten-)\u00c4pfeln in der Pausenhalle<\/li>\n<li>17. August 2018:<br \/>\n&#8222;Gr\u00fcne Pausen&#8220; im Schulgarten<\/li>\n<li>16. August 2018:<br \/>\n<a href=\"http:\/\/www.gfs-umweltausschuss.de\/?p=7140\" target=\"_blank\" rel=\"noopener noreferrer\">157. Arbeitseinsatz im Schulgarten<\/a><\/li>\n<li>16. August 2018:<br \/>\nSchnippeln von \u00c4pfeln &#8211; darunter die ersten <a href=\"http:\/\/www.gfs-umweltausschuss.de\/?p=7147\" target=\"_blank\" rel=\"noopener noreferrer\">\u00c4pfel aus dem Schulwald<\/a>! &#8211; in der Pausenhalle<\/li>\n<li>10. August 2018:<br \/>\n&#8222;Gr\u00fcne Pausen&#8220; im Schulgarten<\/li>\n<li>2. August 2018:<br \/>\n<a href=\"http:\/\/www.gfs-umweltausschuss.de\/wp-content\/uploads\/Schulgarten_2018_0802-72.jpg\" target=\"_blank\" rel=\"noopener noreferrer\">6. Ferieneinsatz im Schulgarten<\/a><\/li>\n<li>26. Juli 2018:<br \/>\n<a href=\"http:\/\/www.gfs-umweltausschuss.de\/wp-content\/uploads\/Schulgarten_2018_0726-72.jpg\" target=\"_blank\" rel=\"noopener noreferrer\">F\u00fcnfter Ferieneinsatz im Schulgarten<\/a><\/li>\n<li>19. Juli 2018:<br \/>\n<a href=\"http:\/\/www.gfs-umweltausschuss.de\/?p=7104\" target=\"_blank\" rel=\"noopener noreferrer\">Vierter Ferieneinsatz im Schulgarten<\/a><\/li>\n<li>12. Juli 2018:<br \/>\n<a href=\"http:\/\/www.gfs-umweltausschuss.de\/?p=7100\" target=\"_blank\" rel=\"noopener noreferrer\">Dritter Ferieneinsatz im Schulgarten<\/a><\/li>\n<li>5. Juli 2018:<br \/>\n<a href=\"http:\/\/www.gfs-umweltausschuss.de\/?p=7093\" target=\"_blank\" rel=\"noopener noreferrer\">Zweiter Ferieneinsatz im Schulgarten<\/a><\/li>\n<li>28. Juni 2018:<br \/>\n<a href=\"http:\/\/www.gfs-umweltausschuss.de\/?p=7088\" target=\"_blank\" rel=\"noopener noreferrer\">Erster Ferieneinsatz im Schulgarten<\/a><\/li>\n<li>Juni 2018:<br \/>\n<a href=\"http:\/\/www.gfs-umweltausschuss.de\/?p=7083\" target=\"_blank\" rel=\"noopener noreferrer\">Neues Schulwaldschild<\/a><\/li>\n<li>21. Juni 2018:<br \/>\nPeru-Vortrag von Laura Scheper in der Schulgarten-AG<\/li>\n<li>14. Juni 2018:<br \/>\n<a href=\"http:\/\/www.gfs-umweltausschuss.de\/?p=7063\" target=\"_blank\" rel=\"noopener noreferrer\">156. Arbeitseinsatz im Schulgarten<\/a><\/li>\n<li>7. Juni 2018:<br \/>\n<a href=\"http:\/\/www.gfs-umweltausschuss.de\/?p=7058\" target=\"_blank\" rel=\"noopener noreferrer\">155. Arbeitseinsatz im Schulgarten<\/a><\/li>\n<li>31. Mai 2018:<br \/>\n<a href=\"http:\/\/www.gfs-umweltausschuss.de\/?p=7041\" target=\"_blank\" rel=\"noopener noreferrer\">154. Arbeitseinsatz im Schulgarten<\/a><\/li>\n<li>24. Mai 2018:<br \/>\n<a href=\"http:\/\/www.gfs-umweltausschuss.de\/wp-content\/uploads\/Schulgarten_153_0524-72.jpg\" target=\"_blank\" rel=\"noopener noreferrer\">153. Arbeitseinsatz im Schulgarten<\/a><\/li>\n<li>18. Mai 2018:<br \/>\n<a href=\"http:\/\/www.gfs-umweltausschuss.de\/wp-content\/uploads\/2018_0518_AbendSchulgarten-72.jpg\" target=\"_blank\" rel=\"noopener noreferrer\">gemeinsamer Abend im Schulgarten<\/a><\/li>\n<li>17. Mai 2018:<br \/>\n<a href=\"http:\/\/www.gfs-umweltausschuss.de\/wp-content\/uploads\/Schulgarten_2018_0517-72.jpg\" target=\"_blank\" rel=\"noopener noreferrer\">152. Arbeitseinsatz im Schulgarten<\/a><\/li>\n<li>3. Mai 2018:<br \/>\n<a href=\"http:\/\/www.gfs-umweltausschuss.de\/wp-content\/uploads\/Schulgarten_151_2018_0503-72.jpg\" target=\"_blank\" rel=\"noopener noreferrer\">151. Arbeitseinsatz im Schulgarten<\/a>, Bemalen der Igel-Inns, Teil 2<\/li>\n<li>26. April 2018:<br \/>\n<a href=\"http:\/\/www.gfs-umweltausschuss.de\/?p=6942\" target=\"_blank\" rel=\"noopener noreferrer\">150. Arbeitseinsatz im Schulgarten, Bemalen der Igel-Inns<\/a><\/li>\n<li>25. April 2018:<br \/>\n<a href=\"http:\/\/www.gfs-umweltausschuss.de\/?p=6936\" target=\"_blank\" rel=\"noopener noreferrer\">Offizielle Er\u00f6ffnung des Moor-Erlebnispfades<\/a><\/li>\n<li>23. April 2018:<br \/>\n<a href=\"http:\/\/www.gfs-diepholz.de\/die-klimafresser-iss-die-welt-gesund\/\" target=\"_blank\" rel=\"noopener noreferrer\">Veranstaltung: Die Klimafresser<\/a><\/li>\n<li>19. April 2018:<br \/>\n<a href=\"http:\/\/www.gfs-umweltausschuss.de\/?p=6920\" target=\"_blank\" rel=\"noopener noreferrer\">149. Arbeitseinsatz im Schulgarten<\/a><\/li>\n<li>12. April 2018:<br \/>\n<a href=\"http:\/\/www.gfs-umweltausschuss.de\/?p=6920\" target=\"_blank\" rel=\"noopener noreferrer\">148. Arbeitseinsatz im Schulgarten<\/a><\/li>\n<li>5. April 2018:<br \/>\n<a href=\"http:\/\/www.gfs-umweltausschuss.de\/?p=6910\" target=\"_blank\" rel=\"noopener noreferrer\">147. Arbeitseinsatz im Schulgarten<\/a><\/li>\n<li>28. M\u00e4rz 2018:<br \/>\n<a href=\"https:\/\/www.kreiszeitung.de\/lokales\/diepholz\/diepholz-ort28581\/storchenpaar-wieder-vereint-9737431.html\" target=\"_blank\" rel=\"noopener noreferrer\">R\u00fcckkehr des zweiten Storches<\/a><\/li>\n<li>27. M\u00e4rz 2018:<br \/>\n<a href=\"http:\/\/www.gfs-umweltausschuss.de\/wp-content\/uploads\/2018_0326_AufbauInsektenhotel-72.jpg\" target=\"_blank\" rel=\"noopener noreferrer\">Aufstellen des Insektenhotels auf dem Schulwaldgel\u00e4nde<\/a><\/li>\n<li>20. M\u00e4rz 2018:<br \/>\n<a href=\"http:\/\/www.gfs-umweltausschuss.de\/wp-content\/uploads\/2018_03_Storchennest2-72.jpg\" target=\"_blank\" rel=\"noopener noreferrer\">Aufmontieren des Nestes auf den zweiten Storchenmast<\/a><\/li>\n<li>15. M\u00e4rz 2018:<br \/>\n<a href=\"http:\/\/www.gfs-umweltausschuss.de\/?p=6879\" target=\"_blank\" rel=\"noopener noreferrer\">146. Arbeitseinsatz im Schulgarten<\/a><\/li>\n<li>12. M\u00e4rz 2018:<br \/>\nAufstellen des zweiten Storchenmastes<\/li>\n<li>8. M\u00e4rz 2018:<br \/>\n<a href=\"http:\/\/www.gfs-umweltausschuss.de\/?p=6861\" target=\"_blank\" rel=\"noopener noreferrer\">Thema: Plastikt\u00fcten\/-verpackung<\/a><\/li>\n<li>1. M\u00e4rz 2018:<br \/>\n<a href=\"http:\/\/www.gfs-umweltausschuss.de\/?p=6856\" target=\"_blank\" rel=\"noopener noreferrer\">Thema: Palm\u00f6l<\/a><\/li>\n<li>28. Februar 2018:<br \/>\n<a href=\"http:\/\/www.gfs-umweltausschuss.de\/wp-content\/uploads\/2018_DK_0228_Storch-72.jpg\" target=\"_blank\" rel=\"noopener noreferrer\">R\u00fcckkehr des ersten Storches<\/a><\/li>\n<li>22. Februar 2018:<br \/>\n<a href=\"http:\/\/www.gfs-umweltausschuss.de\/wp-content\/uploads\/2018_0221-72.jpg\" target=\"_blank\" rel=\"noopener noreferrer\">Entkusselungsaktion im Moor<\/a><\/li>\n<li>13. Februar 2018:<br \/>\n<a href=\"https:\/\/www.kreiszeitung.de\/lokales\/diepholz\/diepholz-ort28581\/jugendliche-begeistern-jugendliche-moor-9579829.html\" target=\"_blank\" rel=\"noopener noreferrer\">Beginn der Moor-AG von Dieter Tornow<\/a><\/li>\n<li>8. Februar 2018:<br \/>\n<a href=\"http:\/\/www.gfs-umweltausschuss.de\/?p=6830\" target=\"_blank\" rel=\"noopener noreferrer\">Wissensspiel im Schulgarten<\/a><\/li>\n<li>21. November 2017:<br \/>\n<a href=\"http:\/\/www.gfs-diepholz.de\/cup-der-5-klassen-2017\/\" target=\"_blank\" rel=\"noopener noreferrer\">Preisverleihung Cup der 5. Klassen<\/a><\/li>\n<li>9. November 2017:<br \/>\n<a href=\"http:\/\/www.gfs-umweltausschuss.de\/?p=6734\" target=\"_blank\" rel=\"noopener noreferrer\">Entkusseln im Moor mit Dieter Tornow<\/a><\/li>\n<li>6.-8. November 2017:<br \/>\n<a href=\"http:\/\/www.gfs-diepholz.de\/2-750-zusaetzliche-baeume-und-straeucher\/\" target=\"_blank\" rel=\"noopener noreferrer\">2. Pflanzrunde Schulwald<\/a> (Jahrg\u00e4nge 5-7 + Jg. 6 der Realschule)<\/li>\n<li>3. November 2017:<br \/>\n<a href=\"http:\/\/www.gfs-diepholz.de\/cup-der-5-klassen-2017\/\" target=\"_blank\" rel=\"noopener noreferrer\">Cup der 5. Klassen<\/a><\/li>\n<li>2. November 2017:<br \/>\n<a href=\"http:\/\/www.gfs-diepholz.de\/gelaufen-wie-die-weltmeister\/\" target=\"_blank\" rel=\"noopener noreferrer\">Projekttag &#8222;Wald&#8220; f\u00fcr den Jahrgang 6<\/a><\/li>\n<li>1. November 2017:<br \/>\n<a href=\"http:\/\/www.gfs-umweltausschuss.de\/?p=6688\" target=\"_blank\" rel=\"noopener noreferrer\">Treffen mit Horst Wieting beim Schulwald, Vorbereitung der Pflanzung<\/a><\/li>\n<li>26. Oktober 2017:<br \/>\n<a href=\"http:\/\/www.gfs-umweltausschuss.de\/?p=6681\" target=\"_blank\" rel=\"noopener noreferrer\">144. Arbeitseinsatz im Schulgarten<\/a><\/li>\n<li>23. Oktober 2017:<br \/>\n<a href=\"http:\/\/www.gfs-umweltausschuss.de\" target=\"_blank\" rel=\"noopener noreferrer\">143. Arbeitseinsatz im Schulgarten und Vorbereitung der Naturschutzwoche<\/a><\/li>\n<li>3. Oktober 2017:<br \/>\n<a href=\"http:\/\/www.gfs-umweltausschuss.de\/?p=6656\" target=\"_blank\" rel=\"noopener noreferrer\">142. Arbeitseinsatz im Schulgarten<\/a><\/li>\n<li>21. September 2017:<br \/>\n<a href=\"http:\/\/www.gfs-umweltausschuss.de\/?p=6650\" target=\"_blank\" rel=\"noopener noreferrer\">141. Arbeitseinsatz im Schulgarten<\/a><\/li>\n<li>14. September 2017:<br \/>\n<a href=\"http:\/\/www.gfs-umweltausschuss.de\/?p=6640\" target=\"_blank\" rel=\"noopener noreferrer\">140. Arbeitseinsatz im Schulgarten<\/a><\/li>\n<li>7. September 2017:<br \/>\n<a href=\"http:\/\/www.gfs-umweltausschuss.de\/?p=6632\" target=\"_blank\" rel=\"noopener noreferrer\">Ausflug zum Schulwald mit der Schulgarten-AG<\/a><\/li>\n<li>31. August 2017:<br \/>\n<a href=\"http:\/\/www.gfs-umweltausschuss.de\/?p=6601\" target=\"_blank\" rel=\"noopener noreferrer\">139. Arbeitseinsatz im Schulgarten<\/a><\/li>\n<li>24. August 2017:<br \/>\n<a href=\"http:\/\/www.gfs-umweltausschuss.de\/?p=6589\" target=\"_blank\" rel=\"noopener noreferrer\">138. Arbeitseinsatz im Schulgarten<\/a><\/li>\n<li>24. August 2017:<br \/>\n<a href=\"http:\/\/www.gfs-umweltausschuss.de\/wp-content\/uploads\/2017_0824_Schulgarten_LibanonZeder-72.jpg\" target=\"_blank\" rel=\"noopener noreferrer\">Einpflanzen der von den diamantenen Abiturienten gestifteten Libanon-Zeder<\/a><\/li>\n<li>17. August 2017:<br \/>\n<a href=\"http:\/\/www.gfs-umweltausschuss.de\/wp-content\/uploads\/Schulgarten_2017_0817_IMG_3047-72.jpg\" target=\"_blank\" rel=\"noopener noreferrer\">137. Arbeitseinsatz im Schulgarten<\/a>; offizieller Beginn der neuen Schulgarten-AG<\/li>\n<li>15. August 2017:<br \/>\nSchulwald: <a href=\"http:\/\/www.gfs-umweltausschuss.de\/?p=6577\" target=\"_blank\" rel=\"noopener noreferrer\">Treffen der Kooperationspartner zur Planung der 2. Pflanzrunde<\/a><\/li>\n<li>10. August 2017:<br \/>\n<a href=\"http:\/\/www.gfs-umweltausschuss.de\/?p=6574\" target=\"_blank\" rel=\"noopener noreferrer\">Wiederaufnahme der gr\u00fcnen Pause<\/a><\/li>\n<li>10. August 2017:<br \/>\n<a href=\"http:\/\/www.gfs-umweltausschuss.de\/?p=6568\" target=\"_blank\" rel=\"noopener noreferrer\">136. Arbeitseinsatz im Schulgarten<\/a><\/li>\n<li>27. Juli 2017:<br \/>\n<a href=\"http:\/\/www.gfs-umweltausschuss.de\/wp-content\/uploads\/Schulgarten_2017_0727-72.jpg\" target=\"_blank\" rel=\"noopener noreferrer\">Arbeitseinsatz im Schulgarten<\/a><\/li>\n<li>20. Juli 2017:<br \/>\n<a href=\"http:\/\/www.gfs-umweltausschuss.de\/wp-content\/uploads\/2017_0720_Schulgarten-72.jpg\" target=\"_blank\" rel=\"noopener noreferrer\">135. Arbeitseinsatz im Schulgarten<\/a><\/li>\n<li>6. Juli 2017:<br \/>\n<a href=\"http:\/\/www.gfs-umweltausschuss.de\/?p=6495\" target=\"_blank\" rel=\"noopener noreferrer\">134. Arbeitseinsatz im Schulgarten<\/a><\/li>\n<li>6. Juli 2017:<br \/>\n<a href=\"http:\/\/www.gfs-diepholz.de\/anderthalb-jahre-schulwald\/\" target=\"_blank\" rel=\"noopener noreferrer\">R\u00fcckblick<\/a> auf anderthalb Jahre Schulwald<\/li>\n<li>29. Juni 2017:<br \/>\n<a href=\"http:\/\/www.gfs-umweltausschuss.de\/?p=6462\" target=\"_blank\" rel=\"noopener noreferrer\">Ernteeinsatz beim Schulwald<\/a><\/li>\n<li>22. Juni 2017:<br \/>\n<a href=\"http:\/\/www.gfs-umweltausschuss.de\/?p=6441\" target=\"_blank\" rel=\"noopener noreferrer\">Arbeitseinsatz im Schulgarten<\/a><\/li>\n<li>20. Juni 2017.<br \/>\nLetzter Tag der Ausstellung &#8222;<a href=\"http:\/\/www.gfs-diepholz.de\/ausstellung-faszination-ameisen-2\/\" target=\"_blank\" rel=\"noopener noreferrer\">Faszination Ameisen<\/a>&#8222;<\/li>\n<li>15. Juni 2017:<br \/>\n<a href=\"http:\/\/www.gfs-umweltausschuss.de\/?p=6438\" target=\"_blank\" rel=\"noopener noreferrer\">133. Arbeitseinsatz im Schulgarten<\/a><\/li>\n<li>8. Juni 2017:<br \/>\n<a href=\"http:\/\/www.gfs-umweltausschuss.de\/?p=6406\" target=\"_blank\" rel=\"noopener noreferrer\">Schulwald und 132. Arbeitseinsatz im Schulgarten<\/a><\/li>\n<li>1. Juni 2017:<br \/>\n<a href=\"http:\/\/www.gfs-umweltausschuss.de\/?p=6396\" target=\"_blank\" rel=\"noopener noreferrer\">131. Arbeitseinsatz im Schulgarten<\/a><\/li>\n<li>1. Juni\u00a02017:<br \/>\nAusstellung\u00a0<a href=\"http:\/\/www.gfs-diepholz.de\/ausstellung-faszination-ameisen-2\/\" target=\"_blank\" rel=\"noopener noreferrer\">Faszination Ameisen<\/a> in der Mediothek (bis 20. Juni 2017)<\/li>\n<li>18.\/19. Mai\u00a02017:<br \/>\nUmz\u00e4unung des kleinen <a href=\"http:\/\/www.gfs-umweltausschuss.de\/?p=6372\" target=\"_blank\" rel=\"noopener noreferrer\">Pilzgarten<\/a>s durch Paul Santesteban-Nedderhoff und Jens Meyer<\/li>\n<li>11. Mai\u00a02017:<br \/>\n<a href=\"http:\/\/www.gfs-umweltausschuss.de\/?p=6362\" target=\"_blank\" rel=\"noopener noreferrer\">130. Arbeitseinsatz im Schulgarten<\/a><\/li>\n<li>4. Mai\u00a02017:<br \/>\n129. Arbeitseinsatz im Schulgarten<\/li>\n<li>27.4.2017:<br \/>\n<a href=\"http:\/\/www.gfs-umweltausschuss.de\/?p=6327\" target=\"_blank\" rel=\"noopener noreferrer\">Besuch der tschechischen Austauschsch\u00fcler beim Schulwald\u00a0<\/a><\/li>\n<li>20.4.2017:<br \/>\n<a href=\"http:\/\/www.gfs-umweltausschuss.de\/?p=6313\" target=\"_blank\" rel=\"noopener noreferrer\">Pflanzen von 60 Obstb\u00e4umen auf dem Schulwaldgel\u00e4nde<\/a><\/li>\n<li>13. April 2017:<br \/>\n<a href=\"http:\/\/www.gfs-umweltausschuss.de\/?p=6242\" target=\"_blank\" rel=\"noopener noreferrer\">Anlegen eines Kiesbettes f\u00fcr Austernfischer und eines Kr\u00e4uterbeetes beim Schulwald; Fr\u00e4sen der &#8222;Blumenwiese&#8220; im Schulgarten\u00a0<\/a><\/li>\n<li>12. April 2017:<br \/>\n<a href=\"http:\/\/www.gfs-umweltausschuss.de\/wp-content\/uploads\/2017_0413_SchulwaldSchulgarten-72.jpg\" target=\"_blank\" rel=\"noopener noreferrer\">Planungstreffen beim Schulwald; Transport von Findlingen zum Schulwald und auf den Schulhof<\/a><\/li>\n<li>11. April 2017:<br \/>\nAnbringen von St\u00f6cken am Hunte-Ufer f\u00fcr Eisv\u00f6gel<\/li>\n<li>6. April 2017:<br \/>\n<a href=\"http:\/\/www.gfs-umweltausschuss.de\/?p=6230\" target=\"_blank\" rel=\"noopener noreferrer\">Arbeitseinsatz im Schulwald <\/a>(Pflanzen von Johannis- und Stachelbeeren, S\u00e4uberung der Hunte beim Schulwaldgel\u00e4nde vom M\u00fcll)<a href=\"http:\/\/www.gfs-umweltausschuss.de\/?p=6230\" target=\"_blank\" rel=\"noopener noreferrer\">,<\/a>\u00a0<a href=\"http:\/\/www.gfs-umweltausschuss.de\/?p=6230\" target=\"_blank\" rel=\"noopener noreferrer\">128. Arbeitseinsatz im Schulgarten<\/a><\/li>\n<li>30. M\u00e4rz 2017:<br \/>\n<a href=\"http:\/\/www.gfs-umweltausschuss.de\/?p=6206\" target=\"_blank\" rel=\"noopener noreferrer\">Ausflug der Schulgarten-AG zum Schulwald<\/a><\/li>\n<li>25. M\u00e4rz 2017:<br \/>\n<a href=\"http:\/\/www.gfs-umweltausschuss.de\/wp-content\/uploads\/2017_Stoerche-72.jpg\" target=\"_blank\" rel=\"noopener noreferrer\">Sichtung des ersten Storches im GFS-Storchennest<\/a><\/li>\n<li>23. M\u00e4rz 2017:<br \/>\n<a href=\"http:\/\/www.gfs-umweltausschuss.de\/?p=6188\" target=\"_blank\" rel=\"noopener noreferrer\">127. Arbeitseinsatz im Schulgarten<\/a><\/li>\n<li>17. M\u00e4rz 2017, 15-17.30:<br \/>\n<a href=\"http:\/\/www.gfs-umweltausschuss.de\/?p=6154\" target=\"_blank\" rel=\"noopener noreferrer\">Tag der Offenen Schule<\/a><\/li>\n<li>16. M\u00e4rz 2017:<br \/>\n<a href=\"http:\/\/www.gfs-umweltausschuss.de\/?p=6150\" target=\"_blank\" rel=\"noopener noreferrer\">126. Arbeitseinsatz im Schulgarten<\/a><\/li>\n<li>9. M\u00e4rz 2017:<br \/>\nSchulgarten-AG: \u00a0<a href=\"http:\/\/www.gfs-umweltausschuss.de\/?p=6126\" target=\"_blank\" rel=\"noopener noreferrer\">Thema &#8222;Kommunikation von B\u00e4umen&#8220;<\/a>, &#8222;Baumrekorde&#8220;, &#8222;Papier&#8220;<\/li>\n<li>2. M\u00e4rz 2017:<br \/>\nSchulgarten-AG: \u00a0Thema &#8222;\u00d6kobauernhof&#8220;, anschlie\u00dfend Spiele\/R\u00e4tsel zu verschiedenen Tierarten<\/li>\n<li>23. Februar 2017:<br \/>\nSchulgarten-AG: \u00a0Thema &#8222;Eulen&#8220;, anschlie\u00dfend Spiele\/R\u00e4tseln zu verschiedenen Tierarten<\/li>\n<li>17. Februar 2017:<br \/>\nSchulwaldgel\u00e4nde: <a href=\"http:\/\/www.gfs-diepholz.de\/nun-koennen-die-stoerche-kommen-2\/\" target=\"_blank\" rel=\"noopener noreferrer\">Anmontieren des Storchennestes\u00a0(Aufsatz)<\/a><br \/>\nAusstaffieren des Nestes: Ende Februar<\/li>\n<li>9. Februar und 16. Februar 2017:<br \/>\nSchulgarten-AG: \u00a0<a href=\"http:\/\/www.gfs-umweltausschuss.de\/?p=6094\" target=\"_blank\" rel=\"noopener noreferrer\">Thema &#8222;M\u00fcll&#8220;<\/a><\/li>\n<li>9. Februar 2017:<br \/>\n<a href=\"http:\/\/www.gfs-umweltausschuss.de\/wp-content\/uploads\/2017_0209_TreffenSchulwald.jpg\" target=\"_blank\" rel=\"noopener noreferrer\">Planungstreffen beim Schulwald<\/a><\/li>\n<li>2. Februar 2017:<br \/>\nSchulgarten-AG: \u00a0Weiterarbeit an den Igel-Inns, Anbringen von <a href=\"http:\/\/www.gfs-umweltausschuss.de\/wp-content\/uploads\/Hinweis-Papierhandt\u00fccher.jpg\" target=\"_blank\" rel=\"noopener noreferrer\">Hinweisschildern<\/a> f\u00fcr die Papierhandtuchspender<\/li>\n<li>16.- 20. Januar 2017:<br \/>\nProjekt &#8222;Geht uns der Planet aus? \/\/ Du bist, was du isst.&#8220; (im Rahmen der Projektwoche Jg. 9)<\/li>\n<li>12. Januar und 26. Januar 2017:<br \/>\nSchulgarten-AG: \u00a0<a href=\"http:\/\/www.gfs-umweltausschuss.de\/?p=6053\" target=\"_blank\" rel=\"noopener noreferrer\">Thema &#8222;Wasser&#8220;<\/a><\/li>\n<li>15. Dezember 2016:<br \/>\nSchulgarten-AG: \u00a0Film &#8222;Planet Erde: Waldwelten&#8220; und Jahresausklang<\/li>\n<li>8. Dezember 2016<br \/>\n<a href=\"http:\/\/www.gfs-umweltausschuss.de\/wp-content\/uploads\/2016_1208_SchulgartenFilzen-72web.jpg\" target=\"_blank\" rel=\"noopener noreferrer\">125. Arbeitseinsatz im Schulgarten und Basteln mit Naturmaterialien<\/a><\/li>\n<li>1. Dezember 2016<br \/>\n<a href=\"http:\/\/www.gfs-umweltausschuss.de\/wp-content\/uploads\/2016_1201_BastelnNaturmaterialien-72.jpg\" target=\"_blank\" rel=\"noopener noreferrer\">Basteln mit Naturmaterialien<\/a><\/li>\n<li>24. November 2016<br \/>\n<a href=\"http:\/\/www.gfs-umweltausschuss.de\/?p=5969\" target=\"_blank\" rel=\"noopener noreferrer\">Exkursion zu den &#8222;Moorwelten&#8220;<\/a> (Filmaufnahmen)<\/li>\n<li>17. November 2016<br \/>\n<a href=\"http:\/\/www.gfs-umweltausschuss.de\/?p=5965\" target=\"_blank\" rel=\"noopener noreferrer\">124. Arbeitseinsatz im Schulgarten<\/a><\/li>\n<li>10. November 2016<br \/>\n<a href=\"http:\/\/www.gfs-umweltausschuss.de\/?p=5931\" target=\"_blank\" rel=\"noopener noreferrer\">Entkusselungstour<\/a> ins Diepholzer Moor<\/li>\n<li>8. November 2016<br \/>\n<a href=\"http:\/\/www.gfs-umweltausschuss.de\/?p=5938\" target=\"_blank\" rel=\"noopener noreferrer\">Cup der 5. Klassen 2016\u00a0<\/a><\/li>\n<li>3. November 2016<br \/>\n<a href=\"http:\/\/www.gfs-umweltausschuss.de\/?p=5869\" target=\"_blank\" rel=\"noopener noreferrer\">123. Arbeitseinsatz im Schulgarten<\/a><\/li>\n<li>28. Oktober 2016<br \/>\n<a href=\"http:\/\/www.gfs-umweltausschuss.de\/?p=5869\" target=\"_blank\" rel=\"noopener noreferrer\">Beginn der &#8222;Gr\u00fcnen Pause&#8220;<\/a>\u00a0(ab dann 1x w\u00f6chentlich)<\/li>\n<li>27. Oktober 2016<br \/>\n<a href=\"http:\/\/www.gfs-umweltausschuss.de\/?p=5869\">122. Arbeitseinsatz im Schulgarten<\/a><\/li>\n<li>20. Oktober 2016<br \/>\n<a href=\"http:\/\/www.gfs-umweltausschuss.de\/?p=5820\">121. Arbeitseinsatz im Schulgarten<\/a><\/li>\n<li>Herbstferien 2016<br \/>\nAufr\u00e4umen und Versch\u00f6nern des <a href=\"http:\/\/www.gfs-umweltausschuss.de\/?p=5820\">Schulgarten-Schuppen<\/a>s (drei Treffen)<\/li>\n<li>9. Oktober 2016<br \/>\nInterview f\u00fcr die <a href=\"http:\/\/www.zukunftwald.de\/media\/presse\/es-entsteht-ein-unglaublich-positives-gemeinschaftsgef\u00fchl-1\/\">Stiftung Zukunft Wald<\/a><\/li>\n<li>30. September 2016<br \/>\n<a href=\"http:\/\/www.gfs-umweltausschuss.de\/?p=5724\">120. Arbeitseinsatz im Schulgarten<\/a><\/li>\n<li>29. September 2016<br \/>\n<a href=\"http:\/\/www.gfs-umweltausschuss.de\/?p=5724\">Exkursion der Schulgarten-AG zum Schulwald-Gel\u00e4nde<\/a><\/li>\n<li>23. September 2016<br \/>\nSchnippeln\u00a0von Schulgarten-\u00c4pfeln in der Pausenhalle<\/li>\n<li>22. September 2016<br \/>\n<a href=\"http:\/\/www.gfs-umweltausschuss.de\/?p=5712\">119. Arbeitseinsatz im Schulgarten<\/a><\/li>\n<li>22. September 2016<br \/>\nAnbringen der von Kalle Meyberg gesponserten,\u00a0<a href=\"http:\/\/www.gfs-umweltausschuss.de\/?p=5712\">solarbetriebenen Wasserpumpe<\/a><\/li>\n<li>16. September 2016<br \/>\nSchnippeln\u00a0von Schulgarten-\u00c4pfeln in der Pausenhalle<\/li>\n<li>15. September 2016<br \/>\n<a href=\"http:\/\/www.gfs-umweltausschuss.de\/?p=5706\">118. Arbeitseinsatz im Schulgarten<\/a><\/li>\n<li>9. September 2016<br \/>\nSchnippeln\u00a0von Schulgarten-\u00c4pfeln in der Pausenhalle<\/li>\n<li>8. September 2016<br \/>\n<a href=\"http:\/\/www.gfs-umweltausschuss.de\/?p=5703\">117. Arbeitseinsatz im Schulgarten<\/a><\/li>\n<li>1. September 2016<br \/>\n<a href=\"http:\/\/www.gfs-umweltausschuss.de\/?p=5673\">116. Arbeitseinsatz im Schulgarten<\/a><\/li>\n<li>25. August 2016<br \/>\n<a href=\"http:\/\/www.gfs-umweltausschuss.de\/?p=5646\">115. Arbeitseinsatz im Schulgarten<\/a><\/li>\n<li>18. August 2016<br \/>\n<a href=\"http:\/\/www.gfs-umweltausschuss.de\/?p=5620\">114. Arbeitseinsatz im Schulgarten<\/a><\/li>\n<li>17. August 2016<br \/>\n<a href=\"http:\/\/www.gfs-umweltausschuss.de\/?p=5658\">Aufstellen des Storchenmastes<\/a> auf dem Schulwald-Gel\u00e4nde<\/li>\n<li>11. August 2016<br \/>\n<a href=\"http:\/\/www.gfs-umweltausschuss.de\/?p=5603\">113. Arbeitseinsatz im Schulgarten<\/a><\/li>\n<li>Sommerferien 2016:<br \/>\nw\u00f6chentlicher Arbeitseinsatz in kleiner Truppe<\/li>\n<li>16. Juni 2016:<br \/>\n<a href=\"http:\/\/www.gfs-umweltausschuss.de\/?p=5504\" target=\"_blank\" rel=\"noopener noreferrer\">112. Arbeitseinsatz im Schulgarten<\/a><\/li>\n<li>9. Juni 2016:<br \/>\n<a href=\"http:\/\/www.gfs-umweltausschuss.de\/?p=5472\" target=\"_blank\" rel=\"noopener noreferrer\">111. Arbeitseinsatz im Schulgarten, Abschied von Sam<\/a><\/li>\n<li>2. Juni 2016:<br \/>\n<a href=\"http:\/\/www.gfs-umweltausschuss.de\/?p=5464\" target=\"_blank\" rel=\"noopener noreferrer\">110. Arbeitseinsatz im Schulgarten<\/a><\/li>\n<li>27. Mai 2016:<br \/>\n<a href=\"http:\/\/www.gfs-umweltausschuss.de\/wp-content\/uploads\/2016_0526_Storchennest-72.jpg\" target=\"_blank\" rel=\"noopener noreferrer\">Antransport unseres zuk\u00fcnftigen Storchenmastes<\/a><\/li>\n<li>26. Mai 2016:<br \/>\n<a href=\"http:\/\/www.gfs-umweltausschuss.de\/?p=5448\" target=\"_blank\" rel=\"noopener noreferrer\">109. Arbeitseinsatz im Schulgarten<\/a><\/li>\n<li>19. Mai 2016:<br \/>\n<a href=\"http:\/\/www.gfs-umweltausschuss.de\/?p=5431\" target=\"_blank\" rel=\"noopener noreferrer\">108. Arbeitseinsatz im Schulgarten<\/a><\/li>\n<li>12. Mai 2016:<br \/>\n<a href=\"http:\/\/www.gfs-umweltausschuss.de\/?p=5403\" target=\"_blank\" rel=\"noopener noreferrer\">107. Arbeitseinsatz im Schulgarten<\/a><\/li>\n<li>28. April 2016:<br \/>\n<a href=\"http:\/\/www.gfs-umweltausschuss.de\/?p=5379\" target=\"_blank\" rel=\"noopener noreferrer\">106. Arbeitseinsatz im Schulgarten<\/a><\/li>\n<li>21. April 2016:<br \/>\n<a href=\"http:\/\/www.gfs-umweltausschuss.de\/?p=5345\" target=\"_blank\" rel=\"noopener noreferrer\">105. Arbeitseinsatz im Schulgarten und Teilnahme an der M\u00fcllsammelaktion<\/a> \u201eGan<em>s<\/em> sch\u00f6n sauber&#8220;<\/li>\n<li>14. April 2016:<br \/>\n<a href=\"http:\/\/www.gfs-umweltausschuss.de\/?p=5310\" target=\"_blank\" rel=\"noopener noreferrer\">104. Arbeitseinsatz im Schulgarten<\/a><\/li>\n<li>12. &#8211; 14. April 2016:<br \/>\n<a href=\"http:\/\/www.gfs-umweltausschuss.de\/?p=5317\" target=\"_blank\" rel=\"noopener noreferrer\">drei weitere Pflanztage (Schulwald)<\/a><\/li>\n<li>7. April 2016:<br \/>\n<a href=\"http:\/\/www.gfs-umweltausschuss.de\/?p=5305\" target=\"_blank\" rel=\"noopener noreferrer\">103. Arbeitseinsatz im Schulgarten<\/a><\/li>\n<li>17. M\u00e4rz 2016:<br \/>\n<a href=\"http:\/\/www.gfs-umweltausschuss.de\/?p=5266\" target=\"_blank\" rel=\"noopener noreferrer\">2. Pflanztag<\/a> (Schulwald)<\/li>\n<li>16. M\u00e4rz 2016:<br \/>\n<a href=\"http:\/\/www.gfs-umweltausschuss.de\/?p=5255\" target=\"_blank\" rel=\"noopener noreferrer\">1. Pflanztag<\/a> (Schulwald)<\/li>\n<li>14. M\u00e4rz 2016:<br \/>\n<a href=\"http:\/\/www.gfs-umweltausschuss.de\/?p=5249\" target=\"_blank\" rel=\"noopener noreferrer\">Vorbereitung der Pflanzfl\u00e4che<\/a> (mit der Schulgarten-AG)<\/li>\n<li>10. M\u00e4rz 2016:<br \/>\nVorbereitung des 1. Pflanzens von B\u00e4umen f\u00fcr\u00a0unseren zuk\u00fcnftigen Schulwald<\/li>\n<li>3. M\u00e4rz 2016:<br \/>\n<a href=\"http:\/\/www.gfs-umweltausschuss.de\/?p=5214\" target=\"_blank\" rel=\"noopener noreferrer\">Arbeitseinsatz im Diepholzer Moor<\/a> mit Dieter Tornow<\/li>\n<li>25. Februar 2016:<br \/>\n<a href=\"http:\/\/www.gfs-umweltausschuss.de\/?p=5196\" target=\"_blank\" rel=\"noopener noreferrer\">Arbeitseinsatz im Diepholzer Moor<\/a> mit Dieter Tornow<\/li>\n<li>19. Februar 2016, 14.45-17.30 Uhr:<br \/>\nTag der Offenen Schule \u00a0&#8211; \u00a0Verkauf und Stempelaktion am Kiosk<\/li>\n<li>18. Februar 2016:<br \/>\nIn der Reihe &#8222;Von der Schule in die Welt&#8220; fand ein Vortrag zum Thema &#8222;Kleider aus Milch, Autoreifen aus L\u00f6wenzahn &#8211; <a href=\"http:\/\/In der Reihe &quot;Von der Schule in die Welt&quot; findet am kommenden Donnerstag (18. Februar) ab 19 Uhr in der Mensa ein Vortrag zum Thema &quot;Kleider aus Milch, Autoreifen aus L\u00f6wenzahn - Was bringt uns die Bio\u00f6konomie?&quot; statt. Der Referent, Dr. P. Dieckhoff (Abitur an der GFS 1994), ist Leiter des Hauptstadtb\u00fcros der Fraunhofer-Gesellschaft in Berlin.\" target=\"_blank\" rel=\"noopener noreferrer\">Was bringt uns die Bio\u00f6konomie?<\/a>&#8220; statt.<\/li>\n<li>11. und 18. Februar 2016:<br \/>\n<a href=\"http:\/\/www.gfs-umweltausschuss.de\/wp-content\/uploads\/2016_0211_Igelhotels-72.jpg\" target=\"_blank\" rel=\"noopener noreferrer\">Bau von Igel-Hotels<\/a><\/li>\n<li>4. Februar 2016:<br \/>\nMikroskopiernachmittag mit der Schulgarten-AG<\/li>\n<li>23. Dezember 2015:<br \/>\nUnterzeichnung des <a href=\"http:\/\/www.kreiszeitung.de\/lokales\/diepholz\/diepholz-ort28581\/graf-friedrich-schule-beteiligt-sich-landesweitem-stiftungs-projekt-5983020.html\" target=\"_blank\" rel=\"noopener noreferrer\">Kooperationsvertrages<\/a> mit der <a href=\"http:\/\/www.zukunftwald.de\" target=\"_blank\" rel=\"noopener noreferrer\">Stiftung Zukunft Wald<\/a><\/li>\n<li>22. Dezember 2015:<br \/>\nProjekttag Schulwald f\u00fcr die Klassen 6 und Unterzeichnung des Kooperationsvertrages f\u00fcr den neuen Schulwald<\/li>\n<li>17. Dezember 2015:<br \/>\nteils Arbeitseinsatz im Schulgarten, teils Film: Lorax<\/li>\n<li>10. Dezember 2015:<br \/>\nVorbereitung der Arbeit an Stationen f\u00fcr den Projekttag Schulwald am 21.12.15<\/li>\n<li>3. Dezember 2015:<br \/>\n<a href=\"http:\/\/www.gfs-umweltausschuss.de\/?p=5057\" target=\"_blank\" rel=\"noopener noreferrer\">102. Arbeitseinsatz im Schulgarten<\/a><\/li>\n<li>26. November\u00a02015:<br \/>\n<a href=\"http:\/\/www.gfs-umweltausschuss.de\/?p=5042\" target=\"_blank\" rel=\"noopener noreferrer\">101. Arbeitseinsatz im Schulgarten<\/a><\/li>\n<li>11. November 2015:<br \/>\n<a href=\"http:\/\/www.gfs-umweltausschuss.de\/?p=5026\" target=\"_blank\" rel=\"noopener noreferrer\">Cup der 5. Klassen\u00a0<\/a><\/li>\n<li>6. November 2015:<br \/>\n<a href=\"http:\/\/www.gfs-umweltausschuss.de\/?p=5020\" target=\"_blank\" rel=\"noopener noreferrer\">100. Arbeitseinsatz im Schulgarten<\/a><\/li>\n<li>8. und 15. Oktober 2015:<br \/>\n<a href=\"http:\/\/www.gfs-umweltausschuss.de\/?p=5010\" target=\"_blank\" rel=\"noopener noreferrer\">Basteln von Zierk\u00fcrbissen<\/a><\/li>\n<li>1. Oktober 2015:<br \/>\n<a href=\"http:\/\/www.gfs-umweltausschuss.de\/?p=5000\" target=\"_blank\" rel=\"noopener noreferrer\">99. Arbeitseinsatz im Schulgarten<\/a><\/li>\n<li>24. September 2015:<br \/>\n<a href=\"http:\/\/www.gfs-umweltausschuss.de\/?p=4978\" target=\"_blank\" rel=\"noopener noreferrer\">98. Arbeitseinsatz im Schulgarten<\/a><\/li>\n<li>19. September 2015:<br \/>\n<a href=\"http:\/\/www.gfs-umweltausschuss.de\/?p=4964\" target=\"_blank\" rel=\"noopener noreferrer\">97. Arbeitseinsatz im Schulgarten<\/a><\/li>\n<li>15. September 2015:<br \/>\n<a href=\"http:\/\/www.gfs-umweltausschuss.de\/?p=4964\" target=\"_blank\" rel=\"noopener noreferrer\">Schnippeln von Schulgarten-\u00c4pfeln in der Pausenhalle<\/a><\/li>\n<li>11. September 2015:<br \/>\n<a href=\"http:\/\/www.gfs-umweltausschuss.de\/?p=4951\" target=\"_blank\" rel=\"noopener noreferrer\">96. Arbeitseinsatz im Schulgarten<\/a><\/li>\n<li>27. August 2015:<br \/>\n<a href=\"http:\/\/www.gfs-umweltausschuss.de\/?p=4934\" target=\"_blank\" rel=\"noopener noreferrer\">95. Arbeitseinsatz im Schulgarten<\/a><\/li>\n<li>20. August 2015:<br \/>\n<a href=\"http:\/\/www.gfs-umweltausschuss.de\/?p=4925\" target=\"_blank\" rel=\"noopener noreferrer\">Schulgarten<\/a><\/li>\n<li>14. August 2015:<br \/>\n<a href=\"http:\/\/www.gfs-umweltausschuss.de\/?p=4920\" target=\"_blank\" rel=\"noopener noreferrer\">94. Arbeitseinsatz im Schulgarten<\/a><\/li>\n<li>7. August 2015:<br \/>\n<a href=\"http:\/\/www.gfs-umweltausschuss.de\/?p=4911\" target=\"_blank\" rel=\"noopener noreferrer\">Schulgarten<\/a><\/li>\n<li>31. Juli 2015:<br \/>\n<a href=\"http:\/\/www.gfs-umweltausschuss.de\/?p=4896\" target=\"_blank\" rel=\"noopener noreferrer\">93. Arbeitseinsatz im Schulgarten<\/a><\/li>\n<li>23. Juli 2015:<br \/>\n<a href=\"http:\/\/www.gfs-umweltausschuss.de\/?p=4891\" target=\"_blank\" rel=\"noopener noreferrer\">92. Arbeitseinsatz im Schulgarten<\/a><\/li>\n<li>16. Juli 2015:<br \/>\n<a title=\"Schulgarten91\" href=\"http:\/\/www.gfs-umweltausschuss.de\/?p=4861\" target=\"_blank\" rel=\"noopener noreferrer\">91. Arbeitseinsatz im Schulgarten <\/a><\/li>\n<li>13. Juli 2015:<br \/>\n<a title=\"Er\u00f6ffnung\" href=\"http:\/\/www.gfs-umweltausschuss.de\/?p=4850\" target=\"_blank\" rel=\"noopener noreferrer\">offizielle Er\u00f6ffnung des Schulgartens<\/a><\/li>\n<li>9. Juli 2015:<br \/>\n<a title=\"Schulgarten90\" href=\"http:\/\/www.gfs-umweltausschuss.de\/?p=4841\" target=\"_blank\" rel=\"noopener noreferrer\">90. Arbeitseinsatz im Schulgarten <\/a><\/li>\n<li>2. Juli 2015:<br \/>\n<a title=\"Arbeitseinsatz89\" href=\"http:\/\/www.gfs-umweltausschuss.de\/?p=4832\" target=\"_blank\" rel=\"noopener noreferrer\">89. Arbeitseinsatz im Schulgarten<\/a><\/li>\n<li>25. Juni 2015:<br \/>\n<a title=\"Arbeitseinsatz88\" href=\"http:\/\/www.gfs-umweltausschuss.de\/?p=4820\" target=\"_blank\" rel=\"noopener noreferrer\">88. Arbeitseinsatz im Schulgarten <\/a><\/li>\n<li>18. Juni 2015:<br \/>\n<a title=\"Schulgarten87\" href=\"http:\/\/www.gfs-umweltausschuss.de\/?p=4817\" target=\"_blank\" rel=\"noopener noreferrer\">87. Arbeitseinsatz im Schulgarten <\/a><\/li>\n<li>11. Juni 2015:<br \/>\n<a title=\"Schulgarten86\" href=\"http:\/\/www.gfs-umweltausschuss.de\/?p=4807\" target=\"_blank\" rel=\"noopener noreferrer\">86. Arbeitseinsatz im Schulgarten <\/a><\/li>\n<li>28. Mai 2015:<br \/>\n<a title=\"Schulgarten85\" href=\"http:\/\/www.gfs-umweltausschuss.de\/wp-content\/uploads\/2015_0528_Schulgarten72.jpg\" target=\"_blank\" rel=\"noopener noreferrer\">85. Arbeitseinsatz im Schulgarten<\/a><\/li>\n<li>21. Mai 2015:<br \/>\n<a title=\"Schulgarten84\" href=\"http:\/\/www.gfs-umweltausschuss.de\/?p=4784\" target=\"_blank\" rel=\"noopener noreferrer\">84. Arbeitseinsatz im Schulgarten <\/a><\/li>\n<li>7. Mai 2015:<br \/>\n<a title=\"Schulgarten83\" href=\"http:\/\/www.gfs-umweltausschuss.de\/wp-content\/uploads\/2015_0507_Schulgarten_1811-72.jpg\" target=\"_blank\" rel=\"noopener noreferrer\">83. Arbeitseinsatz im Schulgarten <\/a><\/li>\n<li>3. Mai 2015:<br \/>\n<a title=\"Erinnerungsbaum\" href=\"http:\/\/www.gfs-umweltausschuss.de\/?p=4770\" target=\"_blank\" rel=\"noopener noreferrer\">Gemeinsames Pflanzen eines Erinnerungsbaumes<\/a><\/li>\n<li>30. April 2015:<br \/>\n<a title=\"Arbeitseinsatz82\" href=\"http:\/\/www.gfs-umweltausschuss.de\/?p=4767\" target=\"_blank\" rel=\"noopener noreferrer\">82. Arbeitseinsatz im Schulgarten <\/a><\/li>\n<li>23. April 2015:<br \/>\n<a title=\"Arbeitseinsatz81\" href=\"http:\/\/www.gfs-umweltausschuss.de\/?p=4756\" target=\"_blank\" rel=\"noopener noreferrer\">81. Arbeitseinsatz im Schulgarten<\/a><\/li>\n<li>16. April 2015:<br \/>\n<a title=\"Arbeitseinsatz80\" href=\"http:\/\/www.gfs-umweltausschuss.de\/?p=4748\" target=\"_blank\" rel=\"noopener noreferrer\">80. Arbeitseinsatz im Schulgarten <\/a><\/li>\n<li>9. April 2015:<br \/>\n<a title=\"Arbeitseinsatz79\" href=\"http:\/\/www.gfs-umweltausschuss.de\/?p=4734\" target=\"_blank\" rel=\"noopener noreferrer\">79. Arbeitseinsatz im Schulgarten <\/a><\/li>\n<li>2. April 2015:<br \/>\n<a title=\"Arbeitseinsatz78\" href=\"http:\/\/www.gfs-umweltausschuss.de\/?p=4720\" target=\"_blank\" rel=\"noopener noreferrer\">78. Arbeitseinsatz im Schulgarten <\/a><\/li>\n<li>27. M\u00e4rz 2015:<br \/>\n<a title=\"Arbeitseinsatz77\" href=\"http:\/\/www.gfs-umweltausschuss.de\/?p=4705\" target=\"_blank\" rel=\"noopener noreferrer\">77. Arbeitseinsatz im Schulgarten <\/a><\/li>\n<li>20. M\u00e4rz 2015:<br \/>\n<a title=\"Arbeitseinsatz76\" href=\"http:\/\/www.gfs-umweltausschuss.de\/?p=4684\" target=\"_blank\" rel=\"noopener noreferrer\">76. Arbeitseinsatz im Schulgarten<\/a><\/li>\n<li>19. M\u00e4rz 2015:<br \/>\n<a title=\"KSK\" href=\"http:\/\/www.gfs-umweltausschuss.de\/?p=4676\" target=\"_blank\" rel=\"noopener noreferrer\">\u00dcbergabe einer Spende der Kreissparkasse<\/a><\/li>\n<li>16.3. &#8211; 20.3.2015:<br \/>\n<a title=\"Muffins\" href=\"http:\/\/www.gfs-umweltausschuss.de\/?p=4667\" target=\"_blank\" rel=\"noopener noreferrer\">Muffin-Aktion<\/a> zugunsten des Tierschutzhofes Dickel<\/li>\n<li>12. M\u00e4rz 2015:<br \/>\nFahrt der Schulgarten-AG zum <a title=\"Dickel\" href=\"http:\/\/www.gfs-umweltausschuss.de\/?p=4643\" target=\"_blank\" rel=\"noopener noreferrer\">Tierschutzhof Dickel <\/a><\/li>\n<li>26. Februar 2015:<br \/>\n<a title=\"Arbeitseinsatz75\" href=\"http:\/\/www.gfs-umweltausschuss.de\/?p=4606\" target=\"_blank\" rel=\"noopener noreferrer\">75. Arbeitseinsatz im Schulgarten<\/a><\/li>\n<li>19. Februar 2015:<br \/>\n<a title=\"Arbeitseinsatz74\" href=\"http:\/\/www.gfs-umweltausschuss.de\/?p=4593\" target=\"_blank\" rel=\"noopener noreferrer\">74. Arbeitseinsatz im Schulgarten <\/a><\/li>\n<li>13. Februar 2015:<br \/>\nTag der Offenen Schule<br \/>\nIm Einsatz: Sam, Florian, Kim, Giehan, Luca und Anja<\/li>\n<li>12. Februar 2015:<br \/>\n<a title=\"Entkusseln\" href=\"http:\/\/www.gfs-umweltausschuss.de\/?p=4578\" target=\"_blank\" rel=\"noopener noreferrer\">Entkusseln im Diepholzer Moor<\/a><\/li>\n<li>22. Januar 2015:<br \/>\nBemalen von Holzkisten, Teil 3, und Arbeit im Schulgarten (75. Arbeitseinsatz)<\/li>\n<li>15. Januar 2015:<br \/>\nBemalen von Holzkisten, Teil 2, und Arbeit im Schulgarten (74. Arbeitseinsatz)<\/li>\n<li>8. Januar 2015:<br \/>\nBemalen von Holzkisten f\u00fcr den Cup der 5. Klassen<\/li>\n<li>18. Dezember 2014:<br \/>\n<a title=\"Schulgarten73\" href=\"http:\/\/www.gfs-umweltausschuss.de\/?p=4479\" target=\"_blank\" rel=\"noopener noreferrer\">73. Arbeitseinsatz und Jahresabschluss im Schulgarten <\/a><\/li>\n<li>27. November 2014:<br \/>\n<a title=\"Weihnachtsschmuck\" href=\"http:\/\/www.gfs-umweltausschuss.de\/?p=4436\" target=\"_blank\" rel=\"noopener noreferrer\">Basteln von Weihnachtsschmuck<\/a><\/li>\n<li>20. November 2014:<br \/>\n<a title=\"Arbeitseinsatz72\" href=\"http:\/\/www.gfs-umweltausschuss.de\/?p=4436\" target=\"_blank\" rel=\"noopener noreferrer\">72. Arbeitseinsatz im Schulgarten <\/a><\/li>\n<li>20. November 2014:<br \/>\nVorstellung des Projekts &#8222;Schulw\u00e4lder gegen Klimawandel&#8220; durch Franz H\u00fcsing<\/li>\n<li>13. November 2014:<br \/>\n<a title=\"Moor\" href=\"http:\/\/www.gfs-umweltausschuss.de\/?p=4386\" target=\"_blank\" rel=\"noopener noreferrer\">Exkursion ins Diepholzer Moor<\/a><\/li>\n<li>11. November 2014:<br \/>\n<a title=\"Cup2014\" href=\"http:\/\/www.gfs-umweltausschuss.de\/?p=4371\" target=\"_blank\" rel=\"noopener noreferrer\">Cup der 5. Klassen <\/a><\/li>\n<li>7. November 2014:<br \/>\n<a title=\"71\" href=\"http:\/\/www.gfs-umweltausschuss.de\/?p=4361\" target=\"_blank\" rel=\"noopener noreferrer\">71. Arbeitseinsatz im Schulgarten <\/a><\/li>\n<li>31. Oktober 2014:<br \/>\n<a title=\"70\" href=\"http:\/\/www.gfs-umweltausschuss.de\/?p=4349\" target=\"_blank\" rel=\"noopener noreferrer\">70. Arbeitseinsatz im Schulgarten <\/a><\/li>\n<li>25. Oktober 2014:<br \/>\n<a title=\"69\" href=\"http:\/\/www.gfs-umweltausschuss.de\/?p=4304\" target=\"_blank\" rel=\"noopener noreferrer\">69. Arbeitseinsatz im Schulgarten <\/a><\/li>\n<li>9. Oktober 2014:<br \/>\n<a title=\"SchuGa68\" href=\"http:\/\/www.gfs-umweltausschuss.de\/?p=4247\" target=\"_blank\" rel=\"noopener noreferrer\">68. Arbeitseinsatz im Schulgarten<\/a><\/li>\n<li>2. Oktober 2014:<br \/>\n<a title=\"SchuGa67\" href=\"http:\/\/www.gfs-umweltausschuss.de\/?p=4229\" target=\"_blank\" rel=\"noopener noreferrer\">67. Arbeitseinsatz im Schulgarten<\/a><\/li>\n<li>27. September 2014:<br \/>\nJan Zimmermann darf seinen Gewinn bei der UA-Tombola einl\u00f6sen und im <a title=\"Ballon\" href=\"http:\/\/www.gfs-umweltausschuss.de\/?p=4207\" target=\"_blank\" rel=\"noopener noreferrer\">Hei\u00dfluftballon<\/a> \u00fcber Diepholz fahren<\/li>\n<li>26.\/27. September 2014:<br \/>\nSylke Teuteberg und ihre Klasse 7a sind die Ersten, die im Schulgarten <a title=\"Zelten\" href=\"http:\/\/www.gfs-umweltausschuss.de\/?p=4194\" target=\"_blank\" rel=\"noopener noreferrer\">zelten<\/a>.<\/li>\n<li>25. September 2014:<br \/>\n<a title=\"SchuGA\" href=\"http:\/\/www.gfs-umweltausschuss.de\/?p=4174\" target=\"_blank\" rel=\"noopener noreferrer\">66. Arbeitseinsatz im Schulgarten<\/a>, offizieller Beginn der neuen Schulgarten-AG; neuer Rekord: 25 Teilnehmer<\/li>\n<li>21. September 2014:<br \/>\nEinrichtung der Kategorie &#8222;<a title=\"TierWoche\" href=\"http:\/\/www.gfs-umweltausschuss.de\/?page_id=4117\" target=\"_blank\" rel=\"noopener noreferrer\">Tier der Woche<\/a>&#8220; auf der UA-Homepage<\/li>\n<li>18. September 2014:<br \/>\n<a title=\"65.Arbeitseinsatz\" href=\"http:\/\/www.gfs-umweltausschuss.de\/?p=4101\" target=\"_blank\" rel=\"noopener noreferrer\">65. Arbeitseinsatz im Schulgarten<\/a><\/li>\n<li>11. September 2014:<br \/>\n<a title=\"64.Arbeitseinsatz\" href=\"http:\/\/www.gfs-umweltausschuss.de\/?p=4087\" target=\"_blank\" rel=\"noopener noreferrer\">64. Arbeitseinsatz im Schulgarten<\/a><\/li>\n<li>10. September 2014:<br \/>\nBeginn des neuen Schuljahres und damit Wiederer\u00f6ffnung des UA-Kiosks in jeder 1. gr. Pause<\/li>\n<li>4. September 2014:<br \/>\n<a title=\"63.Arbeitseinsatz\" href=\"http:\/\/www.gfs-umweltausschuss.de\/?p=4077\" target=\"_blank\" rel=\"noopener noreferrer\">63. Arbeitseinsatz im Schulgarten<\/a><\/li>\n<li>1. September 2014:<br \/>\nNeele Burczyk, unsere erste F\u00d6J-lerin, tritt ihren Dienst an. Kennenlern-Treffen in Barnstorf.<\/li>\n<li>28. August 2014:<br \/>\n<a title=\"62.Arbeitseinsatz\" href=\"http:\/\/www.gfs-umweltausschuss.de\/?p=4061\" target=\"_blank\" rel=\"noopener noreferrer\">62. Arbeitseinsatz im Schulgarten<\/a><\/li>\n<li>21. August 2014:<br \/>\n<a title=\"61.Arbeitseinsatz\" href=\"http:\/\/www.gfs-umweltausschuss.de\/?p=4046\" target=\"_blank\" rel=\"noopener noreferrer\">61. Arbeitseinsatz im Schulgarten<\/a><\/li>\n<li>14. August 2014:<br \/>\n<a title=\"60.Arbeitseinsatz\" href=\"http:\/\/www.gfs-umweltausschuss.de\/?p=4041\" target=\"_blank\" rel=\"noopener noreferrer\">60. Arbeitseinsatz im Schulgarten<\/a><\/li>\n<li>24. Juli 2014:<br \/>\n<a title=\"59.Arbeitseinsatz\" href=\"http:\/\/www.gfs-umweltausschuss.de\/?p=4008\" target=\"_blank\" rel=\"noopener noreferrer\">59. Arbeitseinsatz im Schulgarten<\/a><\/li>\n<li>22. Juli 2014:<br \/>\n<a title=\"Diamantene\" href=\"http:\/\/www.gfs-umweltausschuss.de\/?p=4001\" target=\"_blank\" rel=\"noopener noreferrer\">Diamantenes Abiturjubil\u00e4um: <\/a>Die Jubilanten stiften einen Gingko f\u00fcr den Schulgarten, der sogleich eingepflanzt wird.<\/li>\n<li>17. Juli 2014:<br \/>\n<a title=\"58.Arbeitseinsatz\" href=\"http:\/\/www.gfs-umweltausschuss.de\/?p=3991\" target=\"_blank\" rel=\"noopener noreferrer\">58. Arbeitseinsatz im Schulgarten <\/a><\/li>\n<li>4. Juli 2014:<br \/>\n<a title=\"57.Arbeitseinsatz\" href=\"http:\/\/www.gfs-umweltausschuss.de\/?p=3981\" target=\"_blank\" rel=\"noopener noreferrer\">57. Arbeitseinsatz im Schulgarten <\/a><\/li>\n<li>26. Juni 2014:<br \/>\n<a title=\"56.Arbeitseinsatz\" href=\"http:\/\/www.gfs-umweltausschuss.de\/?p=3957\" target=\"_blank\" rel=\"noopener noreferrer\">56. Arbeitseinsatz im Schulgarten <\/a><\/li>\n<li>19. Juni 2014:<br \/>\n<a title=\"55.Arbeitseinsatz\" href=\"http:\/\/www.gfs-umweltausschuss.de\/?p=3944\" target=\"_blank\" rel=\"noopener noreferrer\">55. Arbeitseinsatz im Schulgarte<\/a>n<\/li>\n<li>12. Juni 2014:<br \/>\n<a title=\"54.Arbeitseinsatz\" href=\"http:\/\/www.gfs-umweltausschuss.de\/?p=3930\" target=\"_blank\" rel=\"noopener noreferrer\">54. Arbeitseinsatz im Schulgarten<\/a><\/li>\n<li>5. Juni 2014:<br \/>\n<a title=\"53.Arbeitseinsatz\" href=\"http:\/\/www.gfs-umweltausschuss.de\/?p=3921\" target=\"_blank\" rel=\"noopener noreferrer\">53. Arbeitseinsatz im Schulgarten<\/a><\/li>\n<li>27. Mai 2014:<br \/>\nDie <a title=\"Webcam\" href=\"http:\/\/www.gfs-umweltausschuss.de\/?p=3909\" target=\"_blank\" rel=\"noopener noreferrer\">Vogelnest-Webcam<\/a> wird aktiviert.<\/li>\n<li>22. Mai 2014:<br \/>\n<a title=\"52.Arbeitseinsatz\" href=\"http:\/\/www.gfs-umweltausschuss.de\/?p=3899\" target=\"_blank\" rel=\"noopener noreferrer\">52. Arbeitseinsatz im Schulgarten<\/a><\/li>\n<li>15. Mai 2014:<br \/>\n<a title=\"51.Arbeitseinsatz\" href=\"http:\/\/www.gfs-umweltausschuss.de\/?p=3891\" target=\"_blank\" rel=\"noopener noreferrer\">51. Arbeitseinsatz im Schulgarten <\/a><\/li>\n<li>8. Mai 2014:<br \/>\n<a title=\"50.Arbeitseinsatz\" href=\"http:\/\/www.gfs-umweltausschuss.de\/?p=3876\" target=\"_blank\" rel=\"noopener noreferrer\">50. Arbeitseinsatz <\/a><\/li>\n<li>24. April 2014:<br \/>\n<a title=\"49.Arbeitseinsatz\" href=\"http:\/\/www.gfs-umweltausschuss.de\/?p=3852\" target=\"_blank\" rel=\"noopener noreferrer\">49. Arbeitseinsatz im Schulgarten <\/a><\/li>\n<li>24. April 2014:<br \/>\n<a title=\"Croquella\" href=\"http:\/\/www.gfs-umweltausschuss.de\/?p=3851\" target=\"_blank\" rel=\"noopener noreferrer\">Abschiedsgeschenk des LKs Latein<\/a><\/li>\n<li>17. April 2014:<br \/>\n<a title=\"48.Arbeitseinsatz\" href=\"http:\/\/www.gfs-umweltausschuss.de\/?p=3837\" target=\"_blank\" rel=\"noopener noreferrer\"> 48. Arbeitseinsatz im Schulgarten<\/a><\/li>\n<li>12. April 2014:<br \/>\n<a title=\"47.Arbeitseinsatz\" href=\"http:\/\/www.gfs-umweltausschuss.de\/?p=3822\" target=\"_blank\" rel=\"noopener noreferrer\">47. Arbeitseinsatz im Schulgarten<\/a><\/li>\n<li>8. April 2014:<br \/>\n<a title=\"Zaun\" href=\"http:\/\/www.gfs-umweltausschuss.de\/?p=3811\" target=\"_blank\" rel=\"noopener noreferrer\">Fertigstellung des neuen Zauns<\/a> &#8211; \u00a0Ein gro\u00dfer Dank an den F\u00f6rderverein!!!<\/li>\n<li>7. April 2014:<br \/>\n<a title=\"46.Arbeitseinsatz\" href=\"http:\/\/www.gfs-umweltausschuss.de\/?p=3801\" target=\"_blank\" rel=\"noopener noreferrer\">46. Arbeitseinsatz im Schulgarten <\/a><\/li>\n<li>7.\/8. April 2014:<br \/>\nSetzen des neuen Zaunes durch die Fa. Horstmann<\/li>\n<li>4. April 2014, 14 Uhr:<br \/>\n<a title=\"45. Arbeitseinsatz\" href=\"http:\/\/www.gfs-umweltausschuss.de\/?p=3767\">45. Arbeitseinsatz im Schulgarten<\/a>:\u00a0Sylke Teuteberg, Malte und Vater Dittmer arbeiten im zuk\u00fcnftigen Hochbeetbereich des Garten; Baumpflanzarbeiten durch die Fa. Tasche<\/li>\n<li>3. April 2014 (Ferien), 12 &#8211; 17.15 Uhr:<br \/>\n<a title=\"44. Arbeitseinsatz\" href=\"http:\/\/www.gfs-umweltausschuss.de\/?p=3762\" target=\"_blank\" rel=\"noopener noreferrer\">44. Arbeitseinsatz im Schulgarten<\/a>; Wiederaufnahme der Arbeit durch die Fa. Tasche<\/li>\n<li>3. April 2014, 3.\/4. Stunde:<br \/>\nSylke Teuteberg arbeitet im zuk\u00fcnftigen Hochbeetbereich des Garten; der Lateinkurs Sm 6 d\/e hilft tatkr\u00e4ftig<\/li>\n<li>31. M\u00e4rz 2014:<br \/>\nSylke Teuteberg und Vater Dittmer arbeiten im zuk\u00fcnftigen Hochbeetbereich des Gartens<\/li>\n<li>29. M\u00e4rz 2014, 20.30-21.30 Uhr:<br \/>\nEarth Hour \u00a0&#8211; \u00a0Auch der Schlossturm von Diepholz liegt im Dunkeln (auf Initiative von Sam).<\/li>\n<li>28. M\u00e4rz 2014, 13.30 Uhr:<br \/>\n<a title=\"43\" href=\"http:\/\/www.gfs-umweltausschuss.de\/?p=3737\" target=\"_blank\" rel=\"noopener noreferrer\">43. Arbeitseinsatz im Schulgarten <\/a><\/li>\n<li>22. M\u00e4rz 2014, 10 Uhr:<br \/>\nTeilnahme an der <a title=\"M\u00fcll\" href=\"http:\/\/www.gfs-umweltausschuss.de\/?p=3727\" target=\"_blank\" rel=\"noopener noreferrer\">M\u00fcllsammel-Aktion<\/a> &#8222;Gans sch\u00f6n sauber&#8220; der Stadt Diepholz<\/li>\n<li>20. M\u00e4rz 2014, 13.30 Uhr:<br \/>\n<a title=\"42\" href=\"http:\/\/www.gfs-umweltausschuss.de\/?p=3715\" target=\"_blank\" rel=\"noopener noreferrer\">42. Arbeitseinsatz im Schulgarten <\/a><\/li>\n<li>13. M\u00e4rz 2014, 13.30 Uhr:<br \/>\n<a title=\"41\" href=\"http:\/\/www.gfs-umweltausschuss.de\/?p=3702\" target=\"_blank\" rel=\"noopener noreferrer\">41. Arbeitseinsatz im Schulgarten <\/a><\/li>\n<li>6. M\u00e4rz 2014, 13.30 Uhr:<br \/>\n<a title=\"40\" href=\"http:\/\/www.gfs-umweltausschuss.de\/?p=3689\" target=\"_blank\" rel=\"noopener noreferrer\">40. Arbeitseinsatz im Schulgarten <\/a><\/li>\n<li>27. Februar 2014, 13.30 Uhr:<br \/>\n<a title=\"39\" href=\"http:\/\/www.gfs-umweltausschuss.de\/?p=3682\" target=\"_blank\" rel=\"noopener noreferrer\">39. Arbeitseinsatz im Schulgarten <\/a><\/li>\n<li>20. Februar 2014, 13.30 Uhr:<br \/>\n<a title=\"38\" href=\"http:\/\/www.gfs-umweltausschuss.de\/?p=3670\" target=\"_blank\" rel=\"noopener noreferrer\">38. Arbeitseinsatz im Schulgarten <\/a><\/li>\n<li>14. Februar 2014, 15-18 Uhr:<br \/>\nKiosk ge\u00f6ffnet am <a title=\"TagOffSchule\" href=\"http:\/\/www.gfs-umweltausschuss.de\/?p=3657\" target=\"_blank\" rel=\"noopener noreferrer\">Tag der Offenen Schule<\/a>, Pr\u00e4sentation des Schulgartens<\/li>\n<li>13. Februar 2014, 13.30 Uhr:<br \/>\n<a title=\"Schulgarten37\" href=\"http:\/\/www.gfs-umweltausschuss.de\/?p=3652\" target=\"_blank\" rel=\"noopener noreferrer\"> 37. Arbeitseinsatz im Schulgarten<\/a><\/li>\n<li>8. Februar 2014, 15 Uhr:<br \/>\nPr\u00e4sentation des Schulgartens bei der Mitgliederversammlung des F\u00f6rdervereins<\/li>\n<li>6. Februar 2014, 13.30 Uhr:<br \/>\n<a title=\"Schulgarten36\" href=\"http:\/\/www.gfs-umweltausschuss.de\/?p=3643\" target=\"_blank\" rel=\"noopener noreferrer\"> 36. Arbeitseinsatz im Schulgarten<\/a><\/li>\n<li>30. Januar 2014:<br \/>\nkein Treffen (Halbjahresferien)<\/li>\n<li>23. Januar 2014:<br \/>\nkein Treffen (Zeugniskonferenzen)<\/li>\n<li>16. Januar 2014, 13.30-15.30 Uhr:<br \/>\n<a title=\"Moor\" href=\"http:\/\/www.gfs-umweltausschuss.de\/?p=3616\" target=\"_blank\" rel=\"noopener noreferrer\">gemeinsamer Einsatz mit D. Tornow im Diepholzer Moor<\/a><\/li>\n<li>19. Dezember 2013, 13.30-15.30 Uhr:<br \/>\nvorweihnachtliches Treffen einschl. R\u00fcckschau auf das, was im vergangenen Jahr im Schulgarten geleistet wurde<\/li>\n<li>12. Dezember 2013, 13.30-15.30 Uhr:<br \/>\n35. Arbeitseinsatz im <a title=\"Schulgarten35\" href=\"http:\/\/www.gfs-umweltausschuss.de\/?p=3569\" target=\"_blank\" rel=\"noopener noreferrer\">Schulgarten<\/a><\/li>\n<li>28. November 2013, 18 -20 Uhr:<br \/>\nTeilnahme an der Verleihung des Agenda-Preises Diepholz im Ratssaal der Stadt Diepholz<\/li>\n<li>28. November 2013, 13.30-15.30 Uhr:<br \/>\n34. Arbeitseinsatz im\u00a0<a title=\"Schulgarten34\" href=\"http:\/\/www.gfs-umweltausschuss.de\/?p=3540\" target=\"_blank\" rel=\"noopener noreferrer\">Schulgarten<\/a><\/li>\n<li>14. November 2013, 13.30-15.30 Uhr:<br \/>\n33. Arbeitseinsatz im <a title=\"Schulgarten33\" href=\"http:\/\/www.gfs-umweltausschuss.de\/?p=3518\" target=\"_blank\" rel=\"noopener noreferrer\">Schulgarten<\/a><\/li>\n<li>7. November 2013, nachmittags:<br \/>\n<a title=\"Mooreinsatz\" href=\"http:\/\/www.gfs-umweltausschuss.de\/wp-content\/uploads\/Einsatz-Moor-Artikelmappe_vom_13.11.2013.pdf\" target=\"_blank\" rel=\"noopener noreferrer\">Entkusselungsaktion im Diepholzer Moor<\/a> in Zusammenarbeit mit der Agenda 21 im Rahmen des Natur-Netzes-Niedersachsen<\/li>\n<li>7. November 2013, vormittags:<br \/>\n<a title=\"Baumpflanzaktion\" href=\"http:\/\/www.gfs-umweltausschuss.de\/wp-content\/uploads\/Baumpflanzaktion.pdf\" target=\"_blank\" rel=\"noopener noreferrer\">Pflanzaktion &#8222;Ein Baum f\u00fcr jedes Kind&#8220;<\/a> in Zusammenarbeit mit der Stadt Diepholz<\/li>\n<li>1. November 2013:<br \/>\nEnde der <a title=\"Volito\" href=\"http:\/\/www.gfs-umweltausschuss.de\/?p=3460\" target=\"_blank\" rel=\"noopener noreferrer\">Ballonfahrt-Aktion <\/a><\/li>\n<li>31. Oktober 2013, 13.30-15.30 Uhr:<br \/>\n32. Arbeitseinsatz im <a title=\"Schulgarten32\" href=\"http:\/\/www.gfs-umweltausschuss.de\/?p=3445\" target=\"_blank\" rel=\"noopener noreferrer\">Schulgarten<\/a><\/li>\n<li>24. Oktober 2013, 13.30-15.30 Uhr:<br \/>\n31. Arbeitseinsatz im <a title=\"2013Okt24\" href=\"http:\/\/www.gfs-umweltausschuss.de\/?p=3418\" target=\"_blank\" rel=\"noopener noreferrer\">Schulgarten<\/a><\/li>\n<li>17. Oktober 2013, 10-13 Uhr:<br \/>\n30. Arbeitseinsatz im <a title=\"2013Okt18\" href=\"http:\/\/www.gfs-umweltausschuss.de\/?p=3397\" target=\"_blank\" rel=\"noopener noreferrer\">Schulgarten<\/a><\/li>\n<li>10. Oktober 2013, 10-13 Uhr (Herbstferien):<br \/>\n29. Arbeitseinsatz im <a title=\"2013Okt10\" href=\"http:\/\/www.gfs-umweltausschuss.de\/?p=3373\" target=\"_blank\" rel=\"noopener noreferrer\">Schulgarten<\/a><\/li>\n<li>4. Oktober 2013, 10-13 Uhr (Herbstferien):<br \/>\n28. Arbeitseinsatz im <a title=\"Schulgarten\" href=\"http:\/\/www.gfs-umweltausschuss.de\/?p=3320\" target=\"_blank\" rel=\"noopener noreferrer\">Schulgarten<\/a><\/li>\n<li>1. Oktober 2013, 9.45 -13.15 Uhr:<br \/>\n<a title=\"Oktober1\" href=\"http:\/\/www.gfs-umweltausschuss.de\/?p=3347\" target=\"_blank\" rel=\"noopener noreferrer\">gemeinsamer Arbeitseinsatz mit der Agenda 21 Diepholz<\/a> im Schulgarten (27. Arbeitseinsatz)<\/li>\n<li>Do, 26. Sept. 2013:<br \/>\n<a title=\"Schulgarten\" href=\"http:\/\/www.gfs-umweltausschuss.de\/?p=3277\" target=\"_blank\" rel=\"noopener noreferrer\">Schulgarten<\/a>-AG (26. Arbeitseinsatz)<\/li>\n<li>Do, 19. Sept. 2013:<br \/>\nSchulgarten-AG, <a title=\"HVDH\" href=\"http:\/\/www.gfs-umweltausschuss.de\/?p=3261\" target=\"_blank\" rel=\"noopener noreferrer\">Besuch des Heimatvereins Diepholz<\/a><\/li>\n<li>Do, 12. Sept. 2013:<br \/>\n<a title=\"Schulgarten\" href=\"http:\/\/www.gfs-umweltausschuss.de\/?p=3232\" target=\"_blank\" rel=\"noopener noreferrer\">Schulgarten<\/a>-AG (25. Arbeitseinsatz)<\/li>\n<li>Fr, 6. Sept. 2013, 1. &#8211; 6. Stunde:<br \/>\n<a title=\"Cup2013\" href=\"http:\/\/www.gfs-umweltausschuss.de\/?p=3191\" target=\"_blank\" rel=\"noopener noreferrer\">Cup der 5. Klassen<\/a><\/li>\n<li>Do, 5. Sept. 2013, 13.30 Uhr:<br \/>\nSchulgarten-AG (24. Arbeitseinsatz) und Vorbereitungstreffen f\u00fcr den Cup der 5. Klassen<\/li>\n<li>Di, 3. Sept. 2013, 13.30 Uhr:<br \/>\nVorbereitungstreffen f\u00fcr den Workshop Eins-Zwei-oder-Drei in 1 FL5<\/li>\n<li>Do, 29. Aug. 2013, 13.30 Uhr:<br \/>\n23. Arbeitseinsatz im <a title=\"Schulgarten23\" href=\"http:\/\/www.gfs-umweltausschuss.de\/?p=3147\" target=\"_blank\" rel=\"noopener noreferrer\">Schulgarten<\/a> mit Unterst\u00fctzung unserer Comenius-G\u00e4ste<\/li>\n<li>Do, 22. Aug.2013:<br \/>\n22. Arbeitseinsatz im <a title=\"Schulgarten22\" href=\"http:\/\/www.gfs-umweltausschuss.de\/?p=3131\" target=\"_blank\" rel=\"noopener noreferrer\">Schulgarten<\/a><\/li>\n<li>Do, 15. August 2013:<br \/>\n21. Arbeitseinsatz im <a title=\"Schulgarten21\" href=\"http:\/\/www.gfs-umweltausschuss.de\/?p=3103\" target=\"_blank\" rel=\"noopener noreferrer\">Schulgarten<\/a><\/li>\n<li>Mo, 12. August 2013:<br \/>\nDie Fachschaft Latein sponsert f\u00fcr alle Lateinsch\u00fcler der GFS Vokabeltesthefte.<\/li>\n<li>Fr, 9. August 2013, nach der 6. Stunde:<br \/>\nPicknick im Schulgarten f\u00fcr UA-Mitglieder, Freunde und Interessierte<\/li>\n<li>Mo, 5. August 2013:<br \/>\n20. Arbeitseinsatz im <a title=\"Schulgarten20\" href=\"http:\/\/www.gfs-umweltausschuss.de\/?p=3038\" target=\"_blank\" rel=\"noopener noreferrer\">Schulgarten<\/a> (7. Ferieneinsatz)<\/li>\n<li>Di, 30. Juli 2013:<br \/>\n19. Arbeitseinsatz im <a title=\"Schulgarten\" href=\"http:\/\/www.gfs-umweltausschuss.de\/?p=2993\" target=\"_blank\" rel=\"noopener noreferrer\">Schulgarten<\/a> (6. Ferieneinsatz)<\/li>\n<li>Di, 23. Juli 2013:<br \/>\n18. Arbeitseinsatz im <a title=\"Schulgarten\" href=\"http:\/\/www.gfs-umweltausschuss.de\/wp-content\/uploads\/IMG_4076-72.jpg\" target=\"_blank\" rel=\"noopener noreferrer\">Schulgarten<\/a> (5. Ferieneinsatz)<\/li>\n<li>Mi, 17. Juli 2013:<br \/>\n<a title=\"Zeitungsbericht\" href=\"http:\/\/www.gfs-umweltausschuss.de\/wp-content\/uploads\/2013_DK_Jul18_Schulgarten.jpg\" target=\"_blank\" rel=\"noopener noreferrer\">Bericht<\/a> \u00fcber den Schulgarten im Diepholzer Kreisblatt<\/li>\n<li>Di, 16. Juli:<br \/>\n17. Arbeitseinsatz im\u00a0<a title=\"Schulgarten\" href=\"http:\/\/www.gfs-umweltausschuss.de\/?p=2937\" target=\"_blank\" rel=\"noopener noreferrer\">Schulgarten<\/a> (4. Ferieneinsatz)<\/li>\n<li>Di, 9. Juli 2013, ab 9.30 Uhr:<br \/>\n16. Arbeitseinsatz im <a title=\"Schulgarten\" href=\"http:\/\/www.gfs-umweltausschuss.de\/?p=2916\" target=\"_blank\" rel=\"noopener noreferrer\">Schulgarten<\/a> (3. Ferieneinsatz)<\/li>\n<li>Di, 2. Juli, ab 9.30 Uhr:<br \/>\n15. Arbeitseinsatz im\u00a0<a title=\"Schulgarten\" href=\"http:\/\/www.gfs-umweltausschuss.de\/?p=2903\" target=\"_blank\" rel=\"noopener noreferrer\">Schulgarten<\/a> (2. Ferieneinsatz)<\/li>\n<li>Fr, 28. Juni 2013, ab 9.30 Uhr:<br \/>\n14. Arbeitseinsatz im\u00a0<a title=\"Schulgarten\" href=\"http:\/\/www.gfs-umweltausschuss.de\/?p=2893\" target=\"_blank\" rel=\"noopener noreferrer\">Schulgarten<\/a> (1. Ferieneinsatz)<\/li>\n<li>Mo, 17. Juni, bis Mi, 26, Juni 2013, jeweils 1. gr. Pause:<br \/>\nVerkauf von Muffins (von Sam) und symbolischen Flutopfers\u00e4ckchen zur Unterst\u00fctzung der vom <a title=\"Muffinsetc\" href=\"http:\/\/www.gfs-umweltausschuss.de\/?p=2820\" target=\"_blank\" rel=\"noopener noreferrer\">Hochwasser<\/a> Betroffenen<\/li>\n<li>Sa, 22. Juni 2013:<br \/>\nOffizielle Verabschiedung unserer <a title=\"Abi2013\" href=\"http:\/\/www.gfs-umweltausschuss.de\/?p=2861\" target=\"_blank\" rel=\"noopener noreferrer\">Abiturienten<\/a><\/li>\n<li>Fr, 21. Juni 2013, 13.30-14.30 Uhr:<br \/>\nArbeitseinsatz im Schulgarten<\/li>\n<li>Fr, 14. Juni 2013, 13-15 Uhr:<br \/>\n13. Arbeitseinsatz im\u00a0<a title=\"Schulgarten\" href=\"http:\/\/www.gfs-umweltausschuss.de\/?p=2802\" target=\"_blank\" rel=\"noopener noreferrer\">Schulgarten<\/a><\/li>\n<li>Fr, 7. Juni 2013, 13.30-15.30 Uhr:<br \/>\n12. Arbeitseinsatz im\u00a0<a title=\"Schulgarten\" href=\"http:\/\/www.gfs-umweltausschuss.de\/?p=2793\" target=\"_blank\" rel=\"noopener noreferrer\">Schulgarten<\/a><\/li>\n<li>Mo, 3. Juni 2013:<br \/>\nM\u00fcllaktion in der Pausenhalle (12er)<\/li>\n<li>Fr, 31. Mai 2013, 14.30-18.30 Uhr:<br \/>\nTeilnahme am KliMotion-Seminar\u00a0&#8222;<a title=\"KliMotion\" href=\"http:\/\/www.gfs-umweltausschuss.de\/wp-content\/uploads\/Seite_T_DK_13_1_.jpg\" target=\"_blank\" rel=\"noopener noreferrer\">Klimainfoveranstaltung und Ideenwerkstatt<\/a>&#8220; in Barnstorf<\/li>\n<li>Fr, 31. Mai 2013, 13.30-15.30 Uhr:<br \/>\n10. Arbeitseinsatz im <a title=\"Schulgarten\" href=\"http:\/\/www.gfs-umweltausschuss.de\/wp-content\/uploads\/2013_Klimaseminar+Schulgarten.jpg\" target=\"_blank\" rel=\"noopener noreferrer\">Schulgarten<\/a><\/li>\n<li>Di, 28. Mai 2013, 13.30 Uhr:<br \/>\n<a title=\"Pflanzenlogo\" href=\"http:\/\/www.gfs-umweltausschuss.de\/wp-content\/uploads\/2013_528_Collage.jpg\" target=\"_blank\" rel=\"noopener noreferrer\">Pflanzen des GFS-Logos an &#8222;unserem&#8220; Hang<\/a>, Teil 1 (9. Arbeitseinsatz)<\/li>\n<li>Fr, 24. Mai 2013, 13.30-16 Uhr:<br \/>\n<a title=\"Schulgarten\" href=\"http:\/\/www.gfs-umweltausschuss.de\/wp-content\/uploads\/2013_528_Collage.jpg\" target=\"_blank\" rel=\"noopener noreferrer\">Schulgarten<\/a><\/li>\n<li>Fr, 24. Mai 2013, 5. Stunde:<br \/>\n<a title=\"KliMotion\" href=\"http:\/\/www.gfs-umweltausschuss.de\/?p=2739\" target=\"_blank\" rel=\"noopener noreferrer\">Information \u00fcber KliMotion f\u00fcr die Klassen 9-11<\/a> (Ann-Christin Bloch und Leonie Wei\u00df)<\/li>\n<li>Fr, 17. Mai 2013, 13.30 Uhr:<br \/>\n<a title=\"ArbeitseinsatzSchulgarten\" href=\"http:\/\/www.gfs-diepholz.de\/component\/content\/article\/28-neuigkeiten\/365-erster-arbeitseinsatz-des-jahres-im-schulgarten.html\" target=\"_blank\" rel=\"noopener noreferrer\"> Beginn der Arbeiten im Schulgarten 2013<\/a> (8. Arbeitseinsatz)<\/li>\n<li>30. April 2013, 13.35 Uhr:<br \/>\nMitgliedertreffen<\/li>\n<li>15. M\u00e4rz 2013, 12.30-13.15 Uhr:<br \/>\nInformation unserer tschechischen Comenius-G\u00e4ste \u00fcber die Aktivit\u00e4ten im Schulgarten einschl. Besichtigung<\/li>\n<li>9. M\u00e4rz 2013, 10-12 Uhr:<br \/>\nTeilnahme an der <a title=\"2013_Muellsammelaktion\" href=\"http:\/\/www.gfs-umweltausschuss.de\/wp-content\/uploads\/2013_Muellsammelaktion2.pdf\" target=\"_blank\" rel=\"noopener noreferrer\">M\u00fcllsammelaktion<\/a> der Stadt Diepholz<\/li>\n<li>15. Februar, 15-17: \u00a0<a title=\"TagOffTuer\" href=\"http:\/\/www.gfs-diepholz.de\/component\/content\/article\/28-neuigkeiten\/362-tag-der-offenen-schule-ein-voller-erfolg.html\" target=\"_blank\" rel=\"noopener noreferrer\">Tag der Offenen Schule<\/a><br \/>\n15-15.30 Uhr: \u00a0Sam, Franziska;\u00a015.30-16 Uhr: \u00a0Esra, Isabella;\u00a016-16.30 Uhr: \u00a0Rasia, Madlen;\u00a016.30-17 Uhr: \u00a0Sam;\u00a0Orkide und Vanessa mit dem Rolli.<\/li>\n<li>Fr, 15.2.13:<br \/>\nTag der Offenen Schule: Kiosk, Diashow von Arbeiten in und rund um den Schulgarten<br \/>\nKiosk:\u00a015-15.30 Uhr: \u00a0Sam, Franziska,\u00a015.30-16 Uhr: \u00a0Esra, Isabella,\u00a016-16.30 Uhr: \u00a0Rasia, Madlen,\u00a016.30-17 Uhr: \u00a0Sam &#8230;\u00a0sowie Orkide und Vanessa mit dem Rolli<\/li>\n<li>Fr, 23.11.12:<br \/>\nGemeinsame <a title=\"Pflanzaktion\" href=\"http:\/\/www.gfs-umweltausschuss.de\/?p=2376\" target=\"_blank\" rel=\"noopener noreferrer\">Pflanzaktion<\/a> mit LK und Stadt DH sowie der Real- und der Jahnschule<\/li>\n<li>Di, 6.11.12:<br \/>\n<a title=\"BioTopLauf\" href=\"http:\/\/www.gfs-umweltausschuss.de\/wp-content\/uploads\/BioTopLauf.pdf\" target=\"_blank\" rel=\"noopener noreferrer\">Bio-Top-Lauf f\u00fcr die Klassen 6-8<\/a>, 11-13 Uhr<\/li>\n<li>Di, 29.10.12, ab. 9.30 Uhr:<br \/>\n5. gemeinsamer Arbeitseinsatz im Schulgarten<\/li>\n<li>Di, 23.10.12,\u00a0ab. 9.30 Uhr:<br \/>\n<a title=\"Schulgarten4\" href=\"http:\/\/www.gfs-umweltausschuss.de\/?p=2250\" target=\"_blank\" rel=\"noopener noreferrer\">4. gemeinsamer Arbeitseinsatz<\/a> von Sch\u00fclern, Lehrern und Eltern im Schulgarten<\/li>\n<li>Mo, 15.10.12:<br \/>\n<a title=\"Oscar2012\" href=\"http:\/\/www.gfs-umweltausschuss.de\/wp-content\/uploads\/Oscar.pdf\" target=\"_blank\" rel=\"noopener noreferrer\">Verleihung des Umwelt-Oscars 2012<\/a><\/li>\n<li>Di, 2.10.2012:<br \/>\nBaumpflanzen zur Unterst\u00fctzung von\u00a0<a title=\"PlantForThePlanet\" href=\"http:\/\/plant-for-the-planet.org\/de\" target=\"_blank\" rel=\"noopener noreferrer\">Plant-for-the-Planet<\/a> (nach der 6. Std.)<\/li>\n<li>Fr, 14.9.2012:<br \/>\n<a title=\"Schulgarten3\" href=\"http:\/\/www.gfs-umweltausschuss.de\/?p=2133\" target=\"_blank\" rel=\"noopener noreferrer\">3. gemeinsamer Arbeitseinsatz<\/a> von Sch\u00fclern, Lehrern und Eltern im Schulgarten<\/li>\n<li>Mo, 10.9.2012:<br \/>\nBaumbeschnitt im Schulgarten (WP, Tb und HT)<\/li>\n<li>Fr, 7.9.2012:<br \/>\nErstes Treffen wg. des geplanten Sponsorenlaufs<\/li>\n<li>Fr, 7.9.2012:<br \/>\nKonzepterarbeitung f\u00fcr den Schulgarten<\/li>\n<li>August 2012:<br \/>\n<a title=\"R\u00fcckschau 2011\/12\" href=\"http:\/\/www.gfs-umweltausschuss.de\/wp-content\/uploads\/UA_f\u00fcrJahresbericht2012x.pdf\" target=\"_blank\" rel=\"noopener noreferrer\">R\u00fcckschau auf das vergangene Schuljahr<\/a><\/li>\n<li>Di, 28.8.2012:<br \/>\n<a title=\"AE\" href=\"http:\/\/www.gfs-umweltausschuss.de\/?p=2082\" target=\"_blank\" rel=\"noopener noreferrer\"> 2. gemeinsamer Arbeitseinsatz<\/a> von Sch\u00fclern, Lehrern und Eltern im Schulgarten<\/li>\n<li>Di, 21.8.20128<br \/>\n<a title=\"Schulgarten1\" href=\"http:\/\/www.gfs-umweltausschuss.de\/?p=2044\" target=\"_blank\" rel=\"noopener noreferrer\"> 1. gemeinsamer Arbeitseinsatz<\/a> von Sch\u00fclern, Lehrern und Eltern im Schulgarten<\/li>\n<li>(Sommerferien)<\/li>\n<li>Di, 17.7.2012:<br \/>\nGemeinsames Eisessen, Verabschiedung weiterer UA-Mitglieder, die die Schule verlassen<\/li>\n<li>Sa, 7.7.2012:<br \/>\nOffizielle Verabschiedung unserer <a title=\"Abi 2012\" href=\"http:\/\/www.gfs-umweltausschuss.de\/wp-content\/uploads\/2012_UA_ABI1.jpg\" target=\"_blank\" rel=\"noopener noreferrer\">Abiturienten<\/a><\/li>\n<li>Mo, 18,6.2012:<br \/>\nBaumpflanzen, Teil 2 (Baum &#8222;Stella&#8220;)<\/li>\n<li>Fr, 23.3.2012:<br \/>\n<a title=\"Baumpflanzen\" href=\"http:\/\/www.gfs-umweltausschuss.de\/wp-content\/uploads\/Baumpflanzen1.pdf\" target=\"_blank\" rel=\"noopener noreferrer\"> Baumpflanzen f\u00fcr die 5. Klassen<\/a><\/li>\n<li>Fr, 16.3.2012:<br \/>\nTag der Offenen Schule (Kiosk: \u00a014.30-14.45: Sam, 14.45-15: Annalena und Marie, 15-15.30: Sandra und Svenja, 15.30-16: Gezim und Felix, 16-16.30: Sam, 16.30-17: Johanna und Ann-Cathleen, 17-17.-30: Hanni und Elisabeth)<\/li>\n<li>Fr, 20.1.2012:<br \/>\n<a title=\"RS-Cup\" href=\"http:\/\/www.gfs-umweltausschuss.de\/wp-content\/uploads\/CupRealschule_Artikel.pdf\" target=\"_blank\" rel=\"noopener noreferrer\"> Cup der 5. Klassen in der Realschule<\/a><\/li>\n<li>Mo, 16.1.2011:<br \/>\n<a title=\"Agenda\" href=\"http:\/\/www.gfs-umweltausschuss.de\/wp-content\/uploads\/Agendapreistag1.pdf\" target=\"_blank\" rel=\"noopener noreferrer\">Agenda-Preis-Tag<\/a><\/li>\n<li>(Weihnachtsferien)<\/li>\n<li>Do, 23.12.2011:<br \/>\nDer Kiosk ist beim Weihnachtsbasar den ganzen Vormittag ge\u00f6ffnet.<\/li>\n<li>Mo, 21.11.2011, 7.\/8. Std.:<br \/>\nMalaktion f\u00fcr weitere Holzkisten (in KU1)<\/li>\n<li>Mo, 7.11.2011, 18 Uhr:<br \/>\nPr\u00e4sentation des Umweltausschusses im Rahmen des Wettbewerbes um den Diepholzer Agenda-Preis 2011; die GFS erh\u00e4lt drei von sieben Preisen.<\/li>\n<li>Mo, 31.10.2011, 16 Uhr.:<br \/>\n<a title=\"FrauHuman\" href=\"http:\/\/www.gfs-umweltausschuss.de\/wp-content\/uploads\/2011_Okt31.pdf\" target=\"_blank\" rel=\"noopener noreferrer\"> Treffen mit Kreisr\u00e4tin Frau Inge Human<\/a><\/li>\n<li>Mo, 31.10.2011, 7.\/8. Std.:<br \/>\nTreffen zum Bemalen weiterer Holzkisten<\/li>\n<li>Mo, 26.9.2011, 7.\/8. Std.:<br \/>\nBemalung weiterer Papierboxen f\u00fcr die verbliebenen Klassenr\u00e4ume sowie die R\u00e4ume der Jahnschule in Raum KU1<\/li>\n<li>Do, 22.9.2011:<br \/>\nBesuch bei einer 4. Klasse der Grundschule Barnstorf<\/li>\n<li>Sa, 27.8.2011, 11-15 Uhr: \u00a0Schulfest:<br \/>\n10.45-11.15: Gezim, Vanessa; 11.15-11.45: Vanessa, Johanna; 11.45-12.15: Hanni, Elisabeth; 12.15-12.45: Rasia, Madlen; 12.45-13.15: Annalena; 13.15-13.45: Michelle; 13.45-14.15: Vanessa, Ann-Christin; 14.15-14.45: Sophie, Nane; 14.45-15: Esra.<\/li>\n<li>Mi, 24.8. und Do, 25.8.2011, jeweils 1.-6. Std.:<br \/>\nCup der 5. Klassen (Bericht und Photos folgen)<\/li>\n<li>Di, 23.8.2011, 1.-6. Std.:<br \/>\nProjekttag (Vorbereitung des Cups, Gestaltung weiterer Papierboxen u.a.)<\/li>\n<li>Fr, 19.8.2011, 7.\/8. Std.:<br \/>\nTreffen f\u00fcr alle in der Mensa<\/li>\n<li>Fr, 19.8.2011, 1. gr. Pause:<br \/>\nPapierverkauf (Johanna, Elisabeth)<\/li>\n<li>Do, 18.8.2011, 1. gr. Pause:<br \/>\nPapierverkauf (Johanna, Elisabeth)<\/li>\n<li>(Sommerferien)<\/li>\n<li>Mo\/Di, 4.\/5.7.2011, jeweils 1.-6. Std.:<br \/>\nProjekttage (Bemalen der neuen <a title=\"Papierboxen\" href=\"http:\/\/www.quisfitcrassus.de\/tab\/Slideshows\/Papier\/\" target=\"_blank\" rel=\"noopener noreferrer\">Papierboxen<\/a> aus Holz, die in alle Klassenr\u00e4ume kommen; Vorbereitung des Cups der 5. Klassen)<\/li>\n<li>Do, 30.6.2011, 1. gr. Pause:<br \/>\nPapierverkauf und Treffen des Kernteams am Papierstand<\/li>\n<li>Di, 28.6.2011, 1. gr. Pause:<br \/>\nPapierverkauf\u00a0(Vanessa, Madlen)<\/li>\n<li>Sa, 25.6.2011:<br \/>\nOffizielle Verabschiedung unserer Abiturienten<\/li>\n<li>Di, 21.6.2011, 1. gr. Pause:<br \/>\nPapierverkauf (Sandra)<\/li>\n<li>Do, 16.6., 1. gr. Pause:<br \/>\nTreffen des Kernteams in Raum 157<\/li>\n<li>Do, 16.6., 1. gr. Pause:<br \/>\nPapierverkauf (Michelle)<\/li>\n<li>Fr, 10.6., 7.\/8. Std.:<br \/>\nTreffen &#8222;Gruppe Interna&#8220; und &#8222;Gruppe Kommunikation&#8220;<\/li>\n<li>Do, 9.6., 1. gr. Pause:<br \/>\nTreffen des Kernteams in Raum 157<\/li>\n<li>Do, 9.6., 1. gr. Pause:<br \/>\nPapierverkauf (Annalena, Marie)<\/li>\n<li>Di, 7.6., 1. gr. Pause:<br \/>\nPapierverkauf (Vanessa, Sophie)<\/li>\n<li>Di, 31.5., 1. gr. Pause:<br \/>\nPapierverkauf (Gezim)<\/li>\n<li>Do, 26.5., 1. gr. Pause:<br \/>\nTreffen des Kernteams in Raum 157<\/li>\n<li>Do, 26.5., 1. gr. Pause:<br \/>\nPapierverkauf (Johanna L., Johanna D.)<\/li>\n<li>Di, 24.5., 1. gr. Pause:<br \/>\nPapierverkauf (Sandra, Svenja, Orkide)<\/li>\n<li>Mo, 23.5., ab 18 Uhr:<br \/>\nLagerfeuerabend, Verabschiedung unserer Abiturienten<\/li>\n<li>Fr, 20.5., 7.\/8. Std.:<br \/>\nTreffen von allen in Raum 150, Besuch der Gruppe &#8222;Learning School&#8220;<\/li>\n<li>Do, 19.5., 1. gr. Pause:<br \/>\nTreffen des &#8222;Kernteams&#8220; in Raum 150<\/li>\n<li>Do, 19.5., 1. gr. Pause:<br \/>\nPapierverkauf (Svenja, Marie)<\/li>\n<li>Di, 17.5., 1. gr. Pause:<br \/>\nPapierverkauf (Annalena, Svenja)<\/li>\n<li>Do, 5.5., 1.-8. Std.:<br \/>\n<a title=\"WST-Bericht\" href=\"http:\/\/www.gfs-umweltausschuss.de\/wp-content\/uploads\/5_Workshop-Tag_Bericht.pdf\" target=\"_blank\" rel=\"noopener noreferrer\">Workshop-Tag<\/a><\/li>\n<li>Di, 3.5.2011, 1. gr. Pause:<br \/>\nPapierverkauf (Marie, Melanie)<\/li>\n<li>Mo, 2.5.2011, 3-6. Std.:<br \/>\nGeneralprobe Workshop-Tag<\/li>\n<li>Do, 14.4., 13 Uhr:<br \/>\nPr\u00e4sentation zum Thema Recyclingpapier in der Grundschule Barnstorf<\/li>\n<li>Do, 14.4.2011, 1. gr. Pause:<br \/>\nPapierverkauf (Esra, Jasmin)<\/li>\n<li>Di, 12.4.2011, 1. gr. Pause:<br \/>\nPapierverkauf (Esra, Jasmin)<\/li>\n<li>Fr, 8.4., 7.\/8. Std.:<br \/>\nTreffen f\u00fcr alle in J01<\/li>\n<li>Di, 5.4.2011, 1. gr. Pause:<br \/>\nPapierverkauf (Pauline, Tanja)<\/li>\n<li>Fr, 1.4.2011, 1. gr. Pause:<br \/>\nTreffen f\u00fcr alle in J01<\/li>\n<li>Do, 31.3.2011, 1. gr. Pause:<br \/>\nPapierverkauf (Marie, Svenja)<\/li>\n<li>Di, 29.3.2011, 1. gr. Pause:<br \/>\nPapierverkauf (Michelle)<\/li>\n<li>Sa, 26.3.2011, 10-13 Uhr:<br \/>\nTeilnahme an der M\u00fcllsammelaktion der Stadt Diepholz<\/li>\n<li>Do, 24.3., 1. gr. Pause:<br \/>\nPapierverkauf (Annalena, Melanie)<\/li>\n<li>Di, 22.3., 1. gr. Pause:<br \/>\nPapierverkauf (Felix, Christian, Marvin)<\/li>\n<li>Mo, 21.3.2011:<br \/>\nPreisverleihung f\u00fcr den Umwelt-Oscar bei der Gesamtkonferenz<\/li>\n<li>Mo, 21.3.2011:<br \/>\nVorstellung des Workshop-Tages bei der Gesamtkonferenz<\/li>\n<li>Fr, 18.3.2011, 15-18 Uhr:<br \/>\nPr\u00e4sentation des Umweltausschusses beim Tag der Offenen Schule<\/li>\n<li>Do, 17.3.2011, 1. gr. Pause:<br \/>\nPapierverkauf (Julia, Duc)<\/li>\n<li>Di, 15.3.2011, 1. gr. Pause:<br \/>\nPapierverkauf (Pauline, Tanja)<\/li>\n<li>Fr, 11.3.2011, 1. gr. Pause:<br \/>\nkurzes Treffen f\u00fcr alle in Raum 150<\/li>\n<li>Do, 10.3.2011, 1. gr. Pause:<br \/>\nPapierverkauf (Pauline, Tanja, Duc, Julia)<\/li>\n<li>Di, 8.3.2011, 1. gr. Pause:<br \/>\nPapierverkauf (Evelyn, Leonie)<\/li>\n<li>Do, 3.3.2011, 1. gr. Pause:<br \/>\nPapierverkauf (Annalena, Svenja)<\/li>\n<li>Di, 1.3.2011, 1. gr. Pause:<br \/>\nPapierverkauf (Michelle, Sandra)<\/li>\n<li>Mo, 28.2.2011, Mitternacht:<br \/>\nStichtag der\u00a0<a title=\"Oscar\" href=\"http:\/\/www.chsdb.net\/umwelttiger\/vote.php\" target=\"_blank\" rel=\"noopener noreferrer\">Oscar-Verleihung f\u00fcr Lehrer<\/a> (Beginn Mitte November)<\/li>\n<li>Fr, 25.2.2011, 1. gr. Pause:<br \/>\nkurzes Treffen f\u00fcr alle in Raum 150<\/li>\n<li>Do, 24.2.2011, 1. gr. Pause:<br \/>\nPapierverkauf (Julia)<\/li>\n<li>Di, 22.2.2011, 1. gr. Pause:<br \/>\nPapierverkauf (Pauline, Tanja)<\/li>\n<li>Mo, 21.2.2011, ab 18 Uhr:<br \/>\n<a title=\"Kochduell\" href=\"http:\/\/www.gfs-umweltausschuss.de\/wp-content\/uploads\/Kochduell.pdf\" target=\"_blank\" rel=\"noopener noreferrer\"> Kochduell<\/a> im Pfarrheim<\/li>\n<li>Fr, 18.2.2011, 7.Std.:<br \/>\nTreffen der Gruppe &#8222;Ern\u00e4hrung&#8220; (Rk)<\/li>\n<li>Fr, 18.2.2011, 1. gr. Pause:<br \/>\nkurzes Treffen f\u00fcr alle in Raum 150<\/li>\n<li>Do, 17.2.2011, 18 Uhr:<br \/>\nVortreffen mit Dr. Schr\u00f6der und Kristin Christen im Agenda-Haus zur Besprechung des Workshop-Tages am 5. Mai<\/li>\n<li>Do, 17.2.2011, 7. Std.:<br \/>\nTreffen der Arbeitsgruppe &#8222;Internes&#8220; im A-Raum (Julia, Sandra, Michelle)<\/li>\n<li>Do, 17.2.2011, 1. gr. Pause:<br \/>\nTreffen der Workshop-Tag-Arbeitsgruppe &#8222;Nachhaltigkeit&#8220; in Raum 150 (Gezim)<\/li>\n<li>Do, 17.2.2011, 1. gr. Pause:<br \/>\nPapierverkauf (Chris, Julia)<\/li>\n<li>Di, 15.2.2011, 1. gr. Pause:<br \/>\nTreffen der Nachfolger in der Arbeitsgruppe &#8222;Externes&#8220; (Duc, Svenja, Annalena, Melanie, Marie,\u00a0Marvin, Nils, Jannick, Christian)<\/li>\n<li>Di, 15.2.2011, 1. gr. Pause:<br \/>\nPapierverkauf (Nhung, Vanessa, Sophie)<\/li>\n<li>Mo, 14.2.: \u00a0Absenden der\u00a0<a title=\"Schulen\" href=\"http:\/\/www.gfs-umweltausschuss.de\/wp-content\/uploads\/Schulen.pdf\" target=\"_blank\" rel=\"noopener noreferrer\">Briefe<\/a> an die umliegenden Schulen<\/li>\n<li>Fr, 11.2., 1. gr. Pause:<br \/>\nkurzes Treffen f\u00fcr alle in Raum 150<\/li>\n<li>Do, 10.2., 1. gr. Pause:<br \/>\nPapierverkauf (Julia)<\/li>\n<li>Mi, 9.2.2011, 1. und 2. gr. Pause:<br \/>\nSandwichverkauf (Vanessa, Madlen, Gezim)<\/li>\n<li>Di, 8.2.2011, 1. gr. Pause:<br \/>\nPapierverkauf (Leonie W., Rasia)<\/li>\n<li>Mo, 7.2.2011, 1. und 2. gr. Pause:<br \/>\nSandwichverkauf (Vanessa, Madlen, Gezim, Duc)<\/li>\n<li>Fr, 4.2.2011, 1. und 2. gr. Pause:<br \/>\nSandwichverkauf<\/li>\n<li>Fr, 4.2.2011, 1. gr. Pause:<br \/>\nkurzes Treffen f\u00fcr alle in Raum 150<\/li>\n<li>Do, 3.2.2011, 1. gr. Pause:<br \/>\nPapierverkauf (Annalena, Michelle, Julia, Duc)<\/li>\n<li>Fr, 28.1.2011, 1. gr. Pause:<br \/>\nkurzes Treffen f\u00fcr alle in Raum 150<\/li>\n<li>Fr, 28.1.2011, 1.\/2. Std.:<br \/>\nRasia, Vanessa, Madlen, Sophie, Gezim, Nhung, Esra und Jasmin gehen durch die Klassen 5-8 und informieren \u00fcber die Oscar-Pr\u00e4mierung<\/li>\n<li>Do, 27.1.2010, 1. und 2. gr. Pause:<br \/>\nSandwich-Verkauf zur Aufbesserung unserer Finanzsituation (Gezim, Vanessa, Madlen und Duc)<\/li>\n<li>Do, 27.1.2010, 1. gr. Pause:<br \/>\nPapierverkauf (Esra, Jasmin)<\/li>\n<li>Di, 25.1.2010, 1. gr. Pause:<br \/>\nPapierverkauf (Sandra, Johanna L.)<\/li>\n<li>Fr, 21.1.2011, 1. gr. Pause:<br \/>\nkurzes Treffen f\u00fcr alle in Raum 150<\/li>\n<li>Do, 20.1.2011, 1.-8. Std.:<br \/>\nProjekttag f\u00fcr die Mitglieder des Umweltausschusses<\/li>\n<li>Do, 20.1.2011, 1. gr. Pause:<br \/>\nPapierverkauf (Jasmin, Esra)<\/li>\n<li>Di, 18.1.2011, 1. gr. Pause:<br \/>\nTreffen der Arbeitsgruppe &#8222;Oscar-Verleihung&#8220; in Raum 150 (Gezim, Esra, Jasmin, Madlen, Vanessa, Rasia, Sophie)<\/li>\n<li>Di, 18.1.2011, 1. gr. Pause:<br \/>\nPapierverkauf (Svenja, Julia)<\/li>\n<li>Fr, 14.1.2011, 1. gr. Pause:<br \/>\nKurztreffen von allen in Raum 150<\/li>\n<li>Do, 13.1.2011, 1. gr. Pause:<br \/>\nPapierverkauf (Julia, Duc, Torben, Esra, Jasmin)<\/li>\n<li>Di, 11.1.2011, 1. gr. Pause:<br \/>\nPapierverkauf (Gezim, Duc)<\/li>\n<li>Sa, 8.1.2011: \u00a0Neujahrsempfang der Stadt Diepholz<\/li>\n<li>17.12.2010, 7.\/8. Std.:<br \/>\nTreffen aller Mitglieder im Raum 157 (<a title=\"Protokoll\" href=\"http:\/\/www.gfs-umweltausschuss.de\/wp-content\/uploads\/17_Protokoll.pdf\" target=\"_blank\" rel=\"noopener noreferrer\">Protokoll<\/a>)<\/li>\n<li>16.12.2010: In der Ratsversammlung beschlie\u00dft die Stadt Diepholz offiziell, auf Recyclingpapier umzustellen!<\/li>\n<li>16.12.2010, 1. gr. Pause:<br \/>\nPapierverkauf (Julia, Annalena)<\/li>\n<li>14.12.2010, 1. gr. Pause:<br \/>\nPapierverkauf (Gezim, Ann-Cathleen, Lara, Leonie W.)<\/li>\n<li>10.12.2010: Pr\u00e4sentation bei der <a title=\"Barnstorf\" href=\"http:\/\/www.gfs-diepholz.de\/component\/content\/article\/28-neuigkeiten\/254-treffen-mit-umweltscouts-der-huelsmeyer-schule-in-barnstorf.html\" target=\"_blank\" rel=\"noopener noreferrer\">Realschule Barnstorf<\/a> (Duc, Evelyn, Niclas, Gezim und Johanna D.)<\/li>\n<li>9.12.2010, 1.gr. Pause:<br \/>\nPapierverkauf (Julia, Rasia, Madlen)<\/li>\n<li>7.12.2010, 1, gr, Pause:<br \/>\nPapierverkauf (Julia, Nora)<\/li>\n<li>30.11.2010, 1. gr. Pause:<br \/>\nPapierverkauf (Julia, Rasia, Madlen)<\/li>\n<li>26.11.2010, 7.\/8. Std.:<br \/>\nTreffen aller Mitglieder des Umweltausschusses<\/li>\n<li>25.11.2010: Pr\u00e4sentation der Arbeit des Umweltausschusses vor dem Planungs- und Umweltausschuss der Stadt Diepholz<br \/>\n(Beschluss: Die Stadtverwaltung soll auf Recyclingpapier umgestellt werden.)<\/li>\n<li>25.11.2010, 1. gr. Pause:<br \/>\nPapierverkauf (Duc, Sophie, Vanessa)<\/li>\n<li>23.11.2010, 1. gr. Pause:<br \/>\nPapierverkauf (Julia, Gezim)<\/li>\n<li>22.11.2010, 15.30-18.30<br \/>\nPapierverkauf w\u00e4hrend des Elternsprechtags (Rk, Sm)<\/li>\n<li>18.11.2010: Beginn der Aktion &#8222;Umwelt-Oscar f\u00fcr Lehrer&#8220;<\/li>\n<li>18.11.2010: 1. gr. Pause:<br \/>\nPapierverkauf (Duc, Esra, Jasmin)<\/li>\n<li>16.11.2010: 15.30-18.30:<br \/>\nPapierverkauf w\u00e4hrend des Elternsprechtages (Rk, Sm)<\/li>\n<li>16.11.2010: 1. gr. Pause:<br \/>\nPapierverkauf (Duc, Torben, Esra, Jasmin)<\/li>\n<li>13.11.2010: Pr\u00e4sentation der Arbeit des Umweltausschusses beim <a href=\"http:\/\/www.gfs-umweltausschuss.de\/wp-content\/uploads\/13_BusiFrueh1.pdf\">1. Businessfr\u00fchst\u00fcck<\/a> der Stadt Diepholz (<a title=\"BusiFrueh\" href=\"http:\/\/www.quisfitcrassus.de\/tab\/Slideshows\/Busi\/\" target=\"_blank\" rel=\"noopener noreferrer\">Photos<\/a>)<\/li>\n<li>12.11.2010, gr. Pause und Anfang 3. Std.:<br \/>\n&#8222;Generalprobe&#8220; der Pr\u00e4sentation am Business-Fr\u00fchst\u00fcck der Stadt Diepholz (Duc, Julia, Niclas, Gezim, Evelyn, Niclas)<\/li>\n<li>11.11.2010, 7.\/8. Std.:<br \/>\nTreffen der Arbeitsgruppe &#8222;Pr\u00e4sentation&#8220; (Duc, Julia, Niklas, Gezim, Evelyn, Niclas, Jan, Jan, Rasia, Madlen, Vanessa, Leonie), erste \u00dcberlegungen zum Workshop-Day im Januar<\/li>\n<li>11.11.2010, 1. gr. Pause:<br \/>\nPapierverkauf (Julia, Michelle, Duc)<\/li>\n<li>9.11.2010, 1. gr. Pause:<br \/>\nPapierverkauf (Tanja, Pauline, Gezim)<\/li>\n<li>4.11.2010, 7.\/8. Std.:<br \/>\nTreffen der Arbeitsgruppe &#8222;Oscar-Verleihung f\u00fcr Lehrer&#8220; (Duc, Svenja, Vanessa, Sophie, Rasia, Madlen)<\/li>\n<li>4.11.2010, 1. gr. Pause:<br \/>\nPapierverkauf (Duc, Svenja, Torben, Annalena)<\/li>\n<li>2.11.2010, 1. gr. Pause:<br \/>\nPapierverkauf (Vanessa, Sophie, Torben)<\/li>\n<li>1.11.2010, 1. gr. Pause:<br \/>\nTreffen der Arbeitsgruppe &#8222;Stellwand&#8220;<\/li>\n<li>31.10.2010:<br \/>\nTeilnahme an der <a title=\"DBU\" href=\"http:\/\/www.dbu.de\/343.html\" target=\"_blank\" rel=\"noopener noreferrer\">Verleihung des Dt. Umweltpreises<\/a> in Bremen (Julia, Niklas, Christopher, Michelle, Jonas, Gerrit, Benedikt, Evelyn, Johanna, Ja, Rk, Sm)<\/li>\n<li>28.10.2010, 19.30 Uhr:<br \/>\nPr\u00e4sentation der Arbeit des Umweltausschusses bei der <a title=\"Agenda\" href=\"http:\/\/www.gfs-umweltausschuss.de\/?p=307\" target=\"_self\" rel=\"noopener noreferrer\">Agenda 21<\/a><\/li>\n<li>28.10.2010: 1. gr. Pause<br \/>\nPapierverkauf (Julia, Annalena, Svenja)<\/li>\n<li>26.10.2010: Cup der 5. Klassen<br \/>\nMitglieder des Seminarfachs Et veranstalten auf Initiative von Duc einen Umwelttag mit den Klassen 5: gemeinsames gesundes Fr\u00fchst\u00fcck, Papierboxenbasteln, Papiersch\u00f6pfen und Umweltspiel Eins, Zwei oder Drei &#8211; ganz gro\u00dfartig gemacht!!<\/li>\n<li>26.10.2010, 1. gr. Pause:<br \/>\nPapierverkauf (Vanessa, Sophie)<\/li>\n<li>(Herbstferien)<\/li>\n<li>7.10.2010, \u00a07.\/8. Std.:<br \/>\nTreffen aller Mitglieder des Umweltausschusses; Vorstellung der Ergebnisse aus den Arbeitsgruppen, weitere Planung<\/li>\n<li>7.10.2010, 1. gr. Pause:<br \/>\nPapierverkauf (Gezim, Annalena, Ann-Christin, Esra, Jasmin)<\/li>\n<li>5.10.2010, 1. gr. Pause:<br \/>\nPapierverkauf (Gezim, Niclas, Kevin)<\/li>\n<li>5.10.2010, 1. gr. Pause:<br \/>\nTreffen der Arbeitsgruppe &#8222;Stellwand\/Ausstellung&#8220; beim Vertretungsplan (Julia)<\/li>\n<li>1.10.2010: \u00a0Beginn der Zusammenarbeit mit der <a title=\"Agenda 21\" href=\"http:\/\/www.stadt-diepholz.eu\/index.php?option=com_content&amp;task=view&amp;id=332&amp;Itemid=585\" target=\"_blank\" rel=\"noopener noreferrer\">Agenda 21 Diepholz<\/a><\/li>\n<li>30.9.2010, 1. gr. Pause:<br \/>\nPapierverkauf w\u00e4hrend der 1. gr. Pause (Julia, Gezim, Vanessa, Sophie, Torben)<\/li>\n<li>28.9.2010, 1. gr. Pause:<br \/>\nPapierverkauf (Julia, Gezim, Nhung, Torben)<\/li>\n<li>23.9.2010, 1. gr. Pause:<br \/>\nPapierverkauf (Julia, Duc, Torben, Steffi)<\/li>\n<li>21.9.2010, 20.30 Uhr:<br \/>\nPr\u00e4sentation des Umweltausschusses vor dem Schulelternrat \u00a0(Duc, Niklas, Sm)<\/li>\n<li>21.9.2010, 1. gr. Pause:<br \/>\nPapierverkauf \u00a0(Duc, Julia, Gezim, Torben)<\/li>\n<li>16.9.2010:<br \/>\nTreffen aller Mitglieder des Umweltausschusses (sofern sie keinen Unterricht haben); Einteilung von Arbeitsgruppen, die sich um Teilbereiche k\u00fcmmern: Erstellen von Plakaten\/Vorbereitung einer Ausstellung, &#8222;Oscar-Verleihung&#8220; f\u00fcr Lehrer, &#8222;B\u00e4ume statt Papier&#8220; &#8211; Lebensraum Schule, Kooperation mit anderen Schulen, Briefaktion, Communities<\/li>\n<li>16.9.2010, 1. gr. Pause:<br \/>\nPapierverkauf \u00a0(Julia, Duc)<\/li>\n<li>14.9.2010, 1. gr. Pause:<br \/>\nPapierverkauf \u00a0(Duc, Femke)<\/li>\n<li>10.9.2010:<br \/>\nPr\u00e4sentation des Umweltausschusses vor Hans-Werner Schwarz, dem stellvertr. B\u00fcrgermeister der Stadt DH und Vizepr\u00e4sidenten des Nds. Landtages, sowie Karsten Hage, dem Leiter des Fachdienstes zentrale Dienste der Stadt DH; Presse-Erkl\u00e4rung der <a title=\"Stadt DH\" href=\"http:\/\/www.gfs-diepholz.de\/component\/content\/article\/28-neuigkeiten\/242-umweltschutz-durch-recycling-papier.html\" target=\"_blank\" rel=\"noopener noreferrer\">Stadt DH<\/a><\/li>\n<li>9.9.2010, 1. gr. Pause:<br \/>\nPapierverkauf \u00a0(Julia, Duc, Mareike)<\/li>\n<li>9.9.2010:<br \/>\nPr\u00e4sentation des Umweltausschusses auf der Sch\u00fclerratssitzung; 35 Sch\u00fcler tragen sich als neue Mitglieder ein<\/li>\n<li>7.9.2010, 1. gr. Pause:<br \/>\nPapierverkauf \u00a0(Duc, Julia)<\/li>\n<li>2.9.2010, 1. gr. Pause:<br \/>\nPapierverkauf \u00a0(Julia, Duc, Femke)<\/li>\n<li>31.8.2010, 1. gr. Pause:<br \/>\nPapierverkauf \u00a0(Duc, Michelle, Svenja)<\/li>\n<li>26.8.2010, 1. gr. Pause:<br \/>\nPapierverkauf \u00a0(Duc, Johanna)<\/li>\n<li>24.8.2010, 1. gr. Pause:<br \/>\nPapierverkauf \u00a0(Duc, Evelyn)<\/li>\n<li>August 2010:<br \/>\nDuc entwirft Plakate: <a title=\"Duc_Plakat1\" href=\"http:\/\/www.quisfitcrassus.de\/tab\/Site\/Umwelt_Wochenthema_Archiv_files\/Duc_Plakat_Loewe.jpg\" target=\"_blank\" rel=\"noopener noreferrer\">Schau nicht weg!<\/a>, <a title=\"Duc_Plakat2\" href=\"http:\/\/www.quisfitcrassus.de\/tab\/Site\/Umwelt_Wochenthema_Archiv_files\/Duc_Plakat_Pacman.jpg\" target=\"_blank\" rel=\"noopener noreferrer\">Pacman &#8211; It&#8217;s not a game any more!<\/a>, <a title=\"Duc_Plakat3\" href=\"http:\/\/www.quisfitcrassus.de\/tab\/Site\/Umwelt_Wochenthema_Archiv_files\/Duc_Plakat_WozuUmweltschutz.jpg\" target=\"_blank\" rel=\"noopener noreferrer\">Wozu Umweltschutz?<\/a>, <a title=\"Duc_Plakat4\" href=\"http:\/\/www.quisfitcrassus.de\/tab\/Site\/Umwelt_Wochenthema_Archiv_files\/Duc_Plakat_Blatt.jpg\" target=\"_blank\" rel=\"noopener noreferrer\">Blatt<\/a>, <a title=\"Duc_Umweltbanner\" href=\"http:\/\/www.quisfitcrassus.de\/tab\/Site\/Umwelt_Wochenthema_Archiv_files\/Duc_Umweltbanner.jpg\" target=\"_blank\" rel=\"noopener noreferrer\">Umweltbanner<\/a><\/li>\n<li>19.8.2010, 1. gr. Pause:<br \/>\nBeginn des Verkaufs von Recyclingpapier (Bl\u00f6cke, Hefte) und Buntstiften unter der Regie von Duc und Julia; auch der Hausmeister der Jahnschule verkauft unsere Spiralbl\u00f6cke \u00a0&#8211; \u00a0vielen Dank!<\/li>\n<li>13.8.2010:<br \/>\nZweite Spendenaktion unter den Lehrern &#8211; Ergebnis: \u00a0ca. \u20ac 70,- \u00a0 &#8230; Vielen Dank!<\/li>\n<li>neue &#8222;feste&#8220; Mitarbeiterinnen im Umweltausschuss: \u00a0Julia (Jg.12) und Evelyn (Jg.10)<\/li>\n<li>Anfang August:<br \/>\nEinladung zur Verleihung des Dt. Umweltpreises am 31.10.2010 in Bremen<\/li>\n<li>(Sommerferien)<\/li>\n<\/ul>\n<ul>\n<li>Mai 2010:<br \/>\nErstellung einer eigenen Homepage (www.quisfitcrassus.de\/tab\/Site\/Umweltaktivitaeten.html)<\/li>\n<li>April 2010: \u00a0Wettbewerb f\u00fcr die Jahrg\u00e4nge 5-10: <a title=\"Sammelbox\" href=\"http:\/\/www.quisfitcrassus.de\/tab\/Site\/Umwelt_Papierbox_files\/2010_Preisverleihung.jpg\" target=\"_blank\" rel=\"noopener noreferrer\">Die coolste Sammelbox<\/a>; in der online-Abstimmung wurden fast 700 Stimmen abgegeben.<\/li>\n<li>17.3.2010:<br \/>\n<a title=\"Info Jahr\u00e4nge 5-8\" href=\"http:\/\/www.gfs-diepholz.de\/component\/content\/article\/211-der-umwelt-tiger-spart-papier.html\" target=\"_blank\" rel=\"noopener noreferrer\">Informationen f\u00fcr die Jahrg\u00e4nge 5-8<\/a>: Etti, Duc und Niklas informieren die Sch\u00fcler im Viertelstundentakt (PP-Pr\u00e4sentation); Sch\u00fcler spenden spontan ca. \u20ac 20,- \u00a0&#8230; Vielen Dank!<\/li>\n<li>12.3.2010:<br \/>\n<a title=\"Tad der offenen T\u00fcr\" href=\"http:\/\/www.quisfitcrassus.de\/tab\/Site\/Umwelt_TagOffTuer_2010.html\" target=\"_blank\" rel=\"noopener noreferrer\">Tag der offenen T\u00fcr<\/a><\/li>\n<li>M\u00e4rz \u00a02010:<br \/>\nJohanna L. entwirft den <a title=\"Umweltbutton\" href=\"http:\/\/www.quisfitcrassus.de\/tab\/Site\/Umweltaktivitaeten_files\/GFS-Button.jpg\" target=\"_blank\" rel=\"noopener noreferrer\">Umweltbutton<\/a><\/li>\n<li>Februar 2010:<br \/>\nPP-Pr\u00e4sentation zum Thema Papierverbrauch, Papiersparen und Papierrecycling f\u00fcr das Lehrerkollegium (Etti, Duc und Niklas)<\/li>\n<li>Februar 2010: \u00a0Duc entwirft den Umwelttiger als Identifikationsfigur f\u00fcr den Umweltausschuss<\/li>\n<li>Januar 2010:<br \/>\nDie SV steigt ins Boot: Etti (Jg.13), Duc (Jg.12) und Niklas (Jg.13) \u00a0&#8211; \u00a0Gr\u00fcndung des GFS-Umweltausschusses<\/li>\n<li>26.10-2.11.2009:<br \/>\nSpendenaktion unter den Lehrern &#8211; Ergebnis: \u00a0\u20ac 100,- \u00a0 &#8230; Vielen Dank!<\/li>\n<li>Oktober 2009:<br \/>\nDie GFS f\u00fchrt probeweise Recycling-Papier ein (zun\u00e4chst nur zu 50 %).<\/li>\n<li>21.9.2009:<br \/>\nAuf einer Gesamtkonferenz bringt Rk das Thema Recyclingpapier auf die Tagesordnung.<\/li>\n<\/ul>\n","protected":false},"excerpt":{"rendered":"<p>17.4.2026: Ankunft von &#8222;Ronald&#8220; im Schulgarten 16.4.2026: Arbeitseinsatz im Schulgarten 9.4.2026: Arbeitseinsatz im Schulgarten, Fertigstellung der neuen \u00dcberdachung 2.4.2026: Ferientreffen im Schulgarten Ende M\u00e4rz: Unsere Bienen 19.3.2026: Arbeitseinsatz im Schulgarten und Abschluss vor den Osterferien 12.3.2026: Arbeitseinsatz im Schulgarten und Fahrt zum Schulwald 5.3.2026: Arbeitseinsatz im Schulgarten 26.2.2026: Arbeitseinsatz im Schulgarten 19.2.2026: Schulgarten-AG (M\u00fcllquiz und [&hellip;]<\/p>\n","protected":false},"author":3,"featured_media":0,"parent":0,"menu_order":0,"comment_status":"open","ping_status":"closed","template":"","meta":{"footnotes":""},"class_list":["post-86","page","type-page","status-publish","hentry"],"_links":{"self":[{"href":"https:\/\/www.gfs-umweltausschuss.de\/index.php?rest_route=\/wp\/v2\/pages\/86","targetHints":{"allow":["GET"]}}],"collection":[{"href":"https:\/\/www.gfs-umweltausschuss.de\/index.php?rest_route=\/wp\/v2\/pages"}],"about":[{"href":"https:\/\/www.gfs-umweltausschuss.de\/index.php?rest_route=\/wp\/v2\/types\/page"}],"author":[{"embeddable":true,"href":"https:\/\/www.gfs-umweltausschuss.de\/index.php?rest_route=\/wp\/v2\/users\/3"}],"replies":[{"embeddable":true,"href":"https:\/\/www.gfs-umweltausschuss.de\/index.php?rest_route=%2Fwp%2Fv2%2Fcomments&post=86"}],"version-history":[{"count":620,"href":"https:\/\/www.gfs-umweltausschuss.de\/index.php?rest_route=\/wp\/v2\/pages\/86\/revisions"}],"predecessor-version":[{"id":11708,"href":"https:\/\/www.gfs-umweltausschuss.de\/index.php?rest_route=\/wp\/v2\/pages\/86\/revisions\/11708"}],"wp:attachment":[{"href":"https:\/\/www.gfs-umweltausschuss.de\/index.php?rest_route=%2Fwp%2Fv2%2Fmedia&parent=86"}],"curies":[{"name":"wp","href":"https:\/\/api.w.org\/{rel}","templated":true}]}}